{"id":4075,"date":"2025-04-27T19:38:08","date_gmt":"2025-04-27T17:38:08","guid":{"rendered":"https:\/\/career-mainfranken.com\/vivre-en-mainfranken\/arrondissement-de-rhoen-grabfeld\/"},"modified":"2025-05-27T14:51:35","modified_gmt":"2025-05-27T12:51:35","slug":"arrondissement-de-rhoen-grabfeld","status":"publish","type":"page","link":"https:\/\/career-mainfranken.com\/fr\/vivre-en-mainfranken\/arrondissement-de-rhoen-grabfeld\/","title":{"rendered":"Arrondissement de Rh\u00f6n-Grabfeld"},"content":{"rendered":"<p><div class=\"fusion-fullwidth fullwidth-box fusion-builder-row-1 fusion-flex-container has-pattern-background has-mask-background nonhundred-percent-fullwidth non-hundred-percent-height-scrolling ort_header\" style=\"--link_hover_color: var(--awb-color1);--link_color: var(--awb-color1);--awb-border-radius-top-left:0px;--awb-border-radius-top-right:0px;--awb-border-radius-bottom-right:0px;--awb-border-radius-bottom-left:0px;--awb-padding-top:100px;--awb-padding-bottom:110px;--awb-padding-top-medium:75px;--awb-padding-bottom-medium:55px;--awb-padding-top-small:50px;--awb-padding-bottom-small:30px;--awb-background-color:#96c448;--awb-flex-wrap:wrap;\" ><div class=\"fusion-builder-row fusion-row fusion-flex-align-items-flex-start fusion-flex-justify-content-center fusion-flex-content-wrap\" style=\"max-width:1664px;margin-left: calc(-4% \/ 2 );margin-right: calc(-4% \/ 2 );\"><div class=\"fusion-layout-column fusion_builder_column fusion-builder-column-0 fusion_builder_column_1_2 1_2 fusion-flex-column ort_bild bild_abgerundet_schatten\" style=\"--awb-overflow:hidden;--awb-bg-size:cover;--awb-box-shadow:10px 10px 0px 0px var(--awb-color3);;--awb-border-radius:60px 60px 60px 60px;--awb-width-large:50%;--awb-margin-top-large:0px;--awb-spacing-right-large:60px;--awb-margin-bottom-large:0px;--awb-spacing-left-large:3.84%;--awb-width-medium:75%;--awb-order-medium:0;--awb-spacing-right-medium:0px;--awb-margin-bottom-medium:50px;--awb-spacing-left-medium:0px;--awb-width-small:100%;--awb-order-small:0;--awb-spacing-right-small:1.92%;--awb-margin-bottom-small:40px;--awb-spacing-left-small:1.92%;\" data-scroll-devices=\"small-visibility,medium-visibility,large-visibility\"><div class=\"fusion-column-wrapper fusion-column-has-shadow fusion-flex-justify-content-flex-start fusion-content-layout-column\"><div class=\"fusion-image-element \" style=\"--awb-aspect-ratio:3 \/ 2;--awb-object-position:60% 50%;--awb-caption-title-font-family:var(--h2_typography-font-family);--awb-caption-title-font-weight:var(--h2_typography-font-weight);--awb-caption-title-font-style:var(--h2_typography-font-style);--awb-caption-title-size:var(--h2_typography-font-size);--awb-caption-title-transform:var(--h2_typography-text-transform);--awb-caption-title-line-height:var(--h2_typography-line-height);--awb-caption-title-letter-spacing:var(--h2_typography-letter-spacing);\"><span class=\" fusion-imageframe imageframe-none imageframe-1 hover-type-none has-aspect-ratio\"><img decoding=\"async\" width=\"2048\" height=\"1024\" title=\"Rh\u00f6n-Grabfeld header\" src=\"https:\/\/career-mainfranken.com\/wp-content\/uploads\/Rhoen-Grabfeld-header.jpg\" data-orig-src=\"https:\/\/career-mainfranken.com\/wp-content\/uploads\/Rhoen-Grabfeld-header.jpg\" class=\"lazyload img-responsive wp-image-1662 img-with-aspect-ratio\" data-parent-fit=\"cover\" data-parent-container=\".fusion-image-element\" alt srcset=\"data:image\/svg+xml,%3Csvg%20xmlns%3D%27http%3A%2F%2Fwww.w3.org%2F2000%2Fsvg%27%20width%3D%272048%27%20height%3D%271024%27%20viewBox%3D%270%200%202048%201024%27%3E%3Crect%20width%3D%272048%27%20height%3D%271024%27%20fill-opacity%3D%220%22%2F%3E%3C%2Fsvg%3E\" data-srcset=\"https:\/\/career-mainfranken.com\/wp-content\/uploads\/Rhoen-Grabfeld-header-200x100.jpg 200w, https:\/\/career-mainfranken.com\/wp-content\/uploads\/Rhoen-Grabfeld-header-400x200.jpg 400w, https:\/\/career-mainfranken.com\/wp-content\/uploads\/Rhoen-Grabfeld-header-600x300.jpg 600w, https:\/\/career-mainfranken.com\/wp-content\/uploads\/Rhoen-Grabfeld-header-800x400.jpg 800w, https:\/\/career-mainfranken.com\/wp-content\/uploads\/Rhoen-Grabfeld-header-1200x600.jpg 1200w, https:\/\/career-mainfranken.com\/wp-content\/uploads\/Rhoen-Grabfeld-header.jpg 2048w\" data-sizes=\"auto\" data-orig-sizes=\"(max-width: 640px) 100vw, 800px\" \/><\/span><\/div><\/div><\/div><div class=\"fusion-layout-column fusion_builder_column fusion-builder-column-1 fusion_builder_column_1_2 1_2 fusion-flex-column fusion-flex-align-self-stretch ort_infos\" style=\"--awb-bg-size:cover;--awb-width-large:50%;--awb-margin-top-large:0px;--awb-spacing-right-large:3.84%;--awb-margin-bottom-large:0px;--awb-spacing-left-large:60px;--awb-width-medium:75%;--awb-order-medium:0;--awb-spacing-right-medium:0px;--awb-spacing-left-medium:0px;--awb-width-small:100%;--awb-order-small:0;--awb-spacing-right-small:1.92%;--awb-spacing-left-small:1.92%;\" data-scroll-devices=\"small-visibility,medium-visibility,large-visibility\"><div class=\"fusion-column-wrapper fusion-column-has-shadow fusion-flex-justify-content-center fusion-content-layout-column\"><div class=\"fusion-title title fusion-title-1 fusion-sep-none fusion-title-text fusion-title-size-one\" style=\"--awb-text-color:var(--awb-color1);--awb-margin-top-small:0px;--awb-margin-right-small:0px;--awb-margin-bottom-small:0px;--awb-margin-left-small:0px;--awb-font-size:var(--awb-typography2-font-size);\"><h1 class=\"fusion-title-heading title-heading-left fusion-responsive-typography-calculated\" style=\"font-family:var(--awb-typography2-font-family);font-weight:var(--awb-typography2-font-weight);font-style:var(--awb-typography2-font-style);margin:0;letter-spacing:var(--awb-typography2-letter-spacing);text-transform:var(--awb-typography2-text-transform);font-size:1em;--fontSize:70;line-height:1;\"><p>Arrondissement de Rh\u00f6n<br \/>\n-Grabfeld<\/p><\/h1><\/div><div class=\"fusion-separator trenner_links\" style=\"align-self: flex-start;margin-right:auto;margin-top:25px;margin-bottom:25px;width:100%;max-width:100px;\"><div class=\"fusion-separator-border sep-single sep-solid\" style=\"--awb-height:20px;--awb-amount:20px;--awb-sep-color:var(--awb-color1);border-color:var(--awb-color1);border-top-width:4px;\"><\/div><\/div><div class=\"fusion-title title fusion-title-2 fusion-sep-none fusion-title-text fusion-title-size-three\" style=\"--awb-text-color:var(--awb-color1);--awb-margin-bottom:20px;--awb-margin-top-small:0px;--awb-margin-right-small:0px;--awb-margin-bottom-small:20px;--awb-margin-left-small:0px;--awb-margin-bottom-medium:20px;\"><h3 class=\"fusion-title-heading title-heading-left fusion-responsive-typography-calculated\" style=\"margin:0;--fontSize:26;--minFontSize:26;line-height:1.15;\">Territoire aux horizons ouverts<\/h3><\/div><div class=\"fusion-text fusion-text-1\" style=\"--awb-text-color:var(--awb-color1);\"><p>Entre les hauteurs de la Rh\u00f6n et la charmante vall\u00e9e du Main se trouve un petit coin de paradis. Des vues panoramiques merveilleuses vous y attendent. On est ici entour\u00e9 d&rsquo;une nature idyllique. Parall\u00e8lement, selon l&rsquo;\u00e9tude Prognos sur la viabilit\u00e9 future en Allemagne, l&rsquo;arrondissement est l&rsquo;un des trois plus dynamiques parmi les 402 arrondissements \u00e9valu\u00e9s.<\/p>\n<\/div><div class=\"fusion-builder-row fusion-builder-row-inner fusion-row fusion-flex-align-items-flex-start fusion-flex-justify-content-center fusion-flex-content-wrap\" style=\"--awb-flex-grow:0;--awb-flex-grow-medium:0;--awb-flex-grow-small:0;--awb-flex-shrink:0;--awb-flex-shrink-medium:0;--awb-flex-shrink-small:0;width:104% !important;max-width:104% !important;margin-left: calc(-4% \/ 2 );margin-right: calc(-4% \/ 2 );\"><div class=\"fusion-layout-column fusion_builder_column_inner fusion-builder-nested-column-0 fusion_builder_column_inner_1_3 1_3 fusion-flex-column\" style=\"--awb-bg-size:cover;--awb-width-large:33.333333333333%;--awb-margin-top-large:0px;--awb-spacing-right-large:5.76%;--awb-margin-bottom-large:0px;--awb-spacing-left-large:5.76%;--awb-width-medium:33.333333333333%;--awb-order-medium:0;--awb-spacing-right-medium:5.76%;--awb-spacing-left-medium:5.76%;--awb-width-small:100%;--awb-order-small:0;--awb-spacing-right-small:1.92%;--awb-spacing-left-small:1.92%;\" data-scroll-devices=\"small-visibility,medium-visibility,large-visibility\"><div class=\"fusion-column-wrapper fusion-column-has-shadow fusion-flex-justify-content-flex-start fusion-content-layout-column\"><div class=\"fusion-text fusion-text-2\" style=\"--awb-text-color:var(--awb-color1);\"><p><strong>Habitants :<\/strong> 79 430<\/p>\n<\/div><\/div><\/div><div class=\"fusion-layout-column fusion_builder_column_inner fusion-builder-nested-column-1 fusion_builder_column_inner_2_3 2_3 fusion-flex-column\" style=\"--awb-bg-size:cover;--awb-width-large:66.666666666667%;--awb-margin-top-large:0px;--awb-spacing-right-large:2.88%;--awb-margin-bottom-large:0px;--awb-spacing-left-large:2.88%;--awb-width-medium:66.666666666667%;--awb-order-medium:0;--awb-spacing-right-medium:2.88%;--awb-spacing-left-medium:2.88%;--awb-width-small:100%;--awb-order-small:0;--awb-spacing-right-small:1.92%;--awb-spacing-left-small:1.92%;\" data-scroll-devices=\"small-visibility,medium-visibility,large-visibility\"><div class=\"fusion-column-wrapper fusion-column-has-shadow fusion-flex-justify-content-flex-start fusion-content-layout-column\"><div class=\"fusion-text fusion-text-3\" style=\"--awb-text-color:var(--awb-color1);\"><p><strong>Site internet :<\/strong> <a href=\"https:\/\/www.rhoen-grabfeld.de\/\" target=\"_blank\" rel=\"noopener\">www.rhoen-grabfeld.de<\/a><\/p>\n<\/div><\/div><\/div><\/div><\/div><\/div><\/div><\/div><div class=\"fusion-fullwidth fullwidth-box fusion-builder-row-2 fusion-flex-container has-pattern-background has-mask-background nonhundred-percent-fullwidth non-hundred-percent-height-scrolling ort_inhalte\" style=\"--awb-border-radius-top-left:0px;--awb-border-radius-top-right:0px;--awb-border-radius-bottom-right:0px;--awb-border-radius-bottom-left:0px;--awb-padding-top:100px;--awb-padding-bottom:80px;--awb-padding-top-medium:75px;--awb-padding-bottom-medium:55px;--awb-padding-top-small:50px;--awb-padding-bottom-small:30px;--awb-flex-wrap:wrap;\" ><div class=\"fusion-builder-row fusion-row fusion-flex-align-items-flex-start fusion-flex-justify-content-center fusion-flex-content-wrap\" style=\"max-width:1664px;margin-left: calc(-4% \/ 2 );margin-right: calc(-4% \/ 2 );\"><div class=\"fusion-layout-column fusion_builder_column fusion-builder-column-2 fusion_builder_column_1_2 1_2 fusion-flex-column\" style=\"--awb-bg-size:cover;--awb-width-large:50%;--awb-margin-top-large:0px;--awb-spacing-right-large:3.84%;--awb-margin-bottom-large:0px;--awb-spacing-left-large:3.84%;--awb-width-medium:75%;--awb-order-medium:0;--awb-spacing-right-medium:2.56%;--awb-spacing-left-medium:2.56%;--awb-width-small:100%;--awb-order-small:0;--awb-spacing-right-small:1.92%;--awb-spacing-left-small:1.92%;\" data-scroll-devices=\"small-visibility,medium-visibility,large-visibility\"><div class=\"fusion-column-wrapper fusion-column-has-shadow fusion-flex-justify-content-flex-start fusion-content-layout-column\"><div class=\"fusion-title title fusion-title-3 fusion-sep-none fusion-title-text fusion-title-size-two\" style=\"--awb-margin-top-small:0px;--awb-margin-right-small:0px;--awb-margin-bottom-small:0px;--awb-margin-left-small:0px;\"><h2 class=\"fusion-title-heading title-heading-left fusion-responsive-typography-calculated\" style=\"margin:0;--fontSize:40;line-height:1.25;\">L&rsquo;arrondissement le plus septentrional de Bavi\u00e8re<\/h2><\/div><div class=\"fusion-separator trenner_links\" style=\"align-self: flex-start;margin-right:auto;margin-top:25px;margin-bottom:25px;width:100%;max-width:100px;\"><div class=\"fusion-separator-border sep-single\" style=\"--awb-height:20px;--awb-amount:20px;border-color:var(--awb-custom_color_2);border-top-width:4px;\"><\/div><\/div><div class=\"fusion-text fusion-text-4\"><p>Nich\u00e9 entre la Thuringe et la Hesse, Rh\u00f6n-Grabfeld se situe au c\u0153ur de l&rsquo;Allemagne. Litt\u00e9ralement. Autrefois zone frontali\u00e8re sous-estim\u00e9e, aujourd&rsquo;hui r\u00e9gion mod\u00e8le pour une \u00e9conomie durable.<\/p>\n<\/div><\/div><\/div><\/div><\/div><div class=\"fusion-fullwidth fullwidth-box fusion-builder-row-3 fusion-flex-container has-pattern-background has-mask-background hundred-percent-fullwidth non-hundred-percent-height-scrolling ort_trenner\" style=\"--awb-border-radius-top-left:0px;--awb-border-radius-top-right:0px;--awb-border-radius-bottom-right:0px;--awb-border-radius-bottom-left:0px;--awb-padding-right:0px;--awb-padding-left:0px;--awb-flex-wrap:wrap;\" ><div class=\"fusion-builder-row fusion-row fusion-flex-align-items-flex-start fusion-flex-content-wrap\" style=\"width:104% !important;max-width:104% !important;margin-left: calc(-4% \/ 2 );margin-right: calc(-4% \/ 2 );\"><div class=\"fusion-layout-column fusion_builder_column fusion-builder-column-3 fusion_builder_column_1_1 1_1 fusion-flex-column\" style=\"--awb-bg-size:cover;--awb-width-large:100%;--awb-margin-top-large:0px;--awb-spacing-right-large:1.92%;--awb-margin-bottom-large:0px;--awb-spacing-left-large:1.92%;--awb-width-medium:100%;--awb-order-medium:0;--awb-spacing-right-medium:1.92%;--awb-spacing-left-medium:1.92%;--awb-width-small:100%;--awb-order-small:0;--awb-spacing-right-small:1.92%;--awb-spacing-left-small:1.92%;\"><div class=\"fusion-column-wrapper fusion-column-has-shadow fusion-flex-justify-content-flex-start fusion-content-layout-column\"><div class=\"fusion-builder-row fusion-builder-row-inner fusion-row fusion-flex-align-items-flex-start fusion-flex-content-wrap\" style=\"--awb-flex-grow:0;--awb-flex-grow-medium:0;--awb-flex-grow-small:0;--awb-flex-shrink:0;--awb-flex-shrink-medium:0;--awb-flex-shrink-small:0;width:104% !important;max-width:104% !important;margin-left: calc(-4% \/ 2 );margin-right: calc(-4% \/ 2 );\"><div class=\"fusion-layout-column fusion_builder_column_inner fusion-builder-nested-column-2 fusion_builder_column_inner_1_4 1_4 fusion-flex-column\" style=\"--awb-bg-size:cover;--awb-width-large:25%;--awb-margin-top-large:0px;--awb-spacing-right-large:0px;--awb-margin-bottom-large:0px;--awb-spacing-left-large:0px;--awb-width-medium:25%;--awb-order-medium:0;--awb-spacing-right-medium:0px;--awb-spacing-left-medium:0px;--awb-width-small:50%;--awb-order-small:0;--awb-spacing-right-small:0px;--awb-spacing-left-small:0px;\" data-scroll-devices=\"small-visibility,medium-visibility,large-visibility\"><div class=\"fusion-column-wrapper fusion-column-has-shadow fusion-flex-justify-content-flex-start fusion-content-layout-column\"><div class=\"fusion-image-element \" style=\"--awb-caption-title-font-family:var(--h2_typography-font-family);--awb-caption-title-font-weight:var(--h2_typography-font-weight);--awb-caption-title-font-style:var(--h2_typography-font-style);--awb-caption-title-size:var(--h2_typography-font-size);--awb-caption-title-transform:var(--h2_typography-text-transform);--awb-caption-title-line-height:var(--h2_typography-line-height);--awb-caption-title-letter-spacing:var(--h2_typography-letter-spacing);\"><span class=\" fusion-imageframe imageframe-none imageframe-2 hover-type-none\"><img decoding=\"async\" width=\"900\" height=\"600\" title=\"trenner 1\" src=\"https:\/\/career-mainfranken.com\/wp-content\/uploads\/trenner-1.jpg\" data-orig-src=\"https:\/\/career-mainfranken.com\/wp-content\/uploads\/trenner-1.jpg\" alt class=\"lazyload img-responsive wp-image-1664\" srcset=\"data:image\/svg+xml,%3Csvg%20xmlns%3D%27http%3A%2F%2Fwww.w3.org%2F2000%2Fsvg%27%20width%3D%27900%27%20height%3D%27600%27%20viewBox%3D%270%200%20900%20600%27%3E%3Crect%20width%3D%27900%27%20height%3D%27600%27%20fill-opacity%3D%220%22%2F%3E%3C%2Fsvg%3E\" data-srcset=\"https:\/\/career-mainfranken.com\/wp-content\/uploads\/trenner-1-200x133.jpg 200w, https:\/\/career-mainfranken.com\/wp-content\/uploads\/trenner-1-400x267.jpg 400w, https:\/\/career-mainfranken.com\/wp-content\/uploads\/trenner-1-600x400.jpg 600w, https:\/\/career-mainfranken.com\/wp-content\/uploads\/trenner-1-800x533.jpg 800w, https:\/\/career-mainfranken.com\/wp-content\/uploads\/trenner-1.jpg 900w\" data-sizes=\"auto\" data-orig-sizes=\"(max-width: 640px) 100vw, 600px\" \/><\/span><\/div><\/div><\/div><div class=\"fusion-layout-column fusion_builder_column_inner fusion-builder-nested-column-3 fusion_builder_column_inner_1_4 1_4 fusion-flex-column\" style=\"--awb-bg-size:cover;--awb-width-large:25%;--awb-margin-top-large:0px;--awb-spacing-right-large:0px;--awb-margin-bottom-large:0px;--awb-spacing-left-large:0px;--awb-width-medium:25%;--awb-order-medium:0;--awb-spacing-right-medium:0px;--awb-spacing-left-medium:0px;--awb-width-small:50%;--awb-order-small:0;--awb-spacing-right-small:0px;--awb-spacing-left-small:0px;\" data-scroll-devices=\"small-visibility,medium-visibility,large-visibility\"><div class=\"fusion-column-wrapper fusion-column-has-shadow fusion-flex-justify-content-flex-start fusion-content-layout-column\"><div class=\"fusion-image-element \" style=\"--awb-caption-title-font-family:var(--h2_typography-font-family);--awb-caption-title-font-weight:var(--h2_typography-font-weight);--awb-caption-title-font-style:var(--h2_typography-font-style);--awb-caption-title-size:var(--h2_typography-font-size);--awb-caption-title-transform:var(--h2_typography-text-transform);--awb-caption-title-line-height:var(--h2_typography-line-height);--awb-caption-title-letter-spacing:var(--h2_typography-letter-spacing);\"><span class=\" fusion-imageframe imageframe-none imageframe-3 hover-type-none\"><img decoding=\"async\" width=\"900\" height=\"600\" title=\"lkrg_trenner-5\" src=\"https:\/\/career-mainfranken.com\/wp-content\/uploads\/lkrg_trenner-5.jpg\" data-orig-src=\"https:\/\/career-mainfranken.com\/wp-content\/uploads\/lkrg_trenner-5.jpg\" alt class=\"lazyload img-responsive wp-image-1779\" srcset=\"data:image\/svg+xml,%3Csvg%20xmlns%3D%27http%3A%2F%2Fwww.w3.org%2F2000%2Fsvg%27%20width%3D%27900%27%20height%3D%27600%27%20viewBox%3D%270%200%20900%20600%27%3E%3Crect%20width%3D%27900%27%20height%3D%27600%27%20fill-opacity%3D%220%22%2F%3E%3C%2Fsvg%3E\" data-srcset=\"https:\/\/career-mainfranken.com\/wp-content\/uploads\/lkrg_trenner-5-200x133.jpg 200w, https:\/\/career-mainfranken.com\/wp-content\/uploads\/lkrg_trenner-5-400x267.jpg 400w, https:\/\/career-mainfranken.com\/wp-content\/uploads\/lkrg_trenner-5-600x400.jpg 600w, https:\/\/career-mainfranken.com\/wp-content\/uploads\/lkrg_trenner-5-800x533.jpg 800w, https:\/\/career-mainfranken.com\/wp-content\/uploads\/lkrg_trenner-5.jpg 900w\" data-sizes=\"auto\" data-orig-sizes=\"(max-width: 640px) 100vw, 600px\" \/><\/span><\/div><\/div><\/div><div class=\"fusion-layout-column fusion_builder_column_inner fusion-builder-nested-column-4 fusion_builder_column_inner_1_4 1_4 fusion-flex-column\" style=\"--awb-bg-size:cover;--awb-width-large:25%;--awb-margin-top-large:0px;--awb-spacing-right-large:0px;--awb-margin-bottom-large:0px;--awb-spacing-left-large:0px;--awb-width-medium:25%;--awb-order-medium:0;--awb-spacing-right-medium:0px;--awb-spacing-left-medium:0px;--awb-width-small:50%;--awb-order-small:0;--awb-spacing-right-small:0px;--awb-spacing-left-small:0px;\" data-scroll-devices=\"small-visibility,medium-visibility,large-visibility\"><div class=\"fusion-column-wrapper fusion-column-has-shadow fusion-flex-justify-content-flex-start fusion-content-layout-column\"><div class=\"fusion-image-element \" style=\"--awb-caption-title-font-family:var(--h2_typography-font-family);--awb-caption-title-font-weight:var(--h2_typography-font-weight);--awb-caption-title-font-style:var(--h2_typography-font-style);--awb-caption-title-size:var(--h2_typography-font-size);--awb-caption-title-transform:var(--h2_typography-text-transform);--awb-caption-title-line-height:var(--h2_typography-line-height);--awb-caption-title-letter-spacing:var(--h2_typography-letter-spacing);\"><span class=\" fusion-imageframe imageframe-none imageframe-4 hover-type-none\"><img decoding=\"async\" width=\"900\" height=\"600\" title=\"trenner 3\" src=\"https:\/\/career-mainfranken.com\/wp-content\/uploads\/trenner-3.jpg\" data-orig-src=\"https:\/\/career-mainfranken.com\/wp-content\/uploads\/trenner-3.jpg\" alt class=\"lazyload img-responsive wp-image-1668\" srcset=\"data:image\/svg+xml,%3Csvg%20xmlns%3D%27http%3A%2F%2Fwww.w3.org%2F2000%2Fsvg%27%20width%3D%27900%27%20height%3D%27600%27%20viewBox%3D%270%200%20900%20600%27%3E%3Crect%20width%3D%27900%27%20height%3D%27600%27%20fill-opacity%3D%220%22%2F%3E%3C%2Fsvg%3E\" data-srcset=\"https:\/\/career-mainfranken.com\/wp-content\/uploads\/trenner-3-200x133.jpg 200w, https:\/\/career-mainfranken.com\/wp-content\/uploads\/trenner-3-400x267.jpg 400w, https:\/\/career-mainfranken.com\/wp-content\/uploads\/trenner-3-600x400.jpg 600w, https:\/\/career-mainfranken.com\/wp-content\/uploads\/trenner-3-800x533.jpg 800w, https:\/\/career-mainfranken.com\/wp-content\/uploads\/trenner-3.jpg 900w\" data-sizes=\"auto\" data-orig-sizes=\"(max-width: 640px) 100vw, 600px\" \/><\/span><\/div><\/div><\/div><div class=\"fusion-layout-column fusion_builder_column_inner fusion-builder-nested-column-5 fusion_builder_column_inner_1_4 1_4 fusion-flex-column\" style=\"--awb-bg-size:cover;--awb-width-large:25%;--awb-margin-top-large:0px;--awb-spacing-right-large:0px;--awb-margin-bottom-large:0px;--awb-spacing-left-large:0px;--awb-width-medium:25%;--awb-order-medium:0;--awb-spacing-right-medium:0px;--awb-spacing-left-medium:0px;--awb-width-small:50%;--awb-order-small:0;--awb-spacing-right-small:0px;--awb-spacing-left-small:0px;\" data-scroll-devices=\"small-visibility,medium-visibility,large-visibility\"><div class=\"fusion-column-wrapper fusion-column-has-shadow fusion-flex-justify-content-flex-start fusion-content-layout-column\"><div class=\"fusion-image-element \" style=\"--awb-caption-title-font-family:var(--h2_typography-font-family);--awb-caption-title-font-weight:var(--h2_typography-font-weight);--awb-caption-title-font-style:var(--h2_typography-font-style);--awb-caption-title-size:var(--h2_typography-font-size);--awb-caption-title-transform:var(--h2_typography-text-transform);--awb-caption-title-line-height:var(--h2_typography-line-height);--awb-caption-title-letter-spacing:var(--h2_typography-letter-spacing);\"><span class=\" fusion-imageframe imageframe-none imageframe-5 hover-type-none\"><img decoding=\"async\" width=\"900\" height=\"600\" title=\"trenner 4\" src=\"https:\/\/career-mainfranken.com\/wp-content\/uploads\/trenner-4.jpg\" data-orig-src=\"https:\/\/career-mainfranken.com\/wp-content\/uploads\/trenner-4.jpg\" alt class=\"lazyload img-responsive wp-image-1670\" srcset=\"data:image\/svg+xml,%3Csvg%20xmlns%3D%27http%3A%2F%2Fwww.w3.org%2F2000%2Fsvg%27%20width%3D%27900%27%20height%3D%27600%27%20viewBox%3D%270%200%20900%20600%27%3E%3Crect%20width%3D%27900%27%20height%3D%27600%27%20fill-opacity%3D%220%22%2F%3E%3C%2Fsvg%3E\" data-srcset=\"https:\/\/career-mainfranken.com\/wp-content\/uploads\/trenner-4-200x133.jpg 200w, https:\/\/career-mainfranken.com\/wp-content\/uploads\/trenner-4-400x267.jpg 400w, https:\/\/career-mainfranken.com\/wp-content\/uploads\/trenner-4-600x400.jpg 600w, https:\/\/career-mainfranken.com\/wp-content\/uploads\/trenner-4-800x533.jpg 800w, https:\/\/career-mainfranken.com\/wp-content\/uploads\/trenner-4.jpg 900w\" data-sizes=\"auto\" data-orig-sizes=\"(max-width: 640px) 100vw, 600px\" \/><\/span><\/div><\/div><\/div><\/div><\/div><\/div><\/div><\/div><div class=\"fusion-fullwidth fullwidth-box fusion-builder-row-4 fusion-flex-container has-pattern-background has-mask-background nonhundred-percent-fullwidth non-hundred-percent-height-scrolling ort_inhalte\" style=\"--awb-border-radius-top-left:0px;--awb-border-radius-top-right:0px;--awb-border-radius-bottom-right:0px;--awb-border-radius-bottom-left:0px;--awb-padding-top:100px;--awb-padding-bottom:80px;--awb-padding-top-medium:75px;--awb-padding-bottom-medium:55px;--awb-padding-top-small:50px;--awb-padding-bottom-small:30px;--awb-background-color:var(--awb-color7);--awb-flex-wrap:wrap;\" ><div class=\"fusion-builder-row fusion-row fusion-flex-align-items-flex-start fusion-flex-justify-content-center fusion-flex-content-wrap\" style=\"max-width:1664px;margin-left: calc(-4% \/ 2 );margin-right: calc(-4% \/ 2 );\"><div class=\"fusion-layout-column fusion_builder_column fusion-builder-column-4 fusion_builder_column_1_2 1_2 fusion-flex-column\" style=\"--awb-bg-size:cover;--awb-width-large:50%;--awb-margin-top-large:0px;--awb-spacing-right-large:3.84%;--awb-margin-bottom-large:0px;--awb-spacing-left-large:3.84%;--awb-width-medium:75%;--awb-order-medium:0;--awb-spacing-right-medium:2.56%;--awb-spacing-left-medium:2.56%;--awb-width-small:100%;--awb-order-small:0;--awb-spacing-right-small:1.92%;--awb-spacing-left-small:1.92%;\" data-scroll-devices=\"small-visibility,medium-visibility,large-visibility\"><div class=\"fusion-column-wrapper fusion-column-has-shadow fusion-flex-justify-content-flex-start fusion-content-layout-column\"><div class=\"fusion-title title fusion-title-4 fusion-sep-none fusion-title-center fusion-title-text fusion-title-size-two\" style=\"--awb-margin-top-small:0px;--awb-margin-right-small:0px;--awb-margin-bottom-small:0px;--awb-margin-left-small:0px;\"><h2 class=\"fusion-title-heading title-heading-center fusion-responsive-typography-calculated\" style=\"margin:0;--fontSize:40;line-height:1.25;\"># R\u00e9serve de biosph\u00e8re<\/h2><\/div><div class=\"fusion-separator\" style=\"align-self: center;margin-left: auto;margin-right: auto;margin-top:25px;margin-bottom:25px;width:100%;max-width:100px;\"><div class=\"fusion-separator-border sep-single\" style=\"--awb-height:20px;--awb-amount:20px;border-color:var(--awb-custom_color_2);border-top-width:4px;\"><\/div><\/div><div class=\"fusion-text fusion-text-5\"><p>Tourisme doux, agriculture biologique&#8230; ici, on travaille en harmonie avec la nature depuis des si\u00e8cles. Les entreprises sont \u00e9galement encourag\u00e9es \u00e0 produire de la mani\u00e8re la plus respectueuse possible. Cela n\u00e9cessite beaucoup de persuasion et un engagement constant. En 1991, l&rsquo;UNESCO a d\u00e9cern\u00e9 le label de r\u00e9serve de biosph\u00e8re \u00e0 la r\u00e9gion.<\/p>\n<\/div><\/div><\/div><\/div><\/div><div class=\"fusion-fullwidth fullwidth-box fusion-builder-row-5 fusion-flex-container has-pattern-background has-mask-background nonhundred-percent-fullwidth non-hundred-percent-height-scrolling ort_inhalte\" style=\"--awb-border-radius-top-left:0px;--awb-border-radius-top-right:0px;--awb-border-radius-bottom-right:0px;--awb-border-radius-bottom-left:0px;--awb-padding-top:100px;--awb-padding-bottom:40px;--awb-padding-top-medium:75px;--awb-padding-bottom-medium:35px;--awb-padding-top-small:50px;--awb-padding-bottom-small:20px;--awb-flex-wrap:wrap;\" ><div class=\"fusion-builder-row fusion-row fusion-flex-align-items-flex-start fusion-flex-justify-content-center fusion-flex-content-wrap\" style=\"max-width:1664px;margin-left: calc(-4% \/ 2 );margin-right: calc(-4% \/ 2 );\"><div class=\"fusion-layout-column fusion_builder_column fusion-builder-column-5 fusion_builder_column_1_2 1_2 fusion-flex-column\" style=\"--awb-bg-size:cover;--awb-width-large:50%;--awb-margin-top-large:0px;--awb-spacing-right-large:3.84%;--awb-margin-bottom-large:0px;--awb-spacing-left-large:3.84%;--awb-width-medium:75%;--awb-order-medium:0;--awb-spacing-right-medium:2.56%;--awb-spacing-left-medium:2.56%;--awb-width-small:100%;--awb-order-small:0;--awb-spacing-right-small:1.92%;--awb-spacing-left-small:1.92%;\" data-scroll-devices=\"small-visibility,medium-visibility,large-visibility\"><div class=\"fusion-column-wrapper fusion-column-has-shadow fusion-flex-justify-content-flex-start fusion-content-layout-column\"><div class=\"fusion-title title fusion-title-5 fusion-sep-none fusion-title-center fusion-title-text fusion-title-size-two\" style=\"--awb-text-color:var(--awb-color5);--awb-margin-top-small:0px;--awb-margin-right-small:0px;--awb-margin-bottom-small:0px;--awb-margin-left-small:0px;\"><h2 class=\"fusion-title-heading title-heading-center fusion-responsive-typography-calculated\" style=\"margin:0;--fontSize:40;line-height:1.25;\">La vie dans l&rsquo;arrondissement en chiffres<\/h2><\/div><div class=\"fusion-separator\" style=\"align-self: center;margin-left: auto;margin-right: auto;margin-top:25px;margin-bottom:25px;width:100%;max-width:100px;\"><div class=\"fusion-separator-border sep-single\" style=\"--awb-height:20px;--awb-amount:20px;--awb-sep-color:var(--awb-color5);border-color:var(--awb-color5);border-top-width:4px;\"><\/div><\/div><\/div><\/div><div class=\"fusion-layout-column fusion_builder_column fusion-builder-column-6 fusion_builder_column_4_5 4_5 fusion-flex-column ort_kacheln\" style=\"--awb-bg-size:cover;--awb-width-large:80%;--awb-margin-top-large:50px;--awb-spacing-right-large:2.4%;--awb-margin-bottom-large:0px;--awb-spacing-left-large:2.4%;--awb-width-medium:80%;--awb-order-medium:0;--awb-margin-top-medium:30px;--awb-spacing-right-medium:2.4%;--awb-spacing-left-medium:2.4%;--awb-width-small:100%;--awb-order-small:0;--awb-margin-top-small:5px;--awb-spacing-right-small:1.92%;--awb-spacing-left-small:1.92%;\" data-scroll-devices=\"small-visibility,medium-visibility,large-visibility\"><div class=\"fusion-column-wrapper fusion-column-has-shadow fusion-flex-justify-content-flex-start fusion-content-layout-column\"><div class=\"fusion-builder-row fusion-builder-row-inner fusion-row fusion-flex-align-items-flex-start fusion-flex-justify-content-center fusion-flex-content-wrap\" style=\"--awb-flex-grow:0;--awb-flex-grow-medium:0;--awb-flex-grow-small:0;--awb-flex-shrink:0;--awb-flex-shrink-medium:0;--awb-flex-shrink-small:0;width:104% !important;max-width:104% !important;margin-left: calc(-4% \/ 2 );margin-right: calc(-4% \/ 2 );\"><div class=\"fusion-layout-column fusion_builder_column_inner fusion-builder-nested-column-6 fusion_builder_column_inner_1_3 1_3 fusion-flex-column fusion-flex-align-self-stretch\" style=\"--awb-padding-top:30px;--awb-padding-right:30px;--awb-padding-bottom:10px;--awb-padding-left:30px;--awb-overflow:hidden;--awb-bg-color:var(--awb-color5);--awb-bg-color-hover:var(--awb-color5);--awb-bg-size:cover;--awb-box-shadow:9px 9px 20px 0px #0000001A;;--awb-border-radius:60px 60px 60px 60px;--awb-width-large:33.333333333333%;--awb-margin-top-large:0px;--awb-spacing-right-large:30px;--awb-margin-bottom-large:60px;--awb-spacing-left-large:5.76%;--awb-width-medium:66.666666666667%;--awb-order-medium:0;--awb-spacing-right-medium:0px;--awb-margin-bottom-medium:40px;--awb-spacing-left-medium:2.88%;--awb-width-small:100%;--awb-order-small:0;--awb-spacing-right-small:0px;--awb-margin-bottom-small:30px;--awb-spacing-left-small:1.92%;\" data-scroll-devices=\"small-visibility,medium-visibility,large-visibility\"><div class=\"fusion-column-wrapper fusion-column-has-shadow fusion-flex-justify-content-flex-start fusion-content-layout-column\"><i class=\"fb-icon-element-1 fb-icon-element fontawesome-icon fa-leaf fas circle-no\" style=\"--awb-iconcolor:var(--awb-color1);--awb-iconcolor-hover:var(--awb-color1);--awb-font-size:70px;--awb-margin-top:0;--awb-margin-right:0;--awb-margin-bottom:0;--awb-margin-left:0;--awb-align-self:center;\"><\/i><div class=\"fusion-text fusion-text-6\" style=\"--awb-font-size:var(--awb-custom_typography_6-font-size);--awb-line-height:var(--awb-custom_typography_6-line-height);--awb-letter-spacing:var(--awb-custom_typography_6-letter-spacing);--awb-text-transform:var(--awb-custom_typography_6-text-transform);--awb-text-color:var(--awb-color1);--awb-margin-top:15px;--awb-text-font-family:var(--awb-custom_typography_6-font-family);--awb-text-font-weight:var(--awb-custom_typography_6-font-weight);--awb-text-font-style:var(--awb-custom_typography_6-font-style);\"><p style=\"text-align: center;\">43<\/p>\n<\/div><div class=\"fusion-separator\" style=\"align-self: center;margin-left: auto;margin-right: auto;width:100%;max-width:95%;\"><div class=\"fusion-separator-border sep-single\" style=\"--awb-height:20px;--awb-amount:20px;--awb-sep-color:var(--awb-color1);border-color:var(--awb-color1);border-top-width:4px;\"><\/div><\/div><div class=\"fusion-text fusion-text-7\" style=\"--awb-font-size:var(--awb-custom_typography_7-font-size);--awb-line-height:var(--awb-custom_typography_7-line-height);--awb-letter-spacing:var(--awb-custom_typography_7-letter-spacing);--awb-text-transform:var(--awb-custom_typography_7-text-transform);--awb-text-color:var(--awb-color1);--awb-margin-top:20px;--awb-text-font-family:var(--awb-custom_typography_7-font-family);--awb-text-font-weight:var(--awb-custom_typography_7-font-weight);--awb-text-font-style:var(--awb-custom_typography_7-font-style);\"><p>Dans les nombreux petits et grands biotopes de la Rh\u00f6n, 43 esp\u00e8ces d&rsquo;orchid\u00e9es peuvent s&rsquo;\u00e9panouir sans perturbation. On y trouve des orchid\u00e9es simples et extravagantes, des esp\u00e8ces de la r\u00e9gion m\u00e9diterran\u00e9enne et d&rsquo;autres qui s&rsquo;\u00e9tendent jusqu&rsquo;aux confins des glaces \u00e9ternelles du Groenland.<\/p>\n<\/div><\/div><\/div><div class=\"fusion-layout-column fusion_builder_column_inner fusion-builder-nested-column-7 fusion_builder_column_inner_1_3 1_3 fusion-flex-column fusion-flex-align-self-stretch\" style=\"--awb-padding-top:30px;--awb-padding-right:30px;--awb-padding-bottom:10px;--awb-padding-left:30px;--awb-overflow:hidden;--awb-bg-color:var(--awb-color5);--awb-bg-color-hover:var(--awb-color5);--awb-bg-size:cover;--awb-box-shadow:9px 9px 20px 0px #0000001A;;--awb-border-radius:60px 60px 60px 60px;--awb-width-large:33.333333333333%;--awb-margin-top-large:0px;--awb-spacing-right-large:30px;--awb-margin-bottom-large:60px;--awb-spacing-left-large:30px;--awb-width-medium:66.666666666667%;--awb-order-medium:0;--awb-spacing-right-medium:0px;--awb-margin-bottom-medium:40px;--awb-spacing-left-medium:0px;--awb-width-small:100%;--awb-order-small:0;--awb-spacing-right-small:0px;--awb-margin-bottom-small:30px;--awb-spacing-left-small:0px;\" data-scroll-devices=\"small-visibility,medium-visibility,large-visibility\"><div class=\"fusion-column-wrapper fusion-column-has-shadow fusion-flex-justify-content-flex-start fusion-content-layout-column\"><i class=\"fb-icon-element-2 fb-icon-element fontawesome-icon fa-building fas circle-no\" style=\"--awb-iconcolor:var(--awb-color1);--awb-iconcolor-hover:var(--awb-color1);--awb-font-size:70px;--awb-margin-top:0;--awb-margin-right:0;--awb-margin-bottom:0;--awb-margin-left:0;--awb-align-self:center;\"><\/i><div class=\"fusion-text fusion-text-8\" style=\"--awb-font-size:var(--awb-custom_typography_6-font-size);--awb-line-height:var(--awb-custom_typography_6-line-height);--awb-letter-spacing:var(--awb-custom_typography_6-letter-spacing);--awb-text-transform:var(--awb-custom_typography_6-text-transform);--awb-text-color:var(--awb-color1);--awb-margin-top:15px;--awb-text-font-family:var(--awb-custom_typography_6-font-family);--awb-text-font-weight:var(--awb-custom_typography_6-font-weight);--awb-text-font-style:var(--awb-custom_typography_6-font-style);\"><p style=\"text-align: center;\">3.410<\/p>\n<\/div><div class=\"fusion-separator\" style=\"align-self: center;margin-left: auto;margin-right: auto;width:100%;max-width:95%;\"><div class=\"fusion-separator-border sep-single\" style=\"--awb-height:20px;--awb-amount:20px;--awb-sep-color:var(--awb-color1);border-color:var(--awb-color1);border-top-width:4px;\"><\/div><\/div><div class=\"fusion-text fusion-text-9\" style=\"--awb-font-size:var(--awb-custom_typography_7-font-size);--awb-line-height:var(--awb-custom_typography_7-line-height);--awb-letter-spacing:var(--awb-custom_typography_7-letter-spacing);--awb-text-transform:var(--awb-custom_typography_7-text-transform);--awb-text-color:var(--awb-color1);--awb-margin-top:20px;--awb-text-font-family:var(--awb-custom_typography_7-font-family);--awb-text-font-weight:var(--awb-custom_typography_7-font-weight);--awb-text-font-style:var(--awb-custom_typography_7-font-style);\"><p>40 000 personnes travaillent dans les 3 410 entreprises locales, principalement dans l&rsquo;industrie manufacturi\u00e8re et la gastronomie ; naturellement aussi dans le secteur de la sant\u00e9, car l&rsquo;arrondissement compte deux villes thermales \u2013 Bad Neustadt et Bad K\u00f6nigshofen.<\/p>\n<\/div><\/div><\/div><div class=\"fusion-layout-column fusion_builder_column_inner fusion-builder-nested-column-8 fusion_builder_column_inner_1_3 1_3 fusion-flex-column fusion-flex-align-self-stretch\" style=\"--awb-padding-top:30px;--awb-padding-right:30px;--awb-padding-bottom:10px;--awb-padding-left:30px;--awb-overflow:hidden;--awb-bg-color:var(--awb-color5);--awb-bg-color-hover:var(--awb-color5);--awb-bg-size:cover;--awb-box-shadow:9px 9px 20px 0px #0000001A;;--awb-border-radius:60px 60px 60px 60px;--awb-width-large:33.333333333333%;--awb-margin-top-large:0px;--awb-spacing-right-large:5.76%;--awb-margin-bottom-large:60px;--awb-spacing-left-large:30px;--awb-width-medium:66.666666666667%;--awb-order-medium:0;--awb-spacing-right-medium:2.88%;--awb-margin-bottom-medium:40px;--awb-spacing-left-medium:0px;--awb-width-small:100%;--awb-order-small:0;--awb-spacing-right-small:1.92%;--awb-margin-bottom-small:30px;--awb-spacing-left-small:0px;\" data-scroll-devices=\"small-visibility,medium-visibility,large-visibility\"><div class=\"fusion-column-wrapper fusion-column-has-shadow fusion-flex-justify-content-flex-start fusion-content-layout-column\"><i class=\"fb-icon-element-3 fb-icon-element fontawesome-icon fa-biking fas circle-no\" style=\"--awb-iconcolor:var(--awb-color1);--awb-iconcolor-hover:var(--awb-color1);--awb-font-size:70px;--awb-margin-top:0;--awb-margin-right:0;--awb-margin-bottom:0;--awb-margin-left:0;--awb-align-self:center;\"><\/i><div class=\"fusion-text fusion-text-10\" style=\"--awb-font-size:var(--awb-custom_typography_6-font-size);--awb-line-height:var(--awb-custom_typography_6-line-height);--awb-letter-spacing:var(--awb-custom_typography_6-letter-spacing);--awb-text-transform:var(--awb-custom_typography_6-text-transform);--awb-text-color:var(--awb-color1);--awb-margin-top:15px;--awb-text-font-family:var(--awb-custom_typography_6-font-family);--awb-text-font-weight:var(--awb-custom_typography_6-font-weight);--awb-text-font-style:var(--awb-custom_typography_6-font-style);\"><p style=\"text-align: center;\">6.000<\/p>\n<\/div><div class=\"fusion-separator\" style=\"align-self: center;margin-left: auto;margin-right: auto;width:100%;max-width:95%;\"><div class=\"fusion-separator-border sep-single\" style=\"--awb-height:20px;--awb-amount:20px;--awb-sep-color:var(--awb-color1);border-color:var(--awb-color1);border-top-width:4px;\"><\/div><\/div><div class=\"fusion-text fusion-text-11\" style=\"--awb-font-size:var(--awb-custom_typography_7-font-size);--awb-line-height:var(--awb-custom_typography_7-line-height);--awb-letter-spacing:var(--awb-custom_typography_7-letter-spacing);--awb-text-transform:var(--awb-custom_typography_7-text-transform);--awb-text-color:var(--awb-color1);--awb-margin-top:20px;--awb-text-font-family:var(--awb-custom_typography_7-font-family);--awb-text-font-weight:var(--awb-custom_typography_7-font-weight);--awb-text-font-style:var(--awb-custom_typography_7-font-style);\"><p>Vous pouvez parcourir plusieurs centaines de kilom\u00e8tres de pistes balis\u00e9es pour VTT et un incroyable r\u00e9seau de 6 000 km de sentiers de randonn\u00e9e. \u00c0 travers champs et for\u00eats, en passant par des formations basaltiques bizarres, des gorges fra\u00eeches et des prairies alpines presque d\u00e9nud\u00e9es. Un eldorado pour tous les amoureux de la nature.<\/p>\n<\/div><\/div><\/div><div class=\"fusion-layout-column fusion_builder_column_inner fusion-builder-nested-column-9 fusion_builder_column_inner_1_3 1_3 fusion-flex-column fusion-flex-align-self-stretch\" style=\"--awb-padding-top:30px;--awb-padding-right:30px;--awb-padding-bottom:10px;--awb-padding-left:30px;--awb-overflow:hidden;--awb-bg-color:var(--awb-color5);--awb-bg-color-hover:var(--awb-color5);--awb-bg-size:cover;--awb-box-shadow:9px 9px 20px 0px #0000001A;;--awb-border-radius:60px 60px 60px 60px;--awb-width-large:33.333333333333%;--awb-margin-top-large:0px;--awb-spacing-right-large:5.76%;--awb-margin-bottom-large:60px;--awb-spacing-left-large:30px;--awb-width-medium:66.666666666667%;--awb-order-medium:0;--awb-spacing-right-medium:2.88%;--awb-margin-bottom-medium:40px;--awb-spacing-left-medium:0px;--awb-width-small:100%;--awb-order-small:0;--awb-spacing-right-small:1.92%;--awb-margin-bottom-small:30px;--awb-spacing-left-small:0px;\" data-scroll-devices=\"small-visibility,medium-visibility,large-visibility\"><div class=\"fusion-column-wrapper fusion-column-has-shadow fusion-flex-justify-content-flex-start fusion-content-layout-column\"><i class=\"fb-icon-element-4 fb-icon-element fontawesome-icon fa-snowflake fas circle-no\" style=\"--awb-iconcolor:var(--awb-color1);--awb-iconcolor-hover:var(--awb-color1);--awb-font-size:70px;--awb-margin-top:0;--awb-margin-right:0;--awb-margin-bottom:0;--awb-margin-left:0;--awb-align-self:center;\"><\/i><div class=\"fusion-text fusion-text-12\" style=\"--awb-font-size:var(--awb-custom_typography_6-font-size);--awb-line-height:var(--awb-custom_typography_6-line-height);--awb-letter-spacing:var(--awb-custom_typography_6-letter-spacing);--awb-text-transform:var(--awb-custom_typography_6-text-transform);--awb-text-color:var(--awb-color1);--awb-margin-top:15px;--awb-text-font-family:var(--awb-custom_typography_6-font-family);--awb-text-font-weight:var(--awb-custom_typography_6-font-weight);--awb-text-font-style:var(--awb-custom_typography_6-font-style);\"><p style=\"text-align: center;\">NIX, NOX, NEBULAE<\/p>\n<\/div><div class=\"fusion-separator\" style=\"align-self: center;margin-left: auto;margin-right: auto;width:100%;max-width:95%;\"><div class=\"fusion-separator-border sep-single\" style=\"--awb-height:20px;--awb-amount:20px;--awb-sep-color:var(--awb-color1);border-color:var(--awb-color1);border-top-width:4px;\"><\/div><\/div><div class=\"fusion-text fusion-text-13\" style=\"--awb-font-size:var(--awb-custom_typography_7-font-size);--awb-line-height:var(--awb-custom_typography_7-line-height);--awb-letter-spacing:var(--awb-custom_typography_7-letter-spacing);--awb-text-transform:var(--awb-custom_typography_7-text-transform);--awb-text-color:var(--awb-color1);--awb-margin-top:20px;--awb-text-font-family:var(--awb-custom_typography_7-font-family);--awb-text-font-weight:var(--awb-custom_typography_7-font-weight);--awb-text-font-style:var(--awb-custom_typography_7-font-style);\"><p>sunt devitiae roenae : la neige, la nuit et le brouillard sont les tr\u00e9sors de la Rh\u00f6n, disait Melchior Adam Weikard, le m\u00e9decin personnel de l&rsquo;\u00e9v\u00eaque de Fulda, au XVIIIe si\u00e8cle. Et il ajoutait : \u00ab Il y a peu de r\u00e9gions en Europe qui soient plus belles. \u00bb<\/p>\n<\/div><\/div><\/div><\/div><\/div><\/div><\/div><\/div><div class=\"fusion-fullwidth fullwidth-box fusion-builder-row-6 fusion-flex-container has-pattern-background has-mask-background hundred-percent-fullwidth non-hundred-percent-height-scrolling ort_slider\" style=\"--awb-border-radius-top-left:0px;--awb-border-radius-top-right:0px;--awb-border-radius-bottom-right:0px;--awb-border-radius-bottom-left:0px;--awb-padding-right:0px;--awb-padding-left:0px;--awb-background-color:var(--awb-color3);--awb-flex-wrap:wrap;\" ><div class=\"fusion-builder-row fusion-row fusion-flex-align-items-flex-start fusion-flex-content-wrap\" style=\"width:104% !important;max-width:104% !important;margin-left: calc(-4% \/ 2 );margin-right: calc(-4% \/ 2 );\"><div class=\"fusion-layout-column fusion_builder_column fusion-builder-column-7 fusion_builder_column_1_1 1_1 fusion-flex-column\" style=\"--awb-bg-size:cover;--awb-width-large:100%;--awb-margin-top-large:0px;--awb-spacing-right-large:1.92%;--awb-margin-bottom-large:0px;--awb-spacing-left-large:1.92%;--awb-width-medium:100%;--awb-order-medium:0;--awb-spacing-right-medium:1.92%;--awb-spacing-left-medium:1.92%;--awb-width-small:100%;--awb-order-small:0;--awb-spacing-right-small:1.92%;--awb-spacing-left-small:1.92%;\"><div class=\"fusion-column-wrapper fusion-column-has-shadow fusion-flex-justify-content-flex-start fusion-content-layout-column\"><script>console.log(\"Landkreis Rh\u00f6n-Grabfeld: No active slides found\")<\/script>\n<\/div><\/div><\/div><\/div><\/div><div class=\"fusion-fullwidth fullwidth-box fusion-builder-row-7 fusion-flex-container has-pattern-background has-mask-background nonhundred-percent-fullwidth non-hundred-percent-height-scrolling ort_bilder_text\" style=\"--awb-border-radius-top-left:0px;--awb-border-radius-top-right:0px;--awb-border-radius-bottom-right:0px;--awb-border-radius-bottom-left:0px;--awb-padding-top:100px;--awb-padding-top-medium:75px;--awb-padding-bottom-medium:10px;--awb-padding-top-small:50px;--awb-padding-bottom-small:10px;--awb-flex-wrap:wrap;\" ><div class=\"fusion-builder-row fusion-row fusion-flex-align-items-flex-start fusion-flex-justify-content-center fusion-flex-content-wrap\" style=\"max-width:1664px;margin-left: calc(-4% \/ 2 );margin-right: calc(-4% \/ 2 );\"><div class=\"fusion-layout-column fusion_builder_column fusion-builder-column-8 fusion_builder_column_1_2 1_2 fusion-flex-column bild_abgerundet_schatten\" style=\"--awb-overflow:hidden;--awb-bg-size:cover;--awb-box-shadow:10px 10px 0px 0px var(--awb-color5);;--awb-border-radius:60px 60px 60px 60px;--awb-width-large:50%;--awb-margin-top-large:0px;--awb-spacing-right-large:60px;--awb-margin-bottom-large:0px;--awb-spacing-left-large:3.84%;--awb-width-medium:66.666666666667%;--awb-order-medium:0;--awb-spacing-right-medium:0px;--awb-margin-bottom-medium:40px;--awb-spacing-left-medium:0px;--awb-width-small:100%;--awb-order-small:0;--awb-spacing-right-small:0px;--awb-margin-bottom-small:10px;--awb-spacing-left-small:0px;\" data-scroll-devices=\"small-visibility,medium-visibility,large-visibility\"><div class=\"fusion-column-wrapper fusion-column-has-shadow fusion-flex-justify-content-flex-start fusion-content-layout-column\"><div class=\"fusion-image-element \" style=\"--awb-caption-title-font-family:var(--h2_typography-font-family);--awb-caption-title-font-weight:var(--h2_typography-font-weight);--awb-caption-title-font-style:var(--h2_typography-font-style);--awb-caption-title-size:var(--h2_typography-font-size);--awb-caption-title-transform:var(--h2_typography-text-transform);--awb-caption-title-line-height:var(--h2_typography-line-height);--awb-caption-title-letter-spacing:var(--h2_typography-letter-spacing);\"><span class=\" fusion-imageframe imageframe-none imageframe-6 hover-type-none\"><img decoding=\"async\" width=\"2048\" height=\"819\" title=\"Rh\u00f6n-Grabfeld 2\" src=\"https:\/\/career-mainfranken.com\/wp-content\/uploads\/Rhoen-Grabfeld-2.jpg\" data-orig-src=\"https:\/\/career-mainfranken.com\/wp-content\/uploads\/Rhoen-Grabfeld-2.jpg\" alt class=\"lazyload img-responsive wp-image-1674\" srcset=\"data:image\/svg+xml,%3Csvg%20xmlns%3D%27http%3A%2F%2Fwww.w3.org%2F2000%2Fsvg%27%20width%3D%272048%27%20height%3D%27819%27%20viewBox%3D%270%200%202048%20819%27%3E%3Crect%20width%3D%272048%27%20height%3D%27819%27%20fill-opacity%3D%220%22%2F%3E%3C%2Fsvg%3E\" data-srcset=\"https:\/\/career-mainfranken.com\/wp-content\/uploads\/Rhoen-Grabfeld-2-200x80.jpg 200w, https:\/\/career-mainfranken.com\/wp-content\/uploads\/Rhoen-Grabfeld-2-400x160.jpg 400w, https:\/\/career-mainfranken.com\/wp-content\/uploads\/Rhoen-Grabfeld-2-600x240.jpg 600w, https:\/\/career-mainfranken.com\/wp-content\/uploads\/Rhoen-Grabfeld-2-800x320.jpg 800w, https:\/\/career-mainfranken.com\/wp-content\/uploads\/Rhoen-Grabfeld-2-1200x480.jpg 1200w, https:\/\/career-mainfranken.com\/wp-content\/uploads\/Rhoen-Grabfeld-2.jpg 2048w\" data-sizes=\"auto\" data-orig-sizes=\"(max-width: 640px) 100vw, 800px\" \/><\/span><\/div><\/div><\/div><div class=\"fusion-layout-column fusion_builder_column fusion-builder-column-9 fusion_builder_column_1_2 1_2 fusion-flex-column fusion-flex-align-self-stretch\" style=\"--awb-bg-size:cover;--awb-width-large:50%;--awb-margin-top-large:0px;--awb-spacing-right-large:3.84%;--awb-margin-bottom-large:0px;--awb-spacing-left-large:55px;--awb-width-medium:80%;--awb-order-medium:0;--awb-spacing-right-medium:2.4%;--awb-spacing-left-medium:55px;--awb-width-small:100%;--awb-order-small:0;--awb-margin-top-small:30px;--awb-spacing-right-small:1.92%;--awb-spacing-left-small:1.92%;\" data-scroll-devices=\"small-visibility,medium-visibility,large-visibility\"><div class=\"fusion-column-wrapper fusion-column-has-shadow fusion-flex-justify-content-center fusion-content-layout-column\"><div class=\"fusion-title title fusion-title-6 fusion-sep-none fusion-title-text fusion-title-size-two\" style=\"--awb-margin-top-small:0px;--awb-margin-right-small:0px;--awb-margin-bottom-small:0px;--awb-margin-left-small:0px;\"><h2 class=\"fusion-title-heading title-heading-left fusion-responsive-typography-calculated\" style=\"margin:0;--fontSize:40;line-height:1.25;\">Ce que nous pouvons offrir (entre autres)<\/h2><\/div><div class=\"fusion-separator trenner_links\" style=\"align-self: flex-start;margin-right:auto;margin-top:25px;margin-bottom:25px;width:100%;max-width:100px;\"><div class=\"fusion-separator-border sep-single sep-solid\" style=\"--awb-height:20px;--awb-amount:20px;border-color:var(--awb-custom_color_2);border-top-width:4px;\"><\/div><\/div><div class=\"fusion-text fusion-text-14\"><p>Des terrains industriels et commerciaux \u00e0 prix avantageux, suffisamment de terrains constructibles dans de nombreux endroits,<br \/>\nune haute valeur r\u00e9cr\u00e9ative et de loisirs, ainsi que des soins de sant\u00e9 pr\u00e9ventifs et curatifs exemplaires. Heureusement, il n&rsquo;est pas n\u00e9cessaire de choisir, on peut profiter de tous les avantages de la r\u00e9gion.<\/p>\n<\/div><\/div><\/div><\/div><\/div><div class=\"fusion-fullwidth fullwidth-box fusion-builder-row-8 fusion-flex-container has-pattern-background has-mask-background nonhundred-percent-fullwidth non-hundred-percent-height-scrolling ort_arbeitgeber-karussell\" style=\"--awb-border-radius-top-left:0px;--awb-border-radius-top-right:0px;--awb-border-radius-bottom-right:0px;--awb-border-radius-bottom-left:0px;--awb-padding-top:100px;--awb-padding-bottom:100px;--awb-padding-top-medium:75px;--awb-padding-bottom-medium:75px;--awb-padding-top-small:10px;--awb-padding-bottom-small:50px;--awb-flex-wrap:wrap;\" ><div class=\"fusion-builder-row fusion-row fusion-flex-align-items-flex-start fusion-flex-justify-content-center fusion-flex-content-wrap\" style=\"max-width:1664px;margin-left: calc(-4% \/ 2 );margin-right: calc(-4% \/ 2 );\"><div class=\"fusion-layout-column fusion_builder_column fusion-builder-column-10 fusion_builder_column_1_1 1_1 fusion-flex-column arbeitgeber_karussell\" style=\"--awb-bg-size:cover;--awb-width-large:100%;--awb-margin-top-large:0px;--awb-spacing-right-large:1.92%;--awb-margin-bottom-large:0px;--awb-spacing-left-large:1.92%;--awb-width-medium:100%;--awb-order-medium:0;--awb-spacing-right-medium:1.92%;--awb-spacing-left-medium:1.92%;--awb-width-small:100%;--awb-order-small:0;--awb-spacing-right-small:1.92%;--awb-spacing-left-small:1.92%;\" data-scroll-devices=\"small-visibility,medium-visibility,large-visibility\"><div class=\"fusion-column-wrapper fusion-column-has-shadow fusion-flex-justify-content-center fusion-content-layout-row\"><div class=\"fusion-image-carousel fusion-image-carousel-auto fusion-image-carousel-1 logo_slider\"><div class=\"awb-carousel awb-swiper awb-swiper-carousel awb-carousel--carousel awb-swiper-dots-position-bottom\" data-layout=\"carousel\" data-autoplay=\"yes\" data-autoplayspeed=\"2500\" data-autoplaypause=\"yes\" data-loop=\"yes\" data-columns=\"4\" data-columnsmedium=\"1\" data-columnssmall=\"1\" data-itemmargin=\"0\" data-itemwidth=\"180\" data-touchscroll=\"no\" data-freemode=\"no\" data-imagesize=\"auto\" data-scrollitems=\"1\" data-centeredslides=\"no\" data-rotationangle=\"50\" data-depth=\"100\" data-speed=\"500\" data-shadow=\"no\" data-pagination=\"bullets\" style=\"--awb-columns:4;--awb-column-spacing:0px;--awb-dots-align:center;\"><div class=\"swiper-wrapper awb-image-carousel-wrapper fusion-flex-align-items-center\"><div class=\"swiper-slide\"><div class=\"fusion-carousel-item-wrapper\"><div class=\"fusion-image-wrapper hover-type-none\"><a href=\"https:\/\/career-mainfranken.com\/fr\/employeurs-dexcellence\/preh-gmbh\/\" target=\"_self\"><img decoding=\"async\" width=\"600\" height=\"224\" src=\"https:\/\/career-mainfranken.com\/wp-content\/uploads\/Preh_Logo.png\" class=\"attachment-full size-full lazyload\" alt=\"\" srcset=\"data:image\/svg+xml,%3Csvg%20xmlns%3D%27http%3A%2F%2Fwww.w3.org%2F2000%2Fsvg%27%20width%3D%27600%27%20height%3D%27224%27%20viewBox%3D%270%200%20600%20224%27%3E%3Crect%20width%3D%27600%27%20height%3D%27224%27%20fill-opacity%3D%220%22%2F%3E%3C%2Fsvg%3E\" data-orig-src=\"https:\/\/career-mainfranken.com\/wp-content\/uploads\/Preh_Logo.png\" data-srcset=\"https:\/\/career-mainfranken.com\/wp-content\/uploads\/Preh_Logo-200x75.png 200w, https:\/\/career-mainfranken.com\/wp-content\/uploads\/Preh_Logo-400x149.png 400w, https:\/\/career-mainfranken.com\/wp-content\/uploads\/Preh_Logo.png 600w\" data-sizes=\"auto\" \/><\/a><\/div><\/div><\/div><div class=\"swiper-slide\"><div class=\"fusion-carousel-item-wrapper\"><div class=\"fusion-image-wrapper hover-type-none\"><a href=\"https:\/\/career-mainfranken.com\/fr\/employeurs-dexcellence\/centre-de-reeducation-bad-brueckenau-clinique-hartwald\/\" target=\"_self\"><img decoding=\"async\" width=\"600\" height=\"253\" src=\"https:\/\/career-mainfranken.com\/wp-content\/uploads\/Hartwald-Klinik_logo.png\" class=\"attachment-full size-full lazyload\" alt=\"\" srcset=\"data:image\/svg+xml,%3Csvg%20xmlns%3D%27http%3A%2F%2Fwww.w3.org%2F2000%2Fsvg%27%20width%3D%27600%27%20height%3D%27253%27%20viewBox%3D%270%200%20600%20253%27%3E%3Crect%20width%3D%27600%27%20height%3D%27253%27%20fill-opacity%3D%220%22%2F%3E%3C%2Fsvg%3E\" data-orig-src=\"https:\/\/career-mainfranken.com\/wp-content\/uploads\/Hartwald-Klinik_logo.png\" data-srcset=\"https:\/\/career-mainfranken.com\/wp-content\/uploads\/Hartwald-Klinik_logo-200x84.png 200w, https:\/\/career-mainfranken.com\/wp-content\/uploads\/Hartwald-Klinik_logo-400x169.png 400w, https:\/\/career-mainfranken.com\/wp-content\/uploads\/Hartwald-Klinik_logo.png 600w\" data-sizes=\"auto\" \/><\/a><\/div><\/div><\/div><div class=\"swiper-slide\"><div class=\"fusion-carousel-item-wrapper\"><div class=\"fusion-image-wrapper hover-type-none\"><a href=\"https:\/\/career-mainfranken.com\/fr\/employeurs-dexcellence\/campus-rhoen-klinikum-de-bad-neustadt\/\" target=\"_self\"><img decoding=\"async\" width=\"600\" height=\"141\" src=\"https:\/\/career-mainfranken.com\/wp-content\/uploads\/Logo_klinikum.png\" class=\"attachment-full size-full lazyload\" alt=\"\" srcset=\"data:image\/svg+xml,%3Csvg%20xmlns%3D%27http%3A%2F%2Fwww.w3.org%2F2000%2Fsvg%27%20width%3D%27600%27%20height%3D%27141%27%20viewBox%3D%270%200%20600%20141%27%3E%3Crect%20width%3D%27600%27%20height%3D%27141%27%20fill-opacity%3D%220%22%2F%3E%3C%2Fsvg%3E\" data-orig-src=\"https:\/\/career-mainfranken.com\/wp-content\/uploads\/Logo_klinikum.png\" data-srcset=\"https:\/\/career-mainfranken.com\/wp-content\/uploads\/Logo_klinikum-200x47.png 200w, https:\/\/career-mainfranken.com\/wp-content\/uploads\/Logo_klinikum-400x94.png 400w, https:\/\/career-mainfranken.com\/wp-content\/uploads\/Logo_klinikum.png 600w\" data-sizes=\"auto\" \/><\/a><\/div><\/div><\/div><div class=\"swiper-slide\"><div class=\"fusion-carousel-item-wrapper\"><div class=\"fusion-image-wrapper hover-type-none\"><a href=\"https:\/\/career-mainfranken.com\/fr\/employeurs-dexcellence\/sinntalklinik-bad-brueckenau\/\" target=\"_self\"><img decoding=\"async\" width=\"564\" height=\"232\" src=\"https:\/\/career-mainfranken.com\/wp-content\/uploads\/Logo_Sinntalklinik.jpg\" class=\"attachment-full size-full lazyload\" alt=\"\" srcset=\"data:image\/svg+xml,%3Csvg%20xmlns%3D%27http%3A%2F%2Fwww.w3.org%2F2000%2Fsvg%27%20width%3D%27564%27%20height%3D%27232%27%20viewBox%3D%270%200%20564%20232%27%3E%3Crect%20width%3D%27564%27%20height%3D%27232%27%20fill-opacity%3D%220%22%2F%3E%3C%2Fsvg%3E\" data-orig-src=\"https:\/\/career-mainfranken.com\/wp-content\/uploads\/Logo_Sinntalklinik.jpg\" data-srcset=\"https:\/\/career-mainfranken.com\/wp-content\/uploads\/Logo_Sinntalklinik-200x82.jpg 200w, https:\/\/career-mainfranken.com\/wp-content\/uploads\/Logo_Sinntalklinik-400x165.jpg 400w, https:\/\/career-mainfranken.com\/wp-content\/uploads\/Logo_Sinntalklinik.jpg 564w\" data-sizes=\"auto\" \/><\/a><\/div><\/div><\/div><\/div><div class=\"awb-swiper-button awb-swiper-button-prev\"><i class=\"awb-icon-angle-left\" aria-hidden=\"true\"><\/i><\/div><div class=\"awb-swiper-button awb-swiper-button-next\"><i class=\"awb-icon-angle-right\" aria-hidden=\"true\"><\/i><\/div><\/div><\/div><\/div><\/div><div class=\"fusion-layout-column fusion_builder_column fusion-builder-column-11 fusion_builder_column_3_5 3_5 fusion-flex-column\" style=\"--awb-bg-size:cover;--awb-width-large:60%;--awb-margin-top-large:50px;--awb-spacing-right-large:3.2%;--awb-margin-bottom-large:0px;--awb-spacing-left-large:3.2%;--awb-width-medium:60%;--awb-order-medium:0;--awb-margin-top-medium:40px;--awb-spacing-right-medium:3.2%;--awb-spacing-left-medium:3.2%;--awb-width-small:100%;--awb-order-small:0;--awb-margin-top-small:30px;--awb-spacing-right-small:1.92%;--awb-spacing-left-small:1.92%;\" data-scroll-devices=\"small-visibility,medium-visibility,large-visibility\"><div class=\"fusion-column-wrapper fusion-column-has-shadow fusion-flex-justify-content-flex-start fusion-content-layout-column\"><div class=\"fusion-text fusion-text-15\" style=\"--awb-text-color:var(--awb-color5);\"><p style=\"text-align: center;\">Vous souhaitez conna\u00eetre les meilleurs employeurs de Mainfranken et savoir ce qui les rend si particuliers ? Il suffit de cliquer sur le logo pour en savoir plus dans le portrait de l&#8217;employeur. <\/p>\n<\/div><\/div><\/div><\/div><\/div><\/p>\n","protected":false},"excerpt":{"rendered":"","protected":false},"author":7,"featured_media":0,"parent":3954,"menu_order":0,"comment_status":"closed","ping_status":"closed","template":"100-width.php","meta":{"footnotes":"","_links_to":"","_links_to_target":""},"class_list":["post-4075","page","type-page","status-publish","hentry"],"yoast_head":"<!-- This site is optimized with the Yoast SEO plugin v27.5 - https:\/\/yoast.com\/product\/yoast-seo-wordpress\/ -->\n<title>Arrondissement de Rh\u00f6n-Grabfeld - Region Mainfranken<\/title>\n<meta name=\"robots\" content=\"index, follow, max-snippet:-1, max-image-preview:large, max-video-preview:-1\" \/>\n<link rel=\"canonical\" href=\"https:\/\/career-mainfranken.com\/fr\/vivre-en-mainfranken\/arrondissement-de-rhoen-grabfeld\/\" \/>\n<meta property=\"og:locale\" content=\"fr_FR\" \/>\n<meta property=\"og:type\" content=\"article\" \/>\n<meta property=\"og:title\" content=\"Arrondissement de Rh\u00f6n-Grabfeld - Region Mainfranken\" \/>\n<meta property=\"og:url\" content=\"https:\/\/career-mainfranken.com\/fr\/vivre-en-mainfranken\/arrondissement-de-rhoen-grabfeld\/\" \/>\n<meta property=\"og:site_name\" content=\"Region Mainfranken\" \/>\n<meta property=\"article:modified_time\" content=\"2025-05-27T12:51:35+00:00\" \/>\n<meta name=\"twitter:card\" content=\"summary_large_image\" \/>\n<meta name=\"twitter:label1\" content=\"Dur\u00e9e de lecture estim\u00e9e\" \/>\n\t<meta name=\"twitter:data1\" content=\"112 minutes\" \/>\n<script type=\"application\/ld+json\" class=\"yoast-schema-graph\">{\"@context\":\"https:\\\/\\\/schema.org\",\"@graph\":[{\"@type\":\"WebPage\",\"@id\":\"https:\\\/\\\/career-mainfranken.com\\\/fr\\\/vivre-en-mainfranken\\\/arrondissement-de-rhoen-grabfeld\\\/\",\"url\":\"https:\\\/\\\/career-mainfranken.com\\\/fr\\\/vivre-en-mainfranken\\\/arrondissement-de-rhoen-grabfeld\\\/\",\"name\":\"Arrondissement de Rh\u00f6n-Grabfeld - Region Mainfranken\",\"isPartOf\":{\"@id\":\"https:\\\/\\\/career-mainfranken.com\\\/fr\\\/#website\"},\"datePublished\":\"2025-04-27T17:38:08+00:00\",\"dateModified\":\"2025-05-27T12:51:35+00:00\",\"breadcrumb\":{\"@id\":\"https:\\\/\\\/career-mainfranken.com\\\/fr\\\/vivre-en-mainfranken\\\/arrondissement-de-rhoen-grabfeld\\\/#breadcrumb\"},\"inLanguage\":\"fr-FR\",\"potentialAction\":[{\"@type\":\"ReadAction\",\"target\":[\"https:\\\/\\\/career-mainfranken.com\\\/fr\\\/vivre-en-mainfranken\\\/arrondissement-de-rhoen-grabfeld\\\/\"]}]},{\"@type\":\"BreadcrumbList\",\"@id\":\"https:\\\/\\\/career-mainfranken.com\\\/fr\\\/vivre-en-mainfranken\\\/arrondissement-de-rhoen-grabfeld\\\/#breadcrumb\",\"itemListElement\":[{\"@type\":\"ListItem\",\"position\":1,\"name\":\"Page d'accueil\",\"item\":\"https:\\\/\\\/career-mainfranken.com\\\/fr\\\/page-daccueil\\\/\"},{\"@type\":\"ListItem\",\"position\":2,\"name\":\"Vivre en Mainfranken\",\"item\":\"https:\\\/\\\/career-mainfranken.com\\\/fr\\\/vivre-en-mainfranken\\\/\"},{\"@type\":\"ListItem\",\"position\":3,\"name\":\"Arrondissement de Rh\u00f6n-Grabfeld\"}]},{\"@type\":\"WebSite\",\"@id\":\"https:\\\/\\\/career-mainfranken.com\\\/fr\\\/#website\",\"url\":\"https:\\\/\\\/career-mainfranken.com\\\/fr\\\/\",\"name\":\"Region Mainfranken\",\"description\":\"\",\"potentialAction\":[{\"@type\":\"SearchAction\",\"target\":{\"@type\":\"EntryPoint\",\"urlTemplate\":\"https:\\\/\\\/career-mainfranken.com\\\/fr\\\/?s={search_term_string}\"},\"query-input\":{\"@type\":\"PropertyValueSpecification\",\"valueRequired\":true,\"valueName\":\"search_term_string\"}}],\"inLanguage\":\"fr-FR\"}]}<\/script>\n<!-- \/ Yoast SEO plugin. -->","yoast_head_json":{"title":"Arrondissement de Rh\u00f6n-Grabfeld - Region Mainfranken","robots":{"index":"index","follow":"follow","max-snippet":"max-snippet:-1","max-image-preview":"max-image-preview:large","max-video-preview":"max-video-preview:-1"},"canonical":"https:\/\/career-mainfranken.com\/fr\/vivre-en-mainfranken\/arrondissement-de-rhoen-grabfeld\/","og_locale":"fr_FR","og_type":"article","og_title":"Arrondissement de Rh\u00f6n-Grabfeld - Region Mainfranken","og_url":"https:\/\/career-mainfranken.com\/fr\/vivre-en-mainfranken\/arrondissement-de-rhoen-grabfeld\/","og_site_name":"Region Mainfranken","article_modified_time":"2025-05-27T12:51:35+00:00","twitter_card":"summary_large_image","twitter_misc":{"Dur\u00e9e de lecture estim\u00e9e":"112 minutes"},"schema":{"@context":"https:\/\/schema.org","@graph":[{"@type":"WebPage","@id":"https:\/\/career-mainfranken.com\/fr\/vivre-en-mainfranken\/arrondissement-de-rhoen-grabfeld\/","url":"https:\/\/career-mainfranken.com\/fr\/vivre-en-mainfranken\/arrondissement-de-rhoen-grabfeld\/","name":"Arrondissement de Rh\u00f6n-Grabfeld - Region Mainfranken","isPartOf":{"@id":"https:\/\/career-mainfranken.com\/fr\/#website"},"datePublished":"2025-04-27T17:38:08+00:00","dateModified":"2025-05-27T12:51:35+00:00","breadcrumb":{"@id":"https:\/\/career-mainfranken.com\/fr\/vivre-en-mainfranken\/arrondissement-de-rhoen-grabfeld\/#breadcrumb"},"inLanguage":"fr-FR","potentialAction":[{"@type":"ReadAction","target":["https:\/\/career-mainfranken.com\/fr\/vivre-en-mainfranken\/arrondissement-de-rhoen-grabfeld\/"]}]},{"@type":"BreadcrumbList","@id":"https:\/\/career-mainfranken.com\/fr\/vivre-en-mainfranken\/arrondissement-de-rhoen-grabfeld\/#breadcrumb","itemListElement":[{"@type":"ListItem","position":1,"name":"Page d'accueil","item":"https:\/\/career-mainfranken.com\/fr\/page-daccueil\/"},{"@type":"ListItem","position":2,"name":"Vivre en Mainfranken","item":"https:\/\/career-mainfranken.com\/fr\/vivre-en-mainfranken\/"},{"@type":"ListItem","position":3,"name":"Arrondissement de Rh\u00f6n-Grabfeld"}]},{"@type":"WebSite","@id":"https:\/\/career-mainfranken.com\/fr\/#website","url":"https:\/\/career-mainfranken.com\/fr\/","name":"Region Mainfranken","description":"","potentialAction":[{"@type":"SearchAction","target":{"@type":"EntryPoint","urlTemplate":"https:\/\/career-mainfranken.com\/fr\/?s={search_term_string}"},"query-input":{"@type":"PropertyValueSpecification","valueRequired":true,"valueName":"search_term_string"}}],"inLanguage":"fr-FR"}]}},"_links":{"self":[{"href":"https:\/\/career-mainfranken.com\/fr\/wp-json\/wp\/v2\/pages\/4075","targetHints":{"allow":["GET"]}}],"collection":[{"href":"https:\/\/career-mainfranken.com\/fr\/wp-json\/wp\/v2\/pages"}],"about":[{"href":"https:\/\/career-mainfranken.com\/fr\/wp-json\/wp\/v2\/types\/page"}],"author":[{"embeddable":true,"href":"https:\/\/career-mainfranken.com\/fr\/wp-json\/wp\/v2\/users\/7"}],"replies":[{"embeddable":true,"href":"https:\/\/career-mainfranken.com\/fr\/wp-json\/wp\/v2\/comments?post=4075"}],"version-history":[{"count":0,"href":"https:\/\/career-mainfranken.com\/fr\/wp-json\/wp\/v2\/pages\/4075\/revisions"}],"up":[{"embeddable":true,"href":"https:\/\/career-mainfranken.com\/fr\/wp-json\/wp\/v2\/pages\/3954"}],"wp:attachment":[{"href":"https:\/\/career-mainfranken.com\/fr\/wp-json\/wp\/v2\/media?parent=4075"}],"curies":[{"name":"wp","href":"https:\/\/api.w.org\/{rel}","templated":true}]}}