{"id":4370,"date":"2025-05-14T14:27:28","date_gmt":"2025-05-14T12:27:28","guid":{"rendered":"https:\/\/career-mainfranken.com\/empleadores-de-prestigio\/hospital-ortopedico-castillo-werneck\/"},"modified":"2025-05-16T18:47:30","modified_gmt":"2025-05-16T16:47:30","slug":"hospital-ortopedico-castillo-werneck","status":"publish","type":"page","link":"https:\/\/career-mainfranken.com\/es\/empleadores-de-prestigio\/hospital-ortopedico-castillo-werneck\/","title":{"rendered":"Hospital Ortop\u00e9dico Castillo Werneck"},"content":{"rendered":"<p><div class=\"fusion-fullwidth fullwidth-box fusion-builder-row-1 fusion-flex-container has-pattern-background has-mask-background nonhundred-percent-fullwidth non-hundred-percent-height-scrolling arbeitgeber_header\" style=\"--link_hover_color: var(--awb-custom_color_2);--link_color: var(--awb-custom_color_2);--awb-border-radius-top-left:0px;--awb-border-radius-top-right:0px;--awb-border-radius-bottom-right:0px;--awb-border-radius-bottom-left:0px;--awb-padding-top:100px;--awb-padding-bottom:110px;--awb-padding-bottom-medium:85px;--awb-padding-top-small:50px;--awb-padding-bottom-small:40px;--awb-background-color:var(--awb-color2);--awb-flex-wrap:wrap;--awb-flex-wrap-medium:wrap;--awb-flex-wrap-small:wrap;\" ><div class=\"fusion-builder-row fusion-row fusion-flex-align-items-flex-start fusion-flex-content-wrap\" style=\"max-width:1664px;margin-left: calc(-4% \/ 2 );margin-right: calc(-4% \/ 2 );\"><div class=\"fusion-layout-column fusion_builder_column fusion-builder-column-0 fusion_builder_column_1_2 1_2 fusion-flex-column arbeitgeber_bild bild_abgerundet_schatten\" style=\"--awb-overflow:hidden;--awb-bg-size:cover;--awb-box-shadow:10px 10px 0px 0px #d00a32;;--awb-border-radius:60px 60px 60px 60px;--awb-width-large:50%;--awb-margin-top-large:0px;--awb-spacing-right-large:60px;--awb-margin-bottom-large:0px;--awb-spacing-left-large:3.84%;--awb-width-medium:50%;--awb-order-medium:0;--awb-spacing-right-medium:60px;--awb-spacing-left-medium:3.84%;--awb-width-small:100%;--awb-order-small:0;--awb-spacing-right-small:0px;--awb-margin-bottom-small:40px;--awb-spacing-left-small:0px;\" data-scroll-devices=\"small-visibility,medium-visibility,large-visibility\"><div class=\"fusion-column-wrapper fusion-column-has-shadow fusion-flex-justify-content-flex-start fusion-content-layout-column\"><div class=\"fusion-image-element \" style=\"--awb-aspect-ratio:3 \/ 2;--awb-caption-title-font-family:var(--h2_typography-font-family);--awb-caption-title-font-weight:var(--h2_typography-font-weight);--awb-caption-title-font-style:var(--h2_typography-font-style);--awb-caption-title-size:var(--h2_typography-font-size);--awb-caption-title-transform:var(--h2_typography-text-transform);--awb-caption-title-line-height:var(--h2_typography-line-height);--awb-caption-title-letter-spacing:var(--h2_typography-letter-spacing);\"><span class=\" fusion-imageframe imageframe-none imageframe-1 hover-type-none has-aspect-ratio\"><img decoding=\"async\" width=\"1200\" height=\"704\" title=\"Orthopaedisches_Krankenhaus_Werneck_Header\" src=\"https:\/\/career-mainfranken.com\/wp-content\/uploads\/Orthopaedisches_Krankenhaus_Werneck_Header.jpg\" data-orig-src=\"https:\/\/career-mainfranken.com\/wp-content\/uploads\/Orthopaedisches_Krankenhaus_Werneck_Header.jpg\" class=\"lazyload img-responsive wp-image-2835 img-with-aspect-ratio\" data-parent-fit=\"cover\" data-parent-container=\".fusion-image-element\" alt srcset=\"data:image\/svg+xml,%3Csvg%20xmlns%3D%27http%3A%2F%2Fwww.w3.org%2F2000%2Fsvg%27%20width%3D%271200%27%20height%3D%27704%27%20viewBox%3D%270%200%201200%20704%27%3E%3Crect%20width%3D%271200%27%20height%3D%27704%27%20fill-opacity%3D%220%22%2F%3E%3C%2Fsvg%3E\" data-srcset=\"https:\/\/career-mainfranken.com\/wp-content\/uploads\/Orthopaedisches_Krankenhaus_Werneck_Header-200x117.jpg 200w, https:\/\/career-mainfranken.com\/wp-content\/uploads\/Orthopaedisches_Krankenhaus_Werneck_Header-400x235.jpg 400w, https:\/\/career-mainfranken.com\/wp-content\/uploads\/Orthopaedisches_Krankenhaus_Werneck_Header-600x352.jpg 600w, https:\/\/career-mainfranken.com\/wp-content\/uploads\/Orthopaedisches_Krankenhaus_Werneck_Header-800x469.jpg 800w, https:\/\/career-mainfranken.com\/wp-content\/uploads\/Orthopaedisches_Krankenhaus_Werneck_Header.jpg 1200w\" data-sizes=\"auto\" data-orig-sizes=\"(max-width: 640px) 100vw, 800px\" \/><\/span><\/div><\/div><\/div><div class=\"fusion-layout-column fusion_builder_column fusion-builder-column-1 fusion_builder_column_1_2 1_2 fusion-flex-column arbeitgeber_infos\" style=\"--awb-bg-size:cover;--awb-width-large:50%;--awb-margin-top-large:0px;--awb-spacing-right-large:3.84%;--awb-margin-bottom-large:0px;--awb-spacing-left-large:60px;--awb-width-medium:50%;--awb-order-medium:0;--awb-spacing-right-medium:3.84%;--awb-spacing-left-medium:0px;--awb-width-small:100%;--awb-order-small:0;--awb-spacing-right-small:1.92%;--awb-spacing-left-small:0px;\" data-scroll-devices=\"small-visibility,medium-visibility,large-visibility\"><div class=\"fusion-column-wrapper fusion-column-has-shadow fusion-flex-justify-content-flex-start fusion-content-layout-column\"><div class=\"fusion-image-element \" style=\"--awb-margin-bottom:30px;--awb-max-width:400px;--awb-caption-title-font-family:var(--h2_typography-font-family);--awb-caption-title-font-weight:var(--h2_typography-font-weight);--awb-caption-title-font-style:var(--h2_typography-font-style);--awb-caption-title-size:var(--h2_typography-font-size);--awb-caption-title-transform:var(--h2_typography-text-transform);--awb-caption-title-line-height:var(--h2_typography-line-height);--awb-caption-title-letter-spacing:var(--h2_typography-letter-spacing);\"><span class=\" fusion-imageframe imageframe-none imageframe-2 hover-type-none arbeitgeber_logo\"><img decoding=\"async\" width=\"707\" height=\"157\" title=\"Orthopaedisches_Krankenhaus_Werneck_Logo\" src=\"https:\/\/career-mainfranken.com\/wp-content\/uploads\/Orthopaedisches_Krankenhaus_Werneck_Logo.jpg\" data-orig-src=\"https:\/\/career-mainfranken.com\/wp-content\/uploads\/Orthopaedisches_Krankenhaus_Werneck_Logo.jpg\" alt class=\"lazyload img-responsive wp-image-2837\" srcset=\"data:image\/svg+xml,%3Csvg%20xmlns%3D%27http%3A%2F%2Fwww.w3.org%2F2000%2Fsvg%27%20width%3D%27707%27%20height%3D%27157%27%20viewBox%3D%270%200%20707%20157%27%3E%3Crect%20width%3D%27707%27%20height%3D%27157%27%20fill-opacity%3D%220%22%2F%3E%3C%2Fsvg%3E\" data-srcset=\"https:\/\/career-mainfranken.com\/wp-content\/uploads\/Orthopaedisches_Krankenhaus_Werneck_Logo-200x44.jpg 200w, https:\/\/career-mainfranken.com\/wp-content\/uploads\/Orthopaedisches_Krankenhaus_Werneck_Logo-400x89.jpg 400w, https:\/\/career-mainfranken.com\/wp-content\/uploads\/Orthopaedisches_Krankenhaus_Werneck_Logo-600x133.jpg 600w, https:\/\/career-mainfranken.com\/wp-content\/uploads\/Orthopaedisches_Krankenhaus_Werneck_Logo.jpg 707w\" data-sizes=\"auto\" data-orig-sizes=\"(max-width: 640px) 100vw, 707px\" \/><\/span><\/div><div class=\"fusion-title title fusion-title-1 fusion-sep-none fusion-title-text fusion-title-size-one\" style=\"--awb-margin-top-small:0px;--awb-margin-right-small:0px;--awb-margin-bottom-small:0px;--awb-margin-left-small:0px;\"><h1 class=\"fusion-title-heading title-heading-left fusion-responsive-typography-calculated\" style=\"margin:0;--fontSize:40;line-height:1.25;\">Hospital Ortop\u00e9dico Werneck \u2013<br \/>\nTrabajar en el castillo<\/h1><\/div><div class=\"fusion-separator trenner_links\" style=\"align-self: flex-start;margin-right:auto;margin-top:25px;margin-bottom:25px;width:100%;max-width:100px;\"><div class=\"fusion-separator-border sep-single\" style=\"--awb-height:20px;--awb-amount:20px;border-color:var(--awb-custom_color_2);border-top-width:4px;\"><\/div><\/div><div class=\"fusion-builder-row fusion-builder-row-inner fusion-row fusion-flex-align-items-flex-start fusion-flex-content-wrap\" style=\"--awb-flex-grow:0;--awb-flex-grow-medium:0;--awb-flex-grow-small:0;--awb-flex-shrink:0;--awb-flex-shrink-medium:0;--awb-flex-shrink-small:0;width:104% !important;max-width:104% !important;margin-left: calc(-4% \/ 2 );margin-right: calc(-4% \/ 2 );\"><div class=\"fusion-layout-column fusion_builder_column_inner fusion-builder-nested-column-0 fusion_builder_column_inner_1_2 1_2 fusion-flex-column fusion-flex-align-self-stretch\" style=\"--awb-bg-size:cover;--awb-width-large:50%;--awb-margin-top-large:0px;--awb-spacing-right-large:3.84%;--awb-margin-bottom-large:0px;--awb-spacing-left-large:3.84%;--awb-width-medium:100%;--awb-order-medium:0;--awb-spacing-right-medium:1.92%;--awb-margin-bottom-medium:25px;--awb-spacing-left-medium:1.92%;--awb-width-small:100%;--awb-order-small:0;--awb-spacing-right-small:1.92%;--awb-margin-bottom-small:25px;--awb-spacing-left-small:1.92%;\" data-scroll-devices=\"small-visibility,medium-visibility,large-visibility\"><div class=\"fusion-column-wrapper fusion-column-has-shadow fusion-flex-justify-content-center fusion-content-layout-column\"><div class=\"fusion-text fusion-text-1 fusion-text-no-margin\" style=\"--awb-font-size:var(--awb-custom_typography_4-font-size);--awb-line-height:var(--awb-custom_typography_4-line-height);--awb-letter-spacing:var(--awb-custom_typography_4-letter-spacing);--awb-text-transform:var(--awb-custom_typography_4-text-transform);--awb-margin-bottom:0px;--awb-text-font-family:var(--awb-custom_typography_4-font-family);--awb-text-font-weight:var(--awb-custom_typography_4-font-weight);--awb-text-font-style:var(--awb-custom_typography_4-font-style);\"><p><a class=\"social_telefonnummer\" href=\"tel:+499722210\"><i class=\"fb-icon-element-1 fb-icon-element fontawesome-icon icon-icon-telefon-box circle-no fusion-text-flow\" style=\"--awb-font-size:45px;--awb-margin-right:22.5px;\"><\/i>+49 (0)9722 21-0<\/a><\/p>\n<\/div><\/div><\/div><div class=\"fusion-layout-column fusion_builder_column_inner fusion-builder-nested-column-1 fusion-flex-column\" style=\"--awb-bg-size:cover;--awb-width-large:8%;--awb-margin-top-large:0px;--awb-spacing-right-large:24%;--awb-margin-bottom-large:0px;--awb-spacing-left-large:24%;--awb-width-medium:16.666666666667%;--awb-order-medium:0;--awb-spacing-right-medium:11.52%;--awb-margin-bottom-medium:25px;--awb-spacing-left-medium:11.52%;--awb-width-small:16.666666666667%;--awb-order-small:0;--awb-spacing-right-small:11.52%;--awb-margin-bottom-small:25px;--awb-spacing-left-small:11.52%;\" data-scroll-devices=\"small-visibility,medium-visibility,large-visibility\"><div class=\"fusion-column-wrapper fusion-column-has-shadow fusion-flex-justify-content-flex-start fusion-content-layout-column\"><a class=\"fb-icon-element-2 fb-icon-element fontawesome-icon icon-icon-mail-box circle-no fusion-text-flow fusion-link\" style=\"--awb-font-size:45px;--awb-margin-right:0px;--awb-margin-left:0px;\" href=\"mailto:info@kh-schloss-werneck.de\" target=\"_self\" aria-label=\"Link to mailto:info@kh-schloss-werneck.de\"><\/a><\/div><\/div><div class=\"fusion-layout-column fusion_builder_column_inner fusion-builder-nested-column-2 fusion-flex-column\" style=\"--awb-bg-size:cover;--awb-width-large:8%;--awb-margin-top-large:0px;--awb-spacing-right-large:24%;--awb-margin-bottom-large:0px;--awb-spacing-left-large:24%;--awb-width-medium:16.666666666667%;--awb-order-medium:0;--awb-spacing-right-medium:11.52%;--awb-margin-bottom-medium:25px;--awb-spacing-left-medium:11.52%;--awb-width-small:16.666666666667%;--awb-order-small:0;--awb-spacing-right-small:11.52%;--awb-margin-bottom-small:25px;--awb-spacing-left-small:11.52%;\" data-scroll-devices=\"small-visibility,medium-visibility,large-visibility\"><div class=\"fusion-column-wrapper fusion-column-has-shadow fusion-flex-justify-content-flex-start fusion-content-layout-column\"><a class=\"fb-icon-element-3 fb-icon-element fontawesome-icon icon-icon-website-box circle-no fusion-text-flow fusion-link\" style=\"--awb-font-size:45px;--awb-margin-right:0px;--awb-margin-left:0px;\" href=\"https:\/\/www.bezirk-unterfranken.de\/stellenangebote\/index.html?text=&amp;kt%5Bsb%5D=&amp;kt%5Bsd%5D=&amp;kt%5Blt%5D=&amp;kt%5Bcat%5D=17184&amp;_kae=&amp;_bxd=86b84784c63d2b5f39955072683c00a4&amp;page_jobs=0\" target=\"_blank\" aria-label=\"Link to https:\/\/www.bezirk-unterfranken.de\/stellenangebote\/index.html?text=&#038;kt%5Bsb%5D=&#038;kt%5Bsd%5D=&#038;kt%5Blt%5D=&#038;kt%5Bcat%5D=17184&#038;_kae=&#038;_bxd=86b84784c63d2b5f39955072683c00a4&#038;page_jobs=0\" rel=\"noopener noreferrer\"><\/a><\/div><\/div><\/div><\/div><\/div><\/div><\/div><div class=\"fusion-fullwidth fullwidth-box fusion-builder-row-2 fusion-flex-container has-pattern-background has-mask-background hundred-percent-fullwidth non-hundred-percent-height-scrolling arbeitgeber_karte\" style=\"--awb-border-sizes-bottom:10px;--awb-border-color:#d00a32;--awb-border-radius-top-left:0px;--awb-border-radius-top-right:0px;--awb-border-radius-bottom-right:0px;--awb-border-radius-bottom-left:0px;--awb-padding-right:0px;--awb-padding-left:0px;--awb-flex-wrap:wrap;\" ><div class=\"fusion-builder-row fusion-row fusion-flex-align-items-flex-start fusion-flex-content-wrap\" style=\"width:104% !important;max-width:104% !important;margin-left: calc(-4% \/ 2 );margin-right: calc(-4% \/ 2 );\"><div class=\"fusion-layout-column fusion_builder_column fusion-builder-column-2 fusion_builder_column_1_1 1_1 fusion-flex-column\" style=\"--awb-bg-size:cover;--awb-width-large:100%;--awb-margin-top-large:0px;--awb-spacing-right-large:1.92%;--awb-margin-bottom-large:0px;--awb-spacing-left-large:1.92%;--awb-width-medium:100%;--awb-order-medium:0;--awb-spacing-right-medium:1.92%;--awb-spacing-left-medium:1.92%;--awb-width-small:100%;--awb-order-small:0;--awb-spacing-right-small:1.92%;--awb-spacing-left-small:1.92%;\" data-scroll-devices=\"small-visibility,medium-visibility,large-visibility\"><div class=\"fusion-column-wrapper fusion-column-has-shadow fusion-flex-justify-content-flex-start fusion-content-layout-column\">\t\t\t\t\t<script type=\"text\/javascript\">\n\t\t\t\t\t\tvar map_fusion_map_69f5e7a30dc51;\n\t\t\t\t\t\tvar markers = [];\n\t\t\t\t\t\tvar counter = 0;\n\t\t\t\t\t\t\t\t\t\t\t\t\t\t\t\t\t\t\t\tvar fusionMapNonce = '4f48b45f60';\n\t\t\t\t\t\t\t\t\t\t\t\tfunction fusion_run_map_fusion_map_69f5e7a30dc51() {\n\t\t\t\t\t\t\tjQuery ('#fusion_map_69f5e7a30dc51' ).fusion_maps( {\n\t\t\t\t\t\t\t\taddresses: [{\"address\":\"Hospital Ortop\\u00e9dico Castillo Werneck<br \\\/>\\nBalthasar-Neumann-Platz 1<br \\\/>\\n97440 Werneck\",\"infobox_content\":\"Hospital Ortop\\u00e9dico Castillo Werneck<br \\\/>\\\\nBalthasar-Neumann-Platz 1<br \\\/>\\\\n97440 Werneck\",\"coordinates\":false,\"cache\":false}],\n\t\t\t\t\t\t\t\tanimations: false,\n\t\t\t\t\t\t\t\tinfobox_background_color: '',\n\t\t\t\t\t\t\t\tinfobox_styling: 'default',\n\t\t\t\t\t\t\t\tinfobox_text_color: '',\n\t\t\t\t\t\t\t\tmap_style: 'default',\n\t\t\t\t\t\t\t\tmap_type: 'roadmap',\n\t\t\t\t\t\t\t\tmarker_icon: '',\n\t\t\t\t\t\t\t\toverlay_color: '',\n\t\t\t\t\t\t\t\toverlay_color_hsl: {\"hue\":0,\"sat\":0,\"lum\":100},\n\t\t\t\t\t\t\t\tshow_address: false,\n\t\t\t\t\t\t\t\tscale_control: true,\n\t\t\t\t\t\t\t\tscrollwheel: true,\n\t\t\t\t\t\t\t\tzoom: 17,\n\t\t\t\t\t\t\t\tzoom_control: true,\n\t\t\t\t\t\t\t} );\n\t\t\t\t\t\t}\n\n\t\t\t\t\t\tgoogle.maps.event.addDomListener(window, 'load', fusion_run_map_fusion_map_69f5e7a30dc51);\n\t\t\t\t\t<\/script>\n\t\t\t\t\t <div class=\"brlbs-cmpnt-container brlbs-cmpnt-content-blocker brlbs-cmpnt-with-individual-styles\" data-borlabs-cookie-content-blocker-id=\"google-maps-avada\" data-borlabs-cookie-content=\"PGRpdiBjbGFzcz0ic2hvcnRjb2RlLW1hcCBmdXNpb24tZ29vZ2xlLW1hcCBmdXNpb24tbWFwcy1qcy10eXBlIiBzdHlsZT0iLS1hd2ItaGVpZ2h0OjM0MHB4OyIgaWQ9ImZ1c2lvbl9tYXBfNjlmNWU3YTMwZGM1MSI+PC9kaXY+\"><div class=\"brlbs-cmpnt-cb-preset-b brlbs-cmpnt-cb-google-maps-avada\"> <div class=\"brlbs-cmpnt-cb-thumbnail\" style=\"background-image: url('https:\/\/career-mainfranken.com\/wp-content\/uploads\/borlabs-cookie\/1\/brlbs-cb-google-maps-main.png')\"><\/div> <div class=\"brlbs-cmpnt-cb-main\"> <div class=\"brlbs-cmpnt-cb-content\"> <p class=\"brlbs-cmpnt-cb-description\">Est\u00e1s viendo un contenido de marcador de posici\u00f3n de <strong>Google Maps<\/strong>. Para acceder al contenido real, haz clic en el siguiente bot\u00f3n. Ten en cuenta que al hacerlo compartir\u00e1s datos con terceros proveedores.<\/p> <a class=\"brlbs-cmpnt-cb-provider-toggle\" href=\"#\" data-borlabs-cookie-show-provider-information role=\"button\">M\u00e1s informaci\u00f3n<\/a> <\/div> <div class=\"brlbs-cmpnt-cb-buttons\"> <a class=\"brlbs-cmpnt-cb-btn\" href=\"#\" data-borlabs-cookie-unblock role=\"button\">Desbloquear contenido<\/a> <a class=\"brlbs-cmpnt-cb-btn\" href=\"#\" data-borlabs-cookie-accept-service role=\"button\" style=\"display: inherit\">Aceptar el servicio requerido y desbloquear los contenidos<\/a> <\/div> <\/div> <\/div><\/div><\/div><\/div><\/div><\/div><div class=\"fusion-fullwidth fullwidth-box fusion-builder-row-3 fusion-flex-container has-pattern-background has-mask-background nonhundred-percent-fullwidth non-hundred-percent-height-scrolling arbeitgeber_inhalte\" style=\"--awb-border-radius-top-left:0px;--awb-border-radius-top-right:0px;--awb-border-radius-bottom-right:0px;--awb-border-radius-bottom-left:0px;--awb-padding-top:100px;--awb-padding-top-medium:75px;--awb-padding-top-small:50px;--awb-flex-wrap:wrap;\" ><div class=\"fusion-builder-row fusion-row fusion-flex-align-items-flex-start fusion-flex-justify-content-center fusion-flex-content-wrap\" style=\"max-width:1664px;margin-left: calc(-4% \/ 2 );margin-right: calc(-4% \/ 2 );\"><div class=\"fusion-layout-column fusion_builder_column fusion-builder-column-3 fusion_builder_column_1_2 1_2 fusion-flex-column\" style=\"--awb-bg-size:cover;--awb-width-large:50%;--awb-margin-top-large:0px;--awb-spacing-right-large:3.84%;--awb-margin-bottom-large:0px;--awb-spacing-left-large:3.84%;--awb-width-medium:75%;--awb-order-medium:0;--awb-spacing-right-medium:2.56%;--awb-spacing-left-medium:2.56%;--awb-width-small:100%;--awb-order-small:0;--awb-spacing-right-small:1.92%;--awb-spacing-left-small:1.92%;\" data-scroll-devices=\"small-visibility,medium-visibility,large-visibility\"><div class=\"fusion-column-wrapper fusion-column-has-shadow fusion-flex-justify-content-flex-start fusion-content-layout-column\"><div class=\"fusion-text fusion-text-2\"><p>El Hospital Ortop\u00e9dico Castillo Werneck es una cl\u00ednica especializada en endopr\u00f3tesis, ortopedia y cirug\u00eda traumatol\u00f3gica, y como \u201cCentro de Endopr\u00f3tesis de Atenci\u00f3n M\u00e1xima\u201d se encuentra entre las 10 mejores cl\u00ednicas de Alemania. Como uno de los mayores proveedores de endopr\u00f3tesis en Baviera, ofrecemos el m\u00e1s alto nivel de experiencia, seguridad e innovaci\u00f3n bajo un mismo techo. <\/p>\n<p>El atractivo entorno, como el castillo barroco y el magn\u00edfico parque del castillo, no solo constituyen un ambiente atractivo para los pacientes. Los empleados tambi\u00e9n se benefician del hermoso entorno laboral durante sus pausas o en su tiempo libre. <\/p>\n<\/div><\/div><\/div><\/div><\/div><div class=\"fusion-fullwidth fullwidth-box fusion-builder-row-4 fusion-flex-container has-pattern-background has-mask-background nonhundred-percent-fullwidth non-hundred-percent-height-scrolling arbeitgeber_inhalte\" style=\"--awb-border-radius-top-left:0px;--awb-border-radius-top-right:0px;--awb-border-radius-bottom-right:0px;--awb-border-radius-bottom-left:0px;--awb-padding-top:80px;--awb-padding-top-medium:55px;--awb-padding-top-small:30px;--awb-flex-wrap:wrap;\" ><div class=\"fusion-builder-row fusion-row fusion-flex-align-items-flex-start fusion-flex-justify-content-center fusion-flex-content-wrap\" style=\"max-width:1664px;margin-left: calc(-4% \/ 2 );margin-right: calc(-4% \/ 2 );\"><div class=\"fusion-layout-column fusion_builder_column fusion-builder-column-4 fusion_builder_column_1_2 1_2 fusion-flex-column\" style=\"--awb-bg-size:cover;--awb-width-large:50%;--awb-margin-top-large:0px;--awb-spacing-right-large:3.84%;--awb-margin-bottom-large:0px;--awb-spacing-left-large:3.84%;--awb-width-medium:75%;--awb-order-medium:0;--awb-spacing-right-medium:2.56%;--awb-spacing-left-medium:2.56%;--awb-width-small:100%;--awb-order-small:0;--awb-spacing-right-small:1.92%;--awb-spacing-left-small:1.92%;\" data-scroll-devices=\"small-visibility,medium-visibility,large-visibility\"><div class=\"fusion-column-wrapper fusion-column-has-shadow fusion-flex-justify-content-flex-start fusion-content-layout-column\"><div class=\"fusion-title title fusion-title-2 fusion-sep-none fusion-title-text fusion-title-size-two\" style=\"--awb-margin-top-small:0px;--awb-margin-right-small:0px;--awb-margin-bottom-small:0px;--awb-margin-left-small:0px;\"><h2 class=\"fusion-title-heading title-heading-left fusion-responsive-typography-calculated\" style=\"margin:0;--fontSize:40;line-height:1.25;\">Trabajar en un ambiente extraordinario<\/h2><\/div><div class=\"fusion-separator trenner_links\" style=\"align-self: flex-start;margin-right:auto;margin-top:25px;margin-bottom:25px;width:100%;max-width:100px;\"><div class=\"fusion-separator-border sep-single\" style=\"--awb-height:20px;--awb-amount:20px;border-color:var(--awb-custom_color_2);border-top-width:4px;\"><\/div><\/div><div class=\"fusion-text fusion-text-3\"><p>Bajo el lema \u201cMedicina de alta tecnolog\u00eda en un castillo barroco\u201d, el equipo del Hospital Ortop\u00e9dico realiza m\u00e1s de 4.500 operaciones al a\u00f1o. Se ofrece todo el espectro de la ortopedia y cirug\u00eda traumatol\u00f3gica modernas, incluyendo el tratamiento de la columna vertebral y la terapia del dolor. <\/p>\n<p>Con m\u00e1s de 1.500 pr\u00f3tesis de cadera y casi 1.200 de rodilla, Werneck se encuentra entre las 10 mejores cl\u00ednicas de endopr\u00f3tesis en Alemania. En el ranking de hospitales de la revista FOCUS y en la lista del FAZ, el Hospital Ortop\u00e9dico est\u00e1 distinguido como instituci\u00f3n de primer nivel. El profesor Dr. Hendrich, el director m\u00e9dico, tambi\u00e9n es considerado un m\u00e9dico de \u00e9lite.  <\/p>\n<p>La cl\u00ednica especializada tambi\u00e9n es considerada un empleador atractivo, donde no solo convence la calidad m\u00e9dica. La direcci\u00f3n y los responsables del hospital valoran el fomento y la exigencia de sus empleados.<\/p>\n<\/div><\/div><\/div><\/div><\/div><div class=\"fusion-fullwidth fullwidth-box fusion-builder-row-5 fusion-flex-container has-pattern-background has-mask-background nonhundred-percent-fullwidth non-hundred-percent-height-scrolling arbeitgeber_inhalte\" style=\"--awb-border-radius-top-left:0px;--awb-border-radius-top-right:0px;--awb-border-radius-bottom-right:0px;--awb-border-radius-bottom-left:0px;--awb-padding-top:80px;--awb-padding-top-medium:55px;--awb-padding-top-small:30px;--awb-flex-wrap:wrap;\" ><div class=\"fusion-builder-row fusion-row fusion-flex-align-items-flex-start fusion-flex-justify-content-center fusion-flex-content-wrap\" style=\"max-width:1664px;margin-left: calc(-4% \/ 2 );margin-right: calc(-4% \/ 2 );\"><div class=\"fusion-layout-column fusion_builder_column fusion-builder-column-5 fusion_builder_column_1_2 1_2 fusion-flex-column\" style=\"--awb-bg-size:cover;--awb-width-large:50%;--awb-margin-top-large:0px;--awb-spacing-right-large:3.84%;--awb-margin-bottom-large:0px;--awb-spacing-left-large:3.84%;--awb-width-medium:75%;--awb-order-medium:0;--awb-spacing-right-medium:2.56%;--awb-spacing-left-medium:2.56%;--awb-width-small:100%;--awb-order-small:0;--awb-spacing-right-small:1.92%;--awb-spacing-left-small:1.92%;\" data-scroll-devices=\"small-visibility,medium-visibility,large-visibility\"><div class=\"fusion-column-wrapper fusion-column-has-shadow fusion-flex-justify-content-flex-start fusion-content-layout-column\"><div class=\"fusion-title title fusion-title-3 fusion-sep-none fusion-title-text fusion-title-size-two\" style=\"--awb-margin-top-small:0px;--awb-margin-right-small:0px;--awb-margin-bottom-small:0px;--awb-margin-left-small:0px;\"><h2 class=\"fusion-title-heading title-heading-left fusion-responsive-typography-calculated\" style=\"margin:0;--fontSize:40;line-height:1.25;\">Personal cualificado como clave del \u00e9xito<\/h2><\/div><div class=\"fusion-separator trenner_links\" style=\"align-self: flex-start;margin-right:auto;margin-top:25px;margin-bottom:25px;width:100%;max-width:100px;\"><div class=\"fusion-separator-border sep-single\" style=\"--awb-height:20px;--awb-amount:20px;border-color:var(--awb-custom_color_2);border-top-width:4px;\"><\/div><\/div><div class=\"fusion-text fusion-text-4\"><p>Gracias a las autorizaciones de formaci\u00f3n continua en el \u00e1mbito m\u00e9dico para la cirug\u00eda b\u00e1sica \u201cCommon Trunk\u201d, \u201cOrtopedia y Cirug\u00eda Traumatol\u00f3gica\u201d y para la formaci\u00f3n adicional en \u201cCirug\u00eda Ortop\u00e9dica Especializada\u201d, el Hospital Ortop\u00e9dico Castillo Werneck es un empleador atractivo que apoya el desarrollo profesional de sus empleados.<\/p>\n<p>Tambi\u00e9n en el \u00e1mbito de la enfermer\u00eda se ofrecen numerosas oportunidades de formaci\u00f3n continua, entre ellas la formaci\u00f3n para jefes de planta, instructores pr\u00e1cticos o expertos en heridas, as\u00ed como formaci\u00f3n continua en el \u00e1rea de anestesia y quir\u00f3fano.<\/p>\n<\/div><\/div><\/div><\/div><\/div><div class=\"fusion-fullwidth fullwidth-box fusion-builder-row-6 fusion-flex-container has-pattern-background has-mask-background nonhundred-percent-fullwidth non-hundred-percent-height-scrolling arbeitgeber_inhalte\" style=\"--awb-border-radius-top-left:0px;--awb-border-radius-top-right:0px;--awb-border-radius-bottom-right:0px;--awb-border-radius-bottom-left:0px;--awb-padding-top:80px;--awb-padding-bottom:80px;--awb-padding-top-medium:55px;--awb-padding-bottom-medium:55px;--awb-padding-top-small:30px;--awb-padding-bottom-small:30px;--awb-flex-wrap:wrap;\" ><div class=\"fusion-builder-row fusion-row fusion-flex-align-items-flex-start fusion-flex-justify-content-center fusion-flex-content-wrap\" style=\"max-width:1664px;margin-left: calc(-4% \/ 2 );margin-right: calc(-4% \/ 2 );\"><div class=\"fusion-layout-column fusion_builder_column fusion-builder-column-6 fusion_builder_column_1_2 1_2 fusion-flex-column\" style=\"--awb-bg-size:cover;--awb-width-large:50%;--awb-margin-top-large:0px;--awb-spacing-right-large:3.84%;--awb-margin-bottom-large:0px;--awb-spacing-left-large:3.84%;--awb-width-medium:75%;--awb-order-medium:0;--awb-spacing-right-medium:2.56%;--awb-spacing-left-medium:2.56%;--awb-width-small:100%;--awb-order-small:0;--awb-spacing-right-small:1.92%;--awb-spacing-left-small:1.92%;\" data-scroll-devices=\"small-visibility,medium-visibility,large-visibility\"><div class=\"fusion-column-wrapper fusion-column-has-shadow fusion-flex-justify-content-flex-start fusion-content-layout-column\"><div class=\"fusion-title title fusion-title-4 fusion-sep-none fusion-title-text fusion-title-size-two\" style=\"--awb-margin-top-small:0px;--awb-margin-right-small:0px;--awb-margin-bottom-small:0px;--awb-margin-left-small:0px;\"><h2 class=\"fusion-title-heading title-heading-left fusion-responsive-typography-calculated\" style=\"margin:0;--fontSize:40;line-height:1.25;\">Otras ventajas en el Hospital Ortop\u00e9dico Castillo Werneck<\/h2><\/div><div class=\"fusion-separator trenner_links\" style=\"align-self: flex-start;margin-right:auto;margin-top:25px;margin-bottom:25px;width:100%;max-width:100px;\"><div class=\"fusion-separator-border sep-single\" style=\"--awb-height:20px;--awb-amount:20px;border-color:var(--awb-custom_color_2);border-top-width:4px;\"><\/div><\/div><div class=\"fusion-text fusion-text-5\"><ul>\n<li>Empleo y remuneraci\u00f3n seg\u00fan convenio<\/li>\n<li>Plan de pensiones de empresa<\/li>\n<li>Modelos de jornada laboral flexibles<\/li>\n<li>Incorporaci\u00f3n profesional<\/li>\n<li>Desarrollo profesional<\/li>\n<li>Conciliaci\u00f3n entre vida familiar y laboral<\/li>\n<li>Gesti\u00f3n de la salud laboral<\/li>\n<li>Descuentos para empleados<\/li>\n<li>Comedor para empleados<\/li>\n<li>Parque del castillo<\/li>\n<li>Estacionamiento para empleados<\/li>\n<\/ul>\n<\/div><\/div><\/div><\/div><\/div><div class=\"fusion-fullwidth fullwidth-box fusion-builder-row-7 fusion-flex-container has-pattern-background has-mask-background nonhundred-percent-fullwidth non-hundred-percent-height-scrolling arbeitgeber_kontakt\" style=\"--link_hover_color: var(--awb-custom_color_2);--link_color: var(--awb-custom_color_2);--awb-border-radius-top-left:0px;--awb-border-radius-top-right:0px;--awb-border-radius-bottom-right:0px;--awb-border-radius-bottom-left:0px;--awb-padding-top:60px;--awb-padding-bottom:60px;--awb-background-color:var(--awb-color2);--awb-flex-wrap:wrap;\" ><div class=\"fusion-builder-row fusion-row fusion-flex-align-items-flex-start fusion-flex-justify-content-center fusion-flex-content-wrap\" style=\"max-width:1664px;margin-left: calc(-4% \/ 2 );margin-right: calc(-4% \/ 2 );\"><div class=\"fusion-layout-column fusion_builder_column fusion-builder-column-7 fusion_builder_column_1_2 1_2 fusion-flex-column kontakt_fusszeile\" style=\"--awb-bg-size:cover;--awb-width-large:50%;--awb-margin-top-large:0px;--awb-spacing-right-large:3.84%;--awb-margin-bottom-large:0px;--awb-spacing-left-large:3.84%;--awb-width-medium:100%;--awb-order-medium:0;--awb-spacing-right-medium:1.92%;--awb-spacing-left-medium:1.92%;--awb-width-small:100%;--awb-order-small:0;--awb-spacing-right-small:1.92%;--awb-spacing-left-small:0px;\" data-scroll-devices=\"small-visibility,medium-visibility,large-visibility\"><div class=\"fusion-column-wrapper fusion-column-has-shadow fusion-flex-justify-content-flex-start fusion-content-layout-column\"><div class=\"fusion-title title fusion-title-5 fusion-sep-none fusion-title-text fusion-title-size-two\" style=\"--awb-margin-bottom:30px;--awb-margin-top-small:0px;--awb-margin-right-small:0px;--awb-margin-bottom-small:20px;--awb-margin-left-small:0px;--awb-margin-bottom-medium:25px;\"><h2 class=\"fusion-title-heading title-heading-left fusion-responsive-typography-calculated\" style=\"margin:0;--fontSize:40;line-height:1.25;\"><p style=\"text-align: center;\">Aqu\u00ed puedes contactarnos:<\/p><\/h2><\/div><div class=\"fusion-builder-row fusion-builder-row-inner fusion-row fusion-flex-align-items-flex-start fusion-flex-justify-content-center fusion-flex-content-wrap\" style=\"--awb-flex-grow:0;--awb-flex-grow-medium:0;--awb-flex-grow-small:0;--awb-flex-shrink:0;--awb-flex-shrink-medium:0;--awb-flex-shrink-small:0;width:104% !important;max-width:104% !important;margin-left: calc(-4% \/ 2 );margin-right: calc(-4% \/ 2 );\"><div class=\"fusion-layout-column fusion_builder_column_inner fusion-builder-nested-column-3 fusion_builder_column_inner_1_2 1_2 fusion-flex-column fusion-flex-align-self-stretch\" style=\"--awb-bg-size:cover;--awb-width-large:50%;--awb-margin-top-large:0px;--awb-spacing-right-large:3.84%;--awb-margin-bottom-large:0px;--awb-spacing-left-large:3.84%;--awb-width-medium:50%;--awb-order-medium:0;--awb-spacing-right-medium:3.84%;--awb-margin-bottom-medium:25px;--awb-spacing-left-medium:3.84%;--awb-width-small:100%;--awb-order-small:0;--awb-spacing-right-small:1.92%;--awb-margin-bottom-small:25px;--awb-spacing-left-small:1.92%;\" data-scroll-devices=\"small-visibility,medium-visibility,large-visibility\"><div class=\"fusion-column-wrapper fusion-column-has-shadow fusion-flex-justify-content-center fusion-content-layout-column\"><div class=\"fusion-text fusion-text-6 fusion-text-no-margin\" style=\"--awb-font-size:var(--awb-custom_typography_4-font-size);--awb-line-height:var(--awb-custom_typography_4-line-height);--awb-letter-spacing:var(--awb-custom_typography_4-letter-spacing);--awb-text-transform:var(--awb-custom_typography_4-text-transform);--awb-margin-bottom:0px;--awb-text-font-family:var(--awb-custom_typography_4-font-family);--awb-text-font-weight:var(--awb-custom_typography_4-font-weight);--awb-text-font-style:var(--awb-custom_typography_4-font-style);\"><p><a class=\"social_telefonnummer\" href=\"tel:+499722210\"><i class=\"fb-icon-element-4 fb-icon-element fontawesome-icon icon-icon-telefon-box circle-no fusion-text-flow\" style=\"--awb-font-size:45px;--awb-margin-right:22.5px;\"><\/i>+49 (0)9722 21-0<\/a><\/p>\n<\/div><\/div><\/div><div class=\"fusion-layout-column fusion_builder_column_inner fusion-builder-nested-column-4 fusion-flex-column\" style=\"--awb-bg-size:cover;--awb-width-large:8%;--awb-margin-top-large:0px;--awb-spacing-right-large:24%;--awb-margin-bottom-large:0px;--awb-spacing-left-large:24%;--awb-width-medium:8%;--awb-order-medium:0;--awb-spacing-right-medium:24%;--awb-margin-bottom-medium:25px;--awb-spacing-left-medium:24%;--awb-width-small:16.666666666667%;--awb-order-small:0;--awb-spacing-right-small:11.52%;--awb-margin-bottom-small:25px;--awb-spacing-left-small:11.52%;\" data-scroll-devices=\"small-visibility,medium-visibility,large-visibility\"><div class=\"fusion-column-wrapper fusion-column-has-shadow fusion-flex-justify-content-flex-start fusion-content-layout-column\"><a class=\"fb-icon-element-5 fb-icon-element fontawesome-icon icon-icon-mail-box circle-no fusion-text-flow fusion-link\" style=\"--awb-font-size:45px;--awb-margin-right:0px;--awb-margin-left:0px;\" href=\"mailto:info@kh-schloss-werneck.de\" target=\"_self\" aria-label=\"Link to mailto:info@kh-schloss-werneck.de\"><\/a><\/div><\/div><div class=\"fusion-layout-column fusion_builder_column_inner fusion-builder-nested-column-5 fusion-flex-column\" style=\"--awb-bg-size:cover;--awb-width-large:8%;--awb-margin-top-large:0px;--awb-spacing-right-large:24%;--awb-margin-bottom-large:0px;--awb-spacing-left-large:24%;--awb-width-medium:8%;--awb-order-medium:0;--awb-spacing-right-medium:24%;--awb-margin-bottom-medium:25px;--awb-spacing-left-medium:24%;--awb-width-small:16.666666666667%;--awb-order-small:0;--awb-spacing-right-small:11.52%;--awb-margin-bottom-small:25px;--awb-spacing-left-small:11.52%;\" data-scroll-devices=\"small-visibility,medium-visibility,large-visibility\"><div class=\"fusion-column-wrapper fusion-column-has-shadow fusion-flex-justify-content-flex-start fusion-content-layout-column\"><a class=\"fb-icon-element-6 fb-icon-element fontawesome-icon icon-icon-website-box circle-no fusion-text-flow fusion-link\" style=\"--awb-font-size:45px;--awb-margin-right:0px;--awb-margin-left:0px;\" href=\"https:\/\/www.bezirk-unterfranken.de\/stellenangebote\/index.html?text=&amp;kt%5Bsb%5D=&amp;kt%5Bsd%5D=&amp;kt%5Blt%5D=&amp;kt%5Bcat%5D=17184&amp;_kae=&amp;_bxd=86b84784c63d2b5f39955072683c00a4&amp;page_jobs=0\" target=\"_blank\" aria-label=\"Link to https:\/\/www.bezirk-unterfranken.de\/stellenangebote\/index.html?text=&#038;kt%5Bsb%5D=&#038;kt%5Bsd%5D=&#038;kt%5Blt%5D=&#038;kt%5Bcat%5D=17184&#038;_kae=&#038;_bxd=86b84784c63d2b5f39955072683c00a4&#038;page_jobs=0\" rel=\"noopener noreferrer\"><\/a><\/div><\/div><\/div><\/div><\/div><\/div><\/div><\/p>\n","protected":false},"excerpt":{"rendered":"","protected":false},"author":2,"featured_media":0,"parent":3691,"menu_order":0,"comment_status":"closed","ping_status":"closed","template":"100-width.php","meta":{"footnotes":"","_links_to":"","_links_to_target":""},"class_list":["post-4370","page","type-page","status-publish","hentry"],"yoast_head":"<!-- This site is optimized with the Yoast SEO plugin v27.5 - https:\/\/yoast.com\/product\/yoast-seo-wordpress\/ -->\n<title>Hospital Ortop\u00e9dico Castillo Werneck - Region Mainfranken<\/title>\n<meta name=\"robots\" content=\"index, follow, max-snippet:-1, max-image-preview:large, max-video-preview:-1\" \/>\n<link rel=\"canonical\" href=\"https:\/\/career-mainfranken.com\/es\/empleadores-de-prestigio\/hospital-ortopedico-castillo-werneck\/\" \/>\n<meta property=\"og:locale\" content=\"es_ES\" \/>\n<meta property=\"og:type\" content=\"article\" \/>\n<meta property=\"og:title\" content=\"Hospital Ortop\u00e9dico Castillo Werneck - Region Mainfranken\" \/>\n<meta property=\"og:url\" content=\"https:\/\/career-mainfranken.com\/es\/empleadores-de-prestigio\/hospital-ortopedico-castillo-werneck\/\" \/>\n<meta property=\"og:site_name\" content=\"Region Mainfranken\" \/>\n<meta property=\"article:modified_time\" content=\"2025-05-16T16:47:30+00:00\" \/>\n<meta name=\"twitter:card\" content=\"summary_large_image\" \/>\n<meta name=\"twitter:label1\" content=\"Tiempo de lectura\" \/>\n\t<meta name=\"twitter:data1\" content=\"74 minutos\" \/>\n<script type=\"application\/ld+json\" class=\"yoast-schema-graph\">{\"@context\":\"https:\\\/\\\/schema.org\",\"@graph\":[{\"@type\":\"WebPage\",\"@id\":\"https:\\\/\\\/career-mainfranken.com\\\/es\\\/empleadores-de-prestigio\\\/hospital-ortopedico-castillo-werneck\\\/\",\"url\":\"https:\\\/\\\/career-mainfranken.com\\\/es\\\/empleadores-de-prestigio\\\/hospital-ortopedico-castillo-werneck\\\/\",\"name\":\"Hospital Ortop\u00e9dico Castillo Werneck - Region Mainfranken\",\"isPartOf\":{\"@id\":\"https:\\\/\\\/career-mainfranken.com\\\/es\\\/#website\"},\"datePublished\":\"2025-05-14T12:27:28+00:00\",\"dateModified\":\"2025-05-16T16:47:30+00:00\",\"breadcrumb\":{\"@id\":\"https:\\\/\\\/career-mainfranken.com\\\/es\\\/empleadores-de-prestigio\\\/hospital-ortopedico-castillo-werneck\\\/#breadcrumb\"},\"inLanguage\":\"es\",\"potentialAction\":[{\"@type\":\"ReadAction\",\"target\":[\"https:\\\/\\\/career-mainfranken.com\\\/es\\\/empleadores-de-prestigio\\\/hospital-ortopedico-castillo-werneck\\\/\"]}]},{\"@type\":\"BreadcrumbList\",\"@id\":\"https:\\\/\\\/career-mainfranken.com\\\/es\\\/empleadores-de-prestigio\\\/hospital-ortopedico-castillo-werneck\\\/#breadcrumb\",\"itemListElement\":[{\"@type\":\"ListItem\",\"position\":1,\"name\":\"P\u00e1gina principal\",\"item\":\"https:\\\/\\\/career-mainfranken.com\\\/es\\\/pagina-principal\\\/\"},{\"@type\":\"ListItem\",\"position\":2,\"name\":\"Empleadores de prestigio\",\"item\":\"https:\\\/\\\/career-mainfranken.com\\\/es\\\/empleadores-de-prestigio\\\/\"},{\"@type\":\"ListItem\",\"position\":3,\"name\":\"Hospital Ortop\u00e9dico Castillo Werneck\"}]},{\"@type\":\"WebSite\",\"@id\":\"https:\\\/\\\/career-mainfranken.com\\\/es\\\/#website\",\"url\":\"https:\\\/\\\/career-mainfranken.com\\\/es\\\/\",\"name\":\"Region Mainfranken\",\"description\":\"\",\"potentialAction\":[{\"@type\":\"SearchAction\",\"target\":{\"@type\":\"EntryPoint\",\"urlTemplate\":\"https:\\\/\\\/career-mainfranken.com\\\/es\\\/?s={search_term_string}\"},\"query-input\":{\"@type\":\"PropertyValueSpecification\",\"valueRequired\":true,\"valueName\":\"search_term_string\"}}],\"inLanguage\":\"es\"}]}<\/script>\n<!-- \/ Yoast SEO plugin. -->","yoast_head_json":{"title":"Hospital Ortop\u00e9dico Castillo Werneck - Region Mainfranken","robots":{"index":"index","follow":"follow","max-snippet":"max-snippet:-1","max-image-preview":"max-image-preview:large","max-video-preview":"max-video-preview:-1"},"canonical":"https:\/\/career-mainfranken.com\/es\/empleadores-de-prestigio\/hospital-ortopedico-castillo-werneck\/","og_locale":"es_ES","og_type":"article","og_title":"Hospital Ortop\u00e9dico Castillo Werneck - Region Mainfranken","og_url":"https:\/\/career-mainfranken.com\/es\/empleadores-de-prestigio\/hospital-ortopedico-castillo-werneck\/","og_site_name":"Region Mainfranken","article_modified_time":"2025-05-16T16:47:30+00:00","twitter_card":"summary_large_image","twitter_misc":{"Tiempo de lectura":"74 minutos"},"schema":{"@context":"https:\/\/schema.org","@graph":[{"@type":"WebPage","@id":"https:\/\/career-mainfranken.com\/es\/empleadores-de-prestigio\/hospital-ortopedico-castillo-werneck\/","url":"https:\/\/career-mainfranken.com\/es\/empleadores-de-prestigio\/hospital-ortopedico-castillo-werneck\/","name":"Hospital Ortop\u00e9dico Castillo Werneck - Region Mainfranken","isPartOf":{"@id":"https:\/\/career-mainfranken.com\/es\/#website"},"datePublished":"2025-05-14T12:27:28+00:00","dateModified":"2025-05-16T16:47:30+00:00","breadcrumb":{"@id":"https:\/\/career-mainfranken.com\/es\/empleadores-de-prestigio\/hospital-ortopedico-castillo-werneck\/#breadcrumb"},"inLanguage":"es","potentialAction":[{"@type":"ReadAction","target":["https:\/\/career-mainfranken.com\/es\/empleadores-de-prestigio\/hospital-ortopedico-castillo-werneck\/"]}]},{"@type":"BreadcrumbList","@id":"https:\/\/career-mainfranken.com\/es\/empleadores-de-prestigio\/hospital-ortopedico-castillo-werneck\/#breadcrumb","itemListElement":[{"@type":"ListItem","position":1,"name":"P\u00e1gina principal","item":"https:\/\/career-mainfranken.com\/es\/pagina-principal\/"},{"@type":"ListItem","position":2,"name":"Empleadores de prestigio","item":"https:\/\/career-mainfranken.com\/es\/empleadores-de-prestigio\/"},{"@type":"ListItem","position":3,"name":"Hospital Ortop\u00e9dico Castillo Werneck"}]},{"@type":"WebSite","@id":"https:\/\/career-mainfranken.com\/es\/#website","url":"https:\/\/career-mainfranken.com\/es\/","name":"Region Mainfranken","description":"","potentialAction":[{"@type":"SearchAction","target":{"@type":"EntryPoint","urlTemplate":"https:\/\/career-mainfranken.com\/es\/?s={search_term_string}"},"query-input":{"@type":"PropertyValueSpecification","valueRequired":true,"valueName":"search_term_string"}}],"inLanguage":"es"}]}},"_links":{"self":[{"href":"https:\/\/career-mainfranken.com\/es\/wp-json\/wp\/v2\/pages\/4370","targetHints":{"allow":["GET"]}}],"collection":[{"href":"https:\/\/career-mainfranken.com\/es\/wp-json\/wp\/v2\/pages"}],"about":[{"href":"https:\/\/career-mainfranken.com\/es\/wp-json\/wp\/v2\/types\/page"}],"author":[{"embeddable":true,"href":"https:\/\/career-mainfranken.com\/es\/wp-json\/wp\/v2\/users\/2"}],"replies":[{"embeddable":true,"href":"https:\/\/career-mainfranken.com\/es\/wp-json\/wp\/v2\/comments?post=4370"}],"version-history":[{"count":0,"href":"https:\/\/career-mainfranken.com\/es\/wp-json\/wp\/v2\/pages\/4370\/revisions"}],"up":[{"embeddable":true,"href":"https:\/\/career-mainfranken.com\/es\/wp-json\/wp\/v2\/pages\/3691"}],"wp:attachment":[{"href":"https:\/\/career-mainfranken.com\/es\/wp-json\/wp\/v2\/media?parent=4370"}],"curies":[{"name":"wp","href":"https:\/\/api.w.org\/{rel}","templated":true}]}}