{"id":3428,"date":"2025-05-07T09:34:03","date_gmt":"2025-05-07T07:34:03","guid":{"rendered":"https:\/\/career-mainfranken.com\/llegada\/visado-y-autoridades\/"},"modified":"2025-05-16T17:37:41","modified_gmt":"2025-05-16T15:37:41","slug":"visado-y-autoridades","status":"publish","type":"page","link":"https:\/\/career-mainfranken.com\/es\/llegada\/visado-y-autoridades\/","title":{"rendered":"Visado y autoridades"},"content":{"rendered":"<div class=\"fusion-fullwidth fullwidth-box fusion-builder-row-1 fusion-flex-container has-pattern-background has-mask-background nonhundred-percent-fullwidth non-hundred-percent-height-scrolling header\" style=\"--awb-border-radius-top-left:0px;--awb-border-radius-top-right:0px;--awb-border-radius-bottom-right:0px;--awb-border-radius-bottom-left:0px;--awb-padding-top:100px;--awb-padding-bottom:80px;--awb-padding-top-medium:75px;--awb-padding-bottom-medium:55px;--awb-padding-top-small:50px;--awb-padding-bottom-small:30px;--awb-flex-wrap:wrap;\" ><div class=\"fusion-builder-row fusion-row fusion-flex-align-items-flex-start fusion-flex-align-content-flex-start fusion-flex-justify-content-center fusion-flex-content-wrap\" style=\"max-width:1664px;margin-left: calc(-4% \/ 2 );margin-right: calc(-4% \/ 2 );\"><div class=\"fusion-layout-column fusion_builder_column fusion-builder-column-0 fusion_builder_column_4_5 4_5 fusion-flex-column fusion-flex-align-self-center angebote_header\" style=\"--awb-padding-bottom:80px;--awb-padding-bottom-medium:55px;--awb-padding-bottom-small:30px;--awb-bg-size:cover;--awb-width-large:80%;--awb-margin-top-large:0px;--awb-spacing-right-large:2.4%;--awb-margin-bottom-large:0px;--awb-spacing-left-large:2.4%;--awb-width-medium:80%;--awb-order-medium:0;--awb-spacing-right-medium:2.4%;--awb-spacing-left-medium:2.4%;--awb-width-small:100%;--awb-order-small:0;--awb-spacing-right-small:1.92%;--awb-spacing-left-small:1.92%;\" data-scroll-devices=\"small-visibility,medium-visibility,large-visibility\"><div class=\"fusion-column-wrapper fusion-column-has-shadow fusion-flex-justify-content-flex-start fusion-content-layout-column\"><div class=\"fusion-title title fusion-title-1 fusion-sep-none fusion-title-text fusion-title-size-one\" style=\"--awb-text-color:var(--awb-color5);--awb-margin-top-small:0px;--awb-margin-right-small:0px;--awb-margin-bottom-small:0px;--awb-margin-left-small:0px;--awb-font-size:var(--awb-typography2-font-size);\"><h1 class=\"fusion-title-heading title-heading-left fusion-responsive-typography-calculated\" style=\"font-family:var(--awb-typography2-font-family);font-weight:var(--awb-typography2-font-weight);font-style:var(--awb-typography2-font-style);margin:0;letter-spacing:var(--awb-typography2-letter-spacing);text-transform:var(--awb-typography2-text-transform);font-size:1em;--fontSize:70;line-height:1;\">Visado y autoridades<\/h1><\/div><div class=\"fusion-separator trenner_links\" style=\"align-self: flex-start;margin-right:auto;margin-top:25px;margin-bottom:25px;width:100%;max-width:100px;\"><div class=\"fusion-separator-border sep-single sep-solid\" style=\"--awb-height:20px;--awb-amount:20px;--awb-sep-color:var(--awb-color5);border-color:var(--awb-color5);border-top-width:4px;\"><\/div><\/div><div class=\"fusion-text fusion-text-1\"><p>Para que tu inicio en Mainfranken sea exitoso, aqu\u00ed encontrar\u00e1s informaci\u00f3n central sobre visados, tr\u00e1mites administrativos y mucho m\u00e1s.<\/p>\n<p>Especialmente si procedes de un denominado tercer pa\u00eds, es importante que te informes con anticipaci\u00f3n sobre las regulaciones de entrada y residencia. La plataforma <a href=\"https:\/\/www.make-it-in-germany.com\" target=\"_blank\" rel=\"noopener\">Make it in Germany<\/a> te ofrece una visi\u00f3n general. All\u00ed podr\u00e1s realizar la pr\u00e1ctica <a href=\"https:\/\/www.make-it-in-germany.com\/de\/visum-aufenthalt\/self-check-chancenkarte\" target=\"_blank\" rel=\"noopener\">autoevaluaci\u00f3n para la Tarjeta de Oportunidades<\/a> para determinar si cumples con los requisitos para ingresar en busca de empleo.  <\/p>\n<p>Adicionalmente, vale la pena consultar la <a href=\"https:\/\/www.bamf.de\/DE\/Startseite\/startseite_node.html\" target=\"_blank\" rel=\"noopener\">Oficina Federal de Migraci\u00f3n y Refugiados (BAMF)<\/a>, que proporciona informaci\u00f3n completa sobre las <a href=\"https:\/\/www.bamf.de\/DE\/Themen\/MigrationAufenthalt\/migrationaufenthalt-node.html\" target=\"_blank\" rel=\"noopener\">opciones de entrada y residencia<\/a>.<\/p>\n<p>La plataforma <a href=\"https:\/\/www.germany4ukraine.de\/hilfeportal-de\" target=\"_blank\" rel=\"noopener\">Germany4Ukraine<\/a> ofrece informaci\u00f3n importante si procedes de Ucrania.<\/p>\n<\/div><div class=\"fusion-text fusion-text-2\" style=\"--awb-margin-top:30px;\"><p>Tras tu llegada a Mainfranken, un paso inicial importante es registrar tu residencia. En Alemania existe la denominada obligaci\u00f3n de registro. Esto significa que debes registrarte en la oficina de registro competente dentro de las dos semanas posteriores a tu mudanza. Para el registro, generalmente necesitar\u00e1s tu pasaporte con visado o permiso de residencia, as\u00ed como una confirmaci\u00f3n del arrendador que recibir\u00e1s de tu casero.<br \/>\nTras un registro exitoso, recibir\u00e1s un certificado de registro. Lo necesitar\u00e1s, por ejemplo, para abrir una cuenta bancaria, firmar un contrato de trabajo, solicitar un n\u00famero de identificaci\u00f3n fiscal o realizar otros tr\u00e1mites administrativos importantes.    <\/p>\n<p>Encontrar\u00e1s a los contactos locales directamente a trav\u00e9s de las oficinas de atenci\u00f3n ciudadana de tu municipio o ciudad.<\/p>\n<p>La ciudad de W\u00fcrzburg tiene su propio portal de bienvenida. Si deseas vivir en W\u00fcrzburg, vale la pena echar un vistazo a <a href=\"https:\/\/www.wuerzburg.de\/neu-in-wuerzburg\" target=\"_blank\" rel=\"noopener\">Newcomers Welcome \u2013 Nuevo en W\u00fcrzburg<\/a>. Asimismo, el distrito de Bad Kissingen tiene un <a href=\"https:\/\/integreat.app\/lkbadkissingen\/en\/welcome-2?utm_source=chatgpt.com\" target=\"_blank\" rel=\"noopener\">portal de bienvenida<\/a>.  <\/p>\n<p>Adem\u00e1s, portales como <a href=\"http:\/\/www.umziehen.de\" target=\"_blank\" rel=\"noopener\">umziehen.de<\/a> te ayudan proporcion\u00e1ndote listas de verificaci\u00f3n pr\u00e1cticas para el registro y el servicio de reenv\u00edo postal.<\/p>\n<p>Para profesionales cualificados de terceros pa\u00edses, la <a href=\"https:\/\/www.make-it-in-germany.com\/de\/visum-aufenthalt\/arten\/blaue-karte-eu\" target=\"_blank\" rel=\"noopener\">Tarjeta Azul UE<\/a> es particularmente interesante. Te permite, bajo ciertas condiciones, una entrada y residencia facilitadas en Alemania. Tambi\u00e9n encontrar\u00e1s informaci\u00f3n sobre los umbrales salariales, la reunificaci\u00f3n familiar y el permiso de residencia permanente en la p\u00e1gina enlazada.<\/p>\n<\/div><div class=\"fusion-text fusion-text-3\" style=\"--awb-margin-top:30px;\"><p>La Agencia de Empleo de <a href=\"https:\/\/www.arbeitsagentur.de\/vor-ort\/wuerzburg\" target=\"_blank\" rel=\"noopener\">W\u00fcrzburg<\/a> o <a href=\"https:\/\/www.arbeitsagentur.de\/vor-ort\/schweinfurt\" target=\"_blank\" rel=\"noopener\">Schweinfurt<\/a> te ayudar\u00e1 con preguntas sobre la b\u00fasqueda de empleo y el inicio laboral en Mainfranken.<\/p>\n<p>Tambi\u00e9n deber\u00edas estar bien preparado en cuanto al tema de la movilidad. Si ya posees un permiso de conducir, inf\u00f3rmate con anticipaci\u00f3n si debes convalidarlo en Alemania. Encontrar\u00e1s informaci\u00f3n sobre la convalidaci\u00f3n del permiso de conducir en el <a href=\"https:\/\/bmdv.bund.de\/SharedDocs\/DE\/Artikel\/StV\/Strassenverkehr\/gueltigkeit-auslaendischer-fahrerlaubnisse-in-deutschland.html\" target=\"_blank\" rel=\"noopener\">Ministerio Federal de Digitalizaci\u00f3n y Transporte<\/a>.<br \/>\nEl ADAC tambi\u00e9n ofrece una \u00fatil <a href=\"https:\/\/www.adac.de\/verkehr\/rund-um-den-fuehrerschein\/auslaendische-fuehrerscheine\/staaten-auserhalb\/\" target=\"_blank\" rel=\"noopener\">visi\u00f3n general sobre el reconocimiento de permisos de conducir extranjeros<\/a>.  <\/p>\n<p>Si deseas ser m\u00f3vil sin tener un veh\u00edculo propio, en Mainfranken tienes a tu disposici\u00f3n numerosas ofertas de transporte p\u00fablico (<a href=\"https:\/\/www.nahverkehr-mainfranken.de\/\" target=\"_blank\" rel=\"noopener\">Nahverkehr Mainfranken<\/a>). La p\u00e1gina ofrece informaci\u00f3n sobre billetes, horarios y precios.<\/p>\n<\/div><\/div><\/div><\/div><\/div>\n","protected":false},"excerpt":{"rendered":"","protected":false},"author":2,"featured_media":0,"parent":3330,"menu_order":0,"comment_status":"closed","ping_status":"closed","template":"100-width.php","meta":{"footnotes":"","_links_to":"","_links_to_target":""},"class_list":["post-3428","page","type-page","status-publish","hentry"],"yoast_head":"<!-- This site is optimized with the Yoast SEO plugin v27.5 - https:\/\/yoast.com\/product\/yoast-seo-wordpress\/ -->\n<title>Visado y autoridades - Region Mainfranken<\/title>\n<meta name=\"robots\" content=\"index, follow, max-snippet:-1, max-image-preview:large, max-video-preview:-1\" \/>\n<link rel=\"canonical\" href=\"https:\/\/career-mainfranken.com\/es\/llegada\/visado-y-autoridades\/\" \/>\n<meta property=\"og:locale\" content=\"es_ES\" \/>\n<meta property=\"og:type\" content=\"article\" \/>\n<meta property=\"og:title\" content=\"Visado y autoridades - Region Mainfranken\" \/>\n<meta property=\"og:url\" content=\"https:\/\/career-mainfranken.com\/es\/llegada\/visado-y-autoridades\/\" \/>\n<meta property=\"og:site_name\" content=\"Region Mainfranken\" \/>\n<meta property=\"article:modified_time\" content=\"2025-05-16T15:37:41+00:00\" \/>\n<meta name=\"twitter:card\" content=\"summary_large_image\" \/>\n<meta name=\"twitter:label1\" content=\"Tiempo de lectura\" \/>\n\t<meta name=\"twitter:data1\" content=\"11 minutos\" \/>\n<script type=\"application\/ld+json\" class=\"yoast-schema-graph\">{\"@context\":\"https:\\\/\\\/schema.org\",\"@graph\":[{\"@type\":\"WebPage\",\"@id\":\"https:\\\/\\\/career-mainfranken.com\\\/es\\\/llegada\\\/visado-y-autoridades\\\/\",\"url\":\"https:\\\/\\\/career-mainfranken.com\\\/es\\\/llegada\\\/visado-y-autoridades\\\/\",\"name\":\"Visado y autoridades - Region Mainfranken\",\"isPartOf\":{\"@id\":\"https:\\\/\\\/career-mainfranken.com\\\/es\\\/#website\"},\"datePublished\":\"2025-05-07T07:34:03+00:00\",\"dateModified\":\"2025-05-16T15:37:41+00:00\",\"breadcrumb\":{\"@id\":\"https:\\\/\\\/career-mainfranken.com\\\/es\\\/llegada\\\/visado-y-autoridades\\\/#breadcrumb\"},\"inLanguage\":\"es\",\"potentialAction\":[{\"@type\":\"ReadAction\",\"target\":[\"https:\\\/\\\/career-mainfranken.com\\\/es\\\/llegada\\\/visado-y-autoridades\\\/\"]}]},{\"@type\":\"BreadcrumbList\",\"@id\":\"https:\\\/\\\/career-mainfranken.com\\\/es\\\/llegada\\\/visado-y-autoridades\\\/#breadcrumb\",\"itemListElement\":[{\"@type\":\"ListItem\",\"position\":1,\"name\":\"P\u00e1gina principal\",\"item\":\"https:\\\/\\\/career-mainfranken.com\\\/es\\\/pagina-principal\\\/\"},{\"@type\":\"ListItem\",\"position\":2,\"name\":\"Llegada\",\"item\":\"https:\\\/\\\/career-mainfranken.com\\\/es\\\/llegada\\\/\"},{\"@type\":\"ListItem\",\"position\":3,\"name\":\"Visado y autoridades\"}]},{\"@type\":\"WebSite\",\"@id\":\"https:\\\/\\\/career-mainfranken.com\\\/es\\\/#website\",\"url\":\"https:\\\/\\\/career-mainfranken.com\\\/es\\\/\",\"name\":\"Region Mainfranken\",\"description\":\"\",\"potentialAction\":[{\"@type\":\"SearchAction\",\"target\":{\"@type\":\"EntryPoint\",\"urlTemplate\":\"https:\\\/\\\/career-mainfranken.com\\\/es\\\/?s={search_term_string}\"},\"query-input\":{\"@type\":\"PropertyValueSpecification\",\"valueRequired\":true,\"valueName\":\"search_term_string\"}}],\"inLanguage\":\"es\"}]}<\/script>\n<!-- \/ Yoast SEO plugin. -->","yoast_head_json":{"title":"Visado y autoridades - Region Mainfranken","robots":{"index":"index","follow":"follow","max-snippet":"max-snippet:-1","max-image-preview":"max-image-preview:large","max-video-preview":"max-video-preview:-1"},"canonical":"https:\/\/career-mainfranken.com\/es\/llegada\/visado-y-autoridades\/","og_locale":"es_ES","og_type":"article","og_title":"Visado y autoridades - Region Mainfranken","og_url":"https:\/\/career-mainfranken.com\/es\/llegada\/visado-y-autoridades\/","og_site_name":"Region Mainfranken","article_modified_time":"2025-05-16T15:37:41+00:00","twitter_card":"summary_large_image","twitter_misc":{"Tiempo de lectura":"11 minutos"},"schema":{"@context":"https:\/\/schema.org","@graph":[{"@type":"WebPage","@id":"https:\/\/career-mainfranken.com\/es\/llegada\/visado-y-autoridades\/","url":"https:\/\/career-mainfranken.com\/es\/llegada\/visado-y-autoridades\/","name":"Visado y autoridades - Region Mainfranken","isPartOf":{"@id":"https:\/\/career-mainfranken.com\/es\/#website"},"datePublished":"2025-05-07T07:34:03+00:00","dateModified":"2025-05-16T15:37:41+00:00","breadcrumb":{"@id":"https:\/\/career-mainfranken.com\/es\/llegada\/visado-y-autoridades\/#breadcrumb"},"inLanguage":"es","potentialAction":[{"@type":"ReadAction","target":["https:\/\/career-mainfranken.com\/es\/llegada\/visado-y-autoridades\/"]}]},{"@type":"BreadcrumbList","@id":"https:\/\/career-mainfranken.com\/es\/llegada\/visado-y-autoridades\/#breadcrumb","itemListElement":[{"@type":"ListItem","position":1,"name":"P\u00e1gina principal","item":"https:\/\/career-mainfranken.com\/es\/pagina-principal\/"},{"@type":"ListItem","position":2,"name":"Llegada","item":"https:\/\/career-mainfranken.com\/es\/llegada\/"},{"@type":"ListItem","position":3,"name":"Visado y autoridades"}]},{"@type":"WebSite","@id":"https:\/\/career-mainfranken.com\/es\/#website","url":"https:\/\/career-mainfranken.com\/es\/","name":"Region Mainfranken","description":"","potentialAction":[{"@type":"SearchAction","target":{"@type":"EntryPoint","urlTemplate":"https:\/\/career-mainfranken.com\/es\/?s={search_term_string}"},"query-input":{"@type":"PropertyValueSpecification","valueRequired":true,"valueName":"search_term_string"}}],"inLanguage":"es"}]}},"_links":{"self":[{"href":"https:\/\/career-mainfranken.com\/es\/wp-json\/wp\/v2\/pages\/3428","targetHints":{"allow":["GET"]}}],"collection":[{"href":"https:\/\/career-mainfranken.com\/es\/wp-json\/wp\/v2\/pages"}],"about":[{"href":"https:\/\/career-mainfranken.com\/es\/wp-json\/wp\/v2\/types\/page"}],"author":[{"embeddable":true,"href":"https:\/\/career-mainfranken.com\/es\/wp-json\/wp\/v2\/users\/2"}],"replies":[{"embeddable":true,"href":"https:\/\/career-mainfranken.com\/es\/wp-json\/wp\/v2\/comments?post=3428"}],"version-history":[{"count":0,"href":"https:\/\/career-mainfranken.com\/es\/wp-json\/wp\/v2\/pages\/3428\/revisions"}],"up":[{"embeddable":true,"href":"https:\/\/career-mainfranken.com\/es\/wp-json\/wp\/v2\/pages\/3330"}],"wp:attachment":[{"href":"https:\/\/career-mainfranken.com\/es\/wp-json\/wp\/v2\/media?parent=3428"}],"curies":[{"name":"wp","href":"https:\/\/api.w.org\/{rel}","templated":true}]}}