{"id":3900,"date":"2025-04-17T14:33:31","date_gmt":"2025-04-17T12:33:31","guid":{"rendered":"https:\/\/career-mainfranken.com\/healthcare-professions\/"},"modified":"2025-10-28T13:53:03","modified_gmt":"2025-10-28T12:53:03","slug":"healthcare-professions","status":"publish","type":"page","link":"https:\/\/career-mainfranken.com\/en\/healthcare-professions\/","title":{"rendered":"Healthcare Professions"},"content":{"rendered":"<p><div class=\"fusion-fullwidth fullwidth-box fusion-builder-row-1 fusion-flex-container has-pattern-background has-mask-background nonhundred-percent-fullwidth non-hundred-percent-height-scrolling berufe_header\" style=\"--awb-border-radius-top-left:0px;--awb-border-radius-top-right:0px;--awb-border-radius-bottom-right:0px;--awb-border-radius-bottom-left:0px;--awb-padding-top:100px;--awb-padding-top-medium:75px;--awb-padding-top-small:50px;--awb-flex-wrap:wrap;\" ><div class=\"fusion-builder-row fusion-row fusion-flex-align-items-flex-start fusion-flex-justify-content-center fusion-flex-content-wrap\" style=\"max-width:1664px;margin-left: calc(-4% \/ 2 );margin-right: calc(-4% \/ 2 );\"><div class=\"fusion-layout-column fusion_builder_column fusion-builder-column-0 fusion_builder_column_4_5 4_5 fusion-flex-column fusion-flex-align-self-center\" style=\"--awb-bg-size:cover;--awb-width-large:80%;--awb-margin-top-large:0px;--awb-spacing-right-large:2.4%;--awb-margin-bottom-large:0px;--awb-spacing-left-large:2.4%;--awb-width-medium:80%;--awb-order-medium:0;--awb-spacing-right-medium:2.4%;--awb-spacing-left-medium:2.4%;--awb-width-small:100%;--awb-order-small:0;--awb-spacing-right-small:1.92%;--awb-spacing-left-small:1.92%;\" data-scroll-devices=\"small-visibility,medium-visibility,large-visibility\"><div class=\"fusion-column-wrapper fusion-column-has-shadow fusion-flex-justify-content-flex-start fusion-content-layout-column\"><div class=\"fusion-title title fusion-title-1 fusion-sep-none fusion-title-text fusion-title-size-one\" style=\"--awb-text-color:var(--awb-color5);--awb-margin-top-small:0px;--awb-margin-right-small:0px;--awb-margin-bottom-small:0px;--awb-margin-left-small:0px;--awb-font-size:var(--awb-typography2-font-size);\"><h1 class=\"fusion-title-heading title-heading-left fusion-responsive-typography-calculated\" style=\"font-family:var(--awb-typography2-font-family);font-weight:var(--awb-typography2-font-weight);font-style:var(--awb-typography2-font-style);margin:0;letter-spacing:var(--awb-typography2-letter-spacing);text-transform:var(--awb-typography2-text-transform);font-size:1em;--fontSize:70;line-height:1;\">10 Healthcare Professions in Mainfranken<\/h1><\/div><div class=\"fusion-separator trenner_links\" style=\"align-self: flex-start;margin-right:auto;margin-top:25px;margin-bottom:20px;width:100%;max-width:100px;\"><div class=\"fusion-separator-border sep-single sep-solid\" style=\"--awb-height:20px;--awb-amount:20px;--awb-sep-color:var(--awb-color5);border-color:var(--awb-color5);border-top-width:4px;\"><\/div><\/div><\/div><\/div><\/div><\/div><div class=\"fusion-fullwidth fullwidth-box fusion-builder-row-2 fusion-flex-container has-pattern-background has-mask-background nonhundred-percent-fullwidth non-hundred-percent-height-scrolling beruf\" style=\"--link_hover_color: var(--awb-custom_color_2);--link_color: var(--awb-custom_color_2);--awb-border-radius-top-left:0px;--awb-border-radius-top-right:0px;--awb-border-radius-bottom-right:0px;--awb-border-radius-bottom-left:0px;--awb-padding-top:50px;--awb-padding-bottom:110px;--awb-padding-top-medium:40px;--awb-padding-bottom-medium:55px;--awb-padding-top-small:30px;--awb-padding-bottom-small:30px;--awb-flex-wrap:wrap;\" ><div class=\"fusion-builder-row fusion-row fusion-flex-align-items-flex-start fusion-flex-justify-content-center fusion-flex-content-wrap\" style=\"max-width:1664px;margin-left: calc(-4% \/ 2 );margin-right: calc(-4% \/ 2 );\"><div class=\"fusion-layout-column fusion_builder_column fusion-builder-column-1 fusion-flex-column ort_bild bild_abgerundet_schatten\" style=\"--awb-padding-top:170px;--awb-padding-right:45px;--awb-padding-left:55px;--awb-padding-top-medium:120px;--awb-padding-top-small:70px;--awb-overflow:hidden;--awb-bg-color:var(--awb-color2);--awb-bg-color-hover:var(--awb-color2);--awb-bg-size:cover;--awb-box-shadow:10px 10px 0px 0px var(--awb-color5);;--awb-border-radius:60px 60px 60px 60px;--awb-width-large:auto;--awb-margin-top-large:0px;--awb-spacing-right-large:60px;--awb-margin-bottom-large:0px;--awb-spacing-left-large:0px;--awb-width-medium:80%;--awb-order-medium:0;--awb-spacing-right-medium:0px;--awb-margin-bottom-medium:40px;--awb-spacing-left-medium:0px;--awb-width-small:100%;--awb-order-small:0;--awb-spacing-right-small:0px;--awb-spacing-left-small:0px;\" data-scroll-devices=\"small-visibility,medium-visibility,large-visibility\"><div class=\"fusion-column-wrapper fusion-column-has-shadow fusion-flex-justify-content-flex-start fusion-content-layout-column\"><div class=\"fusion-image-element \" style=\"--awb-caption-title-font-family:var(--h2_typography-font-family);--awb-caption-title-font-weight:var(--h2_typography-font-weight);--awb-caption-title-font-style:var(--h2_typography-font-style);--awb-caption-title-size:var(--h2_typography-font-size);--awb-caption-title-transform:var(--h2_typography-text-transform);--awb-caption-title-line-height:var(--h2_typography-line-height);--awb-caption-title-letter-spacing:var(--h2_typography-letter-spacing);\"><span class=\" fusion-imageframe imageframe-none imageframe-1 hover-type-none\"><img decoding=\"async\" width=\"600\" height=\"295\" title=\"Pflegefachhelfer-in_ Altenpflege\" src=\"https:\/\/career-mainfranken.com\/wp-content\/uploads\/Pflegefachhelfer-in_-Altenpflege.png\" data-orig-src=\"https:\/\/career-mainfranken.com\/wp-content\/uploads\/Pflegefachhelfer-in_-Altenpflege.png\" alt class=\"lazyload img-responsive wp-image-1119\" srcset=\"data:image\/svg+xml,%3Csvg%20xmlns%3D%27http%3A%2F%2Fwww.w3.org%2F2000%2Fsvg%27%20width%3D%27600%27%20height%3D%27295%27%20viewBox%3D%270%200%20600%20295%27%3E%3Crect%20width%3D%27600%27%20height%3D%27295%27%20fill-opacity%3D%220%22%2F%3E%3C%2Fsvg%3E\" data-srcset=\"https:\/\/career-mainfranken.com\/wp-content\/uploads\/Pflegefachhelfer-in_-Altenpflege-200x98.png 200w, https:\/\/career-mainfranken.com\/wp-content\/uploads\/Pflegefachhelfer-in_-Altenpflege-400x197.png 400w, https:\/\/career-mainfranken.com\/wp-content\/uploads\/Pflegefachhelfer-in_-Altenpflege.png 600w\" data-sizes=\"auto\" data-orig-sizes=\"(max-width: 640px) 100vw, 600px\" \/><\/span><\/div><\/div><\/div><div class=\"fusion-layout-column fusion_builder_column fusion-builder-column-2 fusion_builder_column_1_2 1_2 fusion-flex-column fusion-flex-align-self-stretch ort_infos\" style=\"--awb-bg-size:cover;--awb-width-large:50%;--awb-margin-top-large:0px;--awb-spacing-right-large:0px;--awb-margin-bottom-large:0px;--awb-spacing-left-large:60px;--awb-width-medium:80%;--awb-order-medium:1;--awb-spacing-right-medium:0px;--awb-spacing-left-medium:0px;--awb-width-small:100%;--awb-order-small:1;--awb-spacing-right-small:0px;--awb-spacing-left-small:0px;\" data-scroll-devices=\"small-visibility,medium-visibility,large-visibility\"><div class=\"fusion-column-wrapper fusion-column-has-shadow fusion-flex-justify-content-center fusion-content-layout-column\"><div class=\"fusion-title title fusion-title-2 fusion-sep-none fusion-title-text fusion-title-size-two\" style=\"--awb-margin-top-small:0px;--awb-margin-right-small:0px;--awb-margin-bottom-small:0px;--awb-margin-left-small:0px;--awb-font-size:var(--awb-typography1-font-size);\"><h2 class=\"fusion-title-heading title-heading-left fusion-responsive-typography-calculated\" style=\"font-family:var(--awb-typography1-font-family);font-weight:var(--awb-typography1-font-weight);font-style:var(--awb-typography1-font-style);margin:0;letter-spacing:var(--awb-typography1-letter-spacing);text-transform:var(--awb-typography1-text-transform);font-size:1em;--fontSize:40;line-height:1.25;\">Nursing Assistant (Elderly Care)<\/h2><\/div><div class=\"fusion-separator trenner_links\" style=\"align-self: flex-start;margin-right:auto;margin-top:25px;margin-bottom:25px;width:100%;max-width:100px;\"><div class=\"fusion-separator-border sep-single sep-solid\" style=\"--awb-height:20px;--awb-amount:20px;border-color:var(--awb-custom_color_2);border-top-width:4px;\"><\/div><\/div><div class=\"fusion-text fusion-text-1\"><p>You are the good soul, the listening ear, and the helping hand. Our silver surfers can rely on you. You want to do something meaningful professionally, to give something back to society. As a nursing assistant for elderly care, you create a family atmosphere for older people, take care of hygiene and care, and support them in maintaining dignity in their daily lives and leisure activities. Under the guidance of skilled professionals, you assist with medication distribution, exercise routines, and regular check-ups. This training is a real springboard into the healthcare sector.<\/p>\n<\/div><\/div><\/div><\/div><\/div><div class=\"fusion-fullwidth fullwidth-box fusion-builder-row-3 fusion-flex-container has-pattern-background has-mask-background nonhundred-percent-fullwidth non-hundred-percent-height-scrolling\" style=\"--awb-border-radius-top-left:0px;--awb-border-radius-top-right:0px;--awb-border-radius-bottom-right:0px;--awb-border-radius-bottom-left:0px;--awb-padding-top:50px;--awb-padding-bottom:50px;--awb-background-color:var(--awb-color3);--awb-flex-wrap:wrap;\" ><div class=\"fusion-builder-row fusion-row fusion-flex-align-items-flex-start fusion-flex-content-wrap\" style=\"max-width:1664px;margin-left: calc(-4% \/ 2 );margin-right: calc(-4% \/ 2 );\"><div class=\"fusion-layout-column fusion_builder_column fusion-builder-column-3 fusion_builder_column_1_1 1_1 fusion-flex-column\" style=\"--awb-bg-size:cover;--awb-width-large:100%;--awb-margin-top-large:0px;--awb-spacing-right-large:1.92%;--awb-margin-bottom-large:0px;--awb-spacing-left-large:1.92%;--awb-width-medium:100%;--awb-order-medium:0;--awb-spacing-right-medium:1.92%;--awb-spacing-left-medium:1.92%;--awb-width-small:100%;--awb-order-small:0;--awb-spacing-right-small:1.92%;--awb-spacing-left-small:1.92%;\" data-scroll-devices=\"small-visibility,medium-visibility,large-visibility\"><div class=\"fusion-column-wrapper fusion-column-has-shadow fusion-flex-justify-content-flex-start fusion-content-layout-column\"><div class=\"fusion-title title fusion-title-3 fusion-sep-none fusion-title-text fusion-title-size-three\" style=\"--awb-margin-top-small:0px;--awb-margin-right-small:0px;--awb-margin-bottom-small:0px;--awb-margin-left-small:0px;\"><h3 class=\"fusion-title-heading title-heading-left fusion-responsive-typography-calculated\" style=\"margin:0;letter-spacing:1.3px;text-transform:uppercase;--fontSize:26;--minFontSize:26;line-height:1.15;\">School-based Training Positions for Nursing Assistant (Elderly Care)<\/h3><\/div><\/div><\/div><div class=\"fusion-layout-column fusion_builder_column fusion-builder-column-4 fusion_builder_column_1_2 1_2 fusion-flex-column\" style=\"--awb-bg-size:cover;--awb-width-large:50%;--awb-margin-top-large:50px;--awb-spacing-right-large:3.84%;--awb-margin-bottom-large:0px;--awb-spacing-left-large:3.84%;--awb-width-medium:50%;--awb-order-medium:0;--awb-spacing-right-medium:3.84%;--awb-spacing-left-medium:3.84%;--awb-width-small:100%;--awb-order-small:0;--awb-spacing-right-small:1.92%;--awb-spacing-left-small:1.92%;\" data-scroll-devices=\"small-visibility,medium-visibility,large-visibility\"><div class=\"fusion-column-wrapper fusion-column-has-shadow fusion-flex-justify-content-flex-start fusion-content-layout-column\"><div class=\"fusion-text fusion-text-2\"><p><strong>bfz gGmbH \u2013 Bad Kissingen<\/strong><br \/>\nVocational Schools for Elderly Care and Elderly Care Assistance<br \/>\nBad Kissingen bfzg GmbH<\/p>\n<\/div><div ><a class=\"fusion-button button-flat fusion-button-default-size button-custom fusion-button-default button-1 fusion-button-default-span \" style=\"--awb-padding-top:0px;--awb-padding-right:0px;--awb-padding-bottom:0px;--awb-padding-left:0px;--button_accent_color:var(--awb-custom_color_2);--button_accent_hover_color:var(--awb-custom_color_2);--button_border_hover_color:var(--awb-color4);--button_border_width-top:0;--button_border_width-right:0;--button_border_width-bottom:0;--button_border_width-left:0;--button_gradient_top_color:rgba(255,255,255,0);--button_gradient_bottom_color:rgba(255,255,255,0);--button_gradient_top_color_hover:rgba(255,255,255,0);--button_gradient_bottom_color_hover:rgba(255,255,255,0);--button_font_size:18px;--button_line_height:26px;--button_typography-letter-spacing:0.9px;--button_typography-font-family:&quot;Montserrat&quot;;--button_typography-font-style:normal;--button_typography-font-weight:700;\" target=\"_blank\" rel=\"noopener noreferrer\" href=\"https:\/\/www.schulen.bfz.de\/altenpflegehilfe\/\"><i class=\"icon-icon-pfeil-rechts-kreis awb-button__icon awb-button__icon--default button-icon-left\" aria-hidden=\"true\"><\/i><span class=\"fusion-button-text awb-button__text awb-button__text--default\">Learn More<\/span><\/a><\/div><\/div><\/div><div class=\"fusion-layout-column fusion_builder_column fusion-builder-column-5 fusion_builder_column_1_2 1_2 fusion-flex-column\" style=\"--awb-bg-size:cover;--awb-width-large:50%;--awb-margin-top-large:50px;--awb-spacing-right-large:3.84%;--awb-margin-bottom-large:0px;--awb-spacing-left-large:3.84%;--awb-width-medium:50%;--awb-order-medium:0;--awb-spacing-right-medium:3.84%;--awb-spacing-left-medium:3.84%;--awb-width-small:100%;--awb-order-small:0;--awb-spacing-right-small:1.92%;--awb-spacing-left-small:1.92%;\" data-scroll-devices=\"small-visibility,medium-visibility,large-visibility\"><div class=\"fusion-column-wrapper fusion-column-has-shadow fusion-flex-justify-content-flex-start fusion-content-layout-column\"><div class=\"fusion-text fusion-text-3\"><p><strong>bfz gGmbH \u2013 W\u00fcrzburg<\/strong><br \/>\nVocational Schools for Elderly Care and Elderly Care Assistance<br \/>\nW\u00fcrzburg bfzg gGmbH<\/p>\n<\/div><div ><a class=\"fusion-button button-flat fusion-button-default-size button-custom fusion-button-default button-2 fusion-button-default-span \" style=\"--awb-padding-top:0px;--awb-padding-right:0px;--awb-padding-bottom:0px;--awb-padding-left:0px;--button_accent_color:var(--awb-custom_color_2);--button_accent_hover_color:var(--awb-custom_color_2);--button_border_hover_color:var(--awb-color4);--button_border_width-top:0;--button_border_width-right:0;--button_border_width-bottom:0;--button_border_width-left:0;--button_gradient_top_color:rgba(255,255,255,0);--button_gradient_bottom_color:rgba(255,255,255,0);--button_gradient_top_color_hover:rgba(255,255,255,0);--button_gradient_bottom_color_hover:rgba(255,255,255,0);--button_font_size:18px;--button_line_height:26px;--button_typography-letter-spacing:0.9px;--button_typography-font-family:&quot;Montserrat&quot;;--button_typography-font-style:normal;--button_typography-font-weight:700;\" target=\"_blank\" rel=\"noopener noreferrer\" href=\"https:\/\/www.schulen.bfz.de\/altenpflegehilfe\/\"><i class=\"icon-icon-pfeil-rechts-kreis awb-button__icon awb-button__icon--default button-icon-left\" aria-hidden=\"true\"><\/i><span class=\"fusion-button-text awb-button__text awb-button__text--default\">Learn More<\/span><\/a><\/div><\/div><\/div><div class=\"fusion-layout-column fusion_builder_column fusion-builder-column-6 fusion_builder_column_1_2 1_2 fusion-flex-column\" style=\"--awb-bg-size:cover;--awb-width-large:50%;--awb-margin-top-large:50px;--awb-spacing-right-large:3.84%;--awb-margin-bottom-large:0px;--awb-spacing-left-large:3.84%;--awb-width-medium:50%;--awb-order-medium:0;--awb-spacing-right-medium:3.84%;--awb-spacing-left-medium:3.84%;--awb-width-small:100%;--awb-order-small:0;--awb-spacing-right-small:1.92%;--awb-spacing-left-small:1.92%;\" data-scroll-devices=\"small-visibility,medium-visibility,large-visibility\"><div class=\"fusion-column-wrapper fusion-column-has-shadow fusion-flex-justify-content-flex-start fusion-content-layout-column\"><div class=\"fusion-text fusion-text-4\"><p><strong>Carereer \u2013 Ha\u00dffurt<\/strong><br \/>\nAssociation of Vocational Schools for Health Care and Nursing Professions<br \/>\nHa\u00dffurt\/Schweinfurt<\/p>\n<\/div><div ><a class=\"fusion-button button-flat fusion-button-default-size button-custom fusion-button-default button-3 fusion-button-default-span \" style=\"--awb-padding-top:0px;--awb-padding-right:0px;--awb-padding-bottom:0px;--awb-padding-left:0px;--button_accent_color:var(--awb-custom_color_2);--button_accent_hover_color:var(--awb-custom_color_2);--button_border_hover_color:var(--awb-color4);--button_border_width-top:0;--button_border_width-right:0;--button_border_width-bottom:0;--button_border_width-left:0;--button_gradient_top_color:rgba(255,255,255,0);--button_gradient_bottom_color:rgba(255,255,255,0);--button_gradient_top_color_hover:rgba(255,255,255,0);--button_gradient_bottom_color_hover:rgba(255,255,255,0);--button_font_size:18px;--button_line_height:26px;--button_typography-letter-spacing:0.9px;--button_typography-font-family:&quot;Montserrat&quot;;--button_typography-font-style:normal;--button_typography-font-weight:700;\" target=\"_blank\" rel=\"noopener noreferrer\" href=\"https:\/\/carereer.de\/startseite.html\"><i class=\"icon-icon-pfeil-rechts-kreis awb-button__icon awb-button__icon--default button-icon-left\" aria-hidden=\"true\"><\/i><span class=\"fusion-button-text awb-button__text awb-button__text--default\">Learn More<\/span><\/a><\/div><\/div><\/div><div class=\"fusion-layout-column fusion_builder_column fusion-builder-column-7 fusion_builder_column_1_2 1_2 fusion-flex-column\" style=\"--awb-bg-size:cover;--awb-width-large:50%;--awb-margin-top-large:50px;--awb-spacing-right-large:3.84%;--awb-margin-bottom-large:0px;--awb-spacing-left-large:3.84%;--awb-width-medium:50%;--awb-order-medium:0;--awb-spacing-right-medium:3.84%;--awb-spacing-left-medium:3.84%;--awb-width-small:100%;--awb-order-small:0;--awb-spacing-right-small:1.92%;--awb-spacing-left-small:1.92%;\" data-scroll-devices=\"small-visibility,medium-visibility,large-visibility\"><div class=\"fusion-column-wrapper fusion-column-has-shadow fusion-flex-justify-content-flex-start fusion-content-layout-column\"><div class=\"fusion-text fusion-text-5\"><p><strong>Carereer \u2013 Schweinfurt<\/strong><br \/>\nAssociation of Vocational Schools for Health Care and Nursing Professions<br \/>\nHa\u00dffurt\/Schweinfurt<\/p>\n<\/div><div ><a class=\"fusion-button button-flat fusion-button-default-size button-custom fusion-button-default button-4 fusion-button-default-span \" style=\"--awb-padding-top:0px;--awb-padding-right:0px;--awb-padding-bottom:0px;--awb-padding-left:0px;--button_accent_color:var(--awb-custom_color_2);--button_accent_hover_color:var(--awb-custom_color_2);--button_border_hover_color:var(--awb-color4);--button_border_width-top:0;--button_border_width-right:0;--button_border_width-bottom:0;--button_border_width-left:0;--button_gradient_top_color:rgba(255,255,255,0);--button_gradient_bottom_color:rgba(255,255,255,0);--button_gradient_top_color_hover:rgba(255,255,255,0);--button_gradient_bottom_color_hover:rgba(255,255,255,0);--button_font_size:18px;--button_line_height:26px;--button_typography-letter-spacing:0.9px;--button_typography-font-family:&quot;Montserrat&quot;;--button_typography-font-style:normal;--button_typography-font-weight:700;\" target=\"_blank\" rel=\"noopener noreferrer\" href=\"https:\/\/carereer.de\/startseite.html\"><i class=\"icon-icon-pfeil-rechts-kreis awb-button__icon awb-button__icon--default button-icon-left\" aria-hidden=\"true\"><\/i><span class=\"fusion-button-text awb-button__text awb-button__text--default\">Learn More<\/span><\/a><\/div><\/div><\/div><div class=\"fusion-layout-column fusion_builder_column fusion-builder-column-8 fusion_builder_column_1_2 1_2 fusion-flex-column\" style=\"--awb-bg-size:cover;--awb-width-large:50%;--awb-margin-top-large:50px;--awb-spacing-right-large:3.84%;--awb-margin-bottom-large:0px;--awb-spacing-left-large:3.84%;--awb-width-medium:50%;--awb-order-medium:0;--awb-spacing-right-medium:3.84%;--awb-spacing-left-medium:3.84%;--awb-width-small:100%;--awb-order-small:0;--awb-margin-top-small:50px;--awb-spacing-right-small:1.92%;--awb-spacing-left-small:1.92%;\" data-scroll-devices=\"small-visibility,medium-visibility,large-visibility\"><div class=\"fusion-column-wrapper fusion-column-has-shadow fusion-flex-justify-content-flex-start fusion-content-layout-column\"><div class=\"fusion-text fusion-text-6\"><p><strong>Caritas-Schulen gGmbH \u2013 Hofheim i. UFr.<\/strong><br \/>\nVocational School for Elderly Care and Elderly Care Assistance Hofheim of Caritas-Schulen gGmbH<\/p>\n<\/div><div ><a class=\"fusion-button button-flat fusion-button-default-size button-custom fusion-button-default button-5 fusion-button-default-span \" style=\"--awb-padding-top:0px;--awb-padding-right:0px;--awb-padding-bottom:0px;--awb-padding-left:0px;--button_accent_color:var(--awb-custom_color_2);--button_accent_hover_color:var(--awb-custom_color_2);--button_border_hover_color:var(--awb-color4);--button_border_width-top:0;--button_border_width-right:0;--button_border_width-bottom:0;--button_border_width-left:0;--button_gradient_top_color:rgba(255,255,255,0);--button_gradient_bottom_color:rgba(255,255,255,0);--button_gradient_top_color_hover:rgba(255,255,255,0);--button_gradient_bottom_color_hover:rgba(255,255,255,0);--button_font_size:18px;--button_line_height:26px;--button_typography-letter-spacing:0.9px;--button_typography-font-family:&quot;Montserrat&quot;;--button_typography-font-style:normal;--button_typography-font-weight:700;\" target=\"_blank\" rel=\"noopener noreferrer\" href=\"https:\/\/www.pflegeschulen-hofheim.de\/ausbildung\/pflegefachhelfer-in\/\"><i class=\"icon-icon-pfeil-rechts-kreis awb-button__icon awb-button__icon--default button-icon-left\" aria-hidden=\"true\"><\/i><span class=\"fusion-button-text awb-button__text awb-button__text--default\">Learn More<\/span><\/a><\/div><\/div><\/div><div class=\"fusion-layout-column fusion_builder_column fusion-builder-column-9 fusion_builder_column_1_2 1_2 fusion-flex-column\" style=\"--awb-bg-size:cover;--awb-width-large:50%;--awb-margin-top-large:50px;--awb-spacing-right-large:3.84%;--awb-margin-bottom-large:0px;--awb-spacing-left-large:3.84%;--awb-width-medium:50%;--awb-order-medium:0;--awb-spacing-right-medium:3.84%;--awb-spacing-left-medium:3.84%;--awb-width-small:100%;--awb-order-small:0;--awb-spacing-right-small:1.92%;--awb-spacing-left-small:1.92%;\" data-scroll-devices=\"small-visibility,medium-visibility,large-visibility\"><div class=\"fusion-column-wrapper fusion-column-has-shadow fusion-flex-justify-content-flex-start fusion-content-layout-column\"><div class=\"fusion-text fusion-text-7\"><p><strong>Julius Care \u2013 Bad Kissingen<\/strong><br \/>\nVocational Schools for Elderly Care and Elderly Care Assistance<br \/>\nBad Kissingen bfzg GmbH<\/p>\n<\/div><div ><a class=\"fusion-button button-flat fusion-button-default-size button-custom fusion-button-default button-6 fusion-button-default-span \" style=\"--awb-padding-top:0px;--awb-padding-right:0px;--awb-padding-bottom:0px;--awb-padding-left:0px;--button_accent_color:var(--awb-custom_color_2);--button_accent_hover_color:var(--awb-custom_color_2);--button_border_hover_color:var(--awb-color4);--button_border_width-top:0;--button_border_width-right:0;--button_border_width-bottom:0;--button_border_width-left:0;--button_gradient_top_color:rgba(255,255,255,0);--button_gradient_bottom_color:rgba(255,255,255,0);--button_gradient_top_color_hover:rgba(255,255,255,0);--button_gradient_bottom_color_hover:rgba(255,255,255,0);--button_font_size:18px;--button_line_height:26px;--button_typography-letter-spacing:0.9px;--button_typography-font-family:&quot;Montserrat&quot;;--button_typography-font-style:normal;--button_typography-font-weight:700;\" target=\"_blank\" rel=\"noopener noreferrer\" href=\"https:\/\/www.julius-care.de\/\"><i class=\"icon-icon-pfeil-rechts-kreis awb-button__icon awb-button__icon--default button-icon-left\" aria-hidden=\"true\"><\/i><span class=\"fusion-button-text awb-button__text awb-button__text--default\">Learn More<\/span><\/a><\/div><\/div><\/div><div class=\"fusion-layout-column fusion_builder_column fusion-builder-column-10 fusion_builder_column_1_2 1_2 fusion-flex-column\" style=\"--awb-bg-size:cover;--awb-width-large:50%;--awb-margin-top-large:50px;--awb-spacing-right-large:3.84%;--awb-margin-bottom-large:0px;--awb-spacing-left-large:3.84%;--awb-width-medium:50%;--awb-order-medium:0;--awb-spacing-right-medium:3.84%;--awb-spacing-left-medium:3.84%;--awb-width-small:100%;--awb-order-small:0;--awb-spacing-right-small:1.92%;--awb-spacing-left-small:1.92%;\" data-scroll-devices=\"small-visibility,medium-visibility,large-visibility\"><div class=\"fusion-column-wrapper fusion-column-has-shadow fusion-flex-justify-content-flex-start fusion-content-layout-column\"><div class=\"fusion-text fusion-text-8\"><p><strong>Julius Care \u2013 Bad Kissingen<\/strong><br \/>\nVocational Schools for Elderly Care and Elderly Care Assistance<br \/>\nBad Kissingen bfzg GmbH<\/p>\n<\/div><div ><a class=\"fusion-button button-flat fusion-button-default-size button-custom fusion-button-default button-7 fusion-button-default-span \" style=\"--awb-padding-top:0px;--awb-padding-right:0px;--awb-padding-bottom:0px;--awb-padding-left:0px;--button_accent_color:var(--awb-custom_color_2);--button_accent_hover_color:var(--awb-custom_color_2);--button_border_hover_color:var(--awb-color4);--button_border_width-top:0;--button_border_width-right:0;--button_border_width-bottom:0;--button_border_width-left:0;--button_gradient_top_color:rgba(255,255,255,0);--button_gradient_bottom_color:rgba(255,255,255,0);--button_gradient_top_color_hover:rgba(255,255,255,0);--button_gradient_bottom_color_hover:rgba(255,255,255,0);--button_font_size:18px;--button_line_height:26px;--button_typography-letter-spacing:0.9px;--button_typography-font-family:&quot;Montserrat&quot;;--button_typography-font-style:normal;--button_typography-font-weight:700;\" target=\"_blank\" rel=\"noopener noreferrer\" href=\"https:\/\/www.julius-care.de\/\"><i class=\"icon-icon-pfeil-rechts-kreis awb-button__icon awb-button__icon--default button-icon-left\" aria-hidden=\"true\"><\/i><span class=\"fusion-button-text awb-button__text awb-button__text--default\">Learn More<\/span><\/a><\/div><\/div><\/div><div class=\"fusion-layout-column fusion_builder_column fusion-builder-column-11 fusion_builder_column_1_2 1_2 fusion-flex-column\" style=\"--awb-bg-size:cover;--awb-width-large:50%;--awb-margin-top-large:50px;--awb-spacing-right-large:3.84%;--awb-margin-bottom-large:0px;--awb-spacing-left-large:3.84%;--awb-width-medium:50%;--awb-order-medium:0;--awb-spacing-right-medium:3.84%;--awb-spacing-left-medium:3.84%;--awb-width-small:100%;--awb-order-small:0;--awb-spacing-right-small:1.92%;--awb-spacing-left-small:1.92%;\" data-scroll-devices=\"small-visibility,medium-visibility,large-visibility\"><div class=\"fusion-column-wrapper fusion-column-has-shadow fusion-flex-justify-content-flex-start fusion-content-layout-column\"><div class=\"fusion-text fusion-text-9\"><p><b><br \/>\n<strong>Main-Spessart Hospital \u2013 Marktheidenfeld<\/strong><br \/>\n<\/b>Educational Center for Nursing Professions of the Main-Spessart Hospital<\/p>\n<\/div><div ><a class=\"fusion-button button-flat fusion-button-default-size button-custom fusion-button-default button-8 fusion-button-default-span \" style=\"--awb-padding-top:0px;--awb-padding-right:0px;--awb-padding-bottom:0px;--awb-padding-left:0px;--button_accent_color:var(--awb-custom_color_2);--button_accent_hover_color:var(--awb-custom_color_2);--button_border_hover_color:var(--awb-color4);--button_border_width-top:0;--button_border_width-right:0;--button_border_width-bottom:0;--button_border_width-left:0;--button_gradient_top_color:rgba(255,255,255,0);--button_gradient_bottom_color:rgba(255,255,255,0);--button_gradient_top_color_hover:rgba(255,255,255,0);--button_gradient_bottom_color_hover:rgba(255,255,255,0);--button_font_size:18px;--button_line_height:26px;--button_typography-letter-spacing:0.9px;--button_typography-font-family:&quot;Montserrat&quot;;--button_typography-font-style:normal;--button_typography-font-weight:700;\" target=\"_blank\" rel=\"noopener noreferrer\" href=\"https:\/\/www.klinikum-msp.de\/karriere\/ausbildung\/pflegefachhelfer-pflegefachhelferin-w-m-d\"><i class=\"icon-icon-pfeil-rechts-kreis awb-button__icon awb-button__icon--default button-icon-left\" aria-hidden=\"true\"><\/i><span class=\"fusion-button-text awb-button__text awb-button__text--default\">Learn More<\/span><\/a><\/div><\/div><\/div><div class=\"fusion-layout-column fusion_builder_column fusion-builder-column-12 fusion_builder_column_1_2 1_2 fusion-flex-column\" style=\"--awb-bg-size:cover;--awb-width-large:50%;--awb-margin-top-large:50px;--awb-spacing-right-large:3.84%;--awb-margin-bottom-large:0px;--awb-spacing-left-large:3.84%;--awb-width-medium:50%;--awb-order-medium:0;--awb-spacing-right-medium:3.84%;--awb-spacing-left-medium:3.84%;--awb-width-small:100%;--awb-order-small:0;--awb-spacing-right-small:1.92%;--awb-spacing-left-small:1.92%;\" data-scroll-devices=\"small-visibility,medium-visibility,large-visibility\"><div class=\"fusion-column-wrapper fusion-column-has-shadow fusion-flex-justify-content-flex-start fusion-content-layout-column\"><div class=\"fusion-text fusion-text-10\"><p><strong>Haven&#8217;t Found the Right Fit?<\/strong><br \/>\nUse our Career Check for Healthcare Professions to find the right training for you.<\/p>\n<\/div><div ><a class=\"fusion-button button-flat fusion-button-default-size button-custom fusion-button-default button-9 fusion-button-default-span \" style=\"--awb-padding-top:0px;--awb-padding-right:0px;--awb-padding-bottom:0px;--awb-padding-left:0px;--button_accent_color:var(--awb-custom_color_2);--button_accent_hover_color:var(--awb-custom_color_2);--button_border_hover_color:var(--awb-color4);--button_border_width-top:0;--button_border_width-right:0;--button_border_width-bottom:0;--button_border_width-left:0;--button_gradient_top_color:rgba(255,255,255,0);--button_gradient_bottom_color:rgba(255,255,255,0);--button_gradient_top_color_hover:rgba(255,255,255,0);--button_gradient_bottom_color_hover:rgba(255,255,255,0);--button_font_size:18px;--button_line_height:26px;--button_typography-letter-spacing:0.9px;--button_typography-font-family:&quot;Montserrat&quot;;--button_typography-font-style:normal;--button_typography-font-weight:700;\" target=\"_self\" href=\"https:\/\/career-mainfranken.com\/en\/career-guidance\/healthcare-professions-check\/\"><i class=\"icon-icon-pfeil-rechts-kreis awb-button__icon awb-button__icon--default button-icon-left\" aria-hidden=\"true\"><\/i><span class=\"fusion-button-text awb-button__text awb-button__text--default\">Go to Check<\/span><\/a><\/div><\/div><\/div><\/div><\/div><div class=\"fusion-fullwidth fullwidth-box fusion-builder-row-4 fusion-flex-container has-pattern-background has-mask-background nonhundred-percent-fullwidth non-hundred-percent-height-scrolling beruf\" style=\"--link_hover_color: var(--awb-color1);--link_color: var(--awb-color1);--awb-border-radius-top-left:0px;--awb-border-radius-top-right:0px;--awb-border-radius-bottom-right:0px;--awb-border-radius-bottom-left:0px;--awb-padding-top:100px;--awb-padding-bottom:110px;--awb-padding-top-medium:75px;--awb-padding-bottom-medium:55px;--awb-padding-top-small:50px;--awb-padding-bottom-small:30px;--awb-flex-wrap:wrap;\" ><div class=\"fusion-builder-row fusion-row fusion-flex-align-items-flex-start fusion-flex-justify-content-center fusion-flex-content-wrap\" style=\"max-width:1664px;margin-left: calc(-4% \/ 2 );margin-right: calc(-4% \/ 2 );\"><div class=\"fusion-layout-column fusion_builder_column fusion-builder-column-13 fusion_builder_column_1_2 1_2 fusion-flex-column fusion-flex-align-self-stretch ort_infos\" style=\"--awb-bg-size:cover;--awb-width-large:50%;--awb-margin-top-large:0px;--awb-spacing-right-large:60px;--awb-margin-bottom-large:0px;--awb-spacing-left-large:0px;--awb-width-medium:80%;--awb-order-medium:1;--awb-spacing-right-medium:0px;--awb-spacing-left-medium:0px;--awb-width-small:100%;--awb-order-small:1;--awb-spacing-right-small:0px;--awb-spacing-left-small:0px;\" data-scroll-devices=\"small-visibility,medium-visibility,large-visibility\"><div class=\"fusion-column-wrapper fusion-column-has-shadow fusion-flex-justify-content-center fusion-content-layout-column\"><div class=\"fusion-title title fusion-title-4 fusion-sep-none fusion-title-text fusion-title-size-two\" style=\"--awb-margin-top-small:0px;--awb-margin-right-small:0px;--awb-margin-bottom-small:0px;--awb-margin-left-small:0px;--awb-font-size:var(--awb-typography1-font-size);\"><h2 class=\"fusion-title-heading title-heading-left fusion-responsive-typography-calculated\" style=\"font-family:var(--awb-typography1-font-family);font-weight:var(--awb-typography1-font-weight);font-style:var(--awb-typography1-font-style);margin:0;letter-spacing:var(--awb-typography1-letter-spacing);text-transform:var(--awb-typography1-text-transform);font-size:1em;--fontSize:40;line-height:1.25;\"><a id=\"pflegefachmann\"><\/a><br \/>\nRegistered Nurse<\/h2><\/div><div class=\"fusion-separator trenner_links\" style=\"align-self: flex-start;margin-right:auto;margin-top:25px;margin-bottom:25px;width:100%;max-width:100px;\"><div class=\"fusion-separator-border sep-single sep-solid\" style=\"--awb-height:20px;--awb-amount:20px;border-color:var(--awb-custom_color_2);border-top-width:4px;\"><\/div><\/div><div class=\"fusion-text fusion-text-11\"><p>You are a true helper type, team player, and people person. As a registered nurse, you are the sought-after and indispensable professional in many facilities. Due to the new generalization of training, you no longer have to commit to one area of care at the beginning but gain diverse experience across the full spectrum from child to senior care. This makes you extremely flexible and universally deployable for your future career path. The possible specialized further training and follow-up study programs here are as diverse as in hardly any other training occupation. The University Hospital W\u00fcrzburg, the Klinikum W\u00fcrzburg Mitte, and Carereer, Association of Vocational Schools for Health Care and Nursing Professions Ha\u00dffurt\/Schweinfurt, additionally offer specialization in pediatrics (pediatric nursing) here.<\/p>\n<\/div><\/div><\/div><div class=\"fusion-layout-column fusion_builder_column fusion-builder-column-14 fusion-flex-column bild_abgerundet_schatten\" style=\"--awb-padding-top:170px;--awb-padding-right:45px;--awb-padding-left:55px;--awb-padding-top-medium:120px;--awb-padding-top-small:70px;--awb-overflow:hidden;--awb-bg-color:var(--awb-color2);--awb-bg-color-hover:var(--awb-color2);--awb-bg-size:cover;--awb-box-shadow:10px 10px 0px 0px var(--awb-color5);;--awb-border-radius:60px 60px 60px 60px;--awb-width-large:auto;--awb-margin-top-large:0px;--awb-spacing-right-large:0px;--awb-margin-bottom-large:0px;--awb-spacing-left-large:60px;--awb-width-medium:80%;--awb-order-medium:0;--awb-spacing-right-medium:0px;--awb-margin-bottom-medium:40px;--awb-spacing-left-medium:0px;--awb-width-small:100%;--awb-order-small:0;--awb-spacing-right-small:0px;--awb-spacing-left-small:0px;\" data-scroll-devices=\"small-visibility,medium-visibility,large-visibility\"><div class=\"fusion-column-wrapper fusion-column-has-shadow fusion-flex-justify-content-flex-start fusion-content-layout-column\"><div class=\"fusion-image-element \" style=\"--awb-caption-title-font-family:var(--h2_typography-font-family);--awb-caption-title-font-weight:var(--h2_typography-font-weight);--awb-caption-title-font-style:var(--h2_typography-font-style);--awb-caption-title-size:var(--h2_typography-font-size);--awb-caption-title-transform:var(--h2_typography-text-transform);--awb-caption-title-line-height:var(--h2_typography-line-height);--awb-caption-title-letter-spacing:var(--h2_typography-letter-spacing);\"><span class=\" fusion-imageframe imageframe-none imageframe-2 hover-type-none\"><img decoding=\"async\" width=\"600\" height=\"326\" title=\"Pflegefachmann-frau\" src=\"https:\/\/career-mainfranken.com\/wp-content\/uploads\/Pflegefachmann-frau.png\" data-orig-src=\"https:\/\/career-mainfranken.com\/wp-content\/uploads\/Pflegefachmann-frau.png\" alt class=\"lazyload img-responsive wp-image-1117\" srcset=\"data:image\/svg+xml,%3Csvg%20xmlns%3D%27http%3A%2F%2Fwww.w3.org%2F2000%2Fsvg%27%20width%3D%27600%27%20height%3D%27326%27%20viewBox%3D%270%200%20600%20326%27%3E%3Crect%20width%3D%27600%27%20height%3D%27326%27%20fill-opacity%3D%220%22%2F%3E%3C%2Fsvg%3E\" data-srcset=\"https:\/\/career-mainfranken.com\/wp-content\/uploads\/Pflegefachmann-frau-200x109.png 200w, https:\/\/career-mainfranken.com\/wp-content\/uploads\/Pflegefachmann-frau-400x217.png 400w, https:\/\/career-mainfranken.com\/wp-content\/uploads\/Pflegefachmann-frau.png 600w\" data-sizes=\"auto\" data-orig-sizes=\"(max-width: 640px) 100vw, 600px\" \/><\/span><\/div><\/div><\/div><\/div><\/div><div class=\"fusion-fullwidth fullwidth-box fusion-builder-row-5 fusion-flex-container has-pattern-background has-mask-background nonhundred-percent-fullwidth non-hundred-percent-height-scrolling\" style=\"--awb-border-radius-top-left:0px;--awb-border-radius-top-right:0px;--awb-border-radius-bottom-right:0px;--awb-border-radius-bottom-left:0px;--awb-padding-top:50px;--awb-padding-bottom:50px;--awb-background-color:var(--awb-color3);--awb-flex-wrap:wrap;\" ><div class=\"fusion-builder-row fusion-row fusion-flex-align-items-flex-start fusion-flex-content-wrap\" style=\"max-width:1664px;margin-left: calc(-4% \/ 2 );margin-right: calc(-4% \/ 2 );\"><div class=\"fusion-layout-column fusion_builder_column fusion-builder-column-15 fusion_builder_column_1_1 1_1 fusion-flex-column\" style=\"--awb-bg-size:cover;--awb-width-large:100%;--awb-margin-top-large:0px;--awb-spacing-right-large:1.92%;--awb-margin-bottom-large:0px;--awb-spacing-left-large:1.92%;--awb-width-medium:100%;--awb-order-medium:0;--awb-spacing-right-medium:1.92%;--awb-spacing-left-medium:1.92%;--awb-width-small:100%;--awb-order-small:0;--awb-spacing-right-small:1.92%;--awb-spacing-left-small:1.92%;\" data-scroll-devices=\"small-visibility,medium-visibility,large-visibility\"><div class=\"fusion-column-wrapper fusion-column-has-shadow fusion-flex-justify-content-flex-start fusion-content-layout-column\"><div class=\"fusion-title title fusion-title-5 fusion-sep-none fusion-title-text fusion-title-size-three\" style=\"--awb-margin-top-small:0px;--awb-margin-right-small:0px;--awb-margin-bottom-small:0px;--awb-margin-left-small:0px;\"><h3 class=\"fusion-title-heading title-heading-left fusion-responsive-typography-calculated\" style=\"margin:0;letter-spacing:1.3px;text-transform:uppercase;--fontSize:26;--minFontSize:26;line-height:1.15;\">School-based Training Positions for Registered Nurse<\/h3><\/div><\/div><\/div><div class=\"fusion-layout-column fusion_builder_column fusion-builder-column-16 fusion_builder_column_1_2 1_2 fusion-flex-column\" style=\"--awb-bg-size:cover;--awb-width-large:50%;--awb-margin-top-large:50px;--awb-spacing-right-large:3.84%;--awb-margin-bottom-large:0px;--awb-spacing-left-large:3.84%;--awb-width-medium:50%;--awb-order-medium:0;--awb-spacing-right-medium:3.84%;--awb-spacing-left-medium:3.84%;--awb-width-small:100%;--awb-order-small:0;--awb-spacing-right-small:1.92%;--awb-spacing-left-small:1.92%;\" data-scroll-devices=\"small-visibility,medium-visibility,large-visibility\"><div class=\"fusion-column-wrapper fusion-column-has-shadow fusion-flex-justify-content-flex-start fusion-content-layout-column\"><div class=\"fusion-text fusion-text-12\"><p><strong>District of Lower Franconia \u2013 Lohr a. Main<\/strong><br \/>\nVocational School for Nursing of the District of Lower Franconia Lohr am Main<\/p>\n<\/div><div ><a class=\"fusion-button button-flat fusion-button-default-size button-custom fusion-button-default button-10 fusion-button-default-span \" style=\"--awb-padding-top:0px;--awb-padding-right:0px;--awb-padding-bottom:0px;--awb-padding-left:0px;--button_accent_color:var(--awb-custom_color_2);--button_accent_hover_color:var(--awb-custom_color_2);--button_border_hover_color:var(--awb-color4);--button_border_width-top:0;--button_border_width-right:0;--button_border_width-bottom:0;--button_border_width-left:0;--button_gradient_top_color:rgba(255,255,255,0);--button_gradient_bottom_color:rgba(255,255,255,0);--button_gradient_top_color_hover:rgba(255,255,255,0);--button_gradient_bottom_color_hover:rgba(255,255,255,0);--button_font_size:18px;--button_line_height:26px;--button_typography-letter-spacing:0.9px;--button_typography-font-family:&quot;Montserrat&quot;;--button_typography-font-style:normal;--button_typography-font-weight:700;\" target=\"_blank\" rel=\"noopener noreferrer\" href=\"https:\/\/www.bezirkskrankenhaus-lohr.de\/index.html\"><i class=\"icon-icon-pfeil-rechts-kreis awb-button__icon awb-button__icon--default button-icon-left\" aria-hidden=\"true\"><\/i><span class=\"fusion-button-text awb-button__text awb-button__text--default\">Learn More<\/span><\/a><\/div><\/div><\/div><div class=\"fusion-layout-column fusion_builder_column fusion-builder-column-17 fusion_builder_column_1_2 1_2 fusion-flex-column\" style=\"--awb-bg-size:cover;--awb-width-large:50%;--awb-margin-top-large:50px;--awb-spacing-right-large:3.84%;--awb-margin-bottom-large:0px;--awb-spacing-left-large:3.84%;--awb-width-medium:50%;--awb-order-medium:0;--awb-spacing-right-medium:3.84%;--awb-spacing-left-medium:3.84%;--awb-width-small:100%;--awb-order-small:0;--awb-spacing-right-small:1.92%;--awb-spacing-left-small:1.92%;\" data-scroll-devices=\"small-visibility,medium-visibility,large-visibility\"><div class=\"fusion-column-wrapper fusion-column-has-shadow fusion-flex-justify-content-flex-start fusion-content-layout-column\"><div class=\"fusion-text fusion-text-13\"><p><strong>District of Lower Franconia \u2013 Werneck<\/strong><br \/>\nVocational School for Nursing of the District of Lower Franconia Werneck<\/p>\n<\/div><div ><a class=\"fusion-button button-flat fusion-button-default-size button-custom fusion-button-default button-11 fusion-button-default-span \" style=\"--awb-padding-top:0px;--awb-padding-right:0px;--awb-padding-bottom:0px;--awb-padding-left:0px;--button_accent_color:var(--awb-custom_color_2);--button_accent_hover_color:var(--awb-custom_color_2);--button_border_hover_color:var(--awb-color4);--button_border_width-top:0;--button_border_width-right:0;--button_border_width-bottom:0;--button_border_width-left:0;--button_gradient_top_color:rgba(255,255,255,0);--button_gradient_bottom_color:rgba(255,255,255,0);--button_gradient_top_color_hover:rgba(255,255,255,0);--button_gradient_bottom_color_hover:rgba(255,255,255,0);--button_font_size:18px;--button_line_height:26px;--button_typography-letter-spacing:0.9px;--button_typography-font-family:&quot;Montserrat&quot;;--button_typography-font-style:normal;--button_typography-font-weight:700;\" target=\"_blank\" rel=\"noopener noreferrer\" href=\"https:\/\/www.khv-schloss-werneck.de\/wir-als-arbeitgeber\/ausbildungpraktika\/21791.AUSBILDUNG-ZURZUM-PFLEGEFACHFRAU-MANN.html\"><i class=\"icon-icon-pfeil-rechts-kreis awb-button__icon awb-button__icon--default button-icon-left\" aria-hidden=\"true\"><\/i><span class=\"fusion-button-text awb-button__text awb-button__text--default\">Learn More<\/span><\/a><\/div><\/div><\/div><div class=\"fusion-layout-column fusion_builder_column fusion-builder-column-18 fusion_builder_column_1_2 1_2 fusion-flex-column\" style=\"--awb-bg-size:cover;--awb-width-large:50%;--awb-margin-top-large:50px;--awb-spacing-right-large:3.84%;--awb-margin-bottom-large:0px;--awb-spacing-left-large:3.84%;--awb-width-medium:50%;--awb-order-medium:0;--awb-spacing-right-medium:3.84%;--awb-spacing-left-medium:3.84%;--awb-width-small:100%;--awb-order-small:0;--awb-spacing-right-small:1.92%;--awb-spacing-left-small:1.92%;\" data-scroll-devices=\"small-visibility,medium-visibility,large-visibility\"><div class=\"fusion-column-wrapper fusion-column-has-shadow fusion-flex-justify-content-flex-start fusion-content-layout-column\"><div class=\"fusion-text fusion-text-14\"><p><strong>bfz gGmbH \u2013 Bad Kissingen<\/strong><br \/>\nVocational Schools for Nursing<br \/>\nBad Kissingen bfz gGmbH<\/p>\n<\/div><div ><a class=\"fusion-button button-flat fusion-button-default-size button-custom fusion-button-default button-12 fusion-button-default-span \" style=\"--awb-padding-top:0px;--awb-padding-right:0px;--awb-padding-bottom:0px;--awb-padding-left:0px;--button_accent_color:var(--awb-custom_color_2);--button_accent_hover_color:var(--awb-custom_color_2);--button_border_hover_color:var(--awb-color4);--button_border_width-top:0;--button_border_width-right:0;--button_border_width-bottom:0;--button_border_width-left:0;--button_gradient_top_color:rgba(255,255,255,0);--button_gradient_bottom_color:rgba(255,255,255,0);--button_gradient_top_color_hover:rgba(255,255,255,0);--button_gradient_bottom_color_hover:rgba(255,255,255,0);--button_font_size:18px;--button_line_height:26px;--button_typography-letter-spacing:0.9px;--button_typography-font-family:&quot;Montserrat&quot;;--button_typography-font-style:normal;--button_typography-font-weight:700;\" target=\"_blank\" rel=\"noopener noreferrer\" href=\"https:\/\/www.schulen.bfz.de\/generalistische-pflege\/\"><i class=\"icon-icon-pfeil-rechts-kreis awb-button__icon awb-button__icon--default button-icon-left\" aria-hidden=\"true\"><\/i><span class=\"fusion-button-text awb-button__text awb-button__text--default\">Learn More<\/span><\/a><\/div><\/div><\/div><div class=\"fusion-layout-column fusion_builder_column fusion-builder-column-19 fusion_builder_column_1_2 1_2 fusion-flex-column\" style=\"--awb-bg-size:cover;--awb-width-large:50%;--awb-margin-top-large:50px;--awb-spacing-right-large:3.84%;--awb-margin-bottom-large:0px;--awb-spacing-left-large:3.84%;--awb-width-medium:50%;--awb-order-medium:0;--awb-spacing-right-medium:3.84%;--awb-spacing-left-medium:3.84%;--awb-width-small:100%;--awb-order-small:0;--awb-spacing-right-small:1.92%;--awb-spacing-left-small:1.92%;\" data-scroll-devices=\"small-visibility,medium-visibility,large-visibility\"><div class=\"fusion-column-wrapper fusion-column-has-shadow fusion-flex-justify-content-flex-start fusion-content-layout-column\"><div class=\"fusion-text fusion-text-15\"><p><strong>bfz gGmbH \u2013 W\u00fcrzburg<\/strong><br \/>\nVocational Schools for Nursing<br \/>\nW\u00fcrzburg bfz gGmbH<\/p>\n<\/div><div ><a class=\"fusion-button button-flat fusion-button-default-size button-custom fusion-button-default button-13 fusion-button-default-span \" style=\"--awb-padding-top:0px;--awb-padding-right:0px;--awb-padding-bottom:0px;--awb-padding-left:0px;--button_accent_color:var(--awb-custom_color_2);--button_accent_hover_color:var(--awb-custom_color_2);--button_border_hover_color:var(--awb-color4);--button_border_width-top:0;--button_border_width-right:0;--button_border_width-bottom:0;--button_border_width-left:0;--button_gradient_top_color:rgba(255,255,255,0);--button_gradient_bottom_color:rgba(255,255,255,0);--button_gradient_top_color_hover:rgba(255,255,255,0);--button_gradient_bottom_color_hover:rgba(255,255,255,0);--button_font_size:18px;--button_line_height:26px;--button_typography-letter-spacing:0.9px;--button_typography-font-family:&quot;Montserrat&quot;;--button_typography-font-style:normal;--button_typography-font-weight:700;\" target=\"_blank\" rel=\"noopener noreferrer\" href=\"https:\/\/www.schulen.bfz.de\/generalistische-pflege\/\"><i class=\"icon-icon-pfeil-rechts-kreis awb-button__icon awb-button__icon--default button-icon-left\" aria-hidden=\"true\"><\/i><span class=\"fusion-button-text awb-button__text awb-button__text--default\">Learn More<\/span><\/a><\/div><\/div><\/div><div class=\"fusion-layout-column fusion_builder_column fusion-builder-column-20 fusion_builder_column_1_2 1_2 fusion-flex-column\" style=\"--awb-bg-size:cover;--awb-width-large:50%;--awb-margin-top-large:50px;--awb-spacing-right-large:3.84%;--awb-margin-bottom-large:0px;--awb-spacing-left-large:3.84%;--awb-width-medium:50%;--awb-order-medium:0;--awb-spacing-right-medium:3.84%;--awb-spacing-left-medium:3.84%;--awb-width-small:100%;--awb-order-small:0;--awb-spacing-right-small:1.92%;--awb-spacing-left-small:1.92%;\" data-scroll-devices=\"small-visibility,medium-visibility,large-visibility\"><div class=\"fusion-column-wrapper fusion-column-has-shadow fusion-flex-justify-content-flex-start fusion-content-layout-column\"><div class=\"fusion-text fusion-text-16\"><p><strong>Carereer \u2013 Ha\u00dffurt<\/strong><br \/>\nAssociation of Vocational Schools for Health Care and Nursing Professions<br \/>\nHa\u00dffurt\/Schweinfurt<\/p>\n<\/div><div ><a class=\"fusion-button button-flat fusion-button-default-size button-custom fusion-button-default button-14 fusion-button-default-span \" style=\"--awb-padding-top:0px;--awb-padding-right:0px;--awb-padding-bottom:0px;--awb-padding-left:0px;--button_accent_color:var(--awb-custom_color_2);--button_accent_hover_color:var(--awb-custom_color_2);--button_border_hover_color:var(--awb-color4);--button_border_width-top:0;--button_border_width-right:0;--button_border_width-bottom:0;--button_border_width-left:0;--button_gradient_top_color:rgba(255,255,255,0);--button_gradient_bottom_color:rgba(255,255,255,0);--button_gradient_top_color_hover:rgba(255,255,255,0);--button_gradient_bottom_color_hover:rgba(255,255,255,0);--button_font_size:18px;--button_line_height:26px;--button_typography-letter-spacing:0.9px;--button_typography-font-family:&quot;Montserrat&quot;;--button_typography-font-style:normal;--button_typography-font-weight:700;\" target=\"_blank\" rel=\"noopener noreferrer\" href=\"https:\/\/carereer.de\/startseite.html\"><i class=\"icon-icon-pfeil-rechts-kreis awb-button__icon awb-button__icon--default button-icon-left\" aria-hidden=\"true\"><\/i><span class=\"fusion-button-text awb-button__text awb-button__text--default\">Learn More<\/span><\/a><\/div><\/div><\/div><div class=\"fusion-layout-column fusion_builder_column fusion-builder-column-21 fusion_builder_column_1_2 1_2 fusion-flex-column\" style=\"--awb-bg-size:cover;--awb-width-large:50%;--awb-margin-top-large:50px;--awb-spacing-right-large:3.84%;--awb-margin-bottom-large:0px;--awb-spacing-left-large:3.84%;--awb-width-medium:50%;--awb-order-medium:0;--awb-spacing-right-medium:3.84%;--awb-spacing-left-medium:3.84%;--awb-width-small:100%;--awb-order-small:0;--awb-spacing-right-small:1.92%;--awb-spacing-left-small:1.92%;\" data-scroll-devices=\"small-visibility,medium-visibility,large-visibility\"><div class=\"fusion-column-wrapper fusion-column-has-shadow fusion-flex-justify-content-flex-start fusion-content-layout-column\"><div class=\"fusion-text fusion-text-17\"><p><strong>Carereer \u2013 Schweinfurt<\/strong><br \/>\nAssociation of Vocational Schools for Health Care and Nursing Professions<br \/>\nHa\u00dffurt\/Schweinfurt<\/p>\n<\/div><div ><a class=\"fusion-button button-flat fusion-button-default-size button-custom fusion-button-default button-15 fusion-button-default-span \" style=\"--awb-padding-top:0px;--awb-padding-right:0px;--awb-padding-bottom:0px;--awb-padding-left:0px;--button_accent_color:var(--awb-custom_color_2);--button_accent_hover_color:var(--awb-custom_color_2);--button_border_hover_color:var(--awb-color4);--button_border_width-top:0;--button_border_width-right:0;--button_border_width-bottom:0;--button_border_width-left:0;--button_gradient_top_color:rgba(255,255,255,0);--button_gradient_bottom_color:rgba(255,255,255,0);--button_gradient_top_color_hover:rgba(255,255,255,0);--button_gradient_bottom_color_hover:rgba(255,255,255,0);--button_font_size:18px;--button_line_height:26px;--button_typography-letter-spacing:0.9px;--button_typography-font-family:&quot;Montserrat&quot;;--button_typography-font-style:normal;--button_typography-font-weight:700;\" target=\"_blank\" rel=\"noopener noreferrer\" href=\"https:\/\/carereer.de\/startseite.html\"><i class=\"icon-icon-pfeil-rechts-kreis awb-button__icon awb-button__icon--default button-icon-left\" aria-hidden=\"true\"><\/i><span class=\"fusion-button-text awb-button__text awb-button__text--default\">Learn More<\/span><\/a><\/div><\/div><\/div><div class=\"fusion-layout-column fusion_builder_column fusion-builder-column-22 fusion_builder_column_1_2 1_2 fusion-flex-column\" style=\"--awb-bg-size:cover;--awb-width-large:50%;--awb-margin-top-large:50px;--awb-spacing-right-large:3.84%;--awb-margin-bottom-large:0px;--awb-spacing-left-large:3.84%;--awb-width-medium:50%;--awb-order-medium:0;--awb-spacing-right-medium:3.84%;--awb-spacing-left-medium:3.84%;--awb-width-small:100%;--awb-order-small:0;--awb-spacing-right-small:1.92%;--awb-spacing-left-small:1.92%;\" data-scroll-devices=\"small-visibility,medium-visibility,large-visibility\"><div class=\"fusion-column-wrapper fusion-column-has-shadow fusion-flex-justify-content-flex-start fusion-content-layout-column\"><div class=\"fusion-text fusion-text-18\"><p><strong>Caritas-Schulen gGmbH \u2013 Hofheim i. UFr.<\/strong><br \/>\nVocational School for Elderly Care and Elderly Care Assistance Hofheim of Caritas-Schulen gGmbH<\/p>\n<\/div><div ><a class=\"fusion-button button-flat fusion-button-default-size button-custom fusion-button-default button-16 fusion-button-default-span \" style=\"--awb-padding-top:0px;--awb-padding-right:0px;--awb-padding-bottom:0px;--awb-padding-left:0px;--button_accent_color:var(--awb-custom_color_2);--button_accent_hover_color:var(--awb-custom_color_2);--button_border_hover_color:var(--awb-color4);--button_border_width-top:0;--button_border_width-right:0;--button_border_width-bottom:0;--button_border_width-left:0;--button_gradient_top_color:rgba(255,255,255,0);--button_gradient_bottom_color:rgba(255,255,255,0);--button_gradient_top_color_hover:rgba(255,255,255,0);--button_gradient_bottom_color_hover:rgba(255,255,255,0);--button_font_size:18px;--button_line_height:26px;--button_typography-letter-spacing:0.9px;--button_typography-font-family:&quot;Montserrat&quot;;--button_typography-font-style:normal;--button_typography-font-weight:700;\" target=\"_blank\" rel=\"noopener noreferrer\" href=\"https:\/\/www.pflegeschulen-hofheim.de\/ausbildung\/altenpfleger-in\"><i class=\"icon-icon-pfeil-rechts-kreis awb-button__icon awb-button__icon--default button-icon-left\" aria-hidden=\"true\"><\/i><span class=\"fusion-button-text awb-button__text awb-button__text--default\">Learn More<\/span><\/a><\/div><\/div><\/div><div class=\"fusion-layout-column fusion_builder_column fusion-builder-column-23 fusion_builder_column_1_2 1_2 fusion-flex-column\" style=\"--awb-bg-size:cover;--awb-width-large:50%;--awb-margin-top-large:50px;--awb-spacing-right-large:3.84%;--awb-margin-bottom-large:0px;--awb-spacing-left-large:3.84%;--awb-width-medium:50%;--awb-order-medium:0;--awb-spacing-right-medium:3.84%;--awb-spacing-left-medium:3.84%;--awb-width-small:100%;--awb-order-small:0;--awb-spacing-right-small:1.92%;--awb-spacing-left-small:1.92%;\" data-scroll-devices=\"small-visibility,medium-visibility,large-visibility\"><div class=\"fusion-column-wrapper fusion-column-has-shadow fusion-flex-justify-content-flex-start fusion-content-layout-column\"><div class=\"fusion-text fusion-text-19\"><p><strong>Caritas-Schulen gGmbH \u2013 M\u00fcnnerstadt<\/strong><br \/>\nVocational School for Elderly Care of Caritas-Schulen gGmbH in M\u00fcnnerstadt<\/p>\n<\/div><div ><a class=\"fusion-button button-flat fusion-button-default-size button-custom fusion-button-default button-17 fusion-button-default-span \" style=\"--awb-padding-top:0px;--awb-padding-right:0px;--awb-padding-bottom:0px;--awb-padding-left:0px;--button_accent_color:var(--awb-custom_color_2);--button_accent_hover_color:var(--awb-custom_color_2);--button_border_hover_color:var(--awb-color4);--button_border_width-top:0;--button_border_width-right:0;--button_border_width-bottom:0;--button_border_width-left:0;--button_gradient_top_color:rgba(255,255,255,0);--button_gradient_bottom_color:rgba(255,255,255,0);--button_gradient_top_color_hover:rgba(255,255,255,0);--button_gradient_bottom_color_hover:rgba(255,255,255,0);--button_font_size:18px;--button_line_height:26px;--button_typography-letter-spacing:0.9px;--button_typography-font-family:&quot;Montserrat&quot;;--button_typography-font-style:normal;--button_typography-font-weight:700;\" target=\"_blank\" rel=\"noopener noreferrer\" href=\"https:\/\/www.bbz-muennerstadt.de\/cms\/website.php?id=\/de\/index\/altenpflege.htm\"><i class=\"icon-icon-pfeil-rechts-kreis awb-button__icon awb-button__icon--default button-icon-left\" aria-hidden=\"true\"><\/i><span class=\"fusion-button-text awb-button__text awb-button__text--default\">Learn More<\/span><\/a><\/div><\/div><\/div><div class=\"fusion-layout-column fusion_builder_column fusion-builder-column-24 fusion_builder_column_1_2 1_2 fusion-flex-column\" style=\"--awb-bg-size:cover;--awb-width-large:50%;--awb-margin-top-large:50px;--awb-spacing-right-large:3.84%;--awb-margin-bottom-large:0px;--awb-spacing-left-large:3.84%;--awb-width-medium:50%;--awb-order-medium:0;--awb-spacing-right-medium:3.84%;--awb-spacing-left-medium:3.84%;--awb-width-small:100%;--awb-order-small:0;--awb-spacing-right-small:1.92%;--awb-spacing-left-small:1.92%;\" data-scroll-devices=\"small-visibility,medium-visibility,large-visibility\"><div class=\"fusion-column-wrapper fusion-column-has-shadow fusion-flex-justify-content-flex-start fusion-content-layout-column\"><div class=\"fusion-text fusion-text-20\"><p><strong>Caritas-Schulen gGmbH \u2013 Schweinfurt<\/strong><br \/>\nVocational School for Elderly Care of Caritas-Schulen gGmbH in Schweinfurt<\/p>\n<\/div><div ><a class=\"fusion-button button-flat fusion-button-default-size button-custom fusion-button-default button-18 fusion-button-default-span \" style=\"--awb-padding-top:0px;--awb-padding-right:0px;--awb-padding-bottom:0px;--awb-padding-left:0px;--button_accent_color:var(--awb-custom_color_2);--button_accent_hover_color:var(--awb-custom_color_2);--button_border_hover_color:var(--awb-color4);--button_border_width-top:0;--button_border_width-right:0;--button_border_width-bottom:0;--button_border_width-left:0;--button_gradient_top_color:rgba(255,255,255,0);--button_gradient_bottom_color:rgba(255,255,255,0);--button_gradient_top_color_hover:rgba(255,255,255,0);--button_gradient_bottom_color_hover:rgba(255,255,255,0);--button_font_size:18px;--button_line_height:26px;--button_typography-letter-spacing:0.9px;--button_typography-font-family:&quot;Montserrat&quot;;--button_typography-font-style:normal;--button_typography-font-weight:700;\" target=\"_blank\" rel=\"noopener noreferrer\" href=\"https:\/\/www.bsz-schweinfurt.de\/schularten\/bfs-pflege\"><i class=\"icon-icon-pfeil-rechts-kreis awb-button__icon awb-button__icon--default button-icon-left\" aria-hidden=\"true\"><\/i><span class=\"fusion-button-text awb-button__text awb-button__text--default\">Learn More<\/span><\/a><\/div><\/div><\/div><div class=\"fusion-layout-column fusion_builder_column fusion-builder-column-25 fusion_builder_column_1_2 1_2 fusion-flex-column\" style=\"--awb-bg-size:cover;--awb-width-large:50%;--awb-margin-top-large:50px;--awb-spacing-right-large:3.84%;--awb-margin-bottom-large:0px;--awb-spacing-left-large:3.84%;--awb-width-medium:50%;--awb-order-medium:0;--awb-spacing-right-medium:3.84%;--awb-spacing-left-medium:3.84%;--awb-width-small:100%;--awb-order-small:0;--awb-margin-top-small:50px;--awb-spacing-right-small:1.92%;--awb-spacing-left-small:1.92%;\" data-scroll-devices=\"small-visibility,medium-visibility,large-visibility\"><div class=\"fusion-column-wrapper fusion-column-has-shadow fusion-flex-justify-content-flex-start fusion-content-layout-column\"><div class=\"fusion-text fusion-text-21\"><p><strong>HELIOS Society for Vocational Education mbH \u2013 Bad Kissingen<\/strong><br \/>\nVocational School for Nursing Bad Kissingen of HELIOS Society for Vocational Education mbH<\/p>\n<\/div><div ><a class=\"fusion-button button-flat fusion-button-default-size button-custom fusion-button-default button-19 fusion-button-default-span \" style=\"--awb-padding-top:0px;--awb-padding-right:0px;--awb-padding-bottom:0px;--awb-padding-left:0px;--button_accent_color:var(--awb-custom_color_2);--button_accent_hover_color:var(--awb-custom_color_2);--button_border_hover_color:var(--awb-color4);--button_border_width-top:0;--button_border_width-right:0;--button_border_width-bottom:0;--button_border_width-left:0;--button_gradient_top_color:rgba(255,255,255,0);--button_gradient_bottom_color:rgba(255,255,255,0);--button_gradient_top_color_hover:rgba(255,255,255,0);--button_gradient_bottom_color_hover:rgba(255,255,255,0);--button_font_size:18px;--button_line_height:26px;--button_typography-letter-spacing:0.9px;--button_typography-font-family:&quot;Montserrat&quot;;--button_typography-font-style:normal;--button_typography-font-weight:700;\" target=\"_blank\" rel=\"noopener noreferrer\" href=\"https:\/\/www.helios-gesundheit.de\/karriere\/standorte\/bad-kissingen\/jobs\/\"><i class=\"icon-icon-pfeil-rechts-kreis awb-button__icon awb-button__icon--default button-icon-left\" aria-hidden=\"true\"><\/i><span class=\"fusion-button-text awb-button__text awb-button__text--default\">Learn More<\/span><\/a><\/div><\/div><\/div><div class=\"fusion-layout-column fusion_builder_column fusion-builder-column-26 fusion_builder_column_1_2 1_2 fusion-flex-column\" style=\"--awb-bg-size:cover;--awb-width-large:50%;--awb-margin-top-large:50px;--awb-spacing-right-large:3.84%;--awb-margin-bottom-large:0px;--awb-spacing-left-large:3.84%;--awb-width-medium:50%;--awb-order-medium:0;--awb-spacing-right-medium:3.84%;--awb-spacing-left-medium:3.84%;--awb-width-small:100%;--awb-order-small:0;--awb-spacing-right-small:1.92%;--awb-spacing-left-small:1.92%;\" data-scroll-devices=\"small-visibility,medium-visibility,large-visibility\"><div class=\"fusion-column-wrapper fusion-column-has-shadow fusion-flex-justify-content-flex-start fusion-content-layout-column\"><div class=\"fusion-text fusion-text-22\"><p><strong>Julius Care \u2013 Bad Kissingen<\/strong><br \/>\nVocational Schools for Elderly Care and Elderly Care Assistance<br \/>\nBad Kissingen bfz gGmbH<\/p>\n<\/div><div ><a class=\"fusion-button button-flat fusion-button-default-size button-custom fusion-button-default button-20 fusion-button-default-span \" style=\"--awb-padding-top:0px;--awb-padding-right:0px;--awb-padding-bottom:0px;--awb-padding-left:0px;--button_accent_color:var(--awb-custom_color_2);--button_accent_hover_color:var(--awb-custom_color_2);--button_border_hover_color:var(--awb-color4);--button_border_width-top:0;--button_border_width-right:0;--button_border_width-bottom:0;--button_border_width-left:0;--button_gradient_top_color:rgba(255,255,255,0);--button_gradient_bottom_color:rgba(255,255,255,0);--button_gradient_top_color_hover:rgba(255,255,255,0);--button_gradient_bottom_color_hover:rgba(255,255,255,0);--button_font_size:18px;--button_line_height:26px;--button_typography-letter-spacing:0.9px;--button_typography-font-family:&quot;Montserrat&quot;;--button_typography-font-style:normal;--button_typography-font-weight:700;\" target=\"_blank\" rel=\"noopener noreferrer\" href=\"https:\/\/www.julius-care.de\/\"><i class=\"icon-icon-pfeil-rechts-kreis awb-button__icon awb-button__icon--default button-icon-left\" aria-hidden=\"true\"><\/i><span class=\"fusion-button-text awb-button__text awb-button__text--default\">Learn More<\/span><\/a><\/div><\/div><\/div><div class=\"fusion-layout-column fusion_builder_column fusion-builder-column-27 fusion_builder_column_1_2 1_2 fusion-flex-column\" style=\"--awb-bg-size:cover;--awb-width-large:50%;--awb-margin-top-large:50px;--awb-spacing-right-large:3.84%;--awb-margin-bottom-large:0px;--awb-spacing-left-large:3.84%;--awb-width-medium:50%;--awb-order-medium:0;--awb-spacing-right-medium:3.84%;--awb-spacing-left-medium:3.84%;--awb-width-small:100%;--awb-order-small:0;--awb-spacing-right-small:1.92%;--awb-spacing-left-small:1.92%;\" data-scroll-devices=\"small-visibility,medium-visibility,large-visibility\"><div class=\"fusion-column-wrapper fusion-column-has-shadow fusion-flex-justify-content-flex-start fusion-content-layout-column\"><div class=\"fusion-text fusion-text-23\"><p><strong>Kitzinger Land \u2013 Kitzingen<\/strong><br \/>\nVocational School for Nursing of the Municipal Enterprise Kitzinger Land<\/p>\n<\/div><div ><a class=\"fusion-button button-flat fusion-button-default-size button-custom fusion-button-default button-21 fusion-button-default-span \" style=\"--awb-padding-top:0px;--awb-padding-right:0px;--awb-padding-bottom:0px;--awb-padding-left:0px;--button_accent_color:var(--awb-custom_color_2);--button_accent_hover_color:var(--awb-custom_color_2);--button_border_hover_color:var(--awb-color4);--button_border_width-top:0;--button_border_width-right:0;--button_border_width-bottom:0;--button_border_width-left:0;--button_gradient_top_color:rgba(255,255,255,0);--button_gradient_bottom_color:rgba(255,255,255,0);--button_gradient_top_color_hover:rgba(255,255,255,0);--button_gradient_bottom_color_hover:rgba(255,255,255,0);--button_font_size:18px;--button_line_height:26px;--button_typography-letter-spacing:0.9px;--button_typography-font-family:&quot;Montserrat&quot;;--button_typography-font-style:normal;--button_typography-font-weight:700;\" target=\"_blank\" rel=\"noopener noreferrer\" href=\"https:\/\/www.komm-ins-klinikland.de\/pflegeschule\/\"><i class=\"icon-icon-pfeil-rechts-kreis awb-button__icon awb-button__icon--default button-icon-left\" aria-hidden=\"true\"><\/i><span class=\"fusion-button-text awb-button__text awb-button__text--default\">Learn More<\/span><\/a><\/div><\/div><\/div><div class=\"fusion-layout-column fusion_builder_column fusion-builder-column-28 fusion_builder_column_1_2 1_2 fusion-flex-column\" style=\"--awb-bg-size:cover;--awb-width-large:50%;--awb-margin-top-large:50px;--awb-spacing-right-large:3.84%;--awb-margin-bottom-large:0px;--awb-spacing-left-large:3.84%;--awb-width-medium:50%;--awb-order-medium:0;--awb-spacing-right-medium:3.84%;--awb-spacing-left-medium:3.84%;--awb-width-small:100%;--awb-order-small:0;--awb-spacing-right-small:1.92%;--awb-spacing-left-small:1.92%;\" data-scroll-devices=\"small-visibility,medium-visibility,large-visibility\"><div class=\"fusion-column-wrapper fusion-column-has-shadow fusion-flex-justify-content-flex-start fusion-content-layout-column\"><div class=\"fusion-text fusion-text-24\"><p><strong>Klinikum Main-Spessart \u2013 Marktheidenfeld<\/strong><br \/>\nEducation Center for Nursing Professions of Klinikum Main-Spessart<\/p>\n<\/div><div ><a class=\"fusion-button button-flat fusion-button-default-size button-custom fusion-button-default button-22 fusion-button-default-span \" style=\"--awb-padding-top:0px;--awb-padding-right:0px;--awb-padding-bottom:0px;--awb-padding-left:0px;--button_accent_color:var(--awb-custom_color_2);--button_accent_hover_color:var(--awb-custom_color_2);--button_border_hover_color:var(--awb-color4);--button_border_width-top:0;--button_border_width-right:0;--button_border_width-bottom:0;--button_border_width-left:0;--button_gradient_top_color:rgba(255,255,255,0);--button_gradient_bottom_color:rgba(255,255,255,0);--button_gradient_top_color_hover:rgba(255,255,255,0);--button_gradient_bottom_color_hover:rgba(255,255,255,0);--button_font_size:18px;--button_line_height:26px;--button_typography-letter-spacing:0.9px;--button_typography-font-family:&quot;Montserrat&quot;;--button_typography-font-style:normal;--button_typography-font-weight:700;\" target=\"_blank\" rel=\"noopener noreferrer\" href=\"https:\/\/www.klinikum-msp.de\/karriere\/ausbildung\/pflegefachmann-pflegefachfrau-w-m-d\"><i class=\"icon-icon-pfeil-rechts-kreis awb-button__icon awb-button__icon--default button-icon-left\" aria-hidden=\"true\"><\/i><span class=\"fusion-button-text awb-button__text awb-button__text--default\">Learn More<\/span><\/a><\/div><\/div><\/div><div class=\"fusion-layout-column fusion_builder_column fusion-builder-column-29 fusion_builder_column_1_2 1_2 fusion-flex-column\" style=\"--awb-bg-size:cover;--awb-width-large:50%;--awb-margin-top-large:50px;--awb-spacing-right-large:3.84%;--awb-margin-bottom-large:0px;--awb-spacing-left-large:3.84%;--awb-width-medium:50%;--awb-order-medium:0;--awb-spacing-right-medium:3.84%;--awb-spacing-left-medium:3.84%;--awb-width-small:100%;--awb-order-small:0;--awb-spacing-right-small:1.92%;--awb-spacing-left-small:1.92%;\" data-scroll-devices=\"small-visibility,medium-visibility,large-visibility\"><div class=\"fusion-column-wrapper fusion-column-has-shadow fusion-flex-justify-content-flex-start fusion-content-layout-column\"><div class=\"fusion-text fusion-text-25\"><p><strong>Klinikum W\u00fcrzburg Mitte gGmbH \u2013 W\u00fcrzburg<\/strong><br \/>\nVocational School for Nursing of Klinikum W\u00fcrzburg Mitte gGmbH at Missioklinik Location<\/p>\n<\/div><div ><a class=\"fusion-button button-flat fusion-button-default-size button-custom fusion-button-default button-23 fusion-button-default-span \" style=\"--awb-padding-top:0px;--awb-padding-right:0px;--awb-padding-bottom:0px;--awb-padding-left:0px;--button_accent_color:var(--awb-custom_color_2);--button_accent_hover_color:var(--awb-custom_color_2);--button_border_hover_color:var(--awb-color4);--button_border_width-top:0;--button_border_width-right:0;--button_border_width-bottom:0;--button_border_width-left:0;--button_gradient_top_color:rgba(255,255,255,0);--button_gradient_bottom_color:rgba(255,255,255,0);--button_gradient_top_color_hover:rgba(255,255,255,0);--button_gradient_bottom_color_hover:rgba(255,255,255,0);--button_font_size:18px;--button_line_height:26px;--button_typography-letter-spacing:0.9px;--button_typography-font-family:&quot;Montserrat&quot;;--button_typography-font-style:normal;--button_typography-font-weight:700;\" target=\"_blank\" rel=\"noopener noreferrer\" href=\"https:\/\/www.kwm-klinikum.de\/beruf-chancen\/ausbildung-studium-uebersicht.html\"><i class=\"icon-icon-pfeil-rechts-kreis awb-button__icon awb-button__icon--default button-icon-left\" aria-hidden=\"true\"><\/i><span class=\"fusion-button-text awb-button__text awb-button__text--default\">Learn More<\/span><\/a><\/div><\/div><\/div><div class=\"fusion-layout-column fusion_builder_column fusion-builder-column-30 fusion_builder_column_1_2 1_2 fusion-flex-column\" style=\"--awb-bg-size:cover;--awb-width-large:50%;--awb-margin-top-large:50px;--awb-spacing-right-large:3.84%;--awb-margin-bottom-large:0px;--awb-spacing-left-large:3.84%;--awb-width-medium:50%;--awb-order-medium:0;--awb-spacing-right-medium:3.84%;--awb-spacing-left-medium:3.84%;--awb-width-small:100%;--awb-order-small:0;--awb-spacing-right-small:1.92%;--awb-spacing-left-small:1.92%;\" data-scroll-devices=\"small-visibility,medium-visibility,large-visibility\"><div class=\"fusion-column-wrapper fusion-column-has-shadow fusion-flex-justify-content-flex-start fusion-content-layout-column\"><div class=\"fusion-text fusion-text-26\"><p><strong>Main-Klinik Ochsenfurt \u2013 Ochsenfurt<\/strong><br \/>\nVocational School for Nursing of Main-Klinik Ochsenfurt<\/p>\n<\/div><div ><a class=\"fusion-button button-flat fusion-button-default-size button-custom fusion-button-default button-24 fusion-button-default-span \" style=\"--awb-padding-top:0px;--awb-padding-right:0px;--awb-padding-bottom:0px;--awb-padding-left:0px;--button_accent_color:var(--awb-custom_color_2);--button_accent_hover_color:var(--awb-custom_color_2);--button_border_hover_color:var(--awb-color4);--button_border_width-top:0;--button_border_width-right:0;--button_border_width-bottom:0;--button_border_width-left:0;--button_gradient_top_color:rgba(255,255,255,0);--button_gradient_bottom_color:rgba(255,255,255,0);--button_gradient_top_color_hover:rgba(255,255,255,0);--button_gradient_bottom_color_hover:rgba(255,255,255,0);--button_font_size:18px;--button_line_height:26px;--button_typography-letter-spacing:0.9px;--button_typography-font-family:&quot;Montserrat&quot;;--button_typography-font-style:normal;--button_typography-font-weight:700;\" target=\"_blank\" rel=\"noopener noreferrer\" href=\"https:\/\/www.main-klinik.de\/karriere\/pflegeschule\/index.html\"><i class=\"icon-icon-pfeil-rechts-kreis awb-button__icon awb-button__icon--default button-icon-left\" aria-hidden=\"true\"><\/i><span class=\"fusion-button-text awb-button__text awb-button__text--default\">Learn More<\/span><\/a><\/div><\/div><\/div><div class=\"fusion-layout-column fusion_builder_column fusion-builder-column-31 fusion_builder_column_1_2 1_2 fusion-flex-column\" style=\"--awb-bg-size:cover;--awb-width-large:50%;--awb-margin-top-large:50px;--awb-spacing-right-large:3.84%;--awb-margin-bottom-large:0px;--awb-spacing-left-large:3.84%;--awb-width-medium:50%;--awb-order-medium:0;--awb-spacing-right-medium:3.84%;--awb-spacing-left-medium:3.84%;--awb-width-small:100%;--awb-order-small:0;--awb-spacing-right-small:1.92%;--awb-spacing-left-small:1.92%;\" data-scroll-devices=\"small-visibility,medium-visibility,large-visibility\"><div class=\"fusion-column-wrapper fusion-column-has-shadow fusion-flex-justify-content-flex-start fusion-content-layout-column\"><div class=\"fusion-text fusion-text-27\"><p><strong>RH\u00d6N-KLINIKUM Campus Bad Neustadt \u2013 Bad Neustadt a. d. Saale<\/strong><br \/>\nVocational School for Nursing of RH\u00d6N-KLINIKUM Campus Bad Neustadt<\/p>\n<\/div><div ><a class=\"fusion-button button-flat fusion-button-default-size button-custom fusion-button-default button-25 fusion-button-default-span \" style=\"--awb-padding-top:0px;--awb-padding-right:0px;--awb-padding-bottom:0px;--awb-padding-left:0px;--button_accent_color:var(--awb-custom_color_2);--button_accent_hover_color:var(--awb-custom_color_2);--button_border_hover_color:var(--awb-color4);--button_border_width-top:0;--button_border_width-right:0;--button_border_width-bottom:0;--button_border_width-left:0;--button_gradient_top_color:rgba(255,255,255,0);--button_gradient_bottom_color:rgba(255,255,255,0);--button_gradient_top_color_hover:rgba(255,255,255,0);--button_gradient_bottom_color_hover:rgba(255,255,255,0);--button_font_size:18px;--button_line_height:26px;--button_typography-letter-spacing:0.9px;--button_typography-font-family:&quot;Montserrat&quot;;--button_typography-font-style:normal;--button_typography-font-weight:700;\" target=\"_blank\" rel=\"noopener noreferrer\" href=\"https:\/\/www.campus-nes.de\/ausbildung\/pflegefachfraupflegefachmann.html\"><i class=\"icon-icon-pfeil-rechts-kreis awb-button__icon awb-button__icon--default button-icon-left\" aria-hidden=\"true\"><\/i><span class=\"fusion-button-text awb-button__text awb-button__text--default\">Learn More<\/span><\/a><\/div><\/div><\/div><div class=\"fusion-layout-column fusion_builder_column fusion-builder-column-32 fusion_builder_column_1_2 1_2 fusion-flex-column\" style=\"--awb-bg-size:cover;--awb-width-large:50%;--awb-margin-top-large:50px;--awb-spacing-right-large:3.84%;--awb-margin-bottom-large:0px;--awb-spacing-left-large:3.84%;--awb-width-medium:50%;--awb-order-medium:0;--awb-spacing-right-medium:3.84%;--awb-spacing-left-medium:3.84%;--awb-width-small:100%;--awb-order-small:0;--awb-spacing-right-small:1.92%;--awb-spacing-left-small:1.92%;\" data-scroll-devices=\"small-visibility,medium-visibility,large-visibility\"><div class=\"fusion-column-wrapper fusion-column-has-shadow fusion-flex-justify-content-flex-start fusion-content-layout-column\"><div class=\"fusion-text fusion-text-28\"><p><strong>Nursing Association Munich of the BRK e.V. \u2013 W\u00fcrzburg<\/strong><br \/>\nVocational School for Nursing W\u00fcrzburg of the Nursing Association Munich of the BRK e.V.<\/p>\n<\/div><div ><a class=\"fusion-button button-flat fusion-button-default-size button-custom fusion-button-default button-26 fusion-button-default-span \" style=\"--awb-padding-top:0px;--awb-padding-right:0px;--awb-padding-bottom:0px;--awb-padding-left:0px;--button_accent_color:var(--awb-custom_color_2);--button_accent_hover_color:var(--awb-custom_color_2);--button_border_hover_color:var(--awb-color4);--button_border_width-top:0;--button_border_width-right:0;--button_border_width-bottom:0;--button_border_width-left:0;--button_gradient_top_color:rgba(255,255,255,0);--button_gradient_bottom_color:rgba(255,255,255,0);--button_gradient_top_color_hover:rgba(255,255,255,0);--button_gradient_bottom_color_hover:rgba(255,255,255,0);--button_font_size:18px;--button_line_height:26px;--button_typography-letter-spacing:0.9px;--button_typography-font-family:&quot;Montserrat&quot;;--button_typography-font-style:normal;--button_typography-font-weight:700;\" target=\"_blank\" rel=\"noopener noreferrer\" href=\"https:\/\/www.swm-pflegeschule-wuerzburg.de\/\"><i class=\"icon-icon-pfeil-rechts-kreis awb-button__icon awb-button__icon--default button-icon-left\" aria-hidden=\"true\"><\/i><span class=\"fusion-button-text awb-button__text awb-button__text--default\">Learn More<\/span><\/a><\/div><\/div><\/div><div class=\"fusion-layout-column fusion_builder_column fusion-builder-column-33 fusion_builder_column_1_2 1_2 fusion-flex-column\" style=\"--awb-bg-size:cover;--awb-width-large:50%;--awb-margin-top-large:50px;--awb-spacing-right-large:3.84%;--awb-margin-bottom-large:0px;--awb-spacing-left-large:3.84%;--awb-width-medium:50%;--awb-order-medium:0;--awb-spacing-right-medium:3.84%;--awb-spacing-left-medium:3.84%;--awb-width-small:100%;--awb-order-small:0;--awb-spacing-right-small:1.92%;--awb-spacing-left-small:1.92%;\" data-scroll-devices=\"small-visibility,medium-visibility,large-visibility\"><div class=\"fusion-column-wrapper fusion-column-has-shadow fusion-flex-justify-content-flex-start fusion-content-layout-column\"><div class=\"fusion-text fusion-text-29\"><p><strong>St. Josef \u2013 Schweinfurt<\/strong><br \/>\nVocational School for Nursing at St. Josef Hospital<\/p>\n<\/div><div ><a class=\"fusion-button button-flat fusion-button-default-size button-custom fusion-button-default button-27 fusion-button-default-span \" style=\"--awb-padding-top:0px;--awb-padding-right:0px;--awb-padding-bottom:0px;--awb-padding-left:0px;--button_accent_color:var(--awb-custom_color_2);--button_accent_hover_color:var(--awb-custom_color_2);--button_border_hover_color:var(--awb-color4);--button_border_width-top:0;--button_border_width-right:0;--button_border_width-bottom:0;--button_border_width-left:0;--button_gradient_top_color:rgba(255,255,255,0);--button_gradient_bottom_color:rgba(255,255,255,0);--button_gradient_top_color_hover:rgba(255,255,255,0);--button_gradient_bottom_color_hover:rgba(255,255,255,0);--button_font_size:18px;--button_line_height:26px;--button_typography-letter-spacing:0.9px;--button_typography-font-family:&quot;Montserrat&quot;;--button_typography-font-style:normal;--button_typography-font-weight:700;\" target=\"_blank\" rel=\"noopener noreferrer\" href=\"https:\/\/www.josef.de\/karriere\/ausbildung\/\"><i class=\"icon-icon-pfeil-rechts-kreis awb-button__icon awb-button__icon--default button-icon-left\" aria-hidden=\"true\"><\/i><span class=\"fusion-button-text awb-button__text awb-button__text--default\">Learn More<\/span><\/a><\/div><\/div><\/div><div class=\"fusion-layout-column fusion_builder_column fusion-builder-column-34 fusion_builder_column_1_2 1_2 fusion-flex-column\" style=\"--awb-bg-size:cover;--awb-width-large:50%;--awb-margin-top-large:50px;--awb-spacing-right-large:3.84%;--awb-margin-bottom-large:0px;--awb-spacing-left-large:3.84%;--awb-width-medium:50%;--awb-order-medium:0;--awb-spacing-right-medium:3.84%;--awb-spacing-left-medium:3.84%;--awb-width-small:100%;--awb-order-small:0;--awb-spacing-right-small:1.92%;--awb-spacing-left-small:1.92%;\" data-scroll-devices=\"small-visibility,medium-visibility,large-visibility\"><div class=\"fusion-column-wrapper fusion-column-has-shadow fusion-flex-justify-content-flex-start fusion-content-layout-column\"><div class=\"fusion-text fusion-text-30\"><p><strong>University Hospital W\u00fcrzburg \u2013 W\u00fcrzburg<\/strong><br \/>\nVocational School for Nursing at University Hospital W\u00fcrzburg<\/p>\n<\/div><div ><a class=\"fusion-button button-flat fusion-button-default-size button-custom fusion-button-default button-28 fusion-button-default-span \" style=\"--awb-padding-top:0px;--awb-padding-right:0px;--awb-padding-bottom:0px;--awb-padding-left:0px;--button_accent_color:var(--awb-custom_color_2);--button_accent_hover_color:var(--awb-custom_color_2);--button_border_hover_color:var(--awb-color4);--button_border_width-top:0;--button_border_width-right:0;--button_border_width-bottom:0;--button_border_width-left:0;--button_gradient_top_color:rgba(255,255,255,0);--button_gradient_bottom_color:rgba(255,255,255,0);--button_gradient_top_color_hover:rgba(255,255,255,0);--button_gradient_bottom_color_hover:rgba(255,255,255,0);--button_font_size:18px;--button_line_height:26px;--button_typography-letter-spacing:0.9px;--button_typography-font-family:&quot;Montserrat&quot;;--button_typography-font-style:normal;--button_typography-font-weight:700;\" target=\"_blank\" rel=\"noopener noreferrer\" href=\"https:\/\/www.ukw.de\/ausbildung-fort-und-weiterbildung\/staatliches-berufliches-schulzentrum-fuer-gesundheitsberufe\/berufsfachschule-fuer-pflege\/startseite\/\"><i class=\"icon-icon-pfeil-rechts-kreis awb-button__icon awb-button__icon--default button-icon-left\" aria-hidden=\"true\"><\/i><span class=\"fusion-button-text awb-button__text awb-button__text--default\">Learn More<\/span><\/a><\/div><\/div><\/div><div class=\"fusion-layout-column fusion_builder_column fusion-builder-column-35 fusion_builder_column_1_2 1_2 fusion-flex-column\" style=\"--awb-bg-size:cover;--awb-width-large:50%;--awb-margin-top-large:50px;--awb-spacing-right-large:3.84%;--awb-margin-bottom-large:0px;--awb-spacing-left-large:3.84%;--awb-width-medium:50%;--awb-order-medium:0;--awb-spacing-right-medium:3.84%;--awb-spacing-left-medium:3.84%;--awb-width-small:100%;--awb-order-small:0;--awb-spacing-right-small:1.92%;--awb-spacing-left-small:1.92%;\" data-scroll-devices=\"small-visibility,medium-visibility,large-visibility\"><div class=\"fusion-column-wrapper fusion-column-has-shadow fusion-flex-justify-content-flex-start fusion-content-layout-column\"><div class=\"fusion-text fusion-text-31\"><p><strong>Haven&#8217;t Found the Right Fit?<\/strong><br \/>\nUse our Career Check for Healthcare Professions to find the right training for you.<\/p>\n<\/div><div ><a class=\"fusion-button button-flat fusion-button-default-size button-custom fusion-button-default button-29 fusion-button-default-span \" style=\"--awb-padding-top:0px;--awb-padding-right:0px;--awb-padding-bottom:0px;--awb-padding-left:0px;--button_accent_color:var(--awb-custom_color_2);--button_accent_hover_color:var(--awb-custom_color_2);--button_border_hover_color:var(--awb-color4);--button_border_width-top:0;--button_border_width-right:0;--button_border_width-bottom:0;--button_border_width-left:0;--button_gradient_top_color:rgba(255,255,255,0);--button_gradient_bottom_color:rgba(255,255,255,0);--button_gradient_top_color_hover:rgba(255,255,255,0);--button_gradient_bottom_color_hover:rgba(255,255,255,0);--button_font_size:18px;--button_line_height:26px;--button_typography-letter-spacing:0.9px;--button_typography-font-family:&quot;Montserrat&quot;;--button_typography-font-style:normal;--button_typography-font-weight:700;\" target=\"_self\" href=\"https:\/\/career-mainfranken.com\/en\/career-guidance\/healthcare-professions-check\/\"><i class=\"icon-icon-pfeil-rechts-kreis awb-button__icon awb-button__icon--default button-icon-left\" aria-hidden=\"true\"><\/i><span class=\"fusion-button-text awb-button__text awb-button__text--default\">Go to Check<\/span><\/a><\/div><\/div><\/div><\/div><\/div><div class=\"fusion-fullwidth fullwidth-box fusion-builder-row-6 fusion-flex-container has-pattern-background has-mask-background nonhundred-percent-fullwidth non-hundred-percent-height-scrolling beruf\" style=\"--link_hover_color: var(--awb-custom_color_2);--link_color: var(--awb-custom_color_2);--awb-border-radius-top-left:0px;--awb-border-radius-top-right:0px;--awb-border-radius-bottom-right:0px;--awb-border-radius-bottom-left:0px;--awb-padding-top:100px;--awb-padding-bottom:110px;--awb-padding-top-medium:75px;--awb-padding-bottom-medium:55px;--awb-padding-top-small:50px;--awb-padding-bottom-small:30px;--awb-flex-wrap:wrap;\" ><div class=\"fusion-builder-row fusion-row fusion-flex-align-items-flex-start fusion-flex-justify-content-center fusion-flex-content-wrap\" style=\"max-width:1664px;margin-left: calc(-4% \/ 2 );margin-right: calc(-4% \/ 2 );\"><div class=\"fusion-layout-column fusion_builder_column fusion-builder-column-36 fusion-flex-column bild_abgerundet_schatten\" style=\"--awb-padding-top:20px;--awb-padding-right:45px;--awb-padding-bottom:20px;--awb-padding-left:55px;--awb-overflow:hidden;--awb-bg-color:var(--awb-color2);--awb-bg-color-hover:var(--awb-color2);--awb-bg-size:cover;--awb-box-shadow:10px 10px 0px 0px var(--awb-color5);;--awb-border-radius:60px 60px 60px 60px;--awb-width-large:auto;--awb-margin-top-large:0px;--awb-spacing-right-large:60px;--awb-margin-bottom-large:0px;--awb-spacing-left-large:0px;--awb-width-medium:80%;--awb-order-medium:0;--awb-spacing-right-medium:0px;--awb-margin-bottom-medium:40px;--awb-spacing-left-medium:0px;--awb-width-small:100%;--awb-order-small:0;--awb-spacing-right-small:0px;--awb-spacing-left-small:0px;\" data-scroll-devices=\"small-visibility,medium-visibility,large-visibility\"><div class=\"fusion-column-wrapper fusion-column-has-shadow fusion-flex-justify-content-flex-start fusion-content-layout-column\"><div class=\"fusion-image-element \" style=\"--awb-caption-title-font-family:var(--h2_typography-font-family);--awb-caption-title-font-weight:var(--h2_typography-font-weight);--awb-caption-title-font-style:var(--h2_typography-font-style);--awb-caption-title-size:var(--h2_typography-font-size);--awb-caption-title-transform:var(--h2_typography-text-transform);--awb-caption-title-line-height:var(--h2_typography-line-height);--awb-caption-title-letter-spacing:var(--h2_typography-letter-spacing);\"><span class=\" fusion-imageframe imageframe-none imageframe-3 hover-type-none\"><img decoding=\"async\" width=\"600\" height=\"567\" title=\"Pflegefachhelfer-in_Krankenpflege\" src=\"https:\/\/career-mainfranken.com\/wp-content\/uploads\/Pflegefachhelfer-in_Krankenpflege.png\" data-orig-src=\"https:\/\/career-mainfranken.com\/wp-content\/uploads\/Pflegefachhelfer-in_Krankenpflege.png\" alt class=\"lazyload img-responsive wp-image-1115\" srcset=\"data:image\/svg+xml,%3Csvg%20xmlns%3D%27http%3A%2F%2Fwww.w3.org%2F2000%2Fsvg%27%20width%3D%27600%27%20height%3D%27567%27%20viewBox%3D%270%200%20600%20567%27%3E%3Crect%20width%3D%27600%27%20height%3D%27567%27%20fill-opacity%3D%220%22%2F%3E%3C%2Fsvg%3E\" data-srcset=\"https:\/\/career-mainfranken.com\/wp-content\/uploads\/Pflegefachhelfer-in_Krankenpflege-200x189.png 200w, https:\/\/career-mainfranken.com\/wp-content\/uploads\/Pflegefachhelfer-in_Krankenpflege-400x378.png 400w, https:\/\/career-mainfranken.com\/wp-content\/uploads\/Pflegefachhelfer-in_Krankenpflege.png 600w\" data-sizes=\"auto\" data-orig-sizes=\"(max-width: 640px) 100vw, 600px\" \/><\/span><\/div><\/div><\/div><div class=\"fusion-layout-column fusion_builder_column fusion-builder-column-37 fusion_builder_column_1_2 1_2 fusion-flex-column fusion-flex-align-self-stretch ort_infos\" style=\"--awb-bg-size:cover;--awb-width-large:50%;--awb-margin-top-large:0px;--awb-spacing-right-large:0px;--awb-margin-bottom-large:0px;--awb-spacing-left-large:60px;--awb-width-medium:80%;--awb-order-medium:1;--awb-spacing-right-medium:0px;--awb-spacing-left-medium:0px;--awb-width-small:100%;--awb-order-small:1;--awb-spacing-right-small:0px;--awb-spacing-left-small:0px;\" data-scroll-devices=\"small-visibility,medium-visibility,large-visibility\"><div class=\"fusion-column-wrapper fusion-column-has-shadow fusion-flex-justify-content-center fusion-content-layout-column\"><div class=\"fusion-title title fusion-title-6 fusion-sep-none fusion-title-text fusion-title-size-two\" style=\"--awb-margin-top-small:0px;--awb-margin-right-small:0px;--awb-margin-bottom-small:0px;--awb-margin-left-small:0px;--awb-font-size:var(--awb-typography1-font-size);\"><h2 class=\"fusion-title-heading title-heading-left fusion-responsive-typography-calculated\" style=\"font-family:var(--awb-typography1-font-family);font-weight:var(--awb-typography1-font-weight);font-style:var(--awb-typography1-font-style);margin:0;letter-spacing:var(--awb-typography1-letter-spacing);text-transform:var(--awb-typography1-text-transform);font-size:1em;--fontSize:40;line-height:1.25;\"><a id=\"Pflegefachhelfer\"><\/a><br \/>\nNursing Assistant (General Nursing)<\/h2><\/div><div class=\"fusion-separator trenner_links\" style=\"align-self: flex-start;margin-right:auto;margin-top:25px;margin-bottom:25px;width:100%;max-width:100px;\"><div class=\"fusion-separator-border sep-single sep-solid\" style=\"--awb-height:20px;--awb-amount:20px;border-color:var(--awb-custom_color_2);border-top-width:4px;\"><\/div><\/div><div class=\"fusion-text fusion-text-32\"><p>You want a career with a future and a varied professional life with purpose. As a nursing assistant for medical care, you support doctors and nurses in patient care, assist with examinations, and ensure professional medical hygiene standards. You apply bandages, take care of wound care, and monitor vital signs. You are the heart and soul of the ward, always helpful and empathetic, and the first point of contact for your patients and their relatives. This one-year training is a real springboard into the healthcare sector.<\/p>\n<\/div><\/div><\/div><\/div><\/div><div class=\"fusion-fullwidth fullwidth-box fusion-builder-row-7 fusion-flex-container has-pattern-background has-mask-background nonhundred-percent-fullwidth non-hundred-percent-height-scrolling\" style=\"--awb-border-radius-top-left:0px;--awb-border-radius-top-right:0px;--awb-border-radius-bottom-right:0px;--awb-border-radius-bottom-left:0px;--awb-padding-top:50px;--awb-padding-bottom:50px;--awb-background-color:var(--awb-color3);--awb-flex-wrap:wrap;\" ><div class=\"fusion-builder-row fusion-row fusion-flex-align-items-flex-start fusion-flex-content-wrap\" style=\"max-width:1664px;margin-left: calc(-4% \/ 2 );margin-right: calc(-4% \/ 2 );\"><div class=\"fusion-layout-column fusion_builder_column fusion-builder-column-38 fusion_builder_column_1_1 1_1 fusion-flex-column\" style=\"--awb-bg-size:cover;--awb-width-large:100%;--awb-margin-top-large:0px;--awb-spacing-right-large:1.92%;--awb-margin-bottom-large:0px;--awb-spacing-left-large:1.92%;--awb-width-medium:100%;--awb-order-medium:0;--awb-spacing-right-medium:1.92%;--awb-spacing-left-medium:1.92%;--awb-width-small:100%;--awb-order-small:0;--awb-spacing-right-small:1.92%;--awb-spacing-left-small:1.92%;\" data-scroll-devices=\"small-visibility,medium-visibility,large-visibility\"><div class=\"fusion-column-wrapper fusion-column-has-shadow fusion-flex-justify-content-flex-start fusion-content-layout-column\"><div class=\"fusion-title title fusion-title-7 fusion-sep-none fusion-title-text fusion-title-size-three\" style=\"--awb-margin-top-small:0px;--awb-margin-right-small:0px;--awb-margin-bottom-small:0px;--awb-margin-left-small:0px;\"><h3 class=\"fusion-title-heading title-heading-left fusion-responsive-typography-calculated\" style=\"margin:0;letter-spacing:1.3px;text-transform:uppercase;--fontSize:26;--minFontSize:26;line-height:1.15;\">School-based Training Positions for Nursing Assistant (Medical Care)<\/h3><\/div><\/div><\/div><div class=\"fusion-layout-column fusion_builder_column fusion-builder-column-39 fusion_builder_column_1_2 1_2 fusion-flex-column\" style=\"--awb-bg-size:cover;--awb-width-large:50%;--awb-margin-top-large:50px;--awb-spacing-right-large:3.84%;--awb-margin-bottom-large:0px;--awb-spacing-left-large:3.84%;--awb-width-medium:50%;--awb-order-medium:0;--awb-spacing-right-medium:3.84%;--awb-spacing-left-medium:3.84%;--awb-width-small:100%;--awb-order-small:0;--awb-spacing-right-small:1.92%;--awb-spacing-left-small:1.92%;\" data-scroll-devices=\"small-visibility,medium-visibility,large-visibility\"><div class=\"fusion-column-wrapper fusion-column-has-shadow fusion-flex-justify-content-flex-start fusion-content-layout-column\"><div class=\"fusion-text fusion-text-33\"><p><strong>Carereer \u2013 Ha\u00dffurt<\/strong><br \/>\nAssociation of Vocational Schools for Health Care and Nursing Professions<br \/>\nHa\u00dffurt\/Schweinfurt<\/p>\n<\/div><div ><a class=\"fusion-button button-flat fusion-button-default-size button-custom fusion-button-default button-30 fusion-button-default-span \" style=\"--awb-padding-top:0px;--awb-padding-right:0px;--awb-padding-bottom:0px;--awb-padding-left:0px;--button_accent_color:var(--awb-custom_color_2);--button_accent_hover_color:var(--awb-custom_color_2);--button_border_hover_color:var(--awb-color4);--button_border_width-top:0;--button_border_width-right:0;--button_border_width-bottom:0;--button_border_width-left:0;--button_gradient_top_color:rgba(255,255,255,0);--button_gradient_bottom_color:rgba(255,255,255,0);--button_gradient_top_color_hover:rgba(255,255,255,0);--button_gradient_bottom_color_hover:rgba(255,255,255,0);--button_font_size:18px;--button_line_height:26px;--button_typography-letter-spacing:0.9px;--button_typography-font-family:&quot;Montserrat&quot;;--button_typography-font-style:normal;--button_typography-font-weight:700;\" target=\"_blank\" rel=\"noopener noreferrer\" href=\"https:\/\/carereer.de\/startseite.html\"><i class=\"icon-icon-pfeil-rechts-kreis awb-button__icon awb-button__icon--default button-icon-left\" aria-hidden=\"true\"><\/i><span class=\"fusion-button-text awb-button__text awb-button__text--default\">Learn More<\/span><\/a><\/div><\/div><\/div><div class=\"fusion-layout-column fusion_builder_column fusion-builder-column-40 fusion_builder_column_1_2 1_2 fusion-flex-column\" style=\"--awb-bg-size:cover;--awb-width-large:50%;--awb-margin-top-large:50px;--awb-spacing-right-large:3.84%;--awb-margin-bottom-large:0px;--awb-spacing-left-large:3.84%;--awb-width-medium:50%;--awb-order-medium:0;--awb-spacing-right-medium:3.84%;--awb-spacing-left-medium:3.84%;--awb-width-small:100%;--awb-order-small:0;--awb-spacing-right-small:1.92%;--awb-spacing-left-small:1.92%;\" data-scroll-devices=\"small-visibility,medium-visibility,large-visibility\"><div class=\"fusion-column-wrapper fusion-column-has-shadow fusion-flex-justify-content-flex-start fusion-content-layout-column\"><div class=\"fusion-text fusion-text-34\"><p><strong>Carereer \u2013 Schweinfurt<\/strong><br \/>\nAssociation of Vocational Schools for Health Care and Nursing Professions<br \/>\nHa\u00dffurt\/Schweinfurt<\/p>\n<\/div><div ><a class=\"fusion-button button-flat fusion-button-default-size button-custom fusion-button-default button-31 fusion-button-default-span \" style=\"--awb-padding-top:0px;--awb-padding-right:0px;--awb-padding-bottom:0px;--awb-padding-left:0px;--button_accent_color:var(--awb-custom_color_2);--button_accent_hover_color:var(--awb-custom_color_2);--button_border_hover_color:var(--awb-color4);--button_border_width-top:0;--button_border_width-right:0;--button_border_width-bottom:0;--button_border_width-left:0;--button_gradient_top_color:rgba(255,255,255,0);--button_gradient_bottom_color:rgba(255,255,255,0);--button_gradient_top_color_hover:rgba(255,255,255,0);--button_gradient_bottom_color_hover:rgba(255,255,255,0);--button_font_size:18px;--button_line_height:26px;--button_typography-letter-spacing:0.9px;--button_typography-font-family:&quot;Montserrat&quot;;--button_typography-font-style:normal;--button_typography-font-weight:700;\" target=\"_blank\" rel=\"noopener noreferrer\" href=\"https:\/\/carereer.de\/startseite.html\"><i class=\"icon-icon-pfeil-rechts-kreis awb-button__icon awb-button__icon--default button-icon-left\" aria-hidden=\"true\"><\/i><span class=\"fusion-button-text awb-button__text awb-button__text--default\">Learn More<\/span><\/a><\/div><\/div><\/div><div class=\"fusion-layout-column fusion_builder_column fusion-builder-column-41 fusion_builder_column_1_2 1_2 fusion-flex-column\" style=\"--awb-bg-size:cover;--awb-width-large:50%;--awb-margin-top-large:50px;--awb-spacing-right-large:3.84%;--awb-margin-bottom-large:0px;--awb-spacing-left-large:3.84%;--awb-width-medium:50%;--awb-order-medium:0;--awb-spacing-right-medium:3.84%;--awb-spacing-left-medium:3.84%;--awb-width-small:100%;--awb-order-small:0;--awb-spacing-right-small:1.92%;--awb-spacing-left-small:1.92%;\" data-scroll-devices=\"small-visibility,medium-visibility,large-visibility\"><div class=\"fusion-column-wrapper fusion-column-has-shadow fusion-flex-justify-content-flex-start fusion-content-layout-column\"><div class=\"fusion-text fusion-text-35\"><p><strong>Kitzinger Land \u2013 Kitzingen<\/strong><br \/>\nVocational School for Nursing of the Municipal Enterprise Kitzinger Land<\/p>\n<\/div><div ><a class=\"fusion-button button-flat fusion-button-default-size button-custom fusion-button-default button-32 fusion-button-default-span \" style=\"--awb-padding-top:0px;--awb-padding-right:0px;--awb-padding-bottom:0px;--awb-padding-left:0px;--button_accent_color:var(--awb-custom_color_2);--button_accent_hover_color:var(--awb-custom_color_2);--button_border_hover_color:var(--awb-color4);--button_border_width-top:0;--button_border_width-right:0;--button_border_width-bottom:0;--button_border_width-left:0;--button_gradient_top_color:rgba(255,255,255,0);--button_gradient_bottom_color:rgba(255,255,255,0);--button_gradient_top_color_hover:rgba(255,255,255,0);--button_gradient_bottom_color_hover:rgba(255,255,255,0);--button_font_size:18px;--button_line_height:26px;--button_typography-letter-spacing:0.9px;--button_typography-font-family:&quot;Montserrat&quot;;--button_typography-font-style:normal;--button_typography-font-weight:700;\" target=\"_blank\" rel=\"noopener noreferrer\" href=\"https:\/\/www.komm-ins-klinikland.de\/pflegeschule\/\"><i class=\"icon-icon-pfeil-rechts-kreis awb-button__icon awb-button__icon--default button-icon-left\" aria-hidden=\"true\"><\/i><span class=\"fusion-button-text awb-button__text awb-button__text--default\">Learn More<\/span><\/a><\/div><\/div><\/div><div class=\"fusion-layout-column fusion_builder_column fusion-builder-column-42 fusion_builder_column_1_2 1_2 fusion-flex-column\" style=\"--awb-bg-size:cover;--awb-width-large:50%;--awb-margin-top-large:50px;--awb-spacing-right-large:3.84%;--awb-margin-bottom-large:0px;--awb-spacing-left-large:3.84%;--awb-width-medium:50%;--awb-order-medium:0;--awb-spacing-right-medium:3.84%;--awb-spacing-left-medium:3.84%;--awb-width-small:100%;--awb-order-small:0;--awb-spacing-right-small:1.92%;--awb-spacing-left-small:1.92%;\" data-scroll-devices=\"small-visibility,medium-visibility,large-visibility\"><div class=\"fusion-column-wrapper fusion-column-has-shadow fusion-flex-justify-content-flex-start fusion-content-layout-column\"><div class=\"fusion-text fusion-text-36\"><p><strong>Klinikum Main-Spessart \u2013 Marktheidenfeld<\/strong><br \/>\nEducation Center for Nursing Professions of Klinikum Main-Spessart<\/p>\n<\/div><div ><a class=\"fusion-button button-flat fusion-button-default-size button-custom fusion-button-default button-33 fusion-button-default-span \" style=\"--awb-padding-top:0px;--awb-padding-right:0px;--awb-padding-bottom:0px;--awb-padding-left:0px;--button_accent_color:var(--awb-custom_color_2);--button_accent_hover_color:var(--awb-custom_color_2);--button_border_hover_color:var(--awb-color4);--button_border_width-top:0;--button_border_width-right:0;--button_border_width-bottom:0;--button_border_width-left:0;--button_gradient_top_color:rgba(255,255,255,0);--button_gradient_bottom_color:rgba(255,255,255,0);--button_gradient_top_color_hover:rgba(255,255,255,0);--button_gradient_bottom_color_hover:rgba(255,255,255,0);--button_font_size:18px;--button_line_height:26px;--button_typography-letter-spacing:0.9px;--button_typography-font-family:&quot;Montserrat&quot;;--button_typography-font-style:normal;--button_typography-font-weight:700;\" target=\"_blank\" rel=\"noopener noreferrer\" href=\"https:\/\/www.klinikum-msp.de\/karriere\/ausbildung\/pflegefachhelfer-pflegefachhelferin-w-m-d\"><i class=\"icon-icon-pfeil-rechts-kreis awb-button__icon awb-button__icon--default button-icon-left\" aria-hidden=\"true\"><\/i><span class=\"fusion-button-text awb-button__text awb-button__text--default\">Learn More<\/span><\/a><\/div><\/div><\/div><div class=\"fusion-layout-column fusion_builder_column fusion-builder-column-43 fusion_builder_column_1_2 1_2 fusion-flex-column\" style=\"--awb-bg-size:cover;--awb-width-large:50%;--awb-margin-top-large:50px;--awb-spacing-right-large:3.84%;--awb-margin-bottom-large:0px;--awb-spacing-left-large:3.84%;--awb-width-medium:50%;--awb-order-medium:0;--awb-spacing-right-medium:3.84%;--awb-spacing-left-medium:3.84%;--awb-width-small:100%;--awb-order-small:0;--awb-spacing-right-small:1.92%;--awb-spacing-left-small:1.92%;\" data-scroll-devices=\"small-visibility,medium-visibility,large-visibility\"><div class=\"fusion-column-wrapper fusion-column-has-shadow fusion-flex-justify-content-flex-start fusion-content-layout-column\"><div class=\"fusion-text fusion-text-37\"><p><strong>Nursing Association Munich of the BRK e.V. \u2013 W\u00fcrzburg<\/strong><br \/>\nVocational School for Nursing W\u00fcrzburg of the Nursing Association Munich of the BRK e.V.<\/p>\n<\/div><div ><a class=\"fusion-button button-flat fusion-button-default-size button-custom fusion-button-default button-34 fusion-button-default-span \" style=\"--awb-padding-top:0px;--awb-padding-right:0px;--awb-padding-bottom:0px;--awb-padding-left:0px;--button_accent_color:var(--awb-custom_color_2);--button_accent_hover_color:var(--awb-custom_color_2);--button_border_hover_color:var(--awb-color4);--button_border_width-top:0;--button_border_width-right:0;--button_border_width-bottom:0;--button_border_width-left:0;--button_gradient_top_color:rgba(255,255,255,0);--button_gradient_bottom_color:rgba(255,255,255,0);--button_gradient_top_color_hover:rgba(255,255,255,0);--button_gradient_bottom_color_hover:rgba(255,255,255,0);--button_font_size:18px;--button_line_height:26px;--button_typography-letter-spacing:0.9px;--button_typography-font-family:&quot;Montserrat&quot;;--button_typography-font-style:normal;--button_typography-font-weight:700;\" target=\"_blank\" rel=\"noopener noreferrer\" href=\"https:\/\/www.swm-pflegeschule-wuerzburg.de\/\"><i class=\"icon-icon-pfeil-rechts-kreis awb-button__icon awb-button__icon--default button-icon-left\" aria-hidden=\"true\"><\/i><span class=\"fusion-button-text awb-button__text awb-button__text--default\">Learn More<\/span><\/a><\/div><\/div><\/div><div class=\"fusion-layout-column fusion_builder_column fusion-builder-column-44 fusion_builder_column_1_2 1_2 fusion-flex-column\" style=\"--awb-bg-size:cover;--awb-width-large:50%;--awb-margin-top-large:50px;--awb-spacing-right-large:3.84%;--awb-margin-bottom-large:0px;--awb-spacing-left-large:3.84%;--awb-width-medium:50%;--awb-order-medium:0;--awb-spacing-right-medium:3.84%;--awb-spacing-left-medium:3.84%;--awb-width-small:100%;--awb-order-small:0;--awb-spacing-right-small:1.92%;--awb-spacing-left-small:1.92%;\" data-scroll-devices=\"small-visibility,medium-visibility,large-visibility\"><div class=\"fusion-column-wrapper fusion-column-has-shadow fusion-flex-justify-content-flex-start fusion-content-layout-column\"><div class=\"fusion-text fusion-text-38\"><p><strong>Haven&#8217;t Found the Right Fit?<\/strong><br \/>\nUse our Career Check for Healthcare Professions to find the right training for you.<\/p>\n<\/div><div ><a class=\"fusion-button button-flat fusion-button-default-size button-custom fusion-button-default button-35 fusion-button-default-span \" style=\"--awb-padding-top:0px;--awb-padding-right:0px;--awb-padding-bottom:0px;--awb-padding-left:0px;--button_accent_color:var(--awb-custom_color_2);--button_accent_hover_color:var(--awb-custom_color_2);--button_border_hover_color:var(--awb-color4);--button_border_width-top:0;--button_border_width-right:0;--button_border_width-bottom:0;--button_border_width-left:0;--button_gradient_top_color:rgba(255,255,255,0);--button_gradient_bottom_color:rgba(255,255,255,0);--button_gradient_top_color_hover:rgba(255,255,255,0);--button_gradient_bottom_color_hover:rgba(255,255,255,0);--button_font_size:18px;--button_line_height:26px;--button_typography-letter-spacing:0.9px;--button_typography-font-family:&quot;Montserrat&quot;;--button_typography-font-style:normal;--button_typography-font-weight:700;\" target=\"_self\" href=\"https:\/\/career-mainfranken.com\/en\/career-guidance\/healthcare-professions-check\/\"><i class=\"icon-icon-pfeil-rechts-kreis awb-button__icon awb-button__icon--default button-icon-left\" aria-hidden=\"true\"><\/i><span class=\"fusion-button-text awb-button__text awb-button__text--default\">Go to Check<\/span><\/a><\/div><\/div><\/div><\/div><\/div><div class=\"fusion-fullwidth fullwidth-box fusion-builder-row-8 fusion-flex-container has-pattern-background has-mask-background nonhundred-percent-fullwidth non-hundred-percent-height-scrolling beruf\" style=\"--link_hover_color: var(--awb-color1);--link_color: var(--awb-color1);--awb-border-radius-top-left:0px;--awb-border-radius-top-right:0px;--awb-border-radius-bottom-right:0px;--awb-border-radius-bottom-left:0px;--awb-padding-top:100px;--awb-padding-bottom:110px;--awb-padding-top-medium:75px;--awb-padding-bottom-medium:55px;--awb-padding-top-small:50px;--awb-padding-bottom-small:30px;--awb-flex-wrap:wrap;\" ><div class=\"fusion-builder-row fusion-row fusion-flex-align-items-flex-start fusion-flex-justify-content-center fusion-flex-content-wrap\" style=\"max-width:1664px;margin-left: calc(-4% \/ 2 );margin-right: calc(-4% \/ 2 );\"><div class=\"fusion-layout-column fusion_builder_column fusion-builder-column-45 fusion_builder_column_1_2 1_2 fusion-flex-column fusion-flex-align-self-stretch ort_infos\" style=\"--awb-bg-size:cover;--awb-width-large:50%;--awb-margin-top-large:0px;--awb-spacing-right-large:60px;--awb-margin-bottom-large:0px;--awb-spacing-left-large:0px;--awb-width-medium:80%;--awb-order-medium:1;--awb-spacing-right-medium:0px;--awb-spacing-left-medium:0px;--awb-width-small:100%;--awb-order-small:1;--awb-spacing-right-small:0px;--awb-spacing-left-small:0px;\" data-scroll-devices=\"small-visibility,medium-visibility,large-visibility\"><div class=\"fusion-column-wrapper fusion-column-has-shadow fusion-flex-justify-content-center fusion-content-layout-column\"><div class=\"fusion-title title fusion-title-8 fusion-sep-none fusion-title-text fusion-title-size-two\" style=\"--awb-margin-top-small:0px;--awb-margin-right-small:0px;--awb-margin-bottom-small:0px;--awb-margin-left-small:0px;--awb-font-size:var(--awb-typography1-font-size);\"><h2 class=\"fusion-title-heading title-heading-left fusion-responsive-typography-calculated\" style=\"font-family:var(--awb-typography1-font-family);font-weight:var(--awb-typography1-font-weight);font-style:var(--awb-typography1-font-style);margin:0;letter-spacing:var(--awb-typography1-letter-spacing);text-transform:var(--awb-typography1-text-transform);font-size:1em;--fontSize:40;line-height:1.25;\"><a id=\"Heilerziehungspfleger\"><\/a><br \/>\nSpecial Needs Educator &#8211; HEP<\/h2><\/div><div class=\"fusion-separator trenner_links\" style=\"align-self: flex-start;margin-right:auto;margin-top:25px;margin-bottom:25px;width:100%;max-width:100px;\"><div class=\"fusion-separator-border sep-single sep-solid\" style=\"--awb-height:20px;--awb-amount:20px;border-color:var(--awb-custom_color_2);border-top-width:4px;\"><\/div><\/div><div class=\"fusion-text fusion-text-39\"><p>Are you outgoing and open-minded? Unbridled joy for life and honest, direct feedback don&#8217;t faze you. As a special needs educator, you are a specialized and sought-after professional who accompanies people with mental and\/or physical disabilities of all ages in their daily lives. In residential groups or one-on-one care, you closely participate in your clients&#8217; lives, help them achieve more independence in daily life, plan individual support and leisure activities, and experience first-hand the joy of individual development.<\/p>\n<\/div><\/div><\/div><div class=\"fusion-layout-column fusion_builder_column fusion-builder-column-46 fusion-flex-column ort_bild bild_abgerundet_schatten\" style=\"--awb-padding-top:20px;--awb-padding-right:45px;--awb-padding-bottom:20px;--awb-padding-left:55px;--awb-overflow:hidden;--awb-bg-color:var(--awb-color2);--awb-bg-color-hover:var(--awb-color2);--awb-bg-size:cover;--awb-box-shadow:10px 10px 0px 0px var(--awb-color5);;--awb-border-radius:60px 60px 60px 60px;--awb-width-large:auto;--awb-margin-top-large:0px;--awb-spacing-right-large:0px;--awb-margin-bottom-large:0px;--awb-spacing-left-large:60px;--awb-width-medium:80%;--awb-order-medium:0;--awb-spacing-right-medium:0px;--awb-margin-bottom-medium:40px;--awb-spacing-left-medium:0px;--awb-width-small:100%;--awb-order-small:0;--awb-spacing-right-small:0px;--awb-spacing-left-small:0px;\" data-scroll-devices=\"small-visibility,medium-visibility,large-visibility\"><div class=\"fusion-column-wrapper fusion-column-has-shadow fusion-flex-justify-content-flex-start fusion-content-layout-column\"><div class=\"fusion-image-element \" style=\"--awb-caption-title-font-family:var(--h2_typography-font-family);--awb-caption-title-font-weight:var(--h2_typography-font-weight);--awb-caption-title-font-style:var(--h2_typography-font-style);--awb-caption-title-size:var(--h2_typography-font-size);--awb-caption-title-transform:var(--h2_typography-text-transform);--awb-caption-title-line-height:var(--h2_typography-line-height);--awb-caption-title-letter-spacing:var(--h2_typography-letter-spacing);\"><span class=\" fusion-imageframe imageframe-none imageframe-4 hover-type-none\"><img decoding=\"async\" width=\"600\" height=\"498\" title=\"Heilerziehungspfleger-in _HEP\" src=\"https:\/\/career-mainfranken.com\/wp-content\/uploads\/Heilerziehungspfleger-in-_HEP.png\" data-orig-src=\"https:\/\/career-mainfranken.com\/wp-content\/uploads\/Heilerziehungspfleger-in-_HEP.png\" alt class=\"lazyload img-responsive wp-image-1113\" srcset=\"data:image\/svg+xml,%3Csvg%20xmlns%3D%27http%3A%2F%2Fwww.w3.org%2F2000%2Fsvg%27%20width%3D%27600%27%20height%3D%27498%27%20viewBox%3D%270%200%20600%20498%27%3E%3Crect%20width%3D%27600%27%20height%3D%27498%27%20fill-opacity%3D%220%22%2F%3E%3C%2Fsvg%3E\" data-srcset=\"https:\/\/career-mainfranken.com\/wp-content\/uploads\/Heilerziehungspfleger-in-_HEP-200x166.png 200w, https:\/\/career-mainfranken.com\/wp-content\/uploads\/Heilerziehungspfleger-in-_HEP-400x332.png 400w, https:\/\/career-mainfranken.com\/wp-content\/uploads\/Heilerziehungspfleger-in-_HEP.png 600w\" data-sizes=\"auto\" data-orig-sizes=\"(max-width: 640px) 100vw, 600px\" \/><\/span><\/div><\/div><\/div><\/div><\/div><div class=\"fusion-fullwidth fullwidth-box fusion-builder-row-9 fusion-flex-container has-pattern-background has-mask-background nonhundred-percent-fullwidth non-hundred-percent-height-scrolling\" style=\"--awb-border-radius-top-left:0px;--awb-border-radius-top-right:0px;--awb-border-radius-bottom-right:0px;--awb-border-radius-bottom-left:0px;--awb-padding-top:50px;--awb-padding-bottom:50px;--awb-background-color:var(--awb-color3);--awb-flex-wrap:wrap;\" ><div class=\"fusion-builder-row fusion-row fusion-flex-align-items-flex-start fusion-flex-content-wrap\" style=\"max-width:1664px;margin-left: calc(-4% \/ 2 );margin-right: calc(-4% \/ 2 );\"><div class=\"fusion-layout-column fusion_builder_column fusion-builder-column-47 fusion_builder_column_1_1 1_1 fusion-flex-column\" style=\"--awb-bg-size:cover;--awb-width-large:100%;--awb-margin-top-large:0px;--awb-spacing-right-large:1.92%;--awb-margin-bottom-large:0px;--awb-spacing-left-large:1.92%;--awb-width-medium:100%;--awb-order-medium:0;--awb-spacing-right-medium:1.92%;--awb-spacing-left-medium:1.92%;--awb-width-small:100%;--awb-order-small:0;--awb-spacing-right-small:1.92%;--awb-spacing-left-small:1.92%;\" data-scroll-devices=\"small-visibility,medium-visibility,large-visibility\"><div class=\"fusion-column-wrapper fusion-column-has-shadow fusion-flex-justify-content-flex-start fusion-content-layout-column\"><div class=\"fusion-title title fusion-title-9 fusion-sep-none fusion-title-text fusion-title-size-three\" style=\"--awb-margin-top-small:0px;--awb-margin-right-small:0px;--awb-margin-bottom-small:0px;--awb-margin-left-small:0px;\"><h3 class=\"fusion-title-heading title-heading-left fusion-responsive-typography-calculated\" style=\"margin:0;letter-spacing:1.3px;text-transform:uppercase;--fontSize:26;--minFontSize:26;line-height:1.15;\">School-based Training Positions for Special Needs Educator &#8211; HEP<\/h3><\/div><\/div><\/div><div class=\"fusion-layout-column fusion_builder_column fusion-builder-column-48 fusion_builder_column_1_2 1_2 fusion-flex-column\" style=\"--awb-bg-size:cover;--awb-width-large:50%;--awb-margin-top-large:50px;--awb-spacing-right-large:3.84%;--awb-margin-bottom-large:0px;--awb-spacing-left-large:3.84%;--awb-width-medium:50%;--awb-order-medium:0;--awb-spacing-right-medium:3.84%;--awb-spacing-left-medium:3.84%;--awb-width-small:100%;--awb-order-small:0;--awb-spacing-right-small:1.92%;--awb-spacing-left-small:1.92%;\" data-scroll-devices=\"small-visibility,medium-visibility,large-visibility\"><div class=\"fusion-column-wrapper fusion-column-has-shadow fusion-flex-justify-content-flex-start fusion-content-layout-column\"><div class=\"fusion-text fusion-text-40\"><p><strong>Caritas-Schulen gGmbH \u2013 M\u00fcnnerstadt<\/strong><br \/>\nVocational School for Special Needs Education of Caritas-Schulen gGmbH in M\u00fcnnerstadt<\/p>\n<\/div><div ><a class=\"fusion-button button-flat fusion-button-default-size button-custom fusion-button-default button-36 fusion-button-default-span \" style=\"--awb-padding-top:0px;--awb-padding-right:0px;--awb-padding-bottom:0px;--awb-padding-left:0px;--button_accent_color:var(--awb-custom_color_2);--button_accent_hover_color:var(--awb-custom_color_2);--button_border_hover_color:var(--awb-color4);--button_border_width-top:0;--button_border_width-right:0;--button_border_width-bottom:0;--button_border_width-left:0;--button_gradient_top_color:rgba(255,255,255,0);--button_gradient_bottom_color:rgba(255,255,255,0);--button_gradient_top_color_hover:rgba(255,255,255,0);--button_gradient_bottom_color_hover:rgba(255,255,255,0);--button_font_size:18px;--button_line_height:26px;--button_typography-letter-spacing:0.9px;--button_typography-font-family:&quot;Montserrat&quot;;--button_typography-font-style:normal;--button_typography-font-weight:700;\" target=\"_blank\" rel=\"noopener noreferrer\" href=\"https:\/\/www.bbz-muennerstadt.de\/cms\/website.php?id=\/de\/index\/heilerziehungspflege.htm\"><i class=\"icon-icon-pfeil-rechts-kreis awb-button__icon awb-button__icon--default button-icon-left\" aria-hidden=\"true\"><\/i><span class=\"fusion-button-text awb-button__text awb-button__text--default\">Learn More<\/span><\/a><\/div><\/div><\/div><div class=\"fusion-layout-column fusion_builder_column fusion-builder-column-49 fusion_builder_column_1_2 1_2 fusion-flex-column\" style=\"--awb-bg-size:cover;--awb-width-large:50%;--awb-margin-top-large:50px;--awb-spacing-right-large:3.84%;--awb-margin-bottom-large:0px;--awb-spacing-left-large:3.84%;--awb-width-medium:50%;--awb-order-medium:0;--awb-spacing-right-medium:3.84%;--awb-spacing-left-medium:3.84%;--awb-width-small:100%;--awb-order-small:0;--awb-spacing-right-small:1.92%;--awb-spacing-left-small:1.92%;\" data-scroll-devices=\"small-visibility,medium-visibility,large-visibility\"><div class=\"fusion-column-wrapper fusion-column-has-shadow fusion-flex-justify-content-flex-start fusion-content-layout-column\"><div class=\"fusion-text fusion-text-41\"><p><strong>GGSD \u2013 Schweinfurt<\/strong><br \/>\nVocational School for Special Needs Education Schweinfurt of GGSD<\/p>\n<\/div><div ><a class=\"fusion-button button-flat fusion-button-default-size button-custom fusion-button-default button-37 fusion-button-default-span \" style=\"--awb-padding-top:0px;--awb-padding-right:0px;--awb-padding-bottom:0px;--awb-padding-left:0px;--button_accent_color:var(--awb-custom_color_2);--button_accent_hover_color:var(--awb-custom_color_2);--button_border_hover_color:var(--awb-color4);--button_border_width-top:0;--button_border_width-right:0;--button_border_width-bottom:0;--button_border_width-left:0;--button_gradient_top_color:rgba(255,255,255,0);--button_gradient_bottom_color:rgba(255,255,255,0);--button_gradient_top_color_hover:rgba(255,255,255,0);--button_gradient_bottom_color_hover:rgba(255,255,255,0);--button_font_size:18px;--button_line_height:26px;--button_typography-letter-spacing:0.9px;--button_typography-font-family:&quot;Montserrat&quot;;--button_typography-font-style:normal;--button_typography-font-weight:700;\" target=\"_blank\" rel=\"noopener noreferrer\" href=\"https:\/\/ggsd.de\/bildungsangebot\/ausbildung\/bfachschule-fuer-heilerziehungspflege-schweinfurt\"><i class=\"icon-icon-pfeil-rechts-kreis awb-button__icon awb-button__icon--default button-icon-left\" aria-hidden=\"true\"><\/i><span class=\"fusion-button-text awb-button__text awb-button__text--default\">Learn More<\/span><\/a><\/div><\/div><\/div><div class=\"fusion-layout-column fusion_builder_column fusion-builder-column-50 fusion_builder_column_1_2 1_2 fusion-flex-column\" style=\"--awb-bg-size:cover;--awb-width-large:50%;--awb-margin-top-large:50px;--awb-spacing-right-large:3.84%;--awb-margin-bottom-large:0px;--awb-spacing-left-large:3.84%;--awb-width-medium:50%;--awb-order-medium:0;--awb-spacing-right-medium:3.84%;--awb-spacing-left-medium:3.84%;--awb-width-small:100%;--awb-order-small:0;--awb-spacing-right-small:1.92%;--awb-spacing-left-small:1.92%;\" data-scroll-devices=\"small-visibility,medium-visibility,large-visibility\"><div class=\"fusion-column-wrapper fusion-column-has-shadow fusion-flex-justify-content-flex-start fusion-content-layout-column\"><div class=\"fusion-text fusion-text-42\"><p><strong>Robert-K\u00fcmmert-Akademie gGmbH \u2013 W\u00fcrzburg<\/strong><br \/>\nDr. Maria-Probst-School, Vocational School for Special Needs Education and Special Needs Care Assistance of Robert-K\u00fcmmert-Akademie gGmbH in W\u00fcrzburg<\/p>\n<\/div><div ><a class=\"fusion-button button-flat fusion-button-default-size button-custom fusion-button-default button-38 fusion-button-default-span \" style=\"--awb-padding-top:0px;--awb-padding-right:0px;--awb-padding-bottom:0px;--awb-padding-left:0px;--button_accent_color:var(--awb-custom_color_2);--button_accent_hover_color:var(--awb-custom_color_2);--button_border_hover_color:var(--awb-color4);--button_border_width-top:0;--button_border_width-right:0;--button_border_width-bottom:0;--button_border_width-left:0;--button_gradient_top_color:rgba(255,255,255,0);--button_gradient_bottom_color:rgba(255,255,255,0);--button_gradient_top_color_hover:rgba(255,255,255,0);--button_gradient_bottom_color_hover:rgba(255,255,255,0);--button_font_size:18px;--button_line_height:26px;--button_typography-letter-spacing:0.9px;--button_typography-font-family:&quot;Montserrat&quot;;--button_typography-font-style:normal;--button_typography-font-weight:700;\" target=\"_blank\" rel=\"noopener noreferrer\" href=\"https:\/\/www.rka-wuerzburg.de\/dmps\/ausbildung\/\"><i class=\"icon-icon-pfeil-rechts-kreis awb-button__icon awb-button__icon--default button-icon-left\" aria-hidden=\"true\"><\/i><span class=\"fusion-button-text awb-button__text awb-button__text--default\">Learn More<\/span><\/a><\/div><\/div><\/div><div class=\"fusion-layout-column fusion_builder_column fusion-builder-column-51 fusion_builder_column_1_2 1_2 fusion-flex-column\" style=\"--awb-bg-size:cover;--awb-width-large:50%;--awb-margin-top-large:50px;--awb-spacing-right-large:3.84%;--awb-margin-bottom-large:0px;--awb-spacing-left-large:3.84%;--awb-width-medium:50%;--awb-order-medium:0;--awb-spacing-right-medium:3.84%;--awb-spacing-left-medium:3.84%;--awb-width-small:100%;--awb-order-small:0;--awb-spacing-right-small:1.92%;--awb-spacing-left-small:1.92%;\" data-scroll-devices=\"small-visibility,medium-visibility,large-visibility\"><div class=\"fusion-column-wrapper fusion-column-has-shadow fusion-flex-justify-content-flex-start fusion-content-layout-column\"><div class=\"fusion-text fusion-text-43\"><p><strong>Haven&#8217;t Found the Right Fit?<\/strong><br \/>\nUse our Career Check for Healthcare Professions to find the right training for you.<\/p>\n<\/div><div ><a class=\"fusion-button button-flat fusion-button-default-size button-custom fusion-button-default button-39 fusion-button-default-span \" style=\"--awb-padding-top:0px;--awb-padding-right:0px;--awb-padding-bottom:0px;--awb-padding-left:0px;--button_accent_color:var(--awb-custom_color_2);--button_accent_hover_color:var(--awb-custom_color_2);--button_border_hover_color:var(--awb-color4);--button_border_width-top:0;--button_border_width-right:0;--button_border_width-bottom:0;--button_border_width-left:0;--button_gradient_top_color:rgba(255,255,255,0);--button_gradient_bottom_color:rgba(255,255,255,0);--button_gradient_top_color_hover:rgba(255,255,255,0);--button_gradient_bottom_color_hover:rgba(255,255,255,0);--button_font_size:18px;--button_line_height:26px;--button_typography-letter-spacing:0.9px;--button_typography-font-family:&quot;Montserrat&quot;;--button_typography-font-style:normal;--button_typography-font-weight:700;\" target=\"_self\" href=\"https:\/\/career-mainfranken.com\/en\/career-guidance\/healthcare-professions-check\/\"><i class=\"icon-icon-pfeil-rechts-kreis awb-button__icon awb-button__icon--default button-icon-left\" aria-hidden=\"true\"><\/i><span class=\"fusion-button-text awb-button__text awb-button__text--default\">Go to Check<\/span><\/a><\/div><\/div><\/div><\/div><\/div><div class=\"fusion-fullwidth fullwidth-box fusion-builder-row-10 fusion-flex-container has-pattern-background has-mask-background nonhundred-percent-fullwidth non-hundred-percent-height-scrolling beruf\" style=\"--link_hover_color: var(--awb-custom_color_2);--link_color: var(--awb-custom_color_2);--awb-border-radius-top-left:0px;--awb-border-radius-top-right:0px;--awb-border-radius-bottom-right:0px;--awb-border-radius-bottom-left:0px;--awb-padding-top:100px;--awb-padding-bottom:110px;--awb-padding-top-medium:75px;--awb-padding-bottom-medium:55px;--awb-padding-top-small:50px;--awb-padding-bottom-small:30px;--awb-flex-wrap:wrap;\" ><div class=\"fusion-builder-row fusion-row fusion-flex-align-items-flex-start fusion-flex-justify-content-center fusion-flex-content-wrap\" style=\"max-width:1664px;margin-left: calc(-4% \/ 2 );margin-right: calc(-4% \/ 2 );\"><div class=\"fusion-layout-column fusion_builder_column fusion-builder-column-52 fusion-flex-column ort_bild bild_abgerundet_schatten\" style=\"--awb-padding-top:20px;--awb-padding-right:45px;--awb-padding-bottom:20px;--awb-padding-left:55px;--awb-overflow:hidden;--awb-bg-color:var(--awb-color2);--awb-bg-color-hover:var(--awb-color2);--awb-bg-size:cover;--awb-box-shadow:10px 10px 0px 0px var(--awb-color5);;--awb-border-radius:60px 60px 60px 60px;--awb-width-large:auto;--awb-margin-top-large:0px;--awb-spacing-right-large:60px;--awb-margin-bottom-large:0px;--awb-spacing-left-large:0px;--awb-width-medium:80%;--awb-order-medium:0;--awb-spacing-right-medium:0px;--awb-margin-bottom-medium:40px;--awb-spacing-left-medium:0px;--awb-width-small:100%;--awb-order-small:0;--awb-spacing-right-small:0px;--awb-spacing-left-small:0px;\" data-scroll-devices=\"small-visibility,medium-visibility,large-visibility\"><div class=\"fusion-column-wrapper fusion-column-has-shadow fusion-flex-justify-content-flex-start fusion-content-layout-column\"><div class=\"fusion-image-element \" style=\"--awb-caption-title-font-family:var(--h2_typography-font-family);--awb-caption-title-font-weight:var(--h2_typography-font-weight);--awb-caption-title-font-style:var(--h2_typography-font-style);--awb-caption-title-size:var(--h2_typography-font-size);--awb-caption-title-transform:var(--h2_typography-text-transform);--awb-caption-title-line-height:var(--h2_typography-line-height);--awb-caption-title-letter-spacing:var(--h2_typography-letter-spacing);\"><span class=\" fusion-imageframe imageframe-none imageframe-5 hover-type-none\"><img decoding=\"async\" width=\"600\" height=\"745\" title=\"Heilerziehungspflegehelfer-in_HEP-H\" src=\"https:\/\/career-mainfranken.com\/wp-content\/uploads\/Heilerziehungspflegehelfer-in_HEP-H.png\" data-orig-src=\"https:\/\/career-mainfranken.com\/wp-content\/uploads\/Heilerziehungspflegehelfer-in_HEP-H.png\" alt class=\"lazyload img-responsive wp-image-1111\" srcset=\"data:image\/svg+xml,%3Csvg%20xmlns%3D%27http%3A%2F%2Fwww.w3.org%2F2000%2Fsvg%27%20width%3D%27600%27%20height%3D%27745%27%20viewBox%3D%270%200%20600%20745%27%3E%3Crect%20width%3D%27600%27%20height%3D%27745%27%20fill-opacity%3D%220%22%2F%3E%3C%2Fsvg%3E\" data-srcset=\"https:\/\/career-mainfranken.com\/wp-content\/uploads\/Heilerziehungspflegehelfer-in_HEP-H-200x248.png 200w, https:\/\/career-mainfranken.com\/wp-content\/uploads\/Heilerziehungspflegehelfer-in_HEP-H-400x497.png 400w, https:\/\/career-mainfranken.com\/wp-content\/uploads\/Heilerziehungspflegehelfer-in_HEP-H.png 600w\" data-sizes=\"auto\" data-orig-sizes=\"(max-width: 640px) 100vw, 600px\" \/><\/span><\/div><\/div><\/div><div class=\"fusion-layout-column fusion_builder_column fusion-builder-column-53 fusion_builder_column_1_2 1_2 fusion-flex-column fusion-flex-align-self-stretch ort_infos\" style=\"--awb-bg-size:cover;--awb-width-large:50%;--awb-margin-top-large:0px;--awb-spacing-right-large:0px;--awb-margin-bottom-large:0px;--awb-spacing-left-large:60px;--awb-width-medium:80%;--awb-order-medium:1;--awb-spacing-right-medium:0px;--awb-spacing-left-medium:0px;--awb-width-small:100%;--awb-order-small:1;--awb-spacing-right-small:0px;--awb-spacing-left-small:0px;\" data-scroll-devices=\"small-visibility,medium-visibility,large-visibility\"><div class=\"fusion-column-wrapper fusion-column-has-shadow fusion-flex-justify-content-center fusion-content-layout-column\"><div class=\"fusion-title title fusion-title-10 fusion-sep-none fusion-title-text fusion-title-size-two\" style=\"--awb-margin-top-small:0px;--awb-margin-right-small:0px;--awb-margin-bottom-small:0px;--awb-margin-left-small:0px;--awb-font-size:var(--awb-typography1-font-size);\"><h2 class=\"fusion-title-heading title-heading-left fusion-responsive-typography-calculated\" style=\"font-family:var(--awb-typography1-font-family);font-weight:var(--awb-typography1-font-weight);font-style:var(--awb-typography1-font-style);margin:0;letter-spacing:var(--awb-typography1-letter-spacing);text-transform:var(--awb-typography1-text-transform);font-size:1em;--fontSize:40;line-height:1.25;\"><a id=\"Heilerziehungspflegehelfer\"><\/a><br \/>\nSpecial Needs Care Assistant &#8211; HEP-H<\/h2><\/div><div class=\"fusion-separator trenner_links\" style=\"align-self: flex-start;margin-right:auto;margin-top:25px;margin-bottom:25px;width:100%;max-width:100px;\"><div class=\"fusion-separator-border sep-single sep-solid\" style=\"--awb-height:20px;--awb-amount:20px;border-color:var(--awb-custom_color_2);border-top-width:4px;\"><\/div><\/div><div class=\"fusion-text fusion-text-44\"><p>You have no reservations and a cheerful, positive nature. You are a true team player and thrive on working with people. As a so-called HEP-H, you work alongside state-certified special needs educators to support people with mental and\/or physical disabilities of all ages in their daily lives. You take care of their needs and design playful educational activities tailored to the individual needs of your diverse clients. This one-year training is a real springboard into the care sector.<\/p>\n<\/div><\/div><\/div><\/div><\/div><div class=\"fusion-fullwidth fullwidth-box fusion-builder-row-11 fusion-flex-container has-pattern-background has-mask-background nonhundred-percent-fullwidth non-hundred-percent-height-scrolling\" style=\"--awb-border-radius-top-left:0px;--awb-border-radius-top-right:0px;--awb-border-radius-bottom-right:0px;--awb-border-radius-bottom-left:0px;--awb-padding-top:50px;--awb-padding-bottom:50px;--awb-background-color:var(--awb-color3);--awb-flex-wrap:wrap;\" ><div class=\"fusion-builder-row fusion-row fusion-flex-align-items-flex-start fusion-flex-content-wrap\" style=\"max-width:1664px;margin-left: calc(-4% \/ 2 );margin-right: calc(-4% \/ 2 );\"><div class=\"fusion-layout-column fusion_builder_column fusion-builder-column-54 fusion_builder_column_1_1 1_1 fusion-flex-column\" style=\"--awb-bg-size:cover;--awb-width-large:100%;--awb-margin-top-large:0px;--awb-spacing-right-large:1.92%;--awb-margin-bottom-large:0px;--awb-spacing-left-large:1.92%;--awb-width-medium:100%;--awb-order-medium:0;--awb-spacing-right-medium:1.92%;--awb-spacing-left-medium:1.92%;--awb-width-small:100%;--awb-order-small:0;--awb-spacing-right-small:1.92%;--awb-spacing-left-small:1.92%;\" data-scroll-devices=\"small-visibility,medium-visibility,large-visibility\"><div class=\"fusion-column-wrapper fusion-column-has-shadow fusion-flex-justify-content-flex-start fusion-content-layout-column\"><div class=\"fusion-title title fusion-title-11 fusion-sep-none fusion-title-text fusion-title-size-three\" style=\"--awb-margin-top-small:0px;--awb-margin-right-small:0px;--awb-margin-bottom-small:0px;--awb-margin-left-small:0px;\"><h3 class=\"fusion-title-heading title-heading-left fusion-responsive-typography-calculated\" style=\"margin:0;letter-spacing:1.3px;text-transform:uppercase;--fontSize:26;--minFontSize:26;line-height:1.15;\">School-based Training Positions for Special Needs Care Assistant &#8211; HEP-H<\/h3><\/div><\/div><\/div><div class=\"fusion-layout-column fusion_builder_column fusion-builder-column-55 fusion_builder_column_1_2 1_2 fusion-flex-column\" style=\"--awb-bg-size:cover;--awb-width-large:50%;--awb-margin-top-large:50px;--awb-spacing-right-large:3.84%;--awb-margin-bottom-large:0px;--awb-spacing-left-large:3.84%;--awb-width-medium:50%;--awb-order-medium:0;--awb-spacing-right-medium:3.84%;--awb-spacing-left-medium:3.84%;--awb-width-small:100%;--awb-order-small:0;--awb-spacing-right-small:1.92%;--awb-spacing-left-small:1.92%;\" data-scroll-devices=\"small-visibility,medium-visibility,large-visibility\"><div class=\"fusion-column-wrapper fusion-column-has-shadow fusion-flex-justify-content-flex-start fusion-content-layout-column\"><div class=\"fusion-text fusion-text-45\"><p><strong>Robert-K\u00fcmmert-Akademie gGmbH \u2013 W\u00fcrzburg<\/strong><br \/>\nDr. Maria-Probst-School, Vocational School for Special Needs Education and Special Needs Care Assistance of Robert-K\u00fcmmert-Akademie gGmbH in W\u00fcrzburg<\/p>\n<\/div><div ><a class=\"fusion-button button-flat fusion-button-default-size button-custom fusion-button-default button-40 fusion-button-default-span \" style=\"--awb-padding-top:0px;--awb-padding-right:0px;--awb-padding-bottom:0px;--awb-padding-left:0px;--button_accent_color:var(--awb-custom_color_2);--button_accent_hover_color:var(--awb-custom_color_2);--button_border_hover_color:var(--awb-color4);--button_border_width-top:0;--button_border_width-right:0;--button_border_width-bottom:0;--button_border_width-left:0;--button_gradient_top_color:rgba(255,255,255,0);--button_gradient_bottom_color:rgba(255,255,255,0);--button_gradient_top_color_hover:rgba(255,255,255,0);--button_gradient_bottom_color_hover:rgba(255,255,255,0);--button_font_size:18px;--button_line_height:26px;--button_typography-letter-spacing:0.9px;--button_typography-font-family:&quot;Montserrat&quot;;--button_typography-font-style:normal;--button_typography-font-weight:700;\" target=\"_blank\" rel=\"noopener noreferrer\" href=\"https:\/\/www.rka-wuerzburg.de\/dmps\/ausbildung\/\"><i class=\"icon-icon-pfeil-rechts-kreis awb-button__icon awb-button__icon--default button-icon-left\" aria-hidden=\"true\"><\/i><span class=\"fusion-button-text awb-button__text awb-button__text--default\">Learn More<\/span><\/a><\/div><\/div><\/div><div class=\"fusion-layout-column fusion_builder_column fusion-builder-column-56 fusion_builder_column_1_2 1_2 fusion-flex-column\" style=\"--awb-bg-size:cover;--awb-width-large:50%;--awb-margin-top-large:50px;--awb-spacing-right-large:3.84%;--awb-margin-bottom-large:0px;--awb-spacing-left-large:3.84%;--awb-width-medium:50%;--awb-order-medium:0;--awb-spacing-right-medium:3.84%;--awb-spacing-left-medium:3.84%;--awb-width-small:100%;--awb-order-small:0;--awb-spacing-right-small:1.92%;--awb-spacing-left-small:1.92%;\" data-scroll-devices=\"small-visibility,medium-visibility,large-visibility\"><div class=\"fusion-column-wrapper fusion-column-has-shadow fusion-flex-justify-content-flex-start fusion-content-layout-column\"><div class=\"fusion-text fusion-text-46\"><p><strong>Haven&#8217;t Found the Right Fit?<\/strong><br \/>\nUse our Career Check for Healthcare Professions to find the right training for you.<\/p>\n<\/div><div ><a class=\"fusion-button button-flat fusion-button-default-size button-custom fusion-button-default button-41 fusion-button-default-span \" style=\"--awb-padding-top:0px;--awb-padding-right:0px;--awb-padding-bottom:0px;--awb-padding-left:0px;--button_accent_color:var(--awb-custom_color_2);--button_accent_hover_color:var(--awb-custom_color_2);--button_border_hover_color:var(--awb-color4);--button_border_width-top:0;--button_border_width-right:0;--button_border_width-bottom:0;--button_border_width-left:0;--button_gradient_top_color:rgba(255,255,255,0);--button_gradient_bottom_color:rgba(255,255,255,0);--button_gradient_top_color_hover:rgba(255,255,255,0);--button_gradient_bottom_color_hover:rgba(255,255,255,0);--button_font_size:18px;--button_line_height:26px;--button_typography-letter-spacing:0.9px;--button_typography-font-family:&quot;Montserrat&quot;;--button_typography-font-style:normal;--button_typography-font-weight:700;\" target=\"_self\" href=\"https:\/\/career-mainfranken.com\/en\/career-guidance\/healthcare-professions-check\/\"><i class=\"icon-icon-pfeil-rechts-kreis awb-button__icon awb-button__icon--default button-icon-left\" aria-hidden=\"true\"><\/i><span class=\"fusion-button-text awb-button__text awb-button__text--default\">Go to Check<\/span><\/a><\/div><\/div><\/div><\/div><\/div><div class=\"fusion-fullwidth fullwidth-box fusion-builder-row-12 fusion-flex-container has-pattern-background has-mask-background nonhundred-percent-fullwidth non-hundred-percent-height-scrolling beruf\" style=\"--link_hover_color: var(--awb-color1);--link_color: var(--awb-color1);--awb-border-radius-top-left:0px;--awb-border-radius-top-right:0px;--awb-border-radius-bottom-right:0px;--awb-border-radius-bottom-left:0px;--awb-padding-top:100px;--awb-padding-bottom:110px;--awb-padding-top-medium:75px;--awb-padding-bottom-medium:55px;--awb-padding-top-small:50px;--awb-padding-bottom-small:30px;--awb-flex-wrap:wrap;\" ><div class=\"fusion-builder-row fusion-row fusion-flex-align-items-flex-start fusion-flex-justify-content-center fusion-flex-content-wrap\" style=\"max-width:1664px;margin-left: calc(-4% \/ 2 );margin-right: calc(-4% \/ 2 );\"><div class=\"fusion-layout-column fusion_builder_column fusion-builder-column-57 fusion_builder_column_1_2 1_2 fusion-flex-column fusion-flex-align-self-stretch ort_infos\" style=\"--awb-bg-size:cover;--awb-width-large:50%;--awb-margin-top-large:0px;--awb-spacing-right-large:60px;--awb-margin-bottom-large:0px;--awb-spacing-left-large:0px;--awb-width-medium:80%;--awb-order-medium:1;--awb-spacing-right-medium:0px;--awb-spacing-left-medium:0px;--awb-width-small:100%;--awb-order-small:1;--awb-spacing-right-small:0px;--awb-spacing-left-small:0px;\" data-scroll-devices=\"small-visibility,medium-visibility,large-visibility\"><div class=\"fusion-column-wrapper fusion-column-has-shadow fusion-flex-justify-content-center fusion-content-layout-column\"><div class=\"fusion-title title fusion-title-12 fusion-sep-none fusion-title-text fusion-title-size-two\" style=\"--awb-margin-top-small:0px;--awb-margin-right-small:0px;--awb-margin-bottom-small:0px;--awb-margin-left-small:0px;--awb-font-size:var(--awb-typography1-font-size);\"><h2 class=\"fusion-title-heading title-heading-left fusion-responsive-typography-calculated\" style=\"font-family:var(--awb-typography1-font-family);font-weight:var(--awb-typography1-font-weight);font-style:var(--awb-typography1-font-style);margin:0;letter-spacing:var(--awb-typography1-letter-spacing);text-transform:var(--awb-typography1-text-transform);font-size:1em;--fontSize:40;line-height:1.25;\"><a id=\"Notfallsanitaeter\"><\/a><br \/>\nEmergency Paramedic<\/h2><\/div><div class=\"fusion-separator trenner_links\" style=\"align-self: flex-start;margin-right:auto;margin-top:25px;margin-bottom:25px;width:100%;max-width:100px;\"><div class=\"fusion-separator-border sep-single sep-solid\" style=\"--awb-height:20px;--awb-amount:20px;border-color:var(--awb-custom_color_2);border-top-width:4px;\"><\/div><\/div><div class=\"fusion-text fusion-text-47\"><p>Nee-naw nee-naw! Where you are, there&#8217;s always action! You&#8217;re a real helper type &#8211; empathetic, focused, and physically fit. In the highest non-medical qualification level of emergency services, you can show what you&#8217;re made of. Often first on the scene with the ambulance, you and your team take over initial medical care. While your patients are often still in shock after accidents, you keep a cool head and control over the situation. With great care, you assess the situation for the emergency doctor and the hospital providing further treatment, which often saves lives.<\/p>\n<\/div><\/div><\/div><div class=\"fusion-layout-column fusion_builder_column fusion-builder-column-58 fusion-flex-column ort_bild bild_abgerundet_schatten\" style=\"--awb-overflow:hidden;--awb-bg-color:var(--awb-color2);--awb-bg-color-hover:var(--awb-color2);--awb-bg-size:cover;--awb-box-shadow:10px 10px 0px 0px var(--awb-color5);;--awb-border-radius:60px 60px 60px 60px;--awb-width-large:auto;--awb-margin-top-large:0px;--awb-spacing-right-large:0px;--awb-margin-bottom-large:0px;--awb-spacing-left-large:60px;--awb-width-medium:80%;--awb-order-medium:0;--awb-spacing-right-medium:0px;--awb-margin-bottom-medium:40px;--awb-spacing-left-medium:0px;--awb-width-small:100%;--awb-order-small:0;--awb-spacing-right-small:0px;--awb-spacing-left-small:0px;\" data-scroll-devices=\"small-visibility,medium-visibility,large-visibility\"><div class=\"fusion-column-wrapper fusion-column-has-shadow fusion-flex-justify-content-flex-start fusion-content-layout-column\"><div class=\"fusion-image-element \" style=\"--awb-caption-title-font-family:var(--h2_typography-font-family);--awb-caption-title-font-weight:var(--h2_typography-font-weight);--awb-caption-title-font-style:var(--h2_typography-font-style);--awb-caption-title-size:var(--h2_typography-font-size);--awb-caption-title-transform:var(--h2_typography-text-transform);--awb-caption-title-line-height:var(--h2_typography-line-height);--awb-caption-title-letter-spacing:var(--h2_typography-letter-spacing);\"><span class=\" fusion-imageframe imageframe-none imageframe-6 hover-type-none\"><img decoding=\"async\" width=\"600\" height=\"400\" title=\"Emergency doctor and paramedic with ambulance\" src=\"https:\/\/career-mainfranken.com\/wp-content\/uploads\/Notfallsanitaeter_in.jpg\" data-orig-src=\"https:\/\/career-mainfranken.com\/wp-content\/uploads\/Notfallsanitaeter_in.jpg\" alt class=\"lazyload img-responsive wp-image-1109\" srcset=\"data:image\/svg+xml,%3Csvg%20xmlns%3D%27http%3A%2F%2Fwww.w3.org%2F2000%2Fsvg%27%20width%3D%27600%27%20height%3D%27400%27%20viewBox%3D%270%200%20600%20400%27%3E%3Crect%20width%3D%27600%27%20height%3D%27400%27%20fill-opacity%3D%220%22%2F%3E%3C%2Fsvg%3E\" data-srcset=\"https:\/\/career-mainfranken.com\/wp-content\/uploads\/Notfallsanitaeter_in-200x133.jpg 200w, https:\/\/career-mainfranken.com\/wp-content\/uploads\/Notfallsanitaeter_in-400x267.jpg 400w, https:\/\/career-mainfranken.com\/wp-content\/uploads\/Notfallsanitaeter_in.jpg 600w\" data-sizes=\"auto\" data-orig-sizes=\"(max-width: 640px) 100vw, 600px\" \/><\/span><\/div><\/div><\/div><\/div><\/div><div class=\"fusion-fullwidth fullwidth-box fusion-builder-row-13 fusion-flex-container has-pattern-background has-mask-background nonhundred-percent-fullwidth non-hundred-percent-height-scrolling\" style=\"--awb-border-radius-top-left:0px;--awb-border-radius-top-right:0px;--awb-border-radius-bottom-right:0px;--awb-border-radius-bottom-left:0px;--awb-padding-top:50px;--awb-padding-bottom:50px;--awb-background-color:var(--awb-color3);--awb-flex-wrap:wrap;\" ><div class=\"fusion-builder-row fusion-row fusion-flex-align-items-flex-start fusion-flex-content-wrap\" style=\"max-width:1664px;margin-left: calc(-4% \/ 2 );margin-right: calc(-4% \/ 2 );\"><div class=\"fusion-layout-column fusion_builder_column fusion-builder-column-59 fusion_builder_column_1_1 1_1 fusion-flex-column\" style=\"--awb-bg-size:cover;--awb-width-large:100%;--awb-margin-top-large:0px;--awb-spacing-right-large:1.92%;--awb-margin-bottom-large:0px;--awb-spacing-left-large:1.92%;--awb-width-medium:100%;--awb-order-medium:0;--awb-spacing-right-medium:1.92%;--awb-spacing-left-medium:1.92%;--awb-width-small:100%;--awb-order-small:0;--awb-spacing-right-small:1.92%;--awb-spacing-left-small:1.92%;\" data-scroll-devices=\"small-visibility,medium-visibility,large-visibility\"><div class=\"fusion-column-wrapper fusion-column-has-shadow fusion-flex-justify-content-flex-start fusion-content-layout-column\"><div class=\"fusion-title title fusion-title-13 fusion-sep-none fusion-title-text fusion-title-size-three\" style=\"--awb-margin-top-small:0px;--awb-margin-right-small:0px;--awb-margin-bottom-small:0px;--awb-margin-left-small:0px;\"><h3 class=\"fusion-title-heading title-heading-left fusion-responsive-typography-calculated\" style=\"margin:0;letter-spacing:1.3px;text-transform:uppercase;--fontSize:26;--minFontSize:26;line-height:1.15;\">School-based Training Positions for Emergency Paramedic<\/h3><\/div><\/div><\/div><div class=\"fusion-layout-column fusion_builder_column fusion-builder-column-60 fusion_builder_column_1_2 1_2 fusion-flex-column\" style=\"--awb-bg-size:cover;--awb-width-large:50%;--awb-margin-top-large:50px;--awb-spacing-right-large:3.84%;--awb-margin-bottom-large:0px;--awb-spacing-left-large:3.84%;--awb-width-medium:50%;--awb-order-medium:0;--awb-spacing-right-medium:3.84%;--awb-spacing-left-medium:3.84%;--awb-width-small:100%;--awb-order-small:0;--awb-spacing-right-small:1.92%;--awb-spacing-left-small:1.92%;\" data-scroll-devices=\"small-visibility,medium-visibility,large-visibility\"><div class=\"fusion-column-wrapper fusion-column-has-shadow fusion-flex-justify-content-flex-start fusion-content-layout-column\"><div class=\"fusion-text fusion-text-48\"><p><strong>Bavarian Red Cross \u2013 W\u00fcrzburg <\/strong><br \/>\nVocational School for Emergency Paramedics W\u00fcrzburg of the Bavarian Red Cross District Association Lower Franconia<\/p>\n<\/div><div ><a class=\"fusion-button button-flat fusion-button-default-size button-custom fusion-button-default button-42 fusion-button-default-span \" style=\"--awb-padding-top:0px;--awb-padding-right:0px;--awb-padding-bottom:0px;--awb-padding-left:0px;--button_accent_color:var(--awb-custom_color_2);--button_accent_hover_color:var(--awb-custom_color_2);--button_border_hover_color:var(--awb-color4);--button_border_width-top:0;--button_border_width-right:0;--button_border_width-bottom:0;--button_border_width-left:0;--button_gradient_top_color:rgba(255,255,255,0);--button_gradient_bottom_color:rgba(255,255,255,0);--button_gradient_top_color_hover:rgba(255,255,255,0);--button_gradient_bottom_color_hover:rgba(255,255,255,0);--button_font_size:18px;--button_line_height:26px;--button_typography-letter-spacing:0.9px;--button_typography-font-family:&quot;Montserrat&quot;;--button_typography-font-style:normal;--button_typography-font-weight:700;\" target=\"_blank\" rel=\"noopener noreferrer\" href=\"https:\/\/www.bvunterfranken.brk.de\/start\/notsan-schule.html\"><i class=\"icon-icon-pfeil-rechts-kreis awb-button__icon awb-button__icon--default button-icon-left\" aria-hidden=\"true\"><\/i><span class=\"fusion-button-text awb-button__text awb-button__text--default\">Learn More<\/span><\/a><\/div><\/div><\/div><div class=\"fusion-layout-column fusion_builder_column fusion-builder-column-61 fusion_builder_column_1_2 1_2 fusion-flex-column\" style=\"--awb-bg-size:cover;--awb-width-large:50%;--awb-margin-top-large:50px;--awb-spacing-right-large:3.84%;--awb-margin-bottom-large:0px;--awb-spacing-left-large:3.84%;--awb-width-medium:50%;--awb-order-medium:0;--awb-spacing-right-medium:3.84%;--awb-spacing-left-medium:3.84%;--awb-width-small:100%;--awb-order-small:0;--awb-spacing-right-small:1.92%;--awb-spacing-left-small:1.92%;\" data-scroll-devices=\"small-visibility,medium-visibility,large-visibility\"><div class=\"fusion-column-wrapper fusion-column-has-shadow fusion-flex-justify-content-flex-start fusion-content-layout-column\"><div class=\"fusion-text fusion-text-49\"><p><strong>Haven&#8217;t Found the Right Fit?<\/strong><br \/>\nUse our Career Check for Healthcare Professions to find the right training for you.<\/p>\n<\/div><div ><a class=\"fusion-button button-flat fusion-button-default-size button-custom fusion-button-default button-43 fusion-button-default-span \" style=\"--awb-padding-top:0px;--awb-padding-right:0px;--awb-padding-bottom:0px;--awb-padding-left:0px;--button_accent_color:var(--awb-custom_color_2);--button_accent_hover_color:var(--awb-custom_color_2);--button_border_hover_color:var(--awb-color4);--button_border_width-top:0;--button_border_width-right:0;--button_border_width-bottom:0;--button_border_width-left:0;--button_gradient_top_color:rgba(255,255,255,0);--button_gradient_bottom_color:rgba(255,255,255,0);--button_gradient_top_color_hover:rgba(255,255,255,0);--button_gradient_bottom_color_hover:rgba(255,255,255,0);--button_font_size:18px;--button_line_height:26px;--button_typography-letter-spacing:0.9px;--button_typography-font-family:&quot;Montserrat&quot;;--button_typography-font-style:normal;--button_typography-font-weight:700;\" target=\"_self\" href=\"https:\/\/career-mainfranken.com\/en\/career-guidance\/healthcare-professions-check\/\"><i class=\"icon-icon-pfeil-rechts-kreis awb-button__icon awb-button__icon--default button-icon-left\" aria-hidden=\"true\"><\/i><span class=\"fusion-button-text awb-button__text awb-button__text--default\">Go to Check<\/span><\/a><\/div><\/div><\/div><\/div><\/div><div class=\"fusion-fullwidth fullwidth-box fusion-builder-row-14 fusion-flex-container has-pattern-background has-mask-background nonhundred-percent-fullwidth non-hundred-percent-height-scrolling beruf\" style=\"--link_hover_color: var(--awb-custom_color_2);--link_color: var(--awb-custom_color_2);--awb-border-radius-top-left:0px;--awb-border-radius-top-right:0px;--awb-border-radius-bottom-right:0px;--awb-border-radius-bottom-left:0px;--awb-padding-top:100px;--awb-padding-bottom:110px;--awb-padding-top-medium:75px;--awb-padding-bottom-medium:55px;--awb-padding-top-small:50px;--awb-padding-bottom-small:30px;--awb-flex-wrap:wrap;\" ><div class=\"fusion-builder-row fusion-row fusion-flex-align-items-flex-start fusion-flex-justify-content-center fusion-flex-content-wrap\" style=\"max-width:1664px;margin-left: calc(-4% \/ 2 );margin-right: calc(-4% \/ 2 );\"><div class=\"fusion-layout-column fusion_builder_column fusion-builder-column-62 fusion-flex-column ort_bild bild_abgerundet_schatten\" style=\"--awb-overflow:hidden;--awb-bg-color:var(--awb-color2);--awb-bg-color-hover:var(--awb-color2);--awb-bg-size:cover;--awb-box-shadow:10px 10px 0px 0px var(--awb-color5);;--awb-border-radius:60px 60px 60px 60px;--awb-width-large:auto;--awb-margin-top-large:0px;--awb-spacing-right-large:60px;--awb-margin-bottom-large:0px;--awb-spacing-left-large:0px;--awb-width-medium:80%;--awb-order-medium:0;--awb-spacing-right-medium:0px;--awb-margin-bottom-medium:40px;--awb-spacing-left-medium:0px;--awb-width-small:100%;--awb-order-small:0;--awb-spacing-right-small:0px;--awb-spacing-left-small:0px;\" data-scroll-devices=\"small-visibility,medium-visibility,large-visibility\"><div class=\"fusion-column-wrapper fusion-column-has-shadow fusion-flex-justify-content-flex-start fusion-content-layout-column\"><div class=\"fusion-image-element \" style=\"--awb-caption-title-font-family:var(--h2_typography-font-family);--awb-caption-title-font-weight:var(--h2_typography-font-weight);--awb-caption-title-font-style:var(--h2_typography-font-style);--awb-caption-title-size:var(--h2_typography-font-size);--awb-caption-title-transform:var(--h2_typography-text-transform);--awb-caption-title-line-height:var(--h2_typography-line-height);--awb-caption-title-letter-spacing:var(--h2_typography-letter-spacing);\"><span class=\" fusion-imageframe imageframe-none imageframe-7 hover-type-none\"><img decoding=\"async\" width=\"600\" height=\"400\" title=\"Latin man and woman wearing physiotherapist uniform having rehab session using fit ball at rehab center\" src=\"https:\/\/career-mainfranken.com\/wp-content\/uploads\/Physiotherapeut_in.jpg\" data-orig-src=\"https:\/\/career-mainfranken.com\/wp-content\/uploads\/Physiotherapeut_in.jpg\" alt class=\"lazyload img-responsive wp-image-1107\" srcset=\"data:image\/svg+xml,%3Csvg%20xmlns%3D%27http%3A%2F%2Fwww.w3.org%2F2000%2Fsvg%27%20width%3D%27600%27%20height%3D%27400%27%20viewBox%3D%270%200%20600%20400%27%3E%3Crect%20width%3D%27600%27%20height%3D%27400%27%20fill-opacity%3D%220%22%2F%3E%3C%2Fsvg%3E\" data-srcset=\"https:\/\/career-mainfranken.com\/wp-content\/uploads\/Physiotherapeut_in-200x133.jpg 200w, https:\/\/career-mainfranken.com\/wp-content\/uploads\/Physiotherapeut_in-400x267.jpg 400w, https:\/\/career-mainfranken.com\/wp-content\/uploads\/Physiotherapeut_in.jpg 600w\" data-sizes=\"auto\" data-orig-sizes=\"(max-width: 640px) 100vw, 600px\" \/><\/span><\/div><\/div><\/div><div class=\"fusion-layout-column fusion_builder_column fusion-builder-column-63 fusion_builder_column_1_2 1_2 fusion-flex-column fusion-flex-align-self-stretch ort_infos\" style=\"--awb-bg-size:cover;--awb-width-large:50%;--awb-margin-top-large:0px;--awb-spacing-right-large:0px;--awb-margin-bottom-large:0px;--awb-spacing-left-large:60px;--awb-width-medium:80%;--awb-order-medium:1;--awb-spacing-right-medium:0px;--awb-spacing-left-medium:0px;--awb-width-small:100%;--awb-order-small:1;--awb-spacing-right-small:0px;--awb-spacing-left-small:0px;\" data-scroll-devices=\"small-visibility,medium-visibility,large-visibility\"><div class=\"fusion-column-wrapper fusion-column-has-shadow fusion-flex-justify-content-center fusion-content-layout-column\"><div class=\"fusion-title title fusion-title-14 fusion-sep-none fusion-title-text fusion-title-size-two\" style=\"--awb-margin-top-small:0px;--awb-margin-right-small:0px;--awb-margin-bottom-small:0px;--awb-margin-left-small:0px;--awb-font-size:var(--awb-typography1-font-size);\"><h2 class=\"fusion-title-heading title-heading-left fusion-responsive-typography-calculated\" style=\"font-family:var(--awb-typography1-font-family);font-weight:var(--awb-typography1-font-weight);font-style:var(--awb-typography1-font-style);margin:0;letter-spacing:var(--awb-typography1-letter-spacing);text-transform:var(--awb-typography1-text-transform);font-size:1em;--fontSize:40;line-height:1.25;\"><a id=\"Physiotherapeut\"><\/a><br \/>\nPhysiotherapist<\/h2><\/div><div class=\"fusion-separator trenner_links\" style=\"align-self: flex-start;margin-right:auto;margin-top:25px;margin-bottom:25px;width:100%;max-width:100px;\"><div class=\"fusion-separator-border sep-single sep-solid\" style=\"--awb-height:20px;--awb-amount:20px;border-color:var(--awb-custom_color_2);border-top-width:4px;\"><\/div><\/div><div class=\"fusion-text fusion-text-50\"><p>You are physically fit and interested in sports. The anatomy of the human body and the complex interplay of muscles fascinate you. You know exactly where to apply pressure, and with the right technique, muscle tension and trigger points melt away under your expert hands. After accidents, injuries, or persistent pain, people seek your help in hospitals, practices, or rehabilitation facilities. You develop a treatment strategy, advise, educate, instruct, treat, and accompany your patients during their individual rehabilitation.<\/p>\n<\/div><\/div><\/div><\/div><\/div><div class=\"fusion-fullwidth fullwidth-box fusion-builder-row-15 fusion-flex-container has-pattern-background has-mask-background nonhundred-percent-fullwidth non-hundred-percent-height-scrolling\" style=\"--awb-border-radius-top-left:0px;--awb-border-radius-top-right:0px;--awb-border-radius-bottom-right:0px;--awb-border-radius-bottom-left:0px;--awb-padding-top:50px;--awb-padding-bottom:50px;--awb-background-color:var(--awb-color3);--awb-flex-wrap:wrap;\" ><div class=\"fusion-builder-row fusion-row fusion-flex-align-items-flex-start fusion-flex-content-wrap\" style=\"max-width:1664px;margin-left: calc(-4% \/ 2 );margin-right: calc(-4% \/ 2 );\"><div class=\"fusion-layout-column fusion_builder_column fusion-builder-column-64 fusion_builder_column_1_1 1_1 fusion-flex-column\" style=\"--awb-bg-size:cover;--awb-width-large:100%;--awb-margin-top-large:0px;--awb-spacing-right-large:1.92%;--awb-margin-bottom-large:0px;--awb-spacing-left-large:1.92%;--awb-width-medium:100%;--awb-order-medium:0;--awb-spacing-right-medium:1.92%;--awb-spacing-left-medium:1.92%;--awb-width-small:100%;--awb-order-small:0;--awb-spacing-right-small:1.92%;--awb-spacing-left-small:1.92%;\" data-scroll-devices=\"small-visibility,medium-visibility,large-visibility\"><div class=\"fusion-column-wrapper fusion-column-has-shadow fusion-flex-justify-content-flex-start fusion-content-layout-column\"><div class=\"fusion-title title fusion-title-15 fusion-sep-none fusion-title-text fusion-title-size-three\" style=\"--awb-margin-top-small:0px;--awb-margin-right-small:0px;--awb-margin-bottom-small:0px;--awb-margin-left-small:0px;\"><h3 class=\"fusion-title-heading title-heading-left fusion-responsive-typography-calculated\" style=\"margin:0;letter-spacing:1.3px;text-transform:uppercase;--fontSize:26;--minFontSize:26;line-height:1.15;\">School-based Training Positions for Physiotherapist<\/h3><\/div><\/div><\/div><div class=\"fusion-layout-column fusion_builder_column fusion-builder-column-65 fusion_builder_column_1_2 1_2 fusion-flex-column\" style=\"--awb-bg-size:cover;--awb-width-large:50%;--awb-margin-top-large:50px;--awb-spacing-right-large:3.84%;--awb-margin-bottom-large:0px;--awb-spacing-left-large:3.84%;--awb-width-medium:50%;--awb-order-medium:0;--awb-spacing-right-medium:3.84%;--awb-spacing-left-medium:3.84%;--awb-width-small:100%;--awb-order-small:0;--awb-spacing-right-small:1.92%;--awb-spacing-left-small:1.92%;\" data-scroll-devices=\"small-visibility,medium-visibility,large-visibility\"><div class=\"fusion-column-wrapper fusion-column-has-shadow fusion-flex-justify-content-flex-start fusion-content-layout-column\"><div class=\"fusion-text fusion-text-51\"><p><strong>AWO e.V. \u2013 Schweinfurt<\/strong><br \/>\nSchool of Physiotherapy at the Hans-Weinberger-Academy of AWO e.V.<\/p>\n<\/div><div ><a class=\"fusion-button button-flat fusion-button-default-size button-custom fusion-button-default button-44 fusion-button-default-span \" style=\"--awb-padding-top:0px;--awb-padding-right:0px;--awb-padding-bottom:0px;--awb-padding-left:0px;--button_accent_color:var(--awb-custom_color_2);--button_accent_hover_color:var(--awb-custom_color_2);--button_border_hover_color:var(--awb-color4);--button_border_width-top:0;--button_border_width-right:0;--button_border_width-bottom:0;--button_border_width-left:0;--button_gradient_top_color:rgba(255,255,255,0);--button_gradient_bottom_color:rgba(255,255,255,0);--button_gradient_top_color_hover:rgba(255,255,255,0);--button_gradient_bottom_color_hover:rgba(255,255,255,0);--button_font_size:18px;--button_line_height:26px;--button_typography-letter-spacing:0.9px;--button_typography-font-family:&quot;Montserrat&quot;;--button_typography-font-style:normal;--button_typography-font-weight:700;\" target=\"_blank\" rel=\"noopener noreferrer\" href=\"https:\/\/www.hwa-online.de\/ausbildung\/physiotherapie\"><i class=\"icon-icon-pfeil-rechts-kreis awb-button__icon awb-button__icon--default button-icon-left\" aria-hidden=\"true\"><\/i><span class=\"fusion-button-text awb-button__text awb-button__text--default\">Learn More<\/span><\/a><\/div><\/div><\/div><div class=\"fusion-layout-column fusion_builder_column fusion-builder-column-66 fusion_builder_column_1_2 1_2 fusion-flex-column\" style=\"--awb-bg-size:cover;--awb-width-large:50%;--awb-margin-top-large:50px;--awb-spacing-right-large:3.84%;--awb-margin-bottom-large:0px;--awb-spacing-left-large:3.84%;--awb-width-medium:50%;--awb-order-medium:0;--awb-spacing-right-medium:3.84%;--awb-spacing-left-medium:3.84%;--awb-width-small:100%;--awb-order-small:0;--awb-spacing-right-small:1.92%;--awb-spacing-left-small:1.92%;\" data-scroll-devices=\"small-visibility,medium-visibility,large-visibility\"><div class=\"fusion-column-wrapper fusion-column-has-shadow fusion-flex-justify-content-flex-start fusion-content-layout-column\"><div class=\"fusion-text fusion-text-52\"><p><strong>RH\u00d6N-KLINIKUM \u2013 Bad Neustadt a. d. Saale<\/strong><br \/>\nSchool of Physiotherapy at the RH\u00d6N-KLINIKUM Campus Bad Neustadt<\/p>\n<\/div><div ><a class=\"fusion-button button-flat fusion-button-default-size button-custom fusion-button-default button-45 fusion-button-default-span \" style=\"--awb-padding-top:0px;--awb-padding-right:0px;--awb-padding-bottom:0px;--awb-padding-left:0px;--button_accent_color:var(--awb-custom_color_2);--button_accent_hover_color:var(--awb-custom_color_2);--button_border_hover_color:var(--awb-color4);--button_border_width-top:0;--button_border_width-right:0;--button_border_width-bottom:0;--button_border_width-left:0;--button_gradient_top_color:rgba(255,255,255,0);--button_gradient_bottom_color:rgba(255,255,255,0);--button_gradient_top_color_hover:rgba(255,255,255,0);--button_gradient_bottom_color_hover:rgba(255,255,255,0);--button_font_size:18px;--button_line_height:26px;--button_typography-letter-spacing:0.9px;--button_typography-font-family:&quot;Montserrat&quot;;--button_typography-font-style:normal;--button_typography-font-weight:700;\" target=\"_blank\" rel=\"noopener noreferrer\" href=\"https:\/\/www.campus-nes.de\/karriere\/ausbildung\/physiotherapie-1.html\"><i class=\"icon-icon-pfeil-rechts-kreis awb-button__icon awb-button__icon--default button-icon-left\" aria-hidden=\"true\"><\/i><span class=\"fusion-button-text awb-button__text awb-button__text--default\">Learn More<\/span><\/a><\/div><\/div><\/div><div class=\"fusion-layout-column fusion_builder_column fusion-builder-column-67 fusion_builder_column_1_2 1_2 fusion-flex-column\" style=\"--awb-bg-size:cover;--awb-width-large:50%;--awb-margin-top-large:50px;--awb-spacing-right-large:3.84%;--awb-margin-bottom-large:0px;--awb-spacing-left-large:3.84%;--awb-width-medium:50%;--awb-order-medium:0;--awb-spacing-right-medium:3.84%;--awb-spacing-left-medium:3.84%;--awb-width-small:100%;--awb-order-small:0;--awb-spacing-right-small:1.92%;--awb-spacing-left-small:1.92%;\" data-scroll-devices=\"small-visibility,medium-visibility,large-visibility\"><div class=\"fusion-column-wrapper fusion-column-has-shadow fusion-flex-justify-content-flex-start fusion-content-layout-column\"><div class=\"fusion-text fusion-text-53\"><p><strong>University Hospital W\u00fcrzburg \u2013 W\u00fcrzburg<\/strong><br \/>\nSchool of Physiotherapy at the University Hospital W\u00fcrzburg<\/p>\n<\/div><div ><a class=\"fusion-button button-flat fusion-button-default-size button-custom fusion-button-default button-46 fusion-button-default-span \" style=\"--awb-padding-top:0px;--awb-padding-right:0px;--awb-padding-bottom:0px;--awb-padding-left:0px;--button_accent_color:var(--awb-custom_color_2);--button_accent_hover_color:var(--awb-custom_color_2);--button_border_hover_color:var(--awb-color4);--button_border_width-top:0;--button_border_width-right:0;--button_border_width-bottom:0;--button_border_width-left:0;--button_gradient_top_color:rgba(255,255,255,0);--button_gradient_bottom_color:rgba(255,255,255,0);--button_gradient_top_color_hover:rgba(255,255,255,0);--button_gradient_bottom_color_hover:rgba(255,255,255,0);--button_font_size:18px;--button_line_height:26px;--button_typography-letter-spacing:0.9px;--button_typography-font-family:&quot;Montserrat&quot;;--button_typography-font-style:normal;--button_typography-font-weight:700;\" target=\"_blank\" rel=\"noopener noreferrer\" href=\"https:\/\/www.ukw.de\/ausbildung-fort-und-weiterbildung\/staatliches-berufliches-schulzentrum-fuer-gesundheitsberufe\/berufsfachschule-fuer-physiotherapie\/startseite\/\"><i class=\"icon-icon-pfeil-rechts-kreis awb-button__icon awb-button__icon--default button-icon-left\" aria-hidden=\"true\"><\/i><span class=\"fusion-button-text awb-button__text awb-button__text--default\">Learn More<\/span><\/a><\/div><\/div><\/div><div class=\"fusion-layout-column fusion_builder_column fusion-builder-column-68 fusion_builder_column_1_2 1_2 fusion-flex-column\" style=\"--awb-bg-size:cover;--awb-width-large:50%;--awb-margin-top-large:50px;--awb-spacing-right-large:3.84%;--awb-margin-bottom-large:0px;--awb-spacing-left-large:3.84%;--awb-width-medium:50%;--awb-order-medium:0;--awb-spacing-right-medium:3.84%;--awb-spacing-left-medium:3.84%;--awb-width-small:100%;--awb-order-small:0;--awb-spacing-right-small:1.92%;--awb-spacing-left-small:1.92%;\" data-scroll-devices=\"small-visibility,medium-visibility,large-visibility\"><div class=\"fusion-column-wrapper fusion-column-has-shadow fusion-flex-justify-content-flex-start fusion-content-layout-column\"><div class=\"fusion-text fusion-text-54\"><p><strong>Haven&#8217;t Found the Right Fit?<\/strong><br \/>\nUse our Career Check for Healthcare Professions to find the right training for you.<\/p>\n<\/div><div ><a class=\"fusion-button button-flat fusion-button-default-size button-custom fusion-button-default button-47 fusion-button-default-span \" style=\"--awb-padding-top:0px;--awb-padding-right:0px;--awb-padding-bottom:0px;--awb-padding-left:0px;--button_accent_color:var(--awb-custom_color_2);--button_accent_hover_color:var(--awb-custom_color_2);--button_border_hover_color:var(--awb-color4);--button_border_width-top:0;--button_border_width-right:0;--button_border_width-bottom:0;--button_border_width-left:0;--button_gradient_top_color:rgba(255,255,255,0);--button_gradient_bottom_color:rgba(255,255,255,0);--button_gradient_top_color_hover:rgba(255,255,255,0);--button_gradient_bottom_color_hover:rgba(255,255,255,0);--button_font_size:18px;--button_line_height:26px;--button_typography-letter-spacing:0.9px;--button_typography-font-family:&quot;Montserrat&quot;;--button_typography-font-style:normal;--button_typography-font-weight:700;\" target=\"_self\" href=\"https:\/\/career-mainfranken.com\/en\/career-guidance\/healthcare-professions-check\/\"><i class=\"icon-icon-pfeil-rechts-kreis awb-button__icon awb-button__icon--default button-icon-left\" aria-hidden=\"true\"><\/i><span class=\"fusion-button-text awb-button__text awb-button__text--default\">Go to Check<\/span><\/a><\/div><\/div><\/div><\/div><\/div><div class=\"fusion-fullwidth fullwidth-box fusion-builder-row-16 fusion-flex-container has-pattern-background has-mask-background nonhundred-percent-fullwidth non-hundred-percent-height-scrolling beruf\" style=\"--link_hover_color: var(--awb-color1);--link_color: var(--awb-color1);--awb-border-radius-top-left:0px;--awb-border-radius-top-right:0px;--awb-border-radius-bottom-right:0px;--awb-border-radius-bottom-left:0px;--awb-padding-top:100px;--awb-padding-bottom:110px;--awb-padding-top-medium:75px;--awb-padding-bottom-medium:55px;--awb-padding-top-small:50px;--awb-padding-bottom-small:30px;--awb-flex-wrap:wrap;\" ><div class=\"fusion-builder-row fusion-row fusion-flex-align-items-flex-start fusion-flex-justify-content-center fusion-flex-content-wrap\" style=\"max-width:1664px;margin-left: calc(-4% \/ 2 );margin-right: calc(-4% \/ 2 );\"><div class=\"fusion-layout-column fusion_builder_column fusion-builder-column-69 fusion_builder_column_1_2 1_2 fusion-flex-column fusion-flex-align-self-stretch ort_infos\" style=\"--awb-bg-size:cover;--awb-width-large:50%;--awb-margin-top-large:0px;--awb-spacing-right-large:60px;--awb-margin-bottom-large:0px;--awb-spacing-left-large:0px;--awb-width-medium:80%;--awb-order-medium:1;--awb-spacing-right-medium:0px;--awb-spacing-left-medium:0px;--awb-width-small:100%;--awb-order-small:1;--awb-spacing-right-small:0px;--awb-spacing-left-small:0px;\" data-scroll-devices=\"small-visibility,medium-visibility,large-visibility\"><div class=\"fusion-column-wrapper fusion-column-has-shadow fusion-flex-justify-content-center fusion-content-layout-column\"><div class=\"fusion-title title fusion-title-16 fusion-sep-none fusion-title-text fusion-title-size-two\" style=\"--awb-margin-top-small:0px;--awb-margin-right-small:0px;--awb-margin-bottom-small:0px;--awb-margin-left-small:0px;--awb-font-size:var(--awb-typography1-font-size);\"><h2 class=\"fusion-title-heading title-heading-left fusion-responsive-typography-calculated\" style=\"font-family:var(--awb-typography1-font-family);font-weight:var(--awb-typography1-font-weight);font-style:var(--awb-typography1-font-style);margin:0;letter-spacing:var(--awb-typography1-letter-spacing);text-transform:var(--awb-typography1-text-transform);font-size:1em;--fontSize:40;line-height:1.25;\"><a id=\"Ergotherapeut\"><\/a><br \/>\nOccupational Therapist<\/h2><\/div><div class=\"fusion-separator trenner_links\" style=\"align-self: flex-start;margin-right:auto;margin-top:25px;margin-bottom:25px;width:100%;max-width:100px;\"><div class=\"fusion-separator-border sep-single sep-solid\" style=\"--awb-height:20px;--awb-amount:20px;border-color:var(--awb-custom_color_2);border-top-width:4px;\"><\/div><\/div><div class=\"fusion-text fusion-text-55\"><p>You are an all-rounder with diverse interests. A single medical specialty is not enough for you, as you want to support people across disciplines with your knowledge. You are sociable, have no fear of contact, and people who have problems in everyday life due to accidents, illnesses, or disabilities can rely on your patience, empathy, and creative assistance. As an occupational therapist, you help people to help themselves, regain their freedom and independence, and enable them to actively participate in life.<\/p>\n<\/div><\/div><\/div><div class=\"fusion-layout-column fusion_builder_column fusion-builder-column-70 fusion-flex-column ort_bild bild_abgerundet_schatten\" style=\"--awb-overflow:hidden;--awb-bg-color:var(--awb-color2);--awb-bg-color-hover:var(--awb-color2);--awb-bg-size:cover;--awb-box-shadow:10px 10px 0px 0px var(--awb-color5);;--awb-border-radius:60px 60px 60px 60px;--awb-width-large:auto;--awb-margin-top-large:0px;--awb-spacing-right-large:0px;--awb-margin-bottom-large:0px;--awb-spacing-left-large:60px;--awb-width-medium:80%;--awb-order-medium:0;--awb-spacing-right-medium:0px;--awb-margin-bottom-medium:40px;--awb-spacing-left-medium:0px;--awb-width-small:100%;--awb-order-small:0;--awb-spacing-right-small:0px;--awb-spacing-left-small:0px;\" data-scroll-devices=\"small-visibility,medium-visibility,large-visibility\"><div class=\"fusion-column-wrapper fusion-column-has-shadow fusion-flex-justify-content-flex-start fusion-content-layout-column\"><div class=\"fusion-image-element \" style=\"--awb-caption-title-font-family:var(--h2_typography-font-family);--awb-caption-title-font-weight:var(--h2_typography-font-weight);--awb-caption-title-font-style:var(--h2_typography-font-style);--awb-caption-title-size:var(--h2_typography-font-size);--awb-caption-title-transform:var(--h2_typography-text-transform);--awb-caption-title-line-height:var(--h2_typography-line-height);--awb-caption-title-letter-spacing:var(--h2_typography-letter-spacing);\"><span class=\" fusion-imageframe imageframe-none imageframe-8 hover-type-none\"><img decoding=\"async\" width=\"600\" height=\"400\" title=\"Toddler girl in child occupational therapy session doing sensory playful exercises with her therapist.\" src=\"https:\/\/career-mainfranken.com\/wp-content\/uploads\/Ergotherapeut_in.jpg\" data-orig-src=\"https:\/\/career-mainfranken.com\/wp-content\/uploads\/Ergotherapeut_in.jpg\" alt class=\"lazyload img-responsive wp-image-1105\" srcset=\"data:image\/svg+xml,%3Csvg%20xmlns%3D%27http%3A%2F%2Fwww.w3.org%2F2000%2Fsvg%27%20width%3D%27600%27%20height%3D%27400%27%20viewBox%3D%270%200%20600%20400%27%3E%3Crect%20width%3D%27600%27%20height%3D%27400%27%20fill-opacity%3D%220%22%2F%3E%3C%2Fsvg%3E\" data-srcset=\"https:\/\/career-mainfranken.com\/wp-content\/uploads\/Ergotherapeut_in-200x133.jpg 200w, https:\/\/career-mainfranken.com\/wp-content\/uploads\/Ergotherapeut_in-400x267.jpg 400w, https:\/\/career-mainfranken.com\/wp-content\/uploads\/Ergotherapeut_in.jpg 600w\" data-sizes=\"auto\" data-orig-sizes=\"(max-width: 640px) 100vw, 600px\" \/><\/span><\/div><\/div><\/div><\/div><\/div><div class=\"fusion-fullwidth fullwidth-box fusion-builder-row-17 fusion-flex-container has-pattern-background has-mask-background nonhundred-percent-fullwidth non-hundred-percent-height-scrolling\" style=\"--awb-border-radius-top-left:0px;--awb-border-radius-top-right:0px;--awb-border-radius-bottom-right:0px;--awb-border-radius-bottom-left:0px;--awb-padding-top:50px;--awb-padding-bottom:50px;--awb-background-color:var(--awb-color3);--awb-flex-wrap:wrap;\" ><div class=\"fusion-builder-row fusion-row fusion-flex-align-items-flex-start fusion-flex-content-wrap\" style=\"max-width:1664px;margin-left: calc(-4% \/ 2 );margin-right: calc(-4% \/ 2 );\"><div class=\"fusion-layout-column fusion_builder_column fusion-builder-column-71 fusion_builder_column_1_1 1_1 fusion-flex-column\" style=\"--awb-bg-size:cover;--awb-width-large:100%;--awb-margin-top-large:0px;--awb-spacing-right-large:1.92%;--awb-margin-bottom-large:0px;--awb-spacing-left-large:1.92%;--awb-width-medium:100%;--awb-order-medium:0;--awb-spacing-right-medium:1.92%;--awb-spacing-left-medium:1.92%;--awb-width-small:100%;--awb-order-small:0;--awb-spacing-right-small:1.92%;--awb-spacing-left-small:1.92%;\" data-scroll-devices=\"small-visibility,medium-visibility,large-visibility\"><div class=\"fusion-column-wrapper fusion-column-has-shadow fusion-flex-justify-content-flex-start fusion-content-layout-column\"><div class=\"fusion-title title fusion-title-17 fusion-sep-none fusion-title-text fusion-title-size-three\" style=\"--awb-margin-top-small:0px;--awb-margin-right-small:0px;--awb-margin-bottom-small:0px;--awb-margin-left-small:0px;\"><h3 class=\"fusion-title-heading title-heading-left fusion-responsive-typography-calculated\" style=\"margin:0;letter-spacing:1.3px;text-transform:uppercase;--fontSize:26;--minFontSize:26;line-height:1.15;\">School-based Training Positions for Occupational Therapists<\/h3><\/div><\/div><\/div><div class=\"fusion-layout-column fusion_builder_column fusion-builder-column-72 fusion_builder_column_1_2 1_2 fusion-flex-column\" style=\"--awb-bg-size:cover;--awb-width-large:50%;--awb-margin-top-large:50px;--awb-spacing-right-large:3.84%;--awb-margin-bottom-large:0px;--awb-spacing-left-large:3.84%;--awb-width-medium:50%;--awb-order-medium:0;--awb-spacing-right-medium:3.84%;--awb-spacing-left-medium:3.84%;--awb-width-small:100%;--awb-order-small:0;--awb-spacing-right-small:1.92%;--awb-spacing-left-small:1.92%;\" data-scroll-devices=\"small-visibility,medium-visibility,large-visibility\"><div class=\"fusion-column-wrapper fusion-column-has-shadow fusion-flex-justify-content-flex-start fusion-content-layout-column\"><div class=\"fusion-text fusion-text-56\"><p><strong>GFAW \u2013 Rimpar<\/strong><br \/>\nSchool of Occupational Therapy at GFAW<\/p>\n<\/div><div ><a class=\"fusion-button button-flat fusion-button-default-size button-custom fusion-button-default button-48 fusion-button-default-span \" style=\"--awb-padding-top:0px;--awb-padding-right:0px;--awb-padding-bottom:0px;--awb-padding-left:0px;--button_accent_color:var(--awb-custom_color_2);--button_accent_hover_color:var(--awb-custom_color_2);--button_border_hover_color:var(--awb-color4);--button_border_width-top:0;--button_border_width-right:0;--button_border_width-bottom:0;--button_border_width-left:0;--button_gradient_top_color:rgba(255,255,255,0);--button_gradient_bottom_color:rgba(255,255,255,0);--button_gradient_top_color_hover:rgba(255,255,255,0);--button_gradient_bottom_color_hover:rgba(255,255,255,0);--button_font_size:18px;--button_line_height:26px;--button_typography-letter-spacing:0.9px;--button_typography-font-family:&quot;Montserrat&quot;;--button_typography-font-style:normal;--button_typography-font-weight:700;\" target=\"_blank\" rel=\"noopener noreferrer\" href=\"https:\/\/www.gfaw.de\/\"><i class=\"icon-icon-pfeil-rechts-kreis awb-button__icon awb-button__icon--default button-icon-left\" aria-hidden=\"true\"><\/i><span class=\"fusion-button-text awb-button__text awb-button__text--default\">Learn More<\/span><\/a><\/div><\/div><\/div><div class=\"fusion-layout-column fusion_builder_column fusion-builder-column-73 fusion_builder_column_1_2 1_2 fusion-flex-column\" style=\"--awb-bg-size:cover;--awb-width-large:50%;--awb-margin-top-large:50px;--awb-spacing-right-large:3.84%;--awb-margin-bottom-large:0px;--awb-spacing-left-large:3.84%;--awb-width-medium:50%;--awb-order-medium:0;--awb-spacing-right-medium:3.84%;--awb-spacing-left-medium:3.84%;--awb-width-small:100%;--awb-order-small:0;--awb-spacing-right-small:1.92%;--awb-spacing-left-small:1.92%;\" data-scroll-devices=\"small-visibility,medium-visibility,large-visibility\"><div class=\"fusion-column-wrapper fusion-column-has-shadow fusion-flex-justify-content-flex-start fusion-content-layout-column\"><div class=\"fusion-text fusion-text-57\"><p><strong>RH\u00d6N-KLINIKUM \u2013 Bad Neustadt a. d. Saale<\/strong><br \/>\nSchool of Occupational Therapy at the RH\u00d6N-KLINIKUM Campus Bad Neustadt<\/p>\n<\/div><div ><a class=\"fusion-button button-flat fusion-button-default-size button-custom fusion-button-default button-49 fusion-button-default-span \" style=\"--awb-padding-top:0px;--awb-padding-right:0px;--awb-padding-bottom:0px;--awb-padding-left:0px;--button_accent_color:var(--awb-custom_color_2);--button_accent_hover_color:var(--awb-custom_color_2);--button_border_hover_color:var(--awb-color4);--button_border_width-top:0;--button_border_width-right:0;--button_border_width-bottom:0;--button_border_width-left:0;--button_gradient_top_color:rgba(255,255,255,0);--button_gradient_bottom_color:rgba(255,255,255,0);--button_gradient_top_color_hover:rgba(255,255,255,0);--button_gradient_bottom_color_hover:rgba(255,255,255,0);--button_font_size:18px;--button_line_height:26px;--button_typography-letter-spacing:0.9px;--button_typography-font-family:&quot;Montserrat&quot;;--button_typography-font-style:normal;--button_typography-font-weight:700;\" target=\"_blank\" rel=\"noopener noreferrer\" href=\"https:\/\/www.campus-nes.de\/karriere\/ausbildung\/ergotherapie-1.html\"><i class=\"icon-icon-pfeil-rechts-kreis awb-button__icon awb-button__icon--default button-icon-left\" aria-hidden=\"true\"><\/i><span class=\"fusion-button-text awb-button__text awb-button__text--default\">Learn More<\/span><\/a><\/div><\/div><\/div><div class=\"fusion-layout-column fusion_builder_column fusion-builder-column-74 fusion_builder_column_1_2 1_2 fusion-flex-column\" style=\"--awb-bg-size:cover;--awb-width-large:50%;--awb-margin-top-large:50px;--awb-spacing-right-large:3.84%;--awb-margin-bottom-large:0px;--awb-spacing-left-large:3.84%;--awb-width-medium:50%;--awb-order-medium:0;--awb-spacing-right-medium:3.84%;--awb-spacing-left-medium:3.84%;--awb-width-small:100%;--awb-order-small:0;--awb-spacing-right-small:1.92%;--awb-spacing-left-small:1.92%;\" data-scroll-devices=\"small-visibility,medium-visibility,large-visibility\"><div class=\"fusion-column-wrapper fusion-column-has-shadow fusion-flex-justify-content-flex-start fusion-content-layout-column\"><div class=\"fusion-text fusion-text-58\"><p><strong>Haven&#8217;t Found the Right Fit?<\/strong><br \/>\nUse our Career Check for Healthcare Professions to find the right training for you.<\/p>\n<\/div><div ><a class=\"fusion-button button-flat fusion-button-default-size button-custom fusion-button-default button-50 fusion-button-default-span \" style=\"--awb-padding-top:0px;--awb-padding-right:0px;--awb-padding-bottom:0px;--awb-padding-left:0px;--button_accent_color:var(--awb-custom_color_2);--button_accent_hover_color:var(--awb-custom_color_2);--button_border_hover_color:var(--awb-color4);--button_border_width-top:0;--button_border_width-right:0;--button_border_width-bottom:0;--button_border_width-left:0;--button_gradient_top_color:rgba(255,255,255,0);--button_gradient_bottom_color:rgba(255,255,255,0);--button_gradient_top_color_hover:rgba(255,255,255,0);--button_gradient_bottom_color_hover:rgba(255,255,255,0);--button_font_size:18px;--button_line_height:26px;--button_typography-letter-spacing:0.9px;--button_typography-font-family:&quot;Montserrat&quot;;--button_typography-font-style:normal;--button_typography-font-weight:700;\" target=\"_self\" href=\"https:\/\/career-mainfranken.com\/en\/career-guidance\/healthcare-professions-check\/\"><i class=\"icon-icon-pfeil-rechts-kreis awb-button__icon awb-button__icon--default button-icon-left\" aria-hidden=\"true\"><\/i><span class=\"fusion-button-text awb-button__text awb-button__text--default\">Go to Check<\/span><\/a><\/div><\/div><\/div><\/div><\/div><div class=\"fusion-fullwidth fullwidth-box fusion-builder-row-18 fusion-flex-container has-pattern-background has-mask-background nonhundred-percent-fullwidth non-hundred-percent-height-scrolling beruf\" style=\"--link_hover_color: var(--awb-custom_color_2);--link_color: var(--awb-custom_color_2);--awb-border-radius-top-left:0px;--awb-border-radius-top-right:0px;--awb-border-radius-bottom-right:0px;--awb-border-radius-bottom-left:0px;--awb-padding-top:100px;--awb-padding-bottom:110px;--awb-padding-top-medium:75px;--awb-padding-bottom-medium:55px;--awb-padding-top-small:50px;--awb-padding-bottom-small:30px;--awb-flex-wrap:wrap;\" ><div class=\"fusion-builder-row fusion-row fusion-flex-align-items-flex-start fusion-flex-justify-content-center fusion-flex-content-wrap\" style=\"max-width:1664px;margin-left: calc(-4% \/ 2 );margin-right: calc(-4% \/ 2 );\"><div class=\"fusion-layout-column fusion_builder_column fusion-builder-column-75 fusion-flex-column ort_bild bild_abgerundet_schatten\" style=\"--awb-overflow:hidden;--awb-bg-color:var(--awb-color2);--awb-bg-color-hover:var(--awb-color2);--awb-bg-size:cover;--awb-box-shadow:10px 10px 0px 0px var(--awb-color5);;--awb-border-radius:60px 60px 60px 60px;--awb-width-large:auto;--awb-margin-top-large:0px;--awb-spacing-right-large:60px;--awb-margin-bottom-large:0px;--awb-spacing-left-large:0px;--awb-width-medium:80%;--awb-order-medium:0;--awb-spacing-right-medium:60px;--awb-margin-bottom-medium:40px;--awb-spacing-left-medium:0px;--awb-width-small:100%;--awb-order-small:0;--awb-spacing-right-small:0px;--awb-spacing-left-small:0px;\" data-scroll-devices=\"small-visibility,medium-visibility,large-visibility\"><div class=\"fusion-column-wrapper fusion-column-has-shadow fusion-flex-justify-content-flex-start fusion-content-layout-column\"><div class=\"fusion-image-element \" style=\"--awb-caption-title-font-family:var(--h2_typography-font-family);--awb-caption-title-font-weight:var(--h2_typography-font-weight);--awb-caption-title-font-style:var(--h2_typography-font-style);--awb-caption-title-size:var(--h2_typography-font-size);--awb-caption-title-transform:var(--h2_typography-text-transform);--awb-caption-title-line-height:var(--h2_typography-line-height);--awb-caption-title-letter-spacing:var(--h2_typography-letter-spacing);\"><span class=\" fusion-imageframe imageframe-none imageframe-9 hover-type-none\"><img decoding=\"async\" width=\"600\" height=\"399\" title=\"Cute African American girl using a mirror for speech therapy\" src=\"https:\/\/career-mainfranken.com\/wp-content\/uploads\/Logopaede_Logopaedin.jpg\" data-orig-src=\"https:\/\/career-mainfranken.com\/wp-content\/uploads\/Logopaede_Logopaedin.jpg\" alt class=\"lazyload img-responsive wp-image-1103\" srcset=\"data:image\/svg+xml,%3Csvg%20xmlns%3D%27http%3A%2F%2Fwww.w3.org%2F2000%2Fsvg%27%20width%3D%27600%27%20height%3D%27399%27%20viewBox%3D%270%200%20600%20399%27%3E%3Crect%20width%3D%27600%27%20height%3D%27399%27%20fill-opacity%3D%220%22%2F%3E%3C%2Fsvg%3E\" data-srcset=\"https:\/\/career-mainfranken.com\/wp-content\/uploads\/Logopaede_Logopaedin-200x133.jpg 200w, https:\/\/career-mainfranken.com\/wp-content\/uploads\/Logopaede_Logopaedin-400x266.jpg 400w, https:\/\/career-mainfranken.com\/wp-content\/uploads\/Logopaede_Logopaedin.jpg 600w\" data-sizes=\"auto\" data-orig-sizes=\"(max-width: 640px) 100vw, 600px\" \/><\/span><\/div><\/div><\/div><div class=\"fusion-layout-column fusion_builder_column fusion-builder-column-76 fusion_builder_column_1_2 1_2 fusion-flex-column fusion-flex-align-self-stretch ort_infos\" style=\"--awb-bg-size:cover;--awb-width-large:50%;--awb-margin-top-large:0px;--awb-spacing-right-large:0px;--awb-margin-bottom-large:0px;--awb-spacing-left-large:60px;--awb-width-medium:80%;--awb-order-medium:1;--awb-spacing-right-medium:0px;--awb-spacing-left-medium:0px;--awb-width-small:100%;--awb-order-small:1;--awb-spacing-right-small:0px;--awb-spacing-left-small:0px;\" data-scroll-devices=\"small-visibility,medium-visibility,large-visibility\"><div class=\"fusion-column-wrapper fusion-column-has-shadow fusion-flex-justify-content-center fusion-content-layout-column\"><div class=\"fusion-title title fusion-title-18 fusion-sep-none fusion-title-text fusion-title-size-two\" style=\"--awb-margin-top-small:0px;--awb-margin-right-small:0px;--awb-margin-bottom-small:0px;--awb-margin-left-small:0px;--awb-font-size:var(--awb-typography1-font-size);\"><h2 class=\"fusion-title-heading title-heading-left fusion-responsive-typography-calculated\" style=\"font-family:var(--awb-typography1-font-family);font-weight:var(--awb-typography1-font-weight);font-style:var(--awb-typography1-font-style);margin:0;letter-spacing:var(--awb-typography1-letter-spacing);text-transform:var(--awb-typography1-text-transform);font-size:1em;--fontSize:40;line-height:1.25;\"><a id=\"Logopaede\"><\/a><br \/>\nSpeech Therapist<\/h2><\/div><div class=\"fusion-separator trenner_links\" style=\"align-self: flex-start;margin-right:auto;margin-top:25px;margin-bottom:25px;width:100%;max-width:100px;\"><div class=\"fusion-separator-border sep-single sep-solid\" style=\"--awb-height:20px;--awb-amount:20px;border-color:var(--awb-custom_color_2);border-top-width:4px;\"><\/div><\/div><div class=\"fusion-text fusion-text-59\"><p>You give people a voice and positively influence the personal speech development of children, adolescents, and adults up to old age. As a speech therapist, you accompany your patients with great empathy and tailored, creative therapy concepts. You help them overcome their individual language barriers to participate in everyday life and work unhindered and unrestricted. Your motivating nature and communication skills are just as important as your learned anatomical knowledge about voice production and hearing.<\/p>\n<\/div><\/div><\/div><\/div><\/div><div class=\"fusion-fullwidth fullwidth-box fusion-builder-row-19 fusion-flex-container has-pattern-background has-mask-background nonhundred-percent-fullwidth non-hundred-percent-height-scrolling\" style=\"--awb-border-radius-top-left:0px;--awb-border-radius-top-right:0px;--awb-border-radius-bottom-right:0px;--awb-border-radius-bottom-left:0px;--awb-padding-top:50px;--awb-padding-bottom:50px;--awb-background-color:var(--awb-color3);--awb-flex-wrap:wrap;\" ><div class=\"fusion-builder-row fusion-row fusion-flex-align-items-flex-start fusion-flex-content-wrap\" style=\"max-width:1664px;margin-left: calc(-4% \/ 2 );margin-right: calc(-4% \/ 2 );\"><div class=\"fusion-layout-column fusion_builder_column fusion-builder-column-77 fusion_builder_column_1_1 1_1 fusion-flex-column\" style=\"--awb-bg-size:cover;--awb-width-large:100%;--awb-margin-top-large:0px;--awb-spacing-right-large:1.92%;--awb-margin-bottom-large:0px;--awb-spacing-left-large:1.92%;--awb-width-medium:100%;--awb-order-medium:0;--awb-spacing-right-medium:1.92%;--awb-spacing-left-medium:1.92%;--awb-width-small:100%;--awb-order-small:0;--awb-spacing-right-small:1.92%;--awb-spacing-left-small:1.92%;\" data-scroll-devices=\"small-visibility,medium-visibility,large-visibility\"><div class=\"fusion-column-wrapper fusion-column-has-shadow fusion-flex-justify-content-flex-start fusion-content-layout-column\"><div class=\"fusion-title title fusion-title-19 fusion-sep-none fusion-title-text fusion-title-size-three\" style=\"--awb-margin-top-small:0px;--awb-margin-right-small:0px;--awb-margin-bottom-small:0px;--awb-margin-left-small:0px;\"><h3 class=\"fusion-title-heading title-heading-left fusion-responsive-typography-calculated\" style=\"margin:0;letter-spacing:1.3px;text-transform:uppercase;--fontSize:26;--minFontSize:26;line-height:1.15;\">School-based Training Positions for Speech Therapists<\/h3><\/div><\/div><\/div><div class=\"fusion-layout-column fusion_builder_column fusion-builder-column-78 fusion_builder_column_1_2 1_2 fusion-flex-column\" style=\"--awb-bg-size:cover;--awb-width-large:50%;--awb-margin-top-large:50px;--awb-spacing-right-large:3.84%;--awb-margin-bottom-large:0px;--awb-spacing-left-large:3.84%;--awb-width-medium:50%;--awb-order-medium:0;--awb-spacing-right-medium:3.84%;--awb-spacing-left-medium:3.84%;--awb-width-small:100%;--awb-order-small:0;--awb-spacing-right-small:1.92%;--awb-spacing-left-small:1.92%;\" data-scroll-devices=\"small-visibility,medium-visibility,large-visibility\"><div class=\"fusion-column-wrapper fusion-column-has-shadow fusion-flex-justify-content-flex-start fusion-content-layout-column\"><div class=\"fusion-text fusion-text-60\"><p><strong>Caritas-Schulen gGmbH \u2013 W\u00fcrzburg<\/strong><br \/>\nState-recognized School of Speech Therapy W\u00fcrzburg Caritas-Schulen gGmbH<\/p>\n<\/div><div ><a class=\"fusion-button button-flat fusion-button-default-size button-custom fusion-button-default button-51 fusion-button-default-span \" style=\"--awb-padding-top:0px;--awb-padding-right:0px;--awb-padding-bottom:0px;--awb-padding-left:0px;--button_accent_color:var(--awb-custom_color_2);--button_accent_hover_color:var(--awb-custom_color_2);--button_border_hover_color:var(--awb-color4);--button_border_width-top:0;--button_border_width-right:0;--button_border_width-bottom:0;--button_border_width-left:0;--button_gradient_top_color:rgba(255,255,255,0);--button_gradient_bottom_color:rgba(255,255,255,0);--button_gradient_top_color_hover:rgba(255,255,255,0);--button_gradient_bottom_color_hover:rgba(255,255,255,0);--button_font_size:18px;--button_line_height:26px;--button_typography-letter-spacing:0.9px;--button_typography-font-family:&quot;Montserrat&quot;;--button_typography-font-style:normal;--button_typography-font-weight:700;\" target=\"_blank\" rel=\"noopener noreferrer\" href=\"https:\/\/www.berufsfachschule-logopaedie.de\/\"><i class=\"icon-icon-pfeil-rechts-kreis awb-button__icon awb-button__icon--default button-icon-left\" aria-hidden=\"true\"><\/i><span class=\"fusion-button-text awb-button__text awb-button__text--default\">Learn More<\/span><\/a><\/div><\/div><\/div><div class=\"fusion-layout-column fusion_builder_column fusion-builder-column-79 fusion_builder_column_1_2 1_2 fusion-flex-column\" style=\"--awb-bg-size:cover;--awb-width-large:50%;--awb-margin-top-large:50px;--awb-spacing-right-large:3.84%;--awb-margin-bottom-large:0px;--awb-spacing-left-large:3.84%;--awb-width-medium:50%;--awb-order-medium:0;--awb-spacing-right-medium:3.84%;--awb-spacing-left-medium:3.84%;--awb-width-small:100%;--awb-order-small:0;--awb-spacing-right-small:1.92%;--awb-spacing-left-small:1.92%;\" data-scroll-devices=\"small-visibility,medium-visibility,large-visibility\"><div class=\"fusion-column-wrapper fusion-column-has-shadow fusion-flex-justify-content-flex-start fusion-content-layout-column\"><div class=\"fusion-text fusion-text-61\"><p><strong>Haven&#8217;t Found the Right Fit?<\/strong><br \/>\nUse our Career Check for Healthcare Professions to find the right training for you.<\/p>\n<\/div><div ><a class=\"fusion-button button-flat fusion-button-default-size button-custom fusion-button-default button-52 fusion-button-default-span \" style=\"--awb-padding-top:0px;--awb-padding-right:0px;--awb-padding-bottom:0px;--awb-padding-left:0px;--button_accent_color:var(--awb-custom_color_2);--button_accent_hover_color:var(--awb-custom_color_2);--button_border_hover_color:var(--awb-color4);--button_border_width-top:0;--button_border_width-right:0;--button_border_width-bottom:0;--button_border_width-left:0;--button_gradient_top_color:rgba(255,255,255,0);--button_gradient_bottom_color:rgba(255,255,255,0);--button_gradient_top_color_hover:rgba(255,255,255,0);--button_gradient_bottom_color_hover:rgba(255,255,255,0);--button_font_size:18px;--button_line_height:26px;--button_typography-letter-spacing:0.9px;--button_typography-font-family:&quot;Montserrat&quot;;--button_typography-font-style:normal;--button_typography-font-weight:700;\" target=\"_self\" href=\"https:\/\/career-mainfranken.com\/en\/career-guidance\/healthcare-professions-check\/\"><i class=\"icon-icon-pfeil-rechts-kreis awb-button__icon awb-button__icon--default button-icon-left\" aria-hidden=\"true\"><\/i><span class=\"fusion-button-text awb-button__text awb-button__text--default\">Go to Check<\/span><\/a><\/div><\/div><\/div><\/div><\/div><div class=\"fusion-fullwidth fullwidth-box fusion-builder-row-20 fusion-flex-container has-pattern-background has-mask-background nonhundred-percent-fullwidth non-hundred-percent-height-scrolling beruf\" style=\"--link_hover_color: var(--awb-color1);--link_color: var(--awb-color1);--awb-border-radius-top-left:0px;--awb-border-radius-top-right:0px;--awb-border-radius-bottom-right:0px;--awb-border-radius-bottom-left:0px;--awb-padding-top:100px;--awb-padding-bottom:110px;--awb-padding-top-medium:75px;--awb-padding-bottom-medium:55px;--awb-padding-top-small:50px;--awb-padding-bottom-small:30px;--awb-flex-wrap:wrap;\" ><div class=\"fusion-builder-row fusion-row fusion-flex-align-items-flex-start fusion-flex-justify-content-center fusion-flex-content-wrap\" style=\"max-width:1664px;margin-left: calc(-4% \/ 2 );margin-right: calc(-4% \/ 2 );\"><div class=\"fusion-layout-column fusion_builder_column fusion-builder-column-80 fusion_builder_column_1_2 1_2 fusion-flex-column fusion-flex-align-self-stretch\" style=\"--awb-bg-size:cover;--awb-width-large:50%;--awb-margin-top-large:0px;--awb-spacing-right-large:60px;--awb-margin-bottom-large:0px;--awb-spacing-left-large:0px;--awb-width-medium:80%;--awb-order-medium:1;--awb-spacing-right-medium:0px;--awb-spacing-left-medium:0px;--awb-width-small:100%;--awb-order-small:1;--awb-spacing-right-small:0px;--awb-spacing-left-small:0px;\" data-scroll-devices=\"small-visibility,medium-visibility,large-visibility\"><div class=\"fusion-column-wrapper fusion-column-has-shadow fusion-flex-justify-content-center fusion-content-layout-column\"><div class=\"fusion-title title fusion-title-20 fusion-sep-none fusion-title-text fusion-title-size-two\" style=\"--awb-margin-top-small:0px;--awb-margin-right-small:0px;--awb-margin-bottom-small:0px;--awb-margin-left-small:0px;--awb-font-size:var(--awb-typography1-font-size);\"><h2 class=\"fusion-title-heading title-heading-left fusion-responsive-typography-calculated\" style=\"font-family:var(--awb-typography1-font-family);font-weight:var(--awb-typography1-font-weight);font-style:var(--awb-typography1-font-style);margin:0;letter-spacing:var(--awb-typography1-letter-spacing);text-transform:var(--awb-typography1-text-transform);font-size:1em;--fontSize:40;line-height:1.25;\"><a id=\"Fachangestellte\"><\/a><br \/>\nMedical Assistant<\/h2><\/div><div class=\"fusion-separator trenner_links\" style=\"align-self: flex-start;margin-right:auto;margin-top:25px;margin-bottom:25px;width:100%;max-width:100px;\"><div class=\"fusion-separator-border sep-single sep-solid\" style=\"--awb-height:20px;--awb-amount:20px;border-color:var(--awb-custom_color_2);border-top-width:4px;\"><\/div><\/div><div class=\"fusion-text fusion-text-62\"><p>You are a true multi-talent and enjoy being in contact with people. Every move you make is precise, you are well-organized, empathetic, and a real team player. In close coordination with specialist doctors and your colleagues, you are the driving force of a specialist practice. You care for patients, make appointments, prepare examinations, and assist in their execution. While you pull the strings behind the treating doctor as an all-rounder, you have an open ear for the concerns and fears of the patients and meet them with your calming and professional manner.<\/p>\n<\/div><\/div><\/div><div class=\"fusion-layout-column fusion_builder_column fusion-builder-column-81 fusion-flex-column bild_abgerundet_schatten\" style=\"--awb-overflow:hidden;--awb-bg-color:var(--awb-color2);--awb-bg-color-hover:var(--awb-color2);--awb-bg-size:cover;--awb-box-shadow:10px 10px 0px 0px var(--awb-color5);;--awb-border-radius:60px 60px 60px 60px;--awb-width-large:auto;--awb-margin-top-large:0px;--awb-spacing-right-large:0px;--awb-margin-bottom-large:0px;--awb-spacing-left-large:60px;--awb-width-medium:80%;--awb-order-medium:0;--awb-spacing-right-medium:0px;--awb-margin-bottom-medium:40px;--awb-spacing-left-medium:0px;--awb-width-small:100%;--awb-order-small:0;--awb-spacing-right-small:0px;--awb-spacing-left-small:0px;\" data-scroll-devices=\"small-visibility,medium-visibility,large-visibility\"><div class=\"fusion-column-wrapper fusion-column-has-shadow fusion-flex-justify-content-flex-start fusion-content-layout-column\"><div class=\"fusion-image-element \" style=\"--awb-caption-title-font-family:var(--h2_typography-font-family);--awb-caption-title-font-weight:var(--h2_typography-font-weight);--awb-caption-title-font-style:var(--h2_typography-font-style);--awb-caption-title-size:var(--h2_typography-font-size);--awb-caption-title-transform:var(--h2_typography-text-transform);--awb-caption-title-line-height:var(--h2_typography-line-height);--awb-caption-title-letter-spacing:var(--h2_typography-letter-spacing);\"><span class=\" fusion-imageframe imageframe-none imageframe-10 hover-type-none\"><img decoding=\"async\" width=\"600\" height=\"400\" title=\"Filing Records\" src=\"https:\/\/career-mainfranken.com\/wp-content\/uploads\/Medizinische-r_Fachangestellte-r.jpg\" data-orig-src=\"https:\/\/career-mainfranken.com\/wp-content\/uploads\/Medizinische-r_Fachangestellte-r.jpg\" alt class=\"lazyload img-responsive wp-image-1101\" srcset=\"data:image\/svg+xml,%3Csvg%20xmlns%3D%27http%3A%2F%2Fwww.w3.org%2F2000%2Fsvg%27%20width%3D%27600%27%20height%3D%27400%27%20viewBox%3D%270%200%20600%20400%27%3E%3Crect%20width%3D%27600%27%20height%3D%27400%27%20fill-opacity%3D%220%22%2F%3E%3C%2Fsvg%3E\" data-srcset=\"https:\/\/career-mainfranken.com\/wp-content\/uploads\/Medizinische-r_Fachangestellte-r-200x133.jpg 200w, https:\/\/career-mainfranken.com\/wp-content\/uploads\/Medizinische-r_Fachangestellte-r-400x267.jpg 400w, https:\/\/career-mainfranken.com\/wp-content\/uploads\/Medizinische-r_Fachangestellte-r.jpg 600w\" data-sizes=\"auto\" data-orig-sizes=\"(max-width: 640px) 100vw, 600px\" \/><\/span><\/div><\/div><\/div><\/div><\/div><div class=\"fusion-fullwidth fullwidth-box fusion-builder-row-21 fusion-flex-container has-pattern-background has-mask-background nonhundred-percent-fullwidth non-hundred-percent-height-scrolling\" style=\"--awb-border-radius-top-left:0px;--awb-border-radius-top-right:0px;--awb-border-radius-bottom-right:0px;--awb-border-radius-bottom-left:0px;--awb-padding-top:50px;--awb-padding-bottom:50px;--awb-background-color:var(--awb-color3);--awb-flex-wrap:wrap;\" ><div class=\"fusion-builder-row fusion-row fusion-flex-align-items-flex-start fusion-flex-content-wrap\" style=\"max-width:1664px;margin-left: calc(-4% \/ 2 );margin-right: calc(-4% \/ 2 );\"><div class=\"fusion-layout-column fusion_builder_column fusion-builder-column-82 fusion_builder_column_1_1 1_1 fusion-flex-column\" style=\"--awb-bg-size:cover;--awb-width-large:100%;--awb-margin-top-large:0px;--awb-spacing-right-large:1.92%;--awb-margin-bottom-large:0px;--awb-spacing-left-large:1.92%;--awb-width-medium:100%;--awb-order-medium:0;--awb-spacing-right-medium:1.92%;--awb-spacing-left-medium:1.92%;--awb-width-small:100%;--awb-order-small:0;--awb-spacing-right-small:1.92%;--awb-spacing-left-small:1.92%;\" data-scroll-devices=\"small-visibility,medium-visibility,large-visibility\"><div class=\"fusion-column-wrapper fusion-column-has-shadow fusion-flex-justify-content-flex-start fusion-content-layout-column\"><div class=\"fusion-title title fusion-title-21 fusion-sep-none fusion-title-text fusion-title-size-three\" style=\"--awb-margin-top-small:0px;--awb-margin-right-small:0px;--awb-margin-bottom-small:0px;--awb-margin-left-small:0px;\"><h3 class=\"fusion-title-heading title-heading-left fusion-responsive-typography-calculated\" style=\"margin:0;letter-spacing:1.3px;text-transform:uppercase;--fontSize:26;--minFontSize:26;line-height:1.15;\">School-based Training Positions for Medical Assistants<\/h3><\/div><\/div><\/div><div class=\"fusion-layout-column fusion_builder_column fusion-builder-column-83 fusion_builder_column_1_2 1_2 fusion-flex-column\" style=\"--awb-bg-size:cover;--awb-width-large:50%;--awb-margin-top-large:50px;--awb-spacing-right-large:3.84%;--awb-margin-bottom-large:0px;--awb-spacing-left-large:3.84%;--awb-width-medium:50%;--awb-order-medium:0;--awb-spacing-right-medium:3.84%;--awb-spacing-left-medium:3.84%;--awb-width-small:100%;--awb-order-small:0;--awb-spacing-right-small:1.92%;--awb-spacing-left-small:1.92%;\" data-scroll-devices=\"small-visibility,medium-visibility,large-visibility\"><div class=\"fusion-column-wrapper fusion-column-has-shadow fusion-flex-justify-content-flex-start fusion-content-layout-column\"><div class=\"fusion-text fusion-text-63\"><p><strong>Ludwig-Erhard-School \u2013 Schweinfurt<\/strong><br \/>\nLudwig-Erhard-School<br \/>\nState Vocational School II Schweinfurt<\/p>\n<\/div><div ><a class=\"fusion-button button-flat fusion-button-default-size button-custom fusion-button-default button-53 fusion-button-default-span \" style=\"--awb-padding-top:0px;--awb-padding-right:0px;--awb-padding-bottom:0px;--awb-padding-left:0px;--button_accent_color:var(--awb-custom_color_2);--button_accent_hover_color:var(--awb-custom_color_2);--button_border_hover_color:var(--awb-color4);--button_border_width-top:0;--button_border_width-right:0;--button_border_width-bottom:0;--button_border_width-left:0;--button_gradient_top_color:rgba(255,255,255,0);--button_gradient_bottom_color:rgba(255,255,255,0);--button_gradient_top_color_hover:rgba(255,255,255,0);--button_gradient_bottom_color_hover:rgba(255,255,255,0);--button_font_size:18px;--button_line_height:26px;--button_typography-letter-spacing:0.9px;--button_typography-font-family:&quot;Montserrat&quot;;--button_typography-font-style:normal;--button_typography-font-weight:700;\" target=\"_blank\" rel=\"noopener noreferrer\" href=\"https:\/\/bs2-sw.de\/cms2\/berufe\/medizinische-r-fachangestellte-r\/\"><i class=\"icon-icon-pfeil-rechts-kreis awb-button__icon awb-button__icon--default button-icon-left\" aria-hidden=\"true\"><\/i><span class=\"fusion-button-text awb-button__text awb-button__text--default\">Learn More<\/span><\/a><\/div><\/div><\/div><div class=\"fusion-layout-column fusion_builder_column fusion-builder-column-84 fusion_builder_column_1_2 1_2 fusion-flex-column\" style=\"--awb-bg-size:cover;--awb-width-large:50%;--awb-margin-top-large:50px;--awb-spacing-right-large:3.84%;--awb-margin-bottom-large:0px;--awb-spacing-left-large:3.84%;--awb-width-medium:50%;--awb-order-medium:0;--awb-spacing-right-medium:3.84%;--awb-spacing-left-medium:3.84%;--awb-width-small:100%;--awb-order-small:0;--awb-spacing-right-small:1.92%;--awb-spacing-left-small:1.92%;\" data-scroll-devices=\"small-visibility,medium-visibility,large-visibility\"><div class=\"fusion-column-wrapper fusion-column-has-shadow fusion-flex-justify-content-flex-start fusion-content-layout-column\"><div class=\"fusion-text fusion-text-64\"><p><strong>Klara-Oppenheimer-School \u2013 W\u00fcrzburg<\/strong><br \/>\nKlara-Oppenheimer-School<\/p>\n<\/div><div ><a class=\"fusion-button button-flat fusion-button-default-size button-custom fusion-button-default button-54 fusion-button-default-span \" style=\"--awb-padding-top:0px;--awb-padding-right:0px;--awb-padding-bottom:0px;--awb-padding-left:0px;--button_accent_color:var(--awb-custom_color_2);--button_accent_hover_color:var(--awb-custom_color_2);--button_border_hover_color:var(--awb-color4);--button_border_width-top:0;--button_border_width-right:0;--button_border_width-bottom:0;--button_border_width-left:0;--button_gradient_top_color:rgba(255,255,255,0);--button_gradient_bottom_color:rgba(255,255,255,0);--button_gradient_top_color_hover:rgba(255,255,255,0);--button_gradient_bottom_color_hover:rgba(255,255,255,0);--button_font_size:18px;--button_line_height:26px;--button_typography-letter-spacing:0.9px;--button_typography-font-family:&quot;Montserrat&quot;;--button_typography-font-style:normal;--button_typography-font-weight:700;\" target=\"_blank\" rel=\"noopener noreferrer\" href=\"https:\/\/www.klara-oppenheimer-schule.de\/index.php\/gesundheit\/\"><i class=\"icon-icon-pfeil-rechts-kreis awb-button__icon awb-button__icon--default button-icon-left\" aria-hidden=\"true\"><\/i><span class=\"fusion-button-text awb-button__text awb-button__text--default\">Learn More<\/span><\/a><\/div><\/div><\/div><div class=\"fusion-layout-column fusion_builder_column fusion-builder-column-85 fusion_builder_column_1_2 1_2 fusion-flex-column\" style=\"--awb-bg-size:cover;--awb-width-large:50%;--awb-margin-top-large:50px;--awb-spacing-right-large:3.84%;--awb-margin-bottom-large:0px;--awb-spacing-left-large:3.84%;--awb-width-medium:50%;--awb-order-medium:0;--awb-spacing-right-medium:3.84%;--awb-spacing-left-medium:3.84%;--awb-width-small:100%;--awb-order-small:0;--awb-spacing-right-small:1.92%;--awb-spacing-left-small:1.92%;\" data-scroll-devices=\"small-visibility,medium-visibility,large-visibility\"><div class=\"fusion-column-wrapper fusion-column-has-shadow fusion-flex-justify-content-flex-start fusion-content-layout-column\"><div class=\"fusion-text fusion-text-65\"><p><strong>Haven&#8217;t Found the Right Fit?<\/strong><br \/>\nUse our Career Check for Healthcare Professions to find the right training for you.<\/p>\n<\/div><div ><a class=\"fusion-button button-flat fusion-button-default-size button-custom fusion-button-default button-55 fusion-button-default-span \" style=\"--awb-padding-top:0px;--awb-padding-right:0px;--awb-padding-bottom:0px;--awb-padding-left:0px;--button_accent_color:var(--awb-custom_color_2);--button_accent_hover_color:var(--awb-custom_color_2);--button_border_hover_color:var(--awb-color4);--button_border_width-top:0;--button_border_width-right:0;--button_border_width-bottom:0;--button_border_width-left:0;--button_gradient_top_color:rgba(255,255,255,0);--button_gradient_bottom_color:rgba(255,255,255,0);--button_gradient_top_color_hover:rgba(255,255,255,0);--button_gradient_bottom_color_hover:rgba(255,255,255,0);--button_font_size:18px;--button_line_height:26px;--button_typography-letter-spacing:0.9px;--button_typography-font-family:&quot;Montserrat&quot;;--button_typography-font-style:normal;--button_typography-font-weight:700;\" target=\"_self\" href=\"https:\/\/career-mainfranken.com\/en\/career-guidance\/healthcare-professions-check\/\"><i class=\"icon-icon-pfeil-rechts-kreis awb-button__icon awb-button__icon--default button-icon-left\" aria-hidden=\"true\"><\/i><span class=\"fusion-button-text awb-button__text awb-button__text--default\">Go to Check<\/span><\/a><\/div><\/div><\/div><\/div><\/div><\/p>\n","protected":false},"excerpt":{"rendered":"","protected":false},"author":2,"featured_media":0,"parent":0,"menu_order":0,"comment_status":"closed","ping_status":"closed","template":"100-width.php","meta":{"footnotes":"","_links_to":"","_links_to_target":""},"class_list":["post-3900","page","type-page","status-publish","hentry"],"yoast_head":"<!-- This site is optimized with the Yoast SEO plugin v27.5 - https:\/\/yoast.com\/product\/yoast-seo-wordpress\/ -->\n<title>Healthcare Professions - Region Mainfranken<\/title>\n<meta name=\"robots\" content=\"index, follow, max-snippet:-1, max-image-preview:large, max-video-preview:-1\" \/>\n<link rel=\"canonical\" href=\"https:\/\/career-mainfranken.com\/en\/healthcare-professions\/\" \/>\n<meta property=\"og:locale\" content=\"en_US\" \/>\n<meta property=\"og:type\" content=\"article\" \/>\n<meta property=\"og:title\" content=\"Healthcare Professions - Region Mainfranken\" \/>\n<meta property=\"og:url\" content=\"https:\/\/career-mainfranken.com\/en\/healthcare-professions\/\" \/>\n<meta property=\"og:site_name\" content=\"Region Mainfranken\" \/>\n<meta property=\"article:modified_time\" content=\"2025-10-28T12:53:03+00:00\" \/>\n<meta name=\"twitter:card\" content=\"summary_large_image\" \/>\n<meta name=\"twitter:label1\" content=\"Est. reading time\" \/>\n\t<meta name=\"twitter:data1\" content=\"426 minutes\" \/>\n<script type=\"application\/ld+json\" class=\"yoast-schema-graph\">{\"@context\":\"https:\\\/\\\/schema.org\",\"@graph\":[{\"@type\":\"WebPage\",\"@id\":\"https:\\\/\\\/career-mainfranken.com\\\/en\\\/healthcare-professions\\\/\",\"url\":\"https:\\\/\\\/career-mainfranken.com\\\/en\\\/healthcare-professions\\\/\",\"name\":\"Healthcare Professions - Region Mainfranken\",\"isPartOf\":{\"@id\":\"https:\\\/\\\/career-mainfranken.com\\\/en\\\/#website\"},\"datePublished\":\"2025-04-17T12:33:31+00:00\",\"dateModified\":\"2025-10-28T12:53:03+00:00\",\"breadcrumb\":{\"@id\":\"https:\\\/\\\/career-mainfranken.com\\\/en\\\/healthcare-professions\\\/#breadcrumb\"},\"inLanguage\":\"en-US\",\"potentialAction\":[{\"@type\":\"ReadAction\",\"target\":[\"https:\\\/\\\/career-mainfranken.com\\\/en\\\/healthcare-professions\\\/\"]}]},{\"@type\":\"BreadcrumbList\",\"@id\":\"https:\\\/\\\/career-mainfranken.com\\\/en\\\/healthcare-professions\\\/#breadcrumb\",\"itemListElement\":[{\"@type\":\"ListItem\",\"position\":1,\"name\":\"Startseite\",\"item\":\"https:\\\/\\\/career-mainfranken.com\\\/en\\\/\"},{\"@type\":\"ListItem\",\"position\":2,\"name\":\"Healthcare Professions\"}]},{\"@type\":\"WebSite\",\"@id\":\"https:\\\/\\\/career-mainfranken.com\\\/en\\\/#website\",\"url\":\"https:\\\/\\\/career-mainfranken.com\\\/en\\\/\",\"name\":\"Region Mainfranken\",\"description\":\"\",\"potentialAction\":[{\"@type\":\"SearchAction\",\"target\":{\"@type\":\"EntryPoint\",\"urlTemplate\":\"https:\\\/\\\/career-mainfranken.com\\\/en\\\/?s={search_term_string}\"},\"query-input\":{\"@type\":\"PropertyValueSpecification\",\"valueRequired\":true,\"valueName\":\"search_term_string\"}}],\"inLanguage\":\"en-US\"}]}<\/script>\n<!-- \/ Yoast SEO plugin. -->","yoast_head_json":{"title":"Healthcare Professions - Region Mainfranken","robots":{"index":"index","follow":"follow","max-snippet":"max-snippet:-1","max-image-preview":"max-image-preview:large","max-video-preview":"max-video-preview:-1"},"canonical":"https:\/\/career-mainfranken.com\/en\/healthcare-professions\/","og_locale":"en_US","og_type":"article","og_title":"Healthcare Professions - Region Mainfranken","og_url":"https:\/\/career-mainfranken.com\/en\/healthcare-professions\/","og_site_name":"Region Mainfranken","article_modified_time":"2025-10-28T12:53:03+00:00","twitter_card":"summary_large_image","twitter_misc":{"Est. reading time":"426 minutes"},"schema":{"@context":"https:\/\/schema.org","@graph":[{"@type":"WebPage","@id":"https:\/\/career-mainfranken.com\/en\/healthcare-professions\/","url":"https:\/\/career-mainfranken.com\/en\/healthcare-professions\/","name":"Healthcare Professions - Region Mainfranken","isPartOf":{"@id":"https:\/\/career-mainfranken.com\/en\/#website"},"datePublished":"2025-04-17T12:33:31+00:00","dateModified":"2025-10-28T12:53:03+00:00","breadcrumb":{"@id":"https:\/\/career-mainfranken.com\/en\/healthcare-professions\/#breadcrumb"},"inLanguage":"en-US","potentialAction":[{"@type":"ReadAction","target":["https:\/\/career-mainfranken.com\/en\/healthcare-professions\/"]}]},{"@type":"BreadcrumbList","@id":"https:\/\/career-mainfranken.com\/en\/healthcare-professions\/#breadcrumb","itemListElement":[{"@type":"ListItem","position":1,"name":"Startseite","item":"https:\/\/career-mainfranken.com\/en\/"},{"@type":"ListItem","position":2,"name":"Healthcare Professions"}]},{"@type":"WebSite","@id":"https:\/\/career-mainfranken.com\/en\/#website","url":"https:\/\/career-mainfranken.com\/en\/","name":"Region Mainfranken","description":"","potentialAction":[{"@type":"SearchAction","target":{"@type":"EntryPoint","urlTemplate":"https:\/\/career-mainfranken.com\/en\/?s={search_term_string}"},"query-input":{"@type":"PropertyValueSpecification","valueRequired":true,"valueName":"search_term_string"}}],"inLanguage":"en-US"}]}},"_links":{"self":[{"href":"https:\/\/career-mainfranken.com\/en\/wp-json\/wp\/v2\/pages\/3900","targetHints":{"allow":["GET"]}}],"collection":[{"href":"https:\/\/career-mainfranken.com\/en\/wp-json\/wp\/v2\/pages"}],"about":[{"href":"https:\/\/career-mainfranken.com\/en\/wp-json\/wp\/v2\/types\/page"}],"author":[{"embeddable":true,"href":"https:\/\/career-mainfranken.com\/en\/wp-json\/wp\/v2\/users\/2"}],"replies":[{"embeddable":true,"href":"https:\/\/career-mainfranken.com\/en\/wp-json\/wp\/v2\/comments?post=3900"}],"version-history":[{"count":0,"href":"https:\/\/career-mainfranken.com\/en\/wp-json\/wp\/v2\/pages\/3900\/revisions"}],"wp:attachment":[{"href":"https:\/\/career-mainfranken.com\/en\/wp-json\/wp\/v2\/media?parent=3900"}],"curies":[{"name":"wp","href":"https:\/\/api.w.org\/{rel}","templated":true}]}}