{"id":3552,"date":"2025-04-25T10:11:16","date_gmt":"2025-04-25T08:11:16","guid":{"rendered":"https:\/\/career-mainfranken.com\/news-events\/"},"modified":"2025-05-16T18:36:16","modified_gmt":"2025-05-16T16:36:16","slug":"news-events","status":"publish","type":"page","link":"https:\/\/career-mainfranken.com\/en\/news-events\/","title":{"rendered":"News (Events)"},"content":{"rendered":"<p><div class=\"fusion-fullwidth fullwidth-box fusion-builder-row-1 fusion-flex-container has-pattern-background has-mask-background nonhundred-percent-fullwidth non-hundred-percent-height-scrolling\" style=\"--awb-border-radius-top-left:0px;--awb-border-radius-top-right:0px;--awb-border-radius-bottom-right:0px;--awb-border-radius-bottom-left:0px;--awb-padding-top:100px;--awb-padding-bottom:70px;--awb-padding-top-medium:75px;--awb-padding-bottom-medium:50px;--awb-padding-top-small:50px;--awb-padding-bottom-small:30px;--awb-flex-wrap:wrap;\" ><div class=\"fusion-builder-row fusion-row fusion-flex-align-items-flex-start fusion-flex-justify-content-center fusion-flex-content-wrap\" style=\"max-width:1664px;margin-left: calc(-4% \/ 2 );margin-right: calc(-4% \/ 2 );\"><div class=\"fusion-layout-column fusion_builder_column fusion-builder-column-0 fusion_builder_column_4_5 4_5 fusion-flex-column fusion-flex-align-self-center\" style=\"--awb-bg-size:cover;--awb-width-large:80%;--awb-margin-top-large:0px;--awb-spacing-right-large:2.4%;--awb-margin-bottom-large:0px;--awb-spacing-left-large:2.4%;--awb-width-medium:80%;--awb-order-medium:0;--awb-spacing-right-medium:2.4%;--awb-spacing-left-medium:2.4%;--awb-width-small:100%;--awb-order-small:0;--awb-spacing-right-small:1.92%;--awb-spacing-left-small:1.92%;\" data-scroll-devices=\"small-visibility,medium-visibility,large-visibility\"><div class=\"fusion-column-wrapper fusion-column-has-shadow fusion-flex-justify-content-flex-start fusion-content-layout-column\"><div class=\"fusion-title title fusion-title-1 fusion-sep-none fusion-title-text fusion-title-size-one\" style=\"--awb-text-color:var(--awb-color5);--awb-margin-top-small:0px;--awb-margin-right-small:0px;--awb-margin-bottom-small:0px;--awb-margin-left-small:0px;--awb-font-size:var(--awb-typography2-font-size);\"><h1 class=\"fusion-title-heading title-heading-left fusion-responsive-typography-calculated\" style=\"font-family:var(--awb-typography2-font-family);font-weight:var(--awb-typography2-font-weight);font-style:var(--awb-typography2-font-style);margin:0;letter-spacing:var(--awb-typography2-letter-spacing);text-transform:var(--awb-typography2-text-transform);font-size:1em;--fontSize:70;line-height:1;\">News<\/h1><\/div><div class=\"fusion-separator trenner_links\" style=\"align-self: flex-start;margin-right:auto;margin-top:25px;margin-bottom:25px;width:100%;max-width:100px;\"><div class=\"fusion-separator-border sep-single sep-solid\" style=\"--awb-height:20px;--awb-amount:20px;--awb-sep-color:var(--awb-color5);border-color:var(--awb-color5);border-top-width:4px;\"><\/div><\/div><div class=\"fusion-title title fusion-title-2 fusion-sep-none fusion-title-text fusion-title-size-three\" style=\"--awb-margin-top:15px;--awb-margin-bottom:30px;--awb-margin-top-small:5px;--awb-margin-right-small:0px;--awb-margin-bottom-small:20px;--awb-margin-left-small:0px;--awb-margin-top-medium:10px;--awb-margin-bottom-medium:25px;\"><h3 class=\"fusion-title-heading title-heading-left fusion-responsive-typography-calculated\" style=\"margin:0;--fontSize:26;--minFontSize:26;line-height:1.15;\">Current events and news from the Mainfranken GmbH region<\/h3><\/div><\/div><\/div><\/div><\/div><div class=\"fusion-fullwidth fullwidth-box fusion-builder-row-2 fusion-flex-container has-pattern-background has-mask-background nonhundred-percent-fullwidth non-hundred-percent-height-scrolling\" style=\"--awb-border-radius-top-left:0px;--awb-border-radius-top-right:0px;--awb-border-radius-bottom-right:0px;--awb-border-radius-bottom-left:0px;--awb-padding-top:100px;--awb-padding-bottom:100px;--awb-padding-top-medium:75px;--awb-padding-bottom-medium:75px;--awb-padding-top-small:50px;--awb-padding-bottom-small:50px;--awb-background-color:var(--awb-color2);--awb-flex-wrap:wrap;\" ><div class=\"fusion-builder-row fusion-row fusion-flex-align-items-flex-start fusion-flex-justify-content-center fusion-flex-content-wrap\" style=\"max-width:1664px;margin-left: calc(-4% \/ 2 );margin-right: calc(-4% \/ 2 );\"><div class=\"fusion-layout-column fusion_builder_column fusion-builder-column-1 fusion_builder_column_4_5 4_5 fusion-flex-column\" style=\"--awb-bg-size:cover;--awb-width-large:80%;--awb-margin-top-large:0px;--awb-spacing-right-large:2.4%;--awb-margin-bottom-large:0px;--awb-spacing-left-large:2.4%;--awb-width-medium:83.333333333333%;--awb-order-medium:0;--awb-spacing-right-medium:2.304%;--awb-spacing-left-medium:2.304%;--awb-width-small:100%;--awb-order-small:0;--awb-spacing-right-small:1.92%;--awb-spacing-left-small:1.92%;\" data-scroll-devices=\"small-visibility,medium-visibility,large-visibility\"><div class=\"fusion-column-wrapper fusion-column-has-shadow fusion-flex-justify-content-flex-start fusion-content-layout-column\"><div class=\"fusion-post-cards fusion-post-cards-1 fusion-grid-archive fusion-grid-columns-3\" style=\"--awb-dots-color:var(--awb-color1);--awb-dots-active-color:var(--awb-color5);--awb-dots-spacing:8px;--awb-dots-align:center;--awb-columns:3;--awb-active-filter-border-size:3px;--awb-filters-height:36px;--awb-columns-medium:50%;--awb-columns-small:100%;\" data-post-type-label=\"posts\"><ul class=\"fusion-grid fusion-grid-3 fusion-flex-align-items-stretch fusion-grid-posts-cards fusion-grid-container-infinite\" data-pages=\"0\"><li class=\"fusion-layout-column fusion_builder_column fusion-builder-column-2 fusion-flex-column post-card fusion-grid-column fusion-post-cards-grid-column\" style=\"--awb-padding-right:25px;--awb-padding-bottom:25px;--awb-padding-left:25px;--awb-overflow:hidden;--awb-bg-color:var(--awb-color1);--awb-bg-color-hover:var(--awb-color1);--awb-bg-blend:overlay;--awb-bg-size:cover;--awb-border-radius:30px 30px 30px 30px;--awb-flex-grow:0;--awb-flex-shrink:0;--awb-flex-grow-medium:0;--awb-flex-shrink-medium:0;--awb-flex-grow-small:0;--awb-flex-shrink-small:0;\" data-scroll-devices=\"small-visibility,medium-visibility,large-visibility\"><div class=\"fusion-column-wrapper fusion-column-has-shadow fusion-flex-justify-content-space-between fusion-content-layout-column\"><div class=\"fusion-classic-product-image-wrapper fusion-woo-product-image fusion-post-card-image fusion-post-card-image-1 has-aspect-ratio\" data-layout=\"static\" style=\"--awb-margin-right:-25px;--awb-margin-left:-25px;--awb-aspect-ratio:3 \/ 2;\"><div  class=\"fusion-image-wrapper\" aria-haspopup=\"true\">\n\t\t\t\t\t\t\t<a href=\"https:\/\/career-mainfranken.com\/en\/news-events\/arriving-in-mainfranken-how-to-quickly-make-connections-here\/\" aria-label=\"Arriving in Mainfranken: How to quickly make connections here\">\n\t\t\t\t\t\t\t<img decoding=\"async\" width=\"716\" height=\"432\" src=\"https:\/\/career-mainfranken.com\/wp-content\/uploads\/blogbeitrag1.png\" class=\"attachment-full size-full lazyload wp-post-image\" alt=\"\" srcset=\"data:image\/svg+xml,%3Csvg%20xmlns%3D%27http%3A%2F%2Fwww.w3.org%2F2000%2Fsvg%27%20width%3D%27716%27%20height%3D%27432%27%20viewBox%3D%270%200%20716%20432%27%3E%3Crect%20width%3D%27716%27%20height%3D%27432%27%20fill-opacity%3D%220%22%2F%3E%3C%2Fsvg%3E\" data-orig-src=\"https:\/\/career-mainfranken.com\/wp-content\/uploads\/blogbeitrag1.png\" data-srcset=\"https:\/\/career-mainfranken.com\/wp-content\/uploads\/blogbeitrag1-200x121.png 200w, https:\/\/career-mainfranken.com\/wp-content\/uploads\/blogbeitrag1-400x241.png 400w, https:\/\/career-mainfranken.com\/wp-content\/uploads\/blogbeitrag1-600x362.png 600w, https:\/\/career-mainfranken.com\/wp-content\/uploads\/blogbeitrag1.png 716w\" data-sizes=\"auto\" \/>\t\t\t<\/a>\n\t\t\t\t\t\t\t<\/div>\n<\/div><div class=\"fusion-title title fusion-title-3 fusion-sep-none fusion-title-center fusion-title-text fusion-title-size-three\" style=\"--awb-margin-top:25px;--awb-margin-bottom:25px;--awb-margin-top-small:25px;--awb-margin-right-small:0px;--awb-margin-bottom-small:25px;--awb-margin-left-small:0px;--awb-margin-top-medium:25px;--awb-margin-bottom-medium:25px;\"><h3 class=\"fusion-title-heading title-heading-center fusion-responsive-typography-calculated\" style=\"margin:0;--fontSize:26;--minFontSize:26;line-height:1.15;\">Arriving in Mainfranken: How to quickly make connections here<\/h3><\/div><div class=\"fusion-content-tb fusion-content-tb-1 text_blog_post_card\" style=\"--awb-text-color:var(--awb-custom_color_2);--awb-margin-bottom:20px;--awb-content-alignment:center;--awb-text-transform:none;\"><p> Finding your feet in a new region New place, new routine\u2014and [...]<\/p><\/div><div class=\"fusion-meta-tb fusion-meta-tb-1 floated\" style=\"--awb-border-bottom:0px;--awb-border-top:0px;--awb-border-left:0px;--awb-border-right:0px;--awb-height:40px;--awb-text-color:var(--awb-custom_color_2);--awb-alignment:center;--awb-alignment-medium:center;--awb-alignment-small:center;\"><span class=\"fusion-tb-published-date\">29.04.2026<\/span><span class=\"fusion-meta-tb-sep\"><\/span><\/div><div class=\"fusion-separator fusion-full-width-sep trenner_blog_post_card\" style=\"align-self: center;margin-left: auto;margin-right: auto;margin-top:18.5px;margin-bottom:27.5px;width:100%;max-width:100%;\"><div class=\"fusion-separator-border sep-single sep-solid\" style=\"--awb-height:20px;--awb-amount:20px;--awb-sep-color:#d9d9d9;border-color:#d9d9d9;border-top-width:1px;\"><\/div><\/div><div style=\"text-align:center;\"><a class=\"fusion-button button-flat fusion-button-default-size button-custom fusion-button-default button-1 fusion-button-default-span \" style=\"--awb-padding-top:0px;--awb-padding-right:0px;--awb-padding-bottom:0px;--awb-padding-left:0px;--button_accent_color:var(--awb-color5);--button_accent_hover_color:var(--awb-color5);--button_border_hover_color:var(--awb-color4);--button_border_width-top:0;--button_border_width-right:0;--button_border_width-bottom:0;--button_border_width-left:0;--button_gradient_top_color:rgba(255,255,255,0);--button_gradient_bottom_color:rgba(255,255,255,0);--button_gradient_top_color_hover:rgba(255,255,255,0);--button_gradient_bottom_color_hover:rgba(255,255,255,0);\" target=\"_self\" href=\"https:\/\/career-mainfranken.com\/en\/news-events\/arriving-in-mainfranken-how-to-quickly-make-connections-here\/\"><i class=\"icon-icon-pfeil-rechts-kreis awb-button__icon awb-button__icon--default button-icon-left\" aria-hidden=\"true\"><\/i><span class=\"fusion-button-text awb-button__text awb-button__text--default\">Read More<\/span><\/a><\/div><\/div><\/li>\n<li class=\"fusion-layout-column fusion_builder_column fusion-builder-column-3 fusion-flex-column post-card fusion-grid-column fusion-post-cards-grid-column\" style=\"--awb-padding-right:25px;--awb-padding-bottom:25px;--awb-padding-left:25px;--awb-overflow:hidden;--awb-bg-color:var(--awb-color1);--awb-bg-color-hover:var(--awb-color1);--awb-bg-blend:overlay;--awb-bg-size:cover;--awb-border-radius:30px 30px 30px 30px;--awb-flex-grow:0;--awb-flex-shrink:0;--awb-flex-grow-medium:0;--awb-flex-shrink-medium:0;--awb-flex-grow-small:0;--awb-flex-shrink-small:0;\" data-scroll-devices=\"small-visibility,medium-visibility,large-visibility\"><div class=\"fusion-column-wrapper fusion-column-has-shadow fusion-flex-justify-content-space-between fusion-content-layout-column\"><div class=\"fusion-classic-product-image-wrapper fusion-woo-product-image fusion-post-card-image fusion-post-card-image-1 has-aspect-ratio\" data-layout=\"static\" style=\"--awb-margin-right:-25px;--awb-margin-left:-25px;--awb-aspect-ratio:3 \/ 2;\"><div  class=\"fusion-image-wrapper\" aria-haspopup=\"true\">\n\t\t\t\t\t\t\t<a href=\"https:\/\/career-mainfranken.com\/en\/news-events\/excursion-tips-for-the-long-weekend-leisure-buses-dark-sky-park-and-more\/\" aria-label=\"Excursion tips for the long weekend: Leisure buses, Dark Sky Park, and more.\">\n\t\t\t\t\t\t\t<img decoding=\"async\" width=\"590\" height=\"481\" src=\"https:\/\/career-mainfranken.com\/wp-content\/uploads\/blog1.png\" class=\"attachment-full size-full lazyload wp-post-image\" alt=\"\" srcset=\"data:image\/svg+xml,%3Csvg%20xmlns%3D%27http%3A%2F%2Fwww.w3.org%2F2000%2Fsvg%27%20width%3D%27590%27%20height%3D%27481%27%20viewBox%3D%270%200%20590%20481%27%3E%3Crect%20width%3D%27590%27%20height%3D%27481%27%20fill-opacity%3D%220%22%2F%3E%3C%2Fsvg%3E\" data-orig-src=\"https:\/\/career-mainfranken.com\/wp-content\/uploads\/blog1.png\" data-srcset=\"https:\/\/career-mainfranken.com\/wp-content\/uploads\/blog1-200x163.png 200w, https:\/\/career-mainfranken.com\/wp-content\/uploads\/blog1-400x326.png 400w, https:\/\/career-mainfranken.com\/wp-content\/uploads\/blog1.png 590w\" data-sizes=\"auto\" \/>\t\t\t<\/a>\n\t\t\t\t\t\t\t<\/div>\n<\/div><div class=\"fusion-title title fusion-title-4 fusion-sep-none fusion-title-center fusion-title-text fusion-title-size-three\" style=\"--awb-margin-top:25px;--awb-margin-bottom:25px;--awb-margin-top-small:25px;--awb-margin-right-small:0px;--awb-margin-bottom-small:25px;--awb-margin-left-small:0px;--awb-margin-top-medium:25px;--awb-margin-bottom-medium:25px;\"><h3 class=\"fusion-title-heading title-heading-center fusion-responsive-typography-calculated\" style=\"margin:0;--fontSize:26;--minFontSize:26;line-height:1.15;\">Excursion tips for the long weekend: Leisure buses, Dark Sky Park, and more.<\/h3><\/div><div class=\"fusion-content-tb fusion-content-tb-2 text_blog_post_card\" style=\"--awb-text-color:var(--awb-custom_color_2);--awb-margin-bottom:20px;--awb-content-alignment:center;--awb-text-transform:none;\"><p> No plans for the weekend yet? The long weekend is just [...]<\/p><\/div><div class=\"fusion-meta-tb fusion-meta-tb-2 floated\" style=\"--awb-border-bottom:0px;--awb-border-top:0px;--awb-border-left:0px;--awb-border-right:0px;--awb-height:40px;--awb-text-color:var(--awb-custom_color_2);--awb-alignment:center;--awb-alignment-medium:center;--awb-alignment-small:center;\"><span class=\"fusion-tb-published-date\">28.04.2026<\/span><span class=\"fusion-meta-tb-sep\"><\/span><\/div><div class=\"fusion-separator fusion-full-width-sep trenner_blog_post_card\" style=\"align-self: center;margin-left: auto;margin-right: auto;margin-top:18.5px;margin-bottom:27.5px;width:100%;max-width:100%;\"><div class=\"fusion-separator-border sep-single sep-solid\" style=\"--awb-height:20px;--awb-amount:20px;--awb-sep-color:#d9d9d9;border-color:#d9d9d9;border-top-width:1px;\"><\/div><\/div><div style=\"text-align:center;\"><a class=\"fusion-button button-flat fusion-button-default-size button-custom fusion-button-default button-2 fusion-button-default-span \" style=\"--awb-padding-top:0px;--awb-padding-right:0px;--awb-padding-bottom:0px;--awb-padding-left:0px;--button_accent_color:var(--awb-color5);--button_accent_hover_color:var(--awb-color5);--button_border_hover_color:var(--awb-color4);--button_border_width-top:0;--button_border_width-right:0;--button_border_width-bottom:0;--button_border_width-left:0;--button_gradient_top_color:rgba(255,255,255,0);--button_gradient_bottom_color:rgba(255,255,255,0);--button_gradient_top_color_hover:rgba(255,255,255,0);--button_gradient_bottom_color_hover:rgba(255,255,255,0);\" target=\"_self\" href=\"https:\/\/career-mainfranken.com\/en\/news-events\/excursion-tips-for-the-long-weekend-leisure-buses-dark-sky-park-and-more\/\"><i class=\"icon-icon-pfeil-rechts-kreis awb-button__icon awb-button__icon--default button-icon-left\" aria-hidden=\"true\"><\/i><span class=\"fusion-button-text awb-button__text awb-button__text--default\">Read More<\/span><\/a><\/div><\/div><\/li>\n<li class=\"fusion-layout-column fusion_builder_column fusion-builder-column-4 fusion-flex-column post-card fusion-grid-column fusion-post-cards-grid-column\" style=\"--awb-padding-right:25px;--awb-padding-bottom:25px;--awb-padding-left:25px;--awb-overflow:hidden;--awb-bg-color:var(--awb-color1);--awb-bg-color-hover:var(--awb-color1);--awb-bg-blend:overlay;--awb-bg-size:cover;--awb-border-radius:30px 30px 30px 30px;--awb-flex-grow:0;--awb-flex-shrink:0;--awb-flex-grow-medium:0;--awb-flex-shrink-medium:0;--awb-flex-grow-small:0;--awb-flex-shrink-small:0;\" data-scroll-devices=\"small-visibility,medium-visibility,large-visibility\"><div class=\"fusion-column-wrapper fusion-column-has-shadow fusion-flex-justify-content-space-between fusion-content-layout-column\"><div class=\"fusion-classic-product-image-wrapper fusion-woo-product-image fusion-post-card-image fusion-post-card-image-1 has-aspect-ratio\" data-layout=\"static\" style=\"--awb-margin-right:-25px;--awb-margin-left:-25px;--awb-aspect-ratio:3 \/ 2;\"><div  class=\"fusion-image-wrapper\" aria-haspopup=\"true\">\n\t\t\t\t\t\t\t<a href=\"https:\/\/career-mainfranken.com\/en\/news-events\/career-with-its-ups-and-downs-around-60-guests-celebrate-shit-happens-in-mainfranken\/\" aria-label=\"Career with its ups and downs: Around 60 guests celebrate &#8220;Shit Happens!&#8221; in Mainfranken\">\n\t\t\t\t\t\t\t<img decoding=\"async\" width=\"2560\" height=\"1920\" src=\"https:\/\/career-mainfranken.com\/wp-content\/uploads\/Foto-22.04.26-19-07-32-scaled.jpg\" class=\"attachment-full size-full lazyload wp-post-image\" alt=\"\" srcset=\"data:image\/svg+xml,%3Csvg%20xmlns%3D%27http%3A%2F%2Fwww.w3.org%2F2000%2Fsvg%27%20width%3D%272560%27%20height%3D%271920%27%20viewBox%3D%270%200%202560%201920%27%3E%3Crect%20width%3D%272560%27%20height%3D%271920%27%20fill-opacity%3D%220%22%2F%3E%3C%2Fsvg%3E\" data-orig-src=\"https:\/\/career-mainfranken.com\/wp-content\/uploads\/Foto-22.04.26-19-07-32-scaled.jpg\" data-srcset=\"https:\/\/career-mainfranken.com\/wp-content\/uploads\/Foto-22.04.26-19-07-32-200x150.jpg 200w, https:\/\/career-mainfranken.com\/wp-content\/uploads\/Foto-22.04.26-19-07-32-400x300.jpg 400w, https:\/\/career-mainfranken.com\/wp-content\/uploads\/Foto-22.04.26-19-07-32-600x450.jpg 600w, https:\/\/career-mainfranken.com\/wp-content\/uploads\/Foto-22.04.26-19-07-32-800x600.jpg 800w, https:\/\/career-mainfranken.com\/wp-content\/uploads\/Foto-22.04.26-19-07-32-1200x900.jpg 1200w, https:\/\/career-mainfranken.com\/wp-content\/uploads\/Foto-22.04.26-19-07-32-scaled.jpg 2560w\" data-sizes=\"auto\" \/>\t\t\t<\/a>\n\t\t\t\t\t\t\t<\/div>\n<\/div><div class=\"fusion-title title fusion-title-5 fusion-sep-none fusion-title-center fusion-title-text fusion-title-size-three\" style=\"--awb-margin-top:25px;--awb-margin-bottom:25px;--awb-margin-top-small:25px;--awb-margin-right-small:0px;--awb-margin-bottom-small:25px;--awb-margin-left-small:0px;--awb-margin-top-medium:25px;--awb-margin-bottom-medium:25px;\"><h3 class=\"fusion-title-heading title-heading-center fusion-responsive-typography-calculated\" style=\"margin:0;--fontSize:26;--minFontSize:26;line-height:1.15;\">Career with its ups and downs: Around 60 guests celebrate &#8220;Shit Happens!&#8221; in Mainfranken<\/h3><\/div><div class=\"fusion-content-tb fusion-content-tb-3 text_blog_post_card\" style=\"--awb-text-color:var(--awb-custom_color_2);--awb-margin-bottom:20px;--awb-content-alignment:center;--awb-text-transform:none;\"><p> When Failure Becomes a Crowd-Puller Failure has rarely been so entertaining [...]<\/p><\/div><div class=\"fusion-meta-tb fusion-meta-tb-3 floated\" style=\"--awb-border-bottom:0px;--awb-border-top:0px;--awb-border-left:0px;--awb-border-right:0px;--awb-height:40px;--awb-text-color:var(--awb-custom_color_2);--awb-alignment:center;--awb-alignment-medium:center;--awb-alignment-small:center;\"><span class=\"fusion-tb-published-date\">27.04.2026<\/span><span class=\"fusion-meta-tb-sep\"><\/span><\/div><div class=\"fusion-separator fusion-full-width-sep trenner_blog_post_card\" style=\"align-self: center;margin-left: auto;margin-right: auto;margin-top:18.5px;margin-bottom:27.5px;width:100%;max-width:100%;\"><div class=\"fusion-separator-border sep-single sep-solid\" style=\"--awb-height:20px;--awb-amount:20px;--awb-sep-color:#d9d9d9;border-color:#d9d9d9;border-top-width:1px;\"><\/div><\/div><div style=\"text-align:center;\"><a class=\"fusion-button button-flat fusion-button-default-size button-custom fusion-button-default button-3 fusion-button-default-span \" style=\"--awb-padding-top:0px;--awb-padding-right:0px;--awb-padding-bottom:0px;--awb-padding-left:0px;--button_accent_color:var(--awb-color5);--button_accent_hover_color:var(--awb-color5);--button_border_hover_color:var(--awb-color4);--button_border_width-top:0;--button_border_width-right:0;--button_border_width-bottom:0;--button_border_width-left:0;--button_gradient_top_color:rgba(255,255,255,0);--button_gradient_bottom_color:rgba(255,255,255,0);--button_gradient_top_color_hover:rgba(255,255,255,0);--button_gradient_bottom_color_hover:rgba(255,255,255,0);\" target=\"_self\" href=\"https:\/\/career-mainfranken.com\/en\/news-events\/career-with-its-ups-and-downs-around-60-guests-celebrate-shit-happens-in-mainfranken\/\"><i class=\"icon-icon-pfeil-rechts-kreis awb-button__icon awb-button__icon--default button-icon-left\" aria-hidden=\"true\"><\/i><span class=\"fusion-button-text awb-button__text awb-button__text--default\">Read More<\/span><\/a><\/div><\/div><\/li>\n<li class=\"fusion-layout-column fusion_builder_column fusion-builder-column-5 fusion-flex-column post-card fusion-grid-column fusion-post-cards-grid-column\" style=\"--awb-padding-right:25px;--awb-padding-bottom:25px;--awb-padding-left:25px;--awb-overflow:hidden;--awb-bg-color:var(--awb-color1);--awb-bg-color-hover:var(--awb-color1);--awb-bg-blend:overlay;--awb-bg-size:cover;--awb-border-radius:30px 30px 30px 30px;--awb-flex-grow:0;--awb-flex-shrink:0;--awb-flex-grow-medium:0;--awb-flex-shrink-medium:0;--awb-flex-grow-small:0;--awb-flex-shrink-small:0;\" data-scroll-devices=\"small-visibility,medium-visibility,large-visibility\"><div class=\"fusion-column-wrapper fusion-column-has-shadow fusion-flex-justify-content-space-between fusion-content-layout-column\"><div class=\"fusion-classic-product-image-wrapper fusion-woo-product-image fusion-post-card-image fusion-post-card-image-1 has-aspect-ratio\" data-layout=\"static\" style=\"--awb-margin-right:-25px;--awb-margin-left:-25px;--awb-aspect-ratio:3 \/ 2;\"><div  class=\"fusion-image-wrapper\" aria-haspopup=\"true\">\n\t\t\t\t\t\t\t<a href=\"https:\/\/career-mainfranken.com\/en\/news-events\/dropped-out-of-university-what-now-opportunities-in-mainfranken-cloned\/\" aria-label=\"New &#8220;Company Slam&#8221; Format Celebrates Successful Debut at THWS Schweinfurt\">\n\t\t\t\t\t\t\t<img decoding=\"async\" width=\"2000\" height=\"1334\" src=\"https:\/\/career-mainfranken.com\/wp-content\/uploads\/BILD-1_Veranstalter-des-Company-Slams.jpg\" class=\"attachment-full size-full lazyload wp-post-image\" alt=\"\" srcset=\"data:image\/svg+xml,%3Csvg%20xmlns%3D%27http%3A%2F%2Fwww.w3.org%2F2000%2Fsvg%27%20width%3D%272000%27%20height%3D%271334%27%20viewBox%3D%270%200%202000%201334%27%3E%3Crect%20width%3D%272000%27%20height%3D%271334%27%20fill-opacity%3D%220%22%2F%3E%3C%2Fsvg%3E\" data-orig-src=\"https:\/\/career-mainfranken.com\/wp-content\/uploads\/BILD-1_Veranstalter-des-Company-Slams.jpg\" data-srcset=\"https:\/\/career-mainfranken.com\/wp-content\/uploads\/BILD-1_Veranstalter-des-Company-Slams-200x133.jpg 200w, https:\/\/career-mainfranken.com\/wp-content\/uploads\/BILD-1_Veranstalter-des-Company-Slams-400x267.jpg 400w, https:\/\/career-mainfranken.com\/wp-content\/uploads\/BILD-1_Veranstalter-des-Company-Slams-600x400.jpg 600w, https:\/\/career-mainfranken.com\/wp-content\/uploads\/BILD-1_Veranstalter-des-Company-Slams-800x534.jpg 800w, https:\/\/career-mainfranken.com\/wp-content\/uploads\/BILD-1_Veranstalter-des-Company-Slams-1200x800.jpg 1200w, https:\/\/career-mainfranken.com\/wp-content\/uploads\/BILD-1_Veranstalter-des-Company-Slams.jpg 2000w\" data-sizes=\"auto\" \/>\t\t\t<\/a>\n\t\t\t\t\t\t\t<\/div>\n<\/div><div class=\"fusion-title title fusion-title-6 fusion-sep-none fusion-title-center fusion-title-text fusion-title-size-three\" style=\"--awb-margin-top:25px;--awb-margin-bottom:25px;--awb-margin-top-small:25px;--awb-margin-right-small:0px;--awb-margin-bottom-small:25px;--awb-margin-left-small:0px;--awb-margin-top-medium:25px;--awb-margin-bottom-medium:25px;\"><h3 class=\"fusion-title-heading title-heading-center fusion-responsive-typography-calculated\" style=\"margin:0;--fontSize:26;--minFontSize:26;line-height:1.15;\">New &#8220;Company Slam&#8221; Format Celebrates Successful Debut at THWS Schweinfurt<\/h3><\/div><div class=\"fusion-content-tb fusion-content-tb-4 text_blog_post_card\" style=\"--awb-text-color:var(--awb-custom_color_2);--awb-margin-bottom:20px;--awb-content-alignment:center;--awb-text-transform:none;\"><p> Students Met Bosch Rexroth, Fresenius Medical Care, and Knauf in Direct [...]<\/p><\/div><div class=\"fusion-meta-tb fusion-meta-tb-4 floated\" style=\"--awb-border-bottom:0px;--awb-border-top:0px;--awb-border-left:0px;--awb-border-right:0px;--awb-height:40px;--awb-text-color:var(--awb-custom_color_2);--awb-alignment:center;--awb-alignment-medium:center;--awb-alignment-small:center;\"><span class=\"fusion-tb-published-date\">20.04.2026<\/span><span class=\"fusion-meta-tb-sep\"><\/span><\/div><div class=\"fusion-separator fusion-full-width-sep trenner_blog_post_card\" style=\"align-self: center;margin-left: auto;margin-right: auto;margin-top:18.5px;margin-bottom:27.5px;width:100%;max-width:100%;\"><div class=\"fusion-separator-border sep-single sep-solid\" style=\"--awb-height:20px;--awb-amount:20px;--awb-sep-color:#d9d9d9;border-color:#d9d9d9;border-top-width:1px;\"><\/div><\/div><div style=\"text-align:center;\"><a class=\"fusion-button button-flat fusion-button-default-size button-custom fusion-button-default button-4 fusion-button-default-span \" style=\"--awb-padding-top:0px;--awb-padding-right:0px;--awb-padding-bottom:0px;--awb-padding-left:0px;--button_accent_color:var(--awb-color5);--button_accent_hover_color:var(--awb-color5);--button_border_hover_color:var(--awb-color4);--button_border_width-top:0;--button_border_width-right:0;--button_border_width-bottom:0;--button_border_width-left:0;--button_gradient_top_color:rgba(255,255,255,0);--button_gradient_bottom_color:rgba(255,255,255,0);--button_gradient_top_color_hover:rgba(255,255,255,0);--button_gradient_bottom_color_hover:rgba(255,255,255,0);\" target=\"_self\" href=\"https:\/\/career-mainfranken.com\/en\/news-events\/dropped-out-of-university-what-now-opportunities-in-mainfranken-cloned\/\"><i class=\"icon-icon-pfeil-rechts-kreis awb-button__icon awb-button__icon--default button-icon-left\" aria-hidden=\"true\"><\/i><span class=\"fusion-button-text awb-button__text awb-button__text--default\">Read More<\/span><\/a><\/div><\/div><\/li>\n<li class=\"fusion-layout-column fusion_builder_column fusion-builder-column-6 fusion-flex-column post-card fusion-grid-column fusion-post-cards-grid-column\" style=\"--awb-padding-right:25px;--awb-padding-bottom:25px;--awb-padding-left:25px;--awb-overflow:hidden;--awb-bg-color:var(--awb-color1);--awb-bg-color-hover:var(--awb-color1);--awb-bg-blend:overlay;--awb-bg-size:cover;--awb-border-radius:30px 30px 30px 30px;--awb-flex-grow:0;--awb-flex-shrink:0;--awb-flex-grow-medium:0;--awb-flex-shrink-medium:0;--awb-flex-grow-small:0;--awb-flex-shrink-small:0;\" data-scroll-devices=\"small-visibility,medium-visibility,large-visibility\"><div class=\"fusion-column-wrapper fusion-column-has-shadow fusion-flex-justify-content-space-between fusion-content-layout-column\"><div class=\"fusion-classic-product-image-wrapper fusion-woo-product-image fusion-post-card-image fusion-post-card-image-1 has-aspect-ratio\" data-layout=\"static\" style=\"--awb-margin-right:-25px;--awb-margin-left:-25px;--awb-aspect-ratio:3 \/ 2;\"><div  class=\"fusion-image-wrapper\" aria-haspopup=\"true\">\n\t\t\t\t\t\t\t<a href=\"https:\/\/career-mainfranken.com\/en\/news-events\/dropped-out-of-university-what-now-opportunities-in-mainfranken\/\" aria-label=\"Dropped out of university \u2013 what now? Opportunities in Mainfranken\">\n\t\t\t\t\t\t\t<img decoding=\"async\" width=\"584\" height=\"483\" src=\"https:\/\/career-mainfranken.com\/wp-content\/uploads\/studienabbruch-neu.png\" class=\"attachment-full size-full lazyload wp-post-image\" alt=\"\" srcset=\"data:image\/svg+xml,%3Csvg%20xmlns%3D%27http%3A%2F%2Fwww.w3.org%2F2000%2Fsvg%27%20width%3D%27584%27%20height%3D%27483%27%20viewBox%3D%270%200%20584%20483%27%3E%3Crect%20width%3D%27584%27%20height%3D%27483%27%20fill-opacity%3D%220%22%2F%3E%3C%2Fsvg%3E\" data-orig-src=\"https:\/\/career-mainfranken.com\/wp-content\/uploads\/studienabbruch-neu.png\" data-srcset=\"https:\/\/career-mainfranken.com\/wp-content\/uploads\/studienabbruch-neu-200x165.png 200w, https:\/\/career-mainfranken.com\/wp-content\/uploads\/studienabbruch-neu-400x331.png 400w, https:\/\/career-mainfranken.com\/wp-content\/uploads\/studienabbruch-neu.png 584w\" data-sizes=\"auto\" \/>\t\t\t<\/a>\n\t\t\t\t\t\t\t<\/div>\n<\/div><div class=\"fusion-title title fusion-title-7 fusion-sep-none fusion-title-center fusion-title-text fusion-title-size-three\" style=\"--awb-margin-top:25px;--awb-margin-bottom:25px;--awb-margin-top-small:25px;--awb-margin-right-small:0px;--awb-margin-bottom-small:25px;--awb-margin-left-small:0px;--awb-margin-top-medium:25px;--awb-margin-bottom-medium:25px;\"><h3 class=\"fusion-title-heading title-heading-center fusion-responsive-typography-calculated\" style=\"margin:0;--fontSize:26;--minFontSize:26;line-height:1.15;\">Dropped out of university \u2013 what now? Opportunities in Mainfranken<\/h3><\/div><div class=\"fusion-content-tb fusion-content-tb-5 text_blog_post_card\" style=\"--awb-text-color:var(--awb-custom_color_2);--awb-margin-bottom:20px;--awb-content-alignment:center;--awb-text-transform:none;\"><p> Support services in the Mainfranken region Dropping out of university is [...]<\/p><\/div><div class=\"fusion-meta-tb fusion-meta-tb-5 floated\" style=\"--awb-border-bottom:0px;--awb-border-top:0px;--awb-border-left:0px;--awb-border-right:0px;--awb-height:40px;--awb-text-color:var(--awb-custom_color_2);--awb-alignment:center;--awb-alignment-medium:center;--awb-alignment-small:center;\"><span class=\"fusion-tb-published-date\">15.04.2026<\/span><span class=\"fusion-meta-tb-sep\"><\/span><\/div><div class=\"fusion-separator fusion-full-width-sep trenner_blog_post_card\" style=\"align-self: center;margin-left: auto;margin-right: auto;margin-top:18.5px;margin-bottom:27.5px;width:100%;max-width:100%;\"><div class=\"fusion-separator-border sep-single sep-solid\" style=\"--awb-height:20px;--awb-amount:20px;--awb-sep-color:#d9d9d9;border-color:#d9d9d9;border-top-width:1px;\"><\/div><\/div><div style=\"text-align:center;\"><a class=\"fusion-button button-flat fusion-button-default-size button-custom fusion-button-default button-5 fusion-button-default-span \" style=\"--awb-padding-top:0px;--awb-padding-right:0px;--awb-padding-bottom:0px;--awb-padding-left:0px;--button_accent_color:var(--awb-color5);--button_accent_hover_color:var(--awb-color5);--button_border_hover_color:var(--awb-color4);--button_border_width-top:0;--button_border_width-right:0;--button_border_width-bottom:0;--button_border_width-left:0;--button_gradient_top_color:rgba(255,255,255,0);--button_gradient_bottom_color:rgba(255,255,255,0);--button_gradient_top_color_hover:rgba(255,255,255,0);--button_gradient_bottom_color_hover:rgba(255,255,255,0);\" target=\"_self\" href=\"https:\/\/career-mainfranken.com\/en\/news-events\/dropped-out-of-university-what-now-opportunities-in-mainfranken\/\"><i class=\"icon-icon-pfeil-rechts-kreis awb-button__icon awb-button__icon--default button-icon-left\" aria-hidden=\"true\"><\/i><span class=\"fusion-button-text awb-button__text awb-button__text--default\">Read More<\/span><\/a><\/div><\/div><\/li>\n<li class=\"fusion-layout-column fusion_builder_column fusion-builder-column-7 fusion-flex-column post-card fusion-grid-column fusion-post-cards-grid-column\" style=\"--awb-padding-right:25px;--awb-padding-bottom:25px;--awb-padding-left:25px;--awb-overflow:hidden;--awb-bg-color:var(--awb-color1);--awb-bg-color-hover:var(--awb-color1);--awb-bg-blend:overlay;--awb-bg-size:cover;--awb-border-radius:30px 30px 30px 30px;--awb-flex-grow:0;--awb-flex-shrink:0;--awb-flex-grow-medium:0;--awb-flex-shrink-medium:0;--awb-flex-grow-small:0;--awb-flex-shrink-small:0;\" data-scroll-devices=\"small-visibility,medium-visibility,large-visibility\"><div class=\"fusion-column-wrapper fusion-column-has-shadow fusion-flex-justify-content-space-between fusion-content-layout-column\"><div class=\"fusion-classic-product-image-wrapper fusion-woo-product-image fusion-post-card-image fusion-post-card-image-1 has-aspect-ratio\" data-layout=\"static\" style=\"--awb-margin-right:-25px;--awb-margin-left:-25px;--awb-aspect-ratio:3 \/ 2;\"><div  class=\"fusion-image-wrapper\" aria-haspopup=\"true\">\n\t\t\t\t\t\t\t<a href=\"https:\/\/career-mainfranken.com\/en\/news-events\/internship-experience-experienced-by-an-intern-abroad\/\" aria-label=\"Internship experience &#8211; experienced by an Intern abroad\">\n\t\t\t\t\t\t\t<img decoding=\"async\" width=\"919\" height=\"577\" src=\"https:\/\/career-mainfranken.com\/wp-content\/uploads\/titelbild-international-student-10.7-x-15-cm-Praesentation.jpg\" class=\"attachment-full size-full lazyload wp-post-image\" alt=\"\" srcset=\"data:image\/svg+xml,%3Csvg%20xmlns%3D%27http%3A%2F%2Fwww.w3.org%2F2000%2Fsvg%27%20width%3D%27919%27%20height%3D%27577%27%20viewBox%3D%270%200%20919%20577%27%3E%3Crect%20width%3D%27919%27%20height%3D%27577%27%20fill-opacity%3D%220%22%2F%3E%3C%2Fsvg%3E\" data-orig-src=\"https:\/\/career-mainfranken.com\/wp-content\/uploads\/titelbild-international-student-10.7-x-15-cm-Praesentation.jpg\" data-srcset=\"https:\/\/career-mainfranken.com\/wp-content\/uploads\/titelbild-international-student-10.7-x-15-cm-Praesentation-200x126.jpg 200w, https:\/\/career-mainfranken.com\/wp-content\/uploads\/titelbild-international-student-10.7-x-15-cm-Praesentation-400x251.jpg 400w, https:\/\/career-mainfranken.com\/wp-content\/uploads\/titelbild-international-student-10.7-x-15-cm-Praesentation-600x377.jpg 600w, https:\/\/career-mainfranken.com\/wp-content\/uploads\/titelbild-international-student-10.7-x-15-cm-Praesentation-800x502.jpg 800w, https:\/\/career-mainfranken.com\/wp-content\/uploads\/titelbild-international-student-10.7-x-15-cm-Praesentation.jpg 919w\" data-sizes=\"auto\" \/>\t\t\t<\/a>\n\t\t\t\t\t\t\t<\/div>\n<\/div><div class=\"fusion-title title fusion-title-8 fusion-sep-none fusion-title-center fusion-title-text fusion-title-size-three\" style=\"--awb-margin-top:25px;--awb-margin-bottom:25px;--awb-margin-top-small:25px;--awb-margin-right-small:0px;--awb-margin-bottom-small:25px;--awb-margin-left-small:0px;--awb-margin-top-medium:25px;--awb-margin-bottom-medium:25px;\"><h3 class=\"fusion-title-heading title-heading-center fusion-responsive-typography-calculated\" style=\"margin:0;--fontSize:26;--minFontSize:26;line-height:1.15;\">Internship experience &#8211; experienced by an Intern abroad<\/h3><\/div><div class=\"fusion-content-tb fusion-content-tb-6 text_blog_post_card\" style=\"--awb-text-color:var(--awb-custom_color_2);--awb-margin-bottom:20px;--awb-content-alignment:center;--awb-text-transform:none;\"><p> My time as an intern in Germany Hi, my name is [...]<\/p><\/div><div class=\"fusion-meta-tb fusion-meta-tb-6 floated\" style=\"--awb-border-bottom:0px;--awb-border-top:0px;--awb-border-left:0px;--awb-border-right:0px;--awb-height:40px;--awb-text-color:var(--awb-custom_color_2);--awb-alignment:center;--awb-alignment-medium:center;--awb-alignment-small:center;\"><span class=\"fusion-tb-published-date\">25.03.2026<\/span><span class=\"fusion-meta-tb-sep\"><\/span><\/div><div class=\"fusion-separator fusion-full-width-sep trenner_blog_post_card\" style=\"align-self: center;margin-left: auto;margin-right: auto;margin-top:18.5px;margin-bottom:27.5px;width:100%;max-width:100%;\"><div class=\"fusion-separator-border sep-single sep-solid\" style=\"--awb-height:20px;--awb-amount:20px;--awb-sep-color:#d9d9d9;border-color:#d9d9d9;border-top-width:1px;\"><\/div><\/div><div style=\"text-align:center;\"><a class=\"fusion-button button-flat fusion-button-default-size button-custom fusion-button-default button-6 fusion-button-default-span \" style=\"--awb-padding-top:0px;--awb-padding-right:0px;--awb-padding-bottom:0px;--awb-padding-left:0px;--button_accent_color:var(--awb-color5);--button_accent_hover_color:var(--awb-color5);--button_border_hover_color:var(--awb-color4);--button_border_width-top:0;--button_border_width-right:0;--button_border_width-bottom:0;--button_border_width-left:0;--button_gradient_top_color:rgba(255,255,255,0);--button_gradient_bottom_color:rgba(255,255,255,0);--button_gradient_top_color_hover:rgba(255,255,255,0);--button_gradient_bottom_color_hover:rgba(255,255,255,0);\" target=\"_self\" href=\"https:\/\/career-mainfranken.com\/en\/news-events\/internship-experience-experienced-by-an-intern-abroad\/\"><i class=\"icon-icon-pfeil-rechts-kreis awb-button__icon awb-button__icon--default button-icon-left\" aria-hidden=\"true\"><\/i><span class=\"fusion-button-text awb-button__text awb-button__text--default\">Read More<\/span><\/a><\/div><\/div><\/li>\n<li class=\"fusion-layout-column fusion_builder_column fusion-builder-column-8 fusion-flex-column post-card fusion-grid-column fusion-post-cards-grid-column\" style=\"--awb-padding-right:25px;--awb-padding-bottom:25px;--awb-padding-left:25px;--awb-overflow:hidden;--awb-bg-color:var(--awb-color1);--awb-bg-color-hover:var(--awb-color1);--awb-bg-blend:overlay;--awb-bg-size:cover;--awb-border-radius:30px 30px 30px 30px;--awb-flex-grow:0;--awb-flex-shrink:0;--awb-flex-grow-medium:0;--awb-flex-shrink-medium:0;--awb-flex-grow-small:0;--awb-flex-shrink-small:0;\" data-scroll-devices=\"small-visibility,medium-visibility,large-visibility\"><div class=\"fusion-column-wrapper fusion-column-has-shadow fusion-flex-justify-content-space-between fusion-content-layout-column\"><div class=\"fusion-classic-product-image-wrapper fusion-woo-product-image fusion-post-card-image fusion-post-card-image-1 has-aspect-ratio\" data-layout=\"static\" style=\"--awb-margin-right:-25px;--awb-margin-left:-25px;--awb-aspect-ratio:3 \/ 2;\"><div  class=\"fusion-image-wrapper\" aria-haspopup=\"true\">\n\t\t\t\t\t\t\t<a href=\"https:\/\/career-mainfranken.com\/en\/news-events\/welcome-to-the-summer-semester\/\" aria-label=\"Welcome to the Summer Semester!\">\n\t\t\t\t\t\t\t<img decoding=\"async\" width=\"2560\" height=\"1920\" src=\"https:\/\/career-mainfranken.com\/wp-content\/uploads\/weinberge1-scaled.jpg\" class=\"attachment-full size-full lazyload wp-post-image\" alt=\"\" srcset=\"data:image\/svg+xml,%3Csvg%20xmlns%3D%27http%3A%2F%2Fwww.w3.org%2F2000%2Fsvg%27%20width%3D%272560%27%20height%3D%271920%27%20viewBox%3D%270%200%202560%201920%27%3E%3Crect%20width%3D%272560%27%20height%3D%271920%27%20fill-opacity%3D%220%22%2F%3E%3C%2Fsvg%3E\" data-orig-src=\"https:\/\/career-mainfranken.com\/wp-content\/uploads\/weinberge1-scaled.jpg\" data-srcset=\"https:\/\/career-mainfranken.com\/wp-content\/uploads\/weinberge1-200x150.jpg 200w, https:\/\/career-mainfranken.com\/wp-content\/uploads\/weinberge1-400x300.jpg 400w, https:\/\/career-mainfranken.com\/wp-content\/uploads\/weinberge1-600x450.jpg 600w, https:\/\/career-mainfranken.com\/wp-content\/uploads\/weinberge1-800x600.jpg 800w, https:\/\/career-mainfranken.com\/wp-content\/uploads\/weinberge1-1200x900.jpg 1200w, https:\/\/career-mainfranken.com\/wp-content\/uploads\/weinberge1-scaled.jpg 2560w\" data-sizes=\"auto\" \/>\t\t\t<\/a>\n\t\t\t\t\t\t\t<\/div>\n<\/div><div class=\"fusion-title title fusion-title-9 fusion-sep-none fusion-title-center fusion-title-text fusion-title-size-three\" style=\"--awb-margin-top:25px;--awb-margin-bottom:25px;--awb-margin-top-small:25px;--awb-margin-right-small:0px;--awb-margin-bottom-small:25px;--awb-margin-left-small:0px;--awb-margin-top-medium:25px;--awb-margin-bottom-medium:25px;\"><h3 class=\"fusion-title-heading title-heading-center fusion-responsive-typography-calculated\" style=\"margin:0;--fontSize:26;--minFontSize:26;line-height:1.15;\">Welcome to the Summer Semester!<\/h3><\/div><div class=\"fusion-content-tb fusion-content-tb-7 text_blog_post_card\" style=\"--awb-text-color:var(--awb-custom_color_2);--awb-margin-bottom:20px;--awb-content-alignment:center;--awb-text-transform:none;\"><p> Welcome to the summer semester, dear students! A new semester always [...]<\/p><\/div><div class=\"fusion-meta-tb fusion-meta-tb-7 floated\" style=\"--awb-border-bottom:0px;--awb-border-top:0px;--awb-border-left:0px;--awb-border-right:0px;--awb-height:40px;--awb-text-color:var(--awb-custom_color_2);--awb-alignment:center;--awb-alignment-medium:center;--awb-alignment-small:center;\"><span class=\"fusion-tb-published-date\">24.03.2026<\/span><span class=\"fusion-meta-tb-sep\"><\/span><\/div><div class=\"fusion-separator fusion-full-width-sep trenner_blog_post_card\" style=\"align-self: center;margin-left: auto;margin-right: auto;margin-top:18.5px;margin-bottom:27.5px;width:100%;max-width:100%;\"><div class=\"fusion-separator-border sep-single sep-solid\" style=\"--awb-height:20px;--awb-amount:20px;--awb-sep-color:#d9d9d9;border-color:#d9d9d9;border-top-width:1px;\"><\/div><\/div><div style=\"text-align:center;\"><a class=\"fusion-button button-flat fusion-button-default-size button-custom fusion-button-default button-7 fusion-button-default-span \" style=\"--awb-padding-top:0px;--awb-padding-right:0px;--awb-padding-bottom:0px;--awb-padding-left:0px;--button_accent_color:var(--awb-color5);--button_accent_hover_color:var(--awb-color5);--button_border_hover_color:var(--awb-color4);--button_border_width-top:0;--button_border_width-right:0;--button_border_width-bottom:0;--button_border_width-left:0;--button_gradient_top_color:rgba(255,255,255,0);--button_gradient_bottom_color:rgba(255,255,255,0);--button_gradient_top_color_hover:rgba(255,255,255,0);--button_gradient_bottom_color_hover:rgba(255,255,255,0);\" target=\"_self\" href=\"https:\/\/career-mainfranken.com\/en\/news-events\/welcome-to-the-summer-semester\/\"><i class=\"icon-icon-pfeil-rechts-kreis awb-button__icon awb-button__icon--default button-icon-left\" aria-hidden=\"true\"><\/i><span class=\"fusion-button-text awb-button__text awb-button__text--default\">Read More<\/span><\/a><\/div><\/div><\/li>\n<li class=\"fusion-layout-column fusion_builder_column fusion-builder-column-9 fusion-flex-column post-card fusion-grid-column fusion-post-cards-grid-column\" style=\"--awb-padding-right:25px;--awb-padding-bottom:25px;--awb-padding-left:25px;--awb-overflow:hidden;--awb-bg-color:var(--awb-color1);--awb-bg-color-hover:var(--awb-color1);--awb-bg-blend:overlay;--awb-bg-size:cover;--awb-border-radius:30px 30px 30px 30px;--awb-flex-grow:0;--awb-flex-shrink:0;--awb-flex-grow-medium:0;--awb-flex-shrink-medium:0;--awb-flex-grow-small:0;--awb-flex-shrink-small:0;\" data-scroll-devices=\"small-visibility,medium-visibility,large-visibility\"><div class=\"fusion-column-wrapper fusion-column-has-shadow fusion-flex-justify-content-space-between fusion-content-layout-column\"><div class=\"fusion-classic-product-image-wrapper fusion-woo-product-image fusion-post-card-image fusion-post-card-image-1 has-aspect-ratio\" data-layout=\"static\" style=\"--awb-margin-right:-25px;--awb-margin-left:-25px;--awb-aspect-ratio:3 \/ 2;\"><div  class=\"fusion-image-wrapper\" aria-haspopup=\"true\">\n\t\t\t\t\t\t\t<a href=\"https:\/\/career-mainfranken.com\/en\/news-events\/22nd-career-talk-in-mainfranken-students-in-direct-exchange-with-wvv-and-district-office\/\" aria-label=\"22nd career.talk in Mainfranken: Students in direct dialogue with WVV and the District Office\">\n\t\t\t\t\t\t\t<img decoding=\"async\" width=\"1200\" height=\"1200\" src=\"https:\/\/career-mainfranken.com\/wp-content\/uploads\/Design-ohne-Titel-11.jpg\" class=\"attachment-full size-full lazyload wp-post-image\" alt=\"\" srcset=\"data:image\/svg+xml,%3Csvg%20xmlns%3D%27http%3A%2F%2Fwww.w3.org%2F2000%2Fsvg%27%20width%3D%271200%27%20height%3D%271200%27%20viewBox%3D%270%200%201200%201200%27%3E%3Crect%20width%3D%271200%27%20height%3D%271200%27%20fill-opacity%3D%220%22%2F%3E%3C%2Fsvg%3E\" data-orig-src=\"https:\/\/career-mainfranken.com\/wp-content\/uploads\/Design-ohne-Titel-11.jpg\" data-srcset=\"https:\/\/career-mainfranken.com\/wp-content\/uploads\/Design-ohne-Titel-11-200x200.jpg 200w, https:\/\/career-mainfranken.com\/wp-content\/uploads\/Design-ohne-Titel-11-400x400.jpg 400w, https:\/\/career-mainfranken.com\/wp-content\/uploads\/Design-ohne-Titel-11-600x600.jpg 600w, https:\/\/career-mainfranken.com\/wp-content\/uploads\/Design-ohne-Titel-11-800x800.jpg 800w, https:\/\/career-mainfranken.com\/wp-content\/uploads\/Design-ohne-Titel-11.jpg 1200w\" data-sizes=\"auto\" \/>\t\t\t<\/a>\n\t\t\t\t\t\t\t<\/div>\n<\/div><div class=\"fusion-title title fusion-title-10 fusion-sep-none fusion-title-center fusion-title-text fusion-title-size-three\" style=\"--awb-margin-top:25px;--awb-margin-bottom:25px;--awb-margin-top-small:25px;--awb-margin-right-small:0px;--awb-margin-bottom-small:25px;--awb-margin-left-small:0px;--awb-margin-top-medium:25px;--awb-margin-bottom-medium:25px;\"><h3 class=\"fusion-title-heading title-heading-center fusion-responsive-typography-calculated\" style=\"margin:0;--fontSize:26;--minFontSize:26;line-height:1.15;\">22nd career.talk in Mainfranken: Students in direct dialogue with WVV and the District Office<\/h3><\/div><div class=\"fusion-content-tb fusion-content-tb-8 text_blog_post_card\" style=\"--awb-text-color:var(--awb-custom_color_2);--awb-margin-bottom:20px;--awb-content-alignment:center;--awb-text-transform:none;\"><p> Around 40 students took part in the latest career.talk hosted by [...]<\/p><\/div><div class=\"fusion-meta-tb fusion-meta-tb-8 floated\" style=\"--awb-border-bottom:0px;--awb-border-top:0px;--awb-border-left:0px;--awb-border-right:0px;--awb-height:40px;--awb-text-color:var(--awb-custom_color_2);--awb-alignment:center;--awb-alignment-medium:center;--awb-alignment-small:center;\"><span class=\"fusion-tb-published-date\">20.03.2026<\/span><span class=\"fusion-meta-tb-sep\"><\/span><\/div><div class=\"fusion-separator fusion-full-width-sep trenner_blog_post_card\" style=\"align-self: center;margin-left: auto;margin-right: auto;margin-top:18.5px;margin-bottom:27.5px;width:100%;max-width:100%;\"><div class=\"fusion-separator-border sep-single sep-solid\" style=\"--awb-height:20px;--awb-amount:20px;--awb-sep-color:#d9d9d9;border-color:#d9d9d9;border-top-width:1px;\"><\/div><\/div><div style=\"text-align:center;\"><a class=\"fusion-button button-flat fusion-button-default-size button-custom fusion-button-default button-8 fusion-button-default-span \" style=\"--awb-padding-top:0px;--awb-padding-right:0px;--awb-padding-bottom:0px;--awb-padding-left:0px;--button_accent_color:var(--awb-color5);--button_accent_hover_color:var(--awb-color5);--button_border_hover_color:var(--awb-color4);--button_border_width-top:0;--button_border_width-right:0;--button_border_width-bottom:0;--button_border_width-left:0;--button_gradient_top_color:rgba(255,255,255,0);--button_gradient_bottom_color:rgba(255,255,255,0);--button_gradient_top_color_hover:rgba(255,255,255,0);--button_gradient_bottom_color_hover:rgba(255,255,255,0);\" target=\"_self\" href=\"https:\/\/career-mainfranken.com\/en\/news-events\/22nd-career-talk-in-mainfranken-students-in-direct-exchange-with-wvv-and-district-office\/\"><i class=\"icon-icon-pfeil-rechts-kreis awb-button__icon awb-button__icon--default button-icon-left\" aria-hidden=\"true\"><\/i><span class=\"fusion-button-text awb-button__text awb-button__text--default\">Read More<\/span><\/a><\/div><\/div><\/li>\n<li class=\"fusion-layout-column fusion_builder_column fusion-builder-column-10 fusion-flex-column post-card fusion-grid-column fusion-post-cards-grid-column\" style=\"--awb-padding-right:25px;--awb-padding-bottom:25px;--awb-padding-left:25px;--awb-overflow:hidden;--awb-bg-color:var(--awb-color1);--awb-bg-color-hover:var(--awb-color1);--awb-bg-blend:overlay;--awb-bg-size:cover;--awb-border-radius:30px 30px 30px 30px;--awb-flex-grow:0;--awb-flex-shrink:0;--awb-flex-grow-medium:0;--awb-flex-shrink-medium:0;--awb-flex-grow-small:0;--awb-flex-shrink-small:0;\" data-scroll-devices=\"small-visibility,medium-visibility,large-visibility\"><div class=\"fusion-column-wrapper fusion-column-has-shadow fusion-flex-justify-content-space-between fusion-content-layout-column\"><div class=\"fusion-classic-product-image-wrapper fusion-woo-product-image fusion-post-card-image fusion-post-card-image-1 has-aspect-ratio\" data-layout=\"static\" style=\"--awb-margin-right:-25px;--awb-margin-left:-25px;--awb-aspect-ratio:3 \/ 2;\"><div  class=\"fusion-image-wrapper\" aria-haspopup=\"true\">\n\t\t\t\t\t\t\t<a href=\"https:\/\/career-mainfranken.com\/en\/news-events\/qa-for-our-international-student\/\" aria-label=\"Q&amp;A for our international student\">\n\t\t\t\t\t\t\t<img decoding=\"async\" width=\"1080\" height=\"1080\" src=\"https:\/\/career-mainfranken.com\/wp-content\/uploads\/Kopie-von-titelbild-international-student-1.jpg\" class=\"attachment-full size-full lazyload wp-post-image\" alt=\"\" srcset=\"data:image\/svg+xml,%3Csvg%20xmlns%3D%27http%3A%2F%2Fwww.w3.org%2F2000%2Fsvg%27%20width%3D%271080%27%20height%3D%271080%27%20viewBox%3D%270%200%201080%201080%27%3E%3Crect%20width%3D%271080%27%20height%3D%271080%27%20fill-opacity%3D%220%22%2F%3E%3C%2Fsvg%3E\" data-orig-src=\"https:\/\/career-mainfranken.com\/wp-content\/uploads\/Kopie-von-titelbild-international-student-1.jpg\" data-srcset=\"https:\/\/career-mainfranken.com\/wp-content\/uploads\/Kopie-von-titelbild-international-student-1-200x200.jpg 200w, https:\/\/career-mainfranken.com\/wp-content\/uploads\/Kopie-von-titelbild-international-student-1-400x400.jpg 400w, https:\/\/career-mainfranken.com\/wp-content\/uploads\/Kopie-von-titelbild-international-student-1-600x600.jpg 600w, https:\/\/career-mainfranken.com\/wp-content\/uploads\/Kopie-von-titelbild-international-student-1-800x800.jpg 800w, https:\/\/career-mainfranken.com\/wp-content\/uploads\/Kopie-von-titelbild-international-student-1.jpg 1080w\" data-sizes=\"auto\" \/>\t\t\t<\/a>\n\t\t\t\t\t\t\t<\/div>\n<\/div><div class=\"fusion-title title fusion-title-11 fusion-sep-none fusion-title-center fusion-title-text fusion-title-size-three\" style=\"--awb-margin-top:25px;--awb-margin-bottom:25px;--awb-margin-top-small:25px;--awb-margin-right-small:0px;--awb-margin-bottom-small:25px;--awb-margin-left-small:0px;--awb-margin-top-medium:25px;--awb-margin-bottom-medium:25px;\"><h3 class=\"fusion-title-heading title-heading-center fusion-responsive-typography-calculated\" style=\"margin:0;--fontSize:26;--minFontSize:26;line-height:1.15;\">Q&amp;A for our international student<\/h3><\/div><div class=\"fusion-content-tb fusion-content-tb-9 text_blog_post_card\" style=\"--awb-text-color:var(--awb-custom_color_2);--awb-margin-bottom:20px;--awb-content-alignment:center;--awb-text-transform:none;\"><p> Our international student Justyna has prepared a Q&amp;A about her experience [...]<\/p><\/div><div class=\"fusion-meta-tb fusion-meta-tb-9 floated\" style=\"--awb-border-bottom:0px;--awb-border-top:0px;--awb-border-left:0px;--awb-border-right:0px;--awb-height:40px;--awb-text-color:var(--awb-custom_color_2);--awb-alignment:center;--awb-alignment-medium:center;--awb-alignment-small:center;\"><span class=\"fusion-tb-published-date\">17.03.2026<\/span><span class=\"fusion-meta-tb-sep\"><\/span><\/div><div class=\"fusion-separator fusion-full-width-sep trenner_blog_post_card\" style=\"align-self: center;margin-left: auto;margin-right: auto;margin-top:18.5px;margin-bottom:27.5px;width:100%;max-width:100%;\"><div class=\"fusion-separator-border sep-single sep-solid\" style=\"--awb-height:20px;--awb-amount:20px;--awb-sep-color:#d9d9d9;border-color:#d9d9d9;border-top-width:1px;\"><\/div><\/div><div style=\"text-align:center;\"><a class=\"fusion-button button-flat fusion-button-default-size button-custom fusion-button-default button-9 fusion-button-default-span \" style=\"--awb-padding-top:0px;--awb-padding-right:0px;--awb-padding-bottom:0px;--awb-padding-left:0px;--button_accent_color:var(--awb-color5);--button_accent_hover_color:var(--awb-color5);--button_border_hover_color:var(--awb-color4);--button_border_width-top:0;--button_border_width-right:0;--button_border_width-bottom:0;--button_border_width-left:0;--button_gradient_top_color:rgba(255,255,255,0);--button_gradient_bottom_color:rgba(255,255,255,0);--button_gradient_top_color_hover:rgba(255,255,255,0);--button_gradient_bottom_color_hover:rgba(255,255,255,0);\" target=\"_self\" href=\"https:\/\/career-mainfranken.com\/en\/news-events\/qa-for-our-international-student\/\"><i class=\"icon-icon-pfeil-rechts-kreis awb-button__icon awb-button__icon--default button-icon-left\" aria-hidden=\"true\"><\/i><span class=\"fusion-button-text awb-button__text awb-button__text--default\">Read More<\/span><\/a><\/div><\/div><\/li>\n<li class=\"fusion-layout-column fusion_builder_column fusion-builder-column-11 fusion-flex-column post-card fusion-grid-column fusion-post-cards-grid-column\" style=\"--awb-padding-right:25px;--awb-padding-bottom:25px;--awb-padding-left:25px;--awb-overflow:hidden;--awb-bg-color:var(--awb-color1);--awb-bg-color-hover:var(--awb-color1);--awb-bg-blend:overlay;--awb-bg-size:cover;--awb-border-radius:30px 30px 30px 30px;--awb-flex-grow:0;--awb-flex-shrink:0;--awb-flex-grow-medium:0;--awb-flex-shrink-medium:0;--awb-flex-grow-small:0;--awb-flex-shrink-small:0;\" data-scroll-devices=\"small-visibility,medium-visibility,large-visibility\"><div class=\"fusion-column-wrapper fusion-column-has-shadow fusion-flex-justify-content-space-between fusion-content-layout-column\"><div class=\"fusion-classic-product-image-wrapper fusion-woo-product-image fusion-post-card-image fusion-post-card-image-1 has-aspect-ratio\" data-layout=\"static\" style=\"--awb-margin-right:-25px;--awb-margin-left:-25px;--awb-aspect-ratio:3 \/ 2;\"><div  class=\"fusion-image-wrapper\" aria-haspopup=\"true\">\n\t\t\t\t\t\t\t<a href=\"https:\/\/career-mainfranken.com\/en\/news-events\/21st-career-tour-mainfranken-at-esn-technology-group-and-gf-building-flow-solutions\/\" aria-label=\"21st Career.Tour Mainfranken at ESN Technology Group and GF Building Flow Solutions\">\n\t\t\t\t\t\t\t<img decoding=\"async\" width=\"2560\" height=\"1441\" src=\"https:\/\/career-mainfranken.com\/wp-content\/uploads\/20251121_154313-1-scaled.jpg\" class=\"attachment-full size-full lazyload wp-post-image\" alt=\"\" srcset=\"data:image\/svg+xml,%3Csvg%20xmlns%3D%27http%3A%2F%2Fwww.w3.org%2F2000%2Fsvg%27%20width%3D%272560%27%20height%3D%271441%27%20viewBox%3D%270%200%202560%201441%27%3E%3Crect%20width%3D%272560%27%20height%3D%271441%27%20fill-opacity%3D%220%22%2F%3E%3C%2Fsvg%3E\" data-orig-src=\"https:\/\/career-mainfranken.com\/wp-content\/uploads\/20251121_154313-1-scaled.jpg\" data-srcset=\"https:\/\/career-mainfranken.com\/wp-content\/uploads\/20251121_154313-1-200x113.jpg 200w, https:\/\/career-mainfranken.com\/wp-content\/uploads\/20251121_154313-1-400x225.jpg 400w, https:\/\/career-mainfranken.com\/wp-content\/uploads\/20251121_154313-1-600x338.jpg 600w, https:\/\/career-mainfranken.com\/wp-content\/uploads\/20251121_154313-1-800x450.jpg 800w, https:\/\/career-mainfranken.com\/wp-content\/uploads\/20251121_154313-1-1200x676.jpg 1200w, https:\/\/career-mainfranken.com\/wp-content\/uploads\/20251121_154313-1-scaled.jpg 2560w\" data-sizes=\"auto\" \/>\t\t\t<\/a>\n\t\t\t\t\t\t\t<\/div>\n<\/div><div class=\"fusion-title title fusion-title-12 fusion-sep-none fusion-title-center fusion-title-text fusion-title-size-three\" style=\"--awb-margin-top:25px;--awb-margin-bottom:25px;--awb-margin-top-small:25px;--awb-margin-right-small:0px;--awb-margin-bottom-small:25px;--awb-margin-left-small:0px;--awb-margin-top-medium:25px;--awb-margin-bottom-medium:25px;\"><h3 class=\"fusion-title-heading title-heading-center fusion-responsive-typography-calculated\" style=\"margin:0;--fontSize:26;--minFontSize:26;line-height:1.15;\">21st Career.Tour Mainfranken at ESN Technology Group and GF Building Flow Solutions<\/h3><\/div><div class=\"fusion-content-tb fusion-content-tb-10 text_blog_post_card\" style=\"--awb-text-color:var(--awb-custom_color_2);--awb-margin-bottom:20px;--awb-content-alignment:center;--awb-text-transform:none;\"><p> Career.Tour Mainfranken: Students discover regional employers Around 85 students from the [...]<\/p><\/div><div class=\"fusion-meta-tb fusion-meta-tb-10 floated\" style=\"--awb-border-bottom:0px;--awb-border-top:0px;--awb-border-left:0px;--awb-border-right:0px;--awb-height:40px;--awb-text-color:var(--awb-custom_color_2);--awb-alignment:center;--awb-alignment-medium:center;--awb-alignment-small:center;\"><span class=\"fusion-tb-published-date\">16.03.2026<\/span><span class=\"fusion-meta-tb-sep\"><\/span><\/div><div class=\"fusion-separator fusion-full-width-sep trenner_blog_post_card\" style=\"align-self: center;margin-left: auto;margin-right: auto;margin-top:18.5px;margin-bottom:27.5px;width:100%;max-width:100%;\"><div class=\"fusion-separator-border sep-single sep-solid\" style=\"--awb-height:20px;--awb-amount:20px;--awb-sep-color:#d9d9d9;border-color:#d9d9d9;border-top-width:1px;\"><\/div><\/div><div style=\"text-align:center;\"><a class=\"fusion-button button-flat fusion-button-default-size button-custom fusion-button-default button-10 fusion-button-default-span \" style=\"--awb-padding-top:0px;--awb-padding-right:0px;--awb-padding-bottom:0px;--awb-padding-left:0px;--button_accent_color:var(--awb-color5);--button_accent_hover_color:var(--awb-color5);--button_border_hover_color:var(--awb-color4);--button_border_width-top:0;--button_border_width-right:0;--button_border_width-bottom:0;--button_border_width-left:0;--button_gradient_top_color:rgba(255,255,255,0);--button_gradient_bottom_color:rgba(255,255,255,0);--button_gradient_top_color_hover:rgba(255,255,255,0);--button_gradient_bottom_color_hover:rgba(255,255,255,0);\" target=\"_self\" href=\"https:\/\/career-mainfranken.com\/en\/news-events\/21st-career-tour-mainfranken-at-esn-technology-group-and-gf-building-flow-solutions\/\"><i class=\"icon-icon-pfeil-rechts-kreis awb-button__icon awb-button__icon--default button-icon-left\" aria-hidden=\"true\"><\/i><span class=\"fusion-button-text awb-button__text awb-button__text--default\">Read More<\/span><\/a><\/div><\/div><\/li>\n<li class=\"fusion-layout-column fusion_builder_column fusion-builder-column-12 fusion-flex-column post-card fusion-grid-column fusion-post-cards-grid-column\" style=\"--awb-padding-right:25px;--awb-padding-bottom:25px;--awb-padding-left:25px;--awb-overflow:hidden;--awb-bg-color:var(--awb-color1);--awb-bg-color-hover:var(--awb-color1);--awb-bg-blend:overlay;--awb-bg-size:cover;--awb-border-radius:30px 30px 30px 30px;--awb-flex-grow:0;--awb-flex-shrink:0;--awb-flex-grow-medium:0;--awb-flex-shrink-medium:0;--awb-flex-grow-small:0;--awb-flex-shrink-small:0;\" data-scroll-devices=\"small-visibility,medium-visibility,large-visibility\"><div class=\"fusion-column-wrapper fusion-column-has-shadow fusion-flex-justify-content-space-between fusion-content-layout-column\"><div class=\"fusion-classic-product-image-wrapper fusion-woo-product-image fusion-post-card-image fusion-post-card-image-1 has-aspect-ratio\" data-layout=\"static\" style=\"--awb-margin-right:-25px;--awb-margin-left:-25px;--awb-aspect-ratio:3 \/ 2;\"><div  class=\"fusion-image-wrapper\" aria-haspopup=\"true\">\n\t\t\t\t\t\t\t<a href=\"https:\/\/career-mainfranken.com\/en\/news-events\/ideas-for-tomorrow-regional-young-talents-impress-at-jugend-forscht-lower-franconia\/\" aria-label=\"Ideas for Tomorrow: Regional Young Talents Impress at &#8220;Jugend forscht&#8221; Lower Franconia\">\n\t\t\t\t\t\t\t<img decoding=\"async\" width=\"2560\" height=\"1707\" src=\"https:\/\/career-mainfranken.com\/wp-content\/uploads\/Bild-1-Erstplatzierte-scaled.jpg\" class=\"attachment-full size-full lazyload wp-post-image\" alt=\"\" srcset=\"data:image\/svg+xml,%3Csvg%20xmlns%3D%27http%3A%2F%2Fwww.w3.org%2F2000%2Fsvg%27%20width%3D%272560%27%20height%3D%271707%27%20viewBox%3D%270%200%202560%201707%27%3E%3Crect%20width%3D%272560%27%20height%3D%271707%27%20fill-opacity%3D%220%22%2F%3E%3C%2Fsvg%3E\" data-orig-src=\"https:\/\/career-mainfranken.com\/wp-content\/uploads\/Bild-1-Erstplatzierte-scaled.jpg\" data-srcset=\"https:\/\/career-mainfranken.com\/wp-content\/uploads\/Bild-1-Erstplatzierte-200x133.jpg 200w, https:\/\/career-mainfranken.com\/wp-content\/uploads\/Bild-1-Erstplatzierte-400x267.jpg 400w, https:\/\/career-mainfranken.com\/wp-content\/uploads\/Bild-1-Erstplatzierte-600x400.jpg 600w, https:\/\/career-mainfranken.com\/wp-content\/uploads\/Bild-1-Erstplatzierte-800x533.jpg 800w, https:\/\/career-mainfranken.com\/wp-content\/uploads\/Bild-1-Erstplatzierte-1200x800.jpg 1200w, https:\/\/career-mainfranken.com\/wp-content\/uploads\/Bild-1-Erstplatzierte-scaled.jpg 2560w\" data-sizes=\"auto\" \/>\t\t\t<\/a>\n\t\t\t\t\t\t\t<\/div>\n<\/div><div class=\"fusion-title title fusion-title-13 fusion-sep-none fusion-title-center fusion-title-text fusion-title-size-three\" style=\"--awb-margin-top:25px;--awb-margin-bottom:25px;--awb-margin-top-small:25px;--awb-margin-right-small:0px;--awb-margin-bottom-small:25px;--awb-margin-left-small:0px;--awb-margin-top-medium:25px;--awb-margin-bottom-medium:25px;\"><h3 class=\"fusion-title-heading title-heading-center fusion-responsive-typography-calculated\" style=\"margin:0;--fontSize:26;--minFontSize:26;line-height:1.15;\">Ideas for Tomorrow: Regional Young Talents Impress at &#8220;Jugend forscht&#8221; Lower Franconia<\/h3><\/div><div class=\"fusion-content-tb fusion-content-tb-11 text_blog_post_card\" style=\"--awb-text-color:var(--awb-custom_color_2);--awb-margin-bottom:20px;--awb-content-alignment:center;--awb-text-transform:none;\"><p> Great excitement prevailed at the ceremonial award ceremony of the 42nd [...]<\/p><\/div><div class=\"fusion-meta-tb fusion-meta-tb-11 floated\" style=\"--awb-border-bottom:0px;--awb-border-top:0px;--awb-border-left:0px;--awb-border-right:0px;--awb-height:40px;--awb-text-color:var(--awb-custom_color_2);--awb-alignment:center;--awb-alignment-medium:center;--awb-alignment-small:center;\"><span class=\"fusion-tb-published-date\">02.03.2026<\/span><span class=\"fusion-meta-tb-sep\"><\/span><\/div><div class=\"fusion-separator fusion-full-width-sep trenner_blog_post_card\" style=\"align-self: center;margin-left: auto;margin-right: auto;margin-top:18.5px;margin-bottom:27.5px;width:100%;max-width:100%;\"><div class=\"fusion-separator-border sep-single sep-solid\" style=\"--awb-height:20px;--awb-amount:20px;--awb-sep-color:#d9d9d9;border-color:#d9d9d9;border-top-width:1px;\"><\/div><\/div><div style=\"text-align:center;\"><a class=\"fusion-button button-flat fusion-button-default-size button-custom fusion-button-default button-11 fusion-button-default-span \" style=\"--awb-padding-top:0px;--awb-padding-right:0px;--awb-padding-bottom:0px;--awb-padding-left:0px;--button_accent_color:var(--awb-color5);--button_accent_hover_color:var(--awb-color5);--button_border_hover_color:var(--awb-color4);--button_border_width-top:0;--button_border_width-right:0;--button_border_width-bottom:0;--button_border_width-left:0;--button_gradient_top_color:rgba(255,255,255,0);--button_gradient_bottom_color:rgba(255,255,255,0);--button_gradient_top_color_hover:rgba(255,255,255,0);--button_gradient_bottom_color_hover:rgba(255,255,255,0);\" target=\"_self\" href=\"https:\/\/career-mainfranken.com\/en\/news-events\/ideas-for-tomorrow-regional-young-talents-impress-at-jugend-forscht-lower-franconia\/\"><i class=\"icon-icon-pfeil-rechts-kreis awb-button__icon awb-button__icon--default button-icon-left\" aria-hidden=\"true\"><\/i><span class=\"fusion-button-text awb-button__text awb-button__text--default\">Read More<\/span><\/a><\/div><\/div><\/li>\n<li class=\"fusion-layout-column fusion_builder_column fusion-builder-column-13 fusion-flex-column post-card fusion-grid-column fusion-post-cards-grid-column\" style=\"--awb-padding-right:25px;--awb-padding-bottom:25px;--awb-padding-left:25px;--awb-overflow:hidden;--awb-bg-color:var(--awb-color1);--awb-bg-color-hover:var(--awb-color1);--awb-bg-blend:overlay;--awb-bg-size:cover;--awb-border-radius:30px 30px 30px 30px;--awb-flex-grow:0;--awb-flex-shrink:0;--awb-flex-grow-medium:0;--awb-flex-shrink-medium:0;--awb-flex-grow-small:0;--awb-flex-shrink-small:0;\" data-scroll-devices=\"small-visibility,medium-visibility,large-visibility\"><div class=\"fusion-column-wrapper fusion-column-has-shadow fusion-flex-justify-content-space-between fusion-content-layout-column\"><div class=\"fusion-classic-product-image-wrapper fusion-woo-product-image fusion-post-card-image fusion-post-card-image-1 has-aspect-ratio\" data-layout=\"static\" style=\"--awb-margin-right:-25px;--awb-margin-left:-25px;--awb-aspect-ratio:3 \/ 2;\"><div  class=\"fusion-image-wrapper\" aria-haspopup=\"true\">\n\t\t\t\t\t\t\t<a href=\"https:\/\/career-mainfranken.com\/en\/news-events\/extraordinary-museums-in-mainfranken\/\" aria-label=\"Extraordinary Museums in Mainfranken\">\n\t\t\t\t\t\t\t<img decoding=\"async\" width=\"2560\" height=\"1930\" src=\"https:\/\/career-mainfranken.com\/wp-content\/uploads\/Fastnachtmuseum-1-scaled.jpg\" class=\"attachment-full size-full lazyload wp-post-image\" alt=\"\" srcset=\"data:image\/svg+xml,%3Csvg%20xmlns%3D%27http%3A%2F%2Fwww.w3.org%2F2000%2Fsvg%27%20width%3D%272560%27%20height%3D%271930%27%20viewBox%3D%270%200%202560%201930%27%3E%3Crect%20width%3D%272560%27%20height%3D%271930%27%20fill-opacity%3D%220%22%2F%3E%3C%2Fsvg%3E\" data-orig-src=\"https:\/\/career-mainfranken.com\/wp-content\/uploads\/Fastnachtmuseum-1-scaled.jpg\" data-srcset=\"https:\/\/career-mainfranken.com\/wp-content\/uploads\/Fastnachtmuseum-1-200x151.jpg 200w, https:\/\/career-mainfranken.com\/wp-content\/uploads\/Fastnachtmuseum-1-400x302.jpg 400w, https:\/\/career-mainfranken.com\/wp-content\/uploads\/Fastnachtmuseum-1-600x452.jpg 600w, https:\/\/career-mainfranken.com\/wp-content\/uploads\/Fastnachtmuseum-1-800x603.jpg 800w, https:\/\/career-mainfranken.com\/wp-content\/uploads\/Fastnachtmuseum-1-1200x905.jpg 1200w, https:\/\/career-mainfranken.com\/wp-content\/uploads\/Fastnachtmuseum-1-scaled.jpg 2560w\" data-sizes=\"auto\" \/>\t\t\t<\/a>\n\t\t\t\t\t\t\t<\/div>\n<\/div><div class=\"fusion-title title fusion-title-14 fusion-sep-none fusion-title-center fusion-title-text fusion-title-size-three\" style=\"--awb-margin-top:25px;--awb-margin-bottom:25px;--awb-margin-top-small:25px;--awb-margin-right-small:0px;--awb-margin-bottom-small:25px;--awb-margin-left-small:0px;--awb-margin-top-medium:25px;--awb-margin-bottom-medium:25px;\"><h3 class=\"fusion-title-heading title-heading-center fusion-responsive-typography-calculated\" style=\"margin:0;--fontSize:26;--minFontSize:26;line-height:1.15;\">Extraordinary Museums in Mainfranken<\/h3><\/div><div class=\"fusion-content-tb fusion-content-tb-12 text_blog_post_card\" style=\"--awb-text-color:var(--awb-custom_color_2);--awb-margin-bottom:20px;--awb-content-alignment:center;--awb-text-transform:none;\"><p> Experience History, Discover Culture Mainfranken is rich in history and culture. [...]<\/p><\/div><div class=\"fusion-meta-tb fusion-meta-tb-12 floated\" style=\"--awb-border-bottom:0px;--awb-border-top:0px;--awb-border-left:0px;--awb-border-right:0px;--awb-height:40px;--awb-text-color:var(--awb-custom_color_2);--awb-alignment:center;--awb-alignment-medium:center;--awb-alignment-small:center;\"><span class=\"fusion-tb-published-date\">19.02.2026<\/span><span class=\"fusion-meta-tb-sep\"><\/span><\/div><div class=\"fusion-separator fusion-full-width-sep trenner_blog_post_card\" style=\"align-self: center;margin-left: auto;margin-right: auto;margin-top:18.5px;margin-bottom:27.5px;width:100%;max-width:100%;\"><div class=\"fusion-separator-border sep-single sep-solid\" style=\"--awb-height:20px;--awb-amount:20px;--awb-sep-color:#d9d9d9;border-color:#d9d9d9;border-top-width:1px;\"><\/div><\/div><div style=\"text-align:center;\"><a class=\"fusion-button button-flat fusion-button-default-size button-custom fusion-button-default button-12 fusion-button-default-span \" style=\"--awb-padding-top:0px;--awb-padding-right:0px;--awb-padding-bottom:0px;--awb-padding-left:0px;--button_accent_color:var(--awb-color5);--button_accent_hover_color:var(--awb-color5);--button_border_hover_color:var(--awb-color4);--button_border_width-top:0;--button_border_width-right:0;--button_border_width-bottom:0;--button_border_width-left:0;--button_gradient_top_color:rgba(255,255,255,0);--button_gradient_bottom_color:rgba(255,255,255,0);--button_gradient_top_color_hover:rgba(255,255,255,0);--button_gradient_bottom_color_hover:rgba(255,255,255,0);\" target=\"_self\" href=\"https:\/\/career-mainfranken.com\/en\/news-events\/extraordinary-museums-in-mainfranken\/\"><i class=\"icon-icon-pfeil-rechts-kreis awb-button__icon awb-button__icon--default button-icon-left\" aria-hidden=\"true\"><\/i><span class=\"fusion-button-text awb-button__text awb-button__text--default\">Read More<\/span><\/a><\/div><\/div><\/li>\n<li class=\"fusion-layout-column fusion_builder_column fusion-builder-column-14 fusion-flex-column post-card fusion-grid-column fusion-post-cards-grid-column\" style=\"--awb-padding-right:25px;--awb-padding-bottom:25px;--awb-padding-left:25px;--awb-overflow:hidden;--awb-bg-color:var(--awb-color1);--awb-bg-color-hover:var(--awb-color1);--awb-bg-blend:overlay;--awb-bg-size:cover;--awb-border-radius:30px 30px 30px 30px;--awb-flex-grow:0;--awb-flex-shrink:0;--awb-flex-grow-medium:0;--awb-flex-shrink-medium:0;--awb-flex-grow-small:0;--awb-flex-shrink-small:0;\" data-scroll-devices=\"small-visibility,medium-visibility,large-visibility\"><div class=\"fusion-column-wrapper fusion-column-has-shadow fusion-flex-justify-content-space-between fusion-content-layout-column\"><div class=\"fusion-classic-product-image-wrapper fusion-woo-product-image fusion-post-card-image fusion-post-card-image-1 has-aspect-ratio\" data-layout=\"static\" style=\"--awb-margin-right:-25px;--awb-margin-left:-25px;--awb-aspect-ratio:3 \/ 2;\"><div  class=\"fusion-image-wrapper\" aria-haspopup=\"true\">\n\t\t\t\t\t\t\t<a href=\"https:\/\/career-mainfranken.com\/en\/news-events\/tips-and-tricks-for-a-successful-exam-period\/\" aria-label=\"Tips and tricks for a successful exam period!\">\n\t\t\t\t\t\t\t<img decoding=\"async\" width=\"2560\" height=\"1636\" src=\"https:\/\/career-mainfranken.com\/wp-content\/uploads\/Titelbild-Klausurenphase-scaled.png\" class=\"attachment-full size-full lazyload wp-post-image\" alt=\"\" srcset=\"data:image\/svg+xml,%3Csvg%20xmlns%3D%27http%3A%2F%2Fwww.w3.org%2F2000%2Fsvg%27%20width%3D%272560%27%20height%3D%271636%27%20viewBox%3D%270%200%202560%201636%27%3E%3Crect%20width%3D%272560%27%20height%3D%271636%27%20fill-opacity%3D%220%22%2F%3E%3C%2Fsvg%3E\" data-orig-src=\"https:\/\/career-mainfranken.com\/wp-content\/uploads\/Titelbild-Klausurenphase-scaled.png\" data-srcset=\"https:\/\/career-mainfranken.com\/wp-content\/uploads\/Titelbild-Klausurenphase-200x128.png 200w, https:\/\/career-mainfranken.com\/wp-content\/uploads\/Titelbild-Klausurenphase-400x256.png 400w, https:\/\/career-mainfranken.com\/wp-content\/uploads\/Titelbild-Klausurenphase-600x384.png 600w, https:\/\/career-mainfranken.com\/wp-content\/uploads\/Titelbild-Klausurenphase-800x511.png 800w, https:\/\/career-mainfranken.com\/wp-content\/uploads\/Titelbild-Klausurenphase-1200x767.png 1200w, https:\/\/career-mainfranken.com\/wp-content\/uploads\/Titelbild-Klausurenphase-scaled.png 2560w\" data-sizes=\"auto\" \/>\t\t\t<\/a>\n\t\t\t\t\t\t\t<\/div>\n<\/div><div class=\"fusion-title title fusion-title-15 fusion-sep-none fusion-title-center fusion-title-text fusion-title-size-three\" style=\"--awb-margin-top:25px;--awb-margin-bottom:25px;--awb-margin-top-small:25px;--awb-margin-right-small:0px;--awb-margin-bottom-small:25px;--awb-margin-left-small:0px;--awb-margin-top-medium:25px;--awb-margin-bottom-medium:25px;\"><h3 class=\"fusion-title-heading title-heading-center fusion-responsive-typography-calculated\" style=\"margin:0;--fontSize:26;--minFontSize:26;line-height:1.15;\">Tips and tricks for a successful exam period!<\/h3><\/div><div class=\"fusion-content-tb fusion-content-tb-13 text_blog_post_card\" style=\"--awb-text-color:var(--awb-custom_color_2);--awb-margin-bottom:20px;--awb-content-alignment:center;--awb-text-transform:none;\"><p> Successfully through the exams The semester break is tempting - but [...]<\/p><\/div><div class=\"fusion-meta-tb fusion-meta-tb-13 floated\" style=\"--awb-border-bottom:0px;--awb-border-top:0px;--awb-border-left:0px;--awb-border-right:0px;--awb-height:40px;--awb-text-color:var(--awb-custom_color_2);--awb-alignment:center;--awb-alignment-medium:center;--awb-alignment-small:center;\"><span class=\"fusion-tb-published-date\">03.02.2026<\/span><span class=\"fusion-meta-tb-sep\"><\/span><\/div><div class=\"fusion-separator fusion-full-width-sep trenner_blog_post_card\" style=\"align-self: center;margin-left: auto;margin-right: auto;margin-top:18.5px;margin-bottom:27.5px;width:100%;max-width:100%;\"><div class=\"fusion-separator-border sep-single sep-solid\" style=\"--awb-height:20px;--awb-amount:20px;--awb-sep-color:#d9d9d9;border-color:#d9d9d9;border-top-width:1px;\"><\/div><\/div><div style=\"text-align:center;\"><a class=\"fusion-button button-flat fusion-button-default-size button-custom fusion-button-default button-13 fusion-button-default-span \" style=\"--awb-padding-top:0px;--awb-padding-right:0px;--awb-padding-bottom:0px;--awb-padding-left:0px;--button_accent_color:var(--awb-color5);--button_accent_hover_color:var(--awb-color5);--button_border_hover_color:var(--awb-color4);--button_border_width-top:0;--button_border_width-right:0;--button_border_width-bottom:0;--button_border_width-left:0;--button_gradient_top_color:rgba(255,255,255,0);--button_gradient_bottom_color:rgba(255,255,255,0);--button_gradient_top_color_hover:rgba(255,255,255,0);--button_gradient_bottom_color_hover:rgba(255,255,255,0);\" target=\"_self\" href=\"https:\/\/career-mainfranken.com\/en\/news-events\/tips-and-tricks-for-a-successful-exam-period\/\"><i class=\"icon-icon-pfeil-rechts-kreis awb-button__icon awb-button__icon--default button-icon-left\" aria-hidden=\"true\"><\/i><span class=\"fusion-button-text awb-button__text awb-button__text--default\">Read More<\/span><\/a><\/div><\/div><\/li>\n<li class=\"fusion-layout-column fusion_builder_column fusion-builder-column-15 fusion-flex-column post-card fusion-grid-column fusion-post-cards-grid-column\" style=\"--awb-padding-right:25px;--awb-padding-bottom:25px;--awb-padding-left:25px;--awb-overflow:hidden;--awb-bg-color:var(--awb-color1);--awb-bg-color-hover:var(--awb-color1);--awb-bg-blend:overlay;--awb-bg-size:cover;--awb-border-radius:30px 30px 30px 30px;--awb-flex-grow:0;--awb-flex-shrink:0;--awb-flex-grow-medium:0;--awb-flex-shrink-medium:0;--awb-flex-grow-small:0;--awb-flex-shrink-small:0;\" data-scroll-devices=\"small-visibility,medium-visibility,large-visibility\"><div class=\"fusion-column-wrapper fusion-column-has-shadow fusion-flex-justify-content-space-between fusion-content-layout-column\"><div class=\"fusion-classic-product-image-wrapper fusion-woo-product-image fusion-post-card-image fusion-post-card-image-1 has-aspect-ratio\" data-layout=\"static\" style=\"--awb-margin-right:-25px;--awb-margin-left:-25px;--awb-aspect-ratio:3 \/ 2;\"><div  class=\"fusion-image-wrapper\" aria-haspopup=\"true\">\n\t\t\t\t\t\t\t<a href=\"https:\/\/career-mainfranken.com\/en\/news-events\/hiking-pleasure-in-mainfranken-explore-the-kitzingen-traumrunden\/\" aria-label=\"Hiking pleasure in Mainfranken: Explore the Kitzingen TraumRunden!\">\n\t\t\t\t\t\t\t<img decoding=\"async\" width=\"1133\" height=\"850\" src=\"https:\/\/career-mainfranken.com\/wp-content\/uploads\/traumrunden3-Kopie.png\" class=\"attachment-full size-full lazyload wp-post-image\" alt=\"\" srcset=\"data:image\/svg+xml,%3Csvg%20xmlns%3D%27http%3A%2F%2Fwww.w3.org%2F2000%2Fsvg%27%20width%3D%271133%27%20height%3D%27850%27%20viewBox%3D%270%200%201133%20850%27%3E%3Crect%20width%3D%271133%27%20height%3D%27850%27%20fill-opacity%3D%220%22%2F%3E%3C%2Fsvg%3E\" data-orig-src=\"https:\/\/career-mainfranken.com\/wp-content\/uploads\/traumrunden3-Kopie.png\" data-srcset=\"https:\/\/career-mainfranken.com\/wp-content\/uploads\/traumrunden3-Kopie-200x150.png 200w, https:\/\/career-mainfranken.com\/wp-content\/uploads\/traumrunden3-Kopie-400x300.png 400w, https:\/\/career-mainfranken.com\/wp-content\/uploads\/traumrunden3-Kopie-600x450.png 600w, https:\/\/career-mainfranken.com\/wp-content\/uploads\/traumrunden3-Kopie-800x600.png 800w, https:\/\/career-mainfranken.com\/wp-content\/uploads\/traumrunden3-Kopie.png 1133w\" data-sizes=\"auto\" \/>\t\t\t<\/a>\n\t\t\t\t\t\t\t<\/div>\n<\/div><div class=\"fusion-title title fusion-title-16 fusion-sep-none fusion-title-center fusion-title-text fusion-title-size-three\" style=\"--awb-margin-top:25px;--awb-margin-bottom:25px;--awb-margin-top-small:25px;--awb-margin-right-small:0px;--awb-margin-bottom-small:25px;--awb-margin-left-small:0px;--awb-margin-top-medium:25px;--awb-margin-bottom-medium:25px;\"><h3 class=\"fusion-title-heading title-heading-center fusion-responsive-typography-calculated\" style=\"margin:0;--fontSize:26;--minFontSize:26;line-height:1.15;\">Hiking pleasure in Mainfranken: Explore the Kitzingen TraumRunden!<\/h3><\/div><div class=\"fusion-content-tb fusion-content-tb-14 text_blog_post_card\" style=\"--awb-text-color:var(--awb-custom_color_2);--awb-margin-bottom:20px;--awb-content-alignment:center;--awb-text-transform:none;\"><p> Experience nature between the Main River and vineyards Between sunny vineyards [...]<\/p><\/div><div class=\"fusion-meta-tb fusion-meta-tb-14 floated\" style=\"--awb-border-bottom:0px;--awb-border-top:0px;--awb-border-left:0px;--awb-border-right:0px;--awb-height:40px;--awb-text-color:var(--awb-custom_color_2);--awb-alignment:center;--awb-alignment-medium:center;--awb-alignment-small:center;\"><span class=\"fusion-tb-published-date\">20.01.2026<\/span><span class=\"fusion-meta-tb-sep\"><\/span><\/div><div class=\"fusion-separator fusion-full-width-sep trenner_blog_post_card\" style=\"align-self: center;margin-left: auto;margin-right: auto;margin-top:18.5px;margin-bottom:27.5px;width:100%;max-width:100%;\"><div class=\"fusion-separator-border sep-single sep-solid\" style=\"--awb-height:20px;--awb-amount:20px;--awb-sep-color:#d9d9d9;border-color:#d9d9d9;border-top-width:1px;\"><\/div><\/div><div style=\"text-align:center;\"><a class=\"fusion-button button-flat fusion-button-default-size button-custom fusion-button-default button-14 fusion-button-default-span \" style=\"--awb-padding-top:0px;--awb-padding-right:0px;--awb-padding-bottom:0px;--awb-padding-left:0px;--button_accent_color:var(--awb-color5);--button_accent_hover_color:var(--awb-color5);--button_border_hover_color:var(--awb-color4);--button_border_width-top:0;--button_border_width-right:0;--button_border_width-bottom:0;--button_border_width-left:0;--button_gradient_top_color:rgba(255,255,255,0);--button_gradient_bottom_color:rgba(255,255,255,0);--button_gradient_top_color_hover:rgba(255,255,255,0);--button_gradient_bottom_color_hover:rgba(255,255,255,0);\" target=\"_self\" href=\"https:\/\/career-mainfranken.com\/en\/news-events\/hiking-pleasure-in-mainfranken-explore-the-kitzingen-traumrunden\/\"><i class=\"icon-icon-pfeil-rechts-kreis awb-button__icon awb-button__icon--default button-icon-left\" aria-hidden=\"true\"><\/i><span class=\"fusion-button-text awb-button__text awb-button__text--default\">Read More<\/span><\/a><\/div><\/div><\/li>\n<li class=\"fusion-layout-column fusion_builder_column fusion-builder-column-16 fusion-flex-column post-card fusion-grid-column fusion-post-cards-grid-column\" style=\"--awb-padding-right:25px;--awb-padding-bottom:25px;--awb-padding-left:25px;--awb-overflow:hidden;--awb-bg-color:var(--awb-color1);--awb-bg-color-hover:var(--awb-color1);--awb-bg-blend:overlay;--awb-bg-size:cover;--awb-border-radius:30px 30px 30px 30px;--awb-flex-grow:0;--awb-flex-shrink:0;--awb-flex-grow-medium:0;--awb-flex-shrink-medium:0;--awb-flex-grow-small:0;--awb-flex-shrink-small:0;\" data-scroll-devices=\"small-visibility,medium-visibility,large-visibility\"><div class=\"fusion-column-wrapper fusion-column-has-shadow fusion-flex-justify-content-space-between fusion-content-layout-column\"><div class=\"fusion-classic-product-image-wrapper fusion-woo-product-image fusion-post-card-image fusion-post-card-image-1 has-aspect-ratio\" data-layout=\"static\" style=\"--awb-margin-right:-25px;--awb-margin-left:-25px;--awb-aspect-ratio:3 \/ 2;\"><div  class=\"fusion-image-wrapper\" aria-haspopup=\"true\">\n\t\t\t\t\t\t\t<a href=\"https:\/\/career-mainfranken.com\/en\/news-events\/shit-happens-career-fails-from-mainfranken-enthralls-with-honest-stories-and-a-packed-house\/\" aria-label=\"\u201cShit happens! Career Fails from Mainfranken\u201d enthralls with honest stories and a packed house\">\n\t\t\t\t\t\t\t<img decoding=\"async\" width=\"2560\" height=\"1708\" src=\"https:\/\/career-mainfranken.com\/wp-content\/uploads\/shit-happens-3303-scaled.jpg\" class=\"attachment-full size-full lazyload wp-post-image\" alt=\"\" srcset=\"data:image\/svg+xml,%3Csvg%20xmlns%3D%27http%3A%2F%2Fwww.w3.org%2F2000%2Fsvg%27%20width%3D%272560%27%20height%3D%271708%27%20viewBox%3D%270%200%202560%201708%27%3E%3Crect%20width%3D%272560%27%20height%3D%271708%27%20fill-opacity%3D%220%22%2F%3E%3C%2Fsvg%3E\" data-orig-src=\"https:\/\/career-mainfranken.com\/wp-content\/uploads\/shit-happens-3303-scaled.jpg\" data-srcset=\"https:\/\/career-mainfranken.com\/wp-content\/uploads\/shit-happens-3303-200x133.jpg 200w, https:\/\/career-mainfranken.com\/wp-content\/uploads\/shit-happens-3303-400x267.jpg 400w, https:\/\/career-mainfranken.com\/wp-content\/uploads\/shit-happens-3303-600x400.jpg 600w, https:\/\/career-mainfranken.com\/wp-content\/uploads\/shit-happens-3303-800x534.jpg 800w, https:\/\/career-mainfranken.com\/wp-content\/uploads\/shit-happens-3303-1200x800.jpg 1200w, https:\/\/career-mainfranken.com\/wp-content\/uploads\/shit-happens-3303-scaled.jpg 2560w\" data-sizes=\"auto\" \/>\t\t\t<\/a>\n\t\t\t\t\t\t\t<\/div>\n<\/div><div class=\"fusion-title title fusion-title-17 fusion-sep-none fusion-title-center fusion-title-text fusion-title-size-three\" style=\"--awb-margin-top:25px;--awb-margin-bottom:25px;--awb-margin-top-small:25px;--awb-margin-right-small:0px;--awb-margin-bottom-small:25px;--awb-margin-left-small:0px;--awb-margin-top-medium:25px;--awb-margin-bottom-medium:25px;\"><h3 class=\"fusion-title-heading title-heading-center fusion-responsive-typography-calculated\" style=\"margin:0;--fontSize:26;--minFontSize:26;line-height:1.15;\">\u201cShit happens! Career Fails from Mainfranken\u201d enthralls with honest stories and a packed house<\/h3><\/div><div class=\"fusion-content-tb fusion-content-tb-15 text_blog_post_card\" style=\"--awb-text-color:var(--awb-custom_color_2);--awb-margin-bottom:20px;--awb-content-alignment:center;--awb-text-transform:none;\"><p> Region Mainfranken GmbH and the Center for Digital Innovations Mainfranken (ZDI) [...]<\/p><\/div><div class=\"fusion-meta-tb fusion-meta-tb-15 floated\" style=\"--awb-border-bottom:0px;--awb-border-top:0px;--awb-border-left:0px;--awb-border-right:0px;--awb-height:40px;--awb-text-color:var(--awb-custom_color_2);--awb-alignment:center;--awb-alignment-medium:center;--awb-alignment-small:center;\"><span class=\"fusion-tb-published-date\">01.12.2025<\/span><span class=\"fusion-meta-tb-sep\"><\/span><\/div><div class=\"fusion-separator fusion-full-width-sep trenner_blog_post_card\" style=\"align-self: center;margin-left: auto;margin-right: auto;margin-top:18.5px;margin-bottom:27.5px;width:100%;max-width:100%;\"><div class=\"fusion-separator-border sep-single sep-solid\" style=\"--awb-height:20px;--awb-amount:20px;--awb-sep-color:#d9d9d9;border-color:#d9d9d9;border-top-width:1px;\"><\/div><\/div><div style=\"text-align:center;\"><a class=\"fusion-button button-flat fusion-button-default-size button-custom fusion-button-default button-15 fusion-button-default-span \" style=\"--awb-padding-top:0px;--awb-padding-right:0px;--awb-padding-bottom:0px;--awb-padding-left:0px;--button_accent_color:var(--awb-color5);--button_accent_hover_color:var(--awb-color5);--button_border_hover_color:var(--awb-color4);--button_border_width-top:0;--button_border_width-right:0;--button_border_width-bottom:0;--button_border_width-left:0;--button_gradient_top_color:rgba(255,255,255,0);--button_gradient_bottom_color:rgba(255,255,255,0);--button_gradient_top_color_hover:rgba(255,255,255,0);--button_gradient_bottom_color_hover:rgba(255,255,255,0);\" target=\"_self\" href=\"https:\/\/career-mainfranken.com\/en\/news-events\/shit-happens-career-fails-from-mainfranken-enthralls-with-honest-stories-and-a-packed-house\/\"><i class=\"icon-icon-pfeil-rechts-kreis awb-button__icon awb-button__icon--default button-icon-left\" aria-hidden=\"true\"><\/i><span class=\"fusion-button-text awb-button__text awb-button__text--default\">Read More<\/span><\/a><\/div><\/div><\/li>\n<li class=\"fusion-layout-column fusion_builder_column fusion-builder-column-17 fusion-flex-column post-card fusion-grid-column fusion-post-cards-grid-column\" style=\"--awb-padding-right:25px;--awb-padding-bottom:25px;--awb-padding-left:25px;--awb-overflow:hidden;--awb-bg-color:var(--awb-color1);--awb-bg-color-hover:var(--awb-color1);--awb-bg-blend:overlay;--awb-bg-size:cover;--awb-border-radius:30px 30px 30px 30px;--awb-flex-grow:0;--awb-flex-shrink:0;--awb-flex-grow-medium:0;--awb-flex-shrink-medium:0;--awb-flex-grow-small:0;--awb-flex-shrink-small:0;\" data-scroll-devices=\"small-visibility,medium-visibility,large-visibility\"><div class=\"fusion-column-wrapper fusion-column-has-shadow fusion-flex-justify-content-space-between fusion-content-layout-column\"><div class=\"fusion-classic-product-image-wrapper fusion-woo-product-image fusion-post-card-image fusion-post-card-image-1 has-aspect-ratio\" data-layout=\"static\" style=\"--awb-margin-right:-25px;--awb-margin-left:-25px;--awb-aspect-ratio:3 \/ 2;\"><div  class=\"fusion-image-wrapper\" aria-haspopup=\"true\">\n\t\t\t\t\t\t\t<a href=\"https:\/\/career-mainfranken.com\/en\/news-events\/christmas-is-in-the-air-in-mainfranken-tips-for-the-weekend\/\" aria-label=\"Christmas is in the air in Mainfranken: Tips for the weekend\">\n\t\t\t\t\t\t\t<img decoding=\"async\" width=\"2560\" height=\"1672\" src=\"https:\/\/career-mainfranken.com\/wp-content\/uploads\/Winterdorf-Blog-scaled.png\" class=\"attachment-full size-full lazyload wp-post-image\" alt=\"\" srcset=\"data:image\/svg+xml,%3Csvg%20xmlns%3D%27http%3A%2F%2Fwww.w3.org%2F2000%2Fsvg%27%20width%3D%272560%27%20height%3D%271672%27%20viewBox%3D%270%200%202560%201672%27%3E%3Crect%20width%3D%272560%27%20height%3D%271672%27%20fill-opacity%3D%220%22%2F%3E%3C%2Fsvg%3E\" data-orig-src=\"https:\/\/career-mainfranken.com\/wp-content\/uploads\/Winterdorf-Blog-scaled.png\" data-srcset=\"https:\/\/career-mainfranken.com\/wp-content\/uploads\/Winterdorf-Blog-200x131.png 200w, https:\/\/career-mainfranken.com\/wp-content\/uploads\/Winterdorf-Blog-400x261.png 400w, https:\/\/career-mainfranken.com\/wp-content\/uploads\/Winterdorf-Blog-600x392.png 600w, https:\/\/career-mainfranken.com\/wp-content\/uploads\/Winterdorf-Blog-800x522.png 800w, https:\/\/career-mainfranken.com\/wp-content\/uploads\/Winterdorf-Blog-1200x784.png 1200w, https:\/\/career-mainfranken.com\/wp-content\/uploads\/Winterdorf-Blog-scaled.png 2560w\" data-sizes=\"auto\" \/>\t\t\t<\/a>\n\t\t\t\t\t\t\t<\/div>\n<\/div><div class=\"fusion-title title fusion-title-18 fusion-sep-none fusion-title-center fusion-title-text fusion-title-size-three\" style=\"--awb-margin-top:25px;--awb-margin-bottom:25px;--awb-margin-top-small:25px;--awb-margin-right-small:0px;--awb-margin-bottom-small:25px;--awb-margin-left-small:0px;--awb-margin-top-medium:25px;--awb-margin-bottom-medium:25px;\"><h3 class=\"fusion-title-heading title-heading-center fusion-responsive-typography-calculated\" style=\"margin:0;--fontSize:26;--minFontSize:26;line-height:1.15;\">Christmas is in the air in Mainfranken: Tips for the weekend<\/h3><\/div><div class=\"fusion-content-tb fusion-content-tb-16 text_blog_post_card\" style=\"--awb-text-color:var(--awb-custom_color_2);--awb-margin-bottom:20px;--awb-content-alignment:center;--awb-text-transform:none;\"><p> Discover Christmas markets in Mainfranken It's finally here: The first Christmas [...]<\/p><\/div><div class=\"fusion-meta-tb fusion-meta-tb-16 floated\" style=\"--awb-border-bottom:0px;--awb-border-top:0px;--awb-border-left:0px;--awb-border-right:0px;--awb-height:40px;--awb-text-color:var(--awb-custom_color_2);--awb-alignment:center;--awb-alignment-medium:center;--awb-alignment-small:center;\"><span class=\"fusion-tb-published-date\">26.11.2025<\/span><span class=\"fusion-meta-tb-sep\"><\/span><\/div><div class=\"fusion-separator fusion-full-width-sep trenner_blog_post_card\" style=\"align-self: center;margin-left: auto;margin-right: auto;margin-top:18.5px;margin-bottom:27.5px;width:100%;max-width:100%;\"><div class=\"fusion-separator-border sep-single sep-solid\" style=\"--awb-height:20px;--awb-amount:20px;--awb-sep-color:#d9d9d9;border-color:#d9d9d9;border-top-width:1px;\"><\/div><\/div><div style=\"text-align:center;\"><a class=\"fusion-button button-flat fusion-button-default-size button-custom fusion-button-default button-16 fusion-button-default-span \" style=\"--awb-padding-top:0px;--awb-padding-right:0px;--awb-padding-bottom:0px;--awb-padding-left:0px;--button_accent_color:var(--awb-color5);--button_accent_hover_color:var(--awb-color5);--button_border_hover_color:var(--awb-color4);--button_border_width-top:0;--button_border_width-right:0;--button_border_width-bottom:0;--button_border_width-left:0;--button_gradient_top_color:rgba(255,255,255,0);--button_gradient_bottom_color:rgba(255,255,255,0);--button_gradient_top_color_hover:rgba(255,255,255,0);--button_gradient_bottom_color_hover:rgba(255,255,255,0);\" target=\"_self\" href=\"https:\/\/career-mainfranken.com\/en\/news-events\/christmas-is-in-the-air-in-mainfranken-tips-for-the-weekend\/\"><i class=\"icon-icon-pfeil-rechts-kreis awb-button__icon awb-button__icon--default button-icon-left\" aria-hidden=\"true\"><\/i><span class=\"fusion-button-text awb-button__text awb-button__text--default\">Read More<\/span><\/a><\/div><\/div><\/li>\n<li class=\"fusion-layout-column fusion_builder_column fusion-builder-column-18 fusion-flex-column post-card fusion-grid-column fusion-post-cards-grid-column\" style=\"--awb-padding-right:25px;--awb-padding-bottom:25px;--awb-padding-left:25px;--awb-overflow:hidden;--awb-bg-color:var(--awb-color1);--awb-bg-color-hover:var(--awb-color1);--awb-bg-blend:overlay;--awb-bg-size:cover;--awb-border-radius:30px 30px 30px 30px;--awb-flex-grow:0;--awb-flex-shrink:0;--awb-flex-grow-medium:0;--awb-flex-shrink-medium:0;--awb-flex-grow-small:0;--awb-flex-shrink-small:0;\" data-scroll-devices=\"small-visibility,medium-visibility,large-visibility\"><div class=\"fusion-column-wrapper fusion-column-has-shadow fusion-flex-justify-content-space-between fusion-content-layout-column\"><div class=\"fusion-classic-product-image-wrapper fusion-woo-product-image fusion-post-card-image fusion-post-card-image-1 has-aspect-ratio\" data-layout=\"static\" style=\"--awb-margin-right:-25px;--awb-margin-left:-25px;--awb-aspect-ratio:3 \/ 2;\"><div  class=\"fusion-image-wrapper\" aria-haspopup=\"true\">\n\t\t\t\t\t\t\t<a href=\"https:\/\/career-mainfranken.com\/en\/news-events\/how-a-e13-million-mri-machine-turns-into-a-pile-of-scrap-metal\/\" aria-label=\"How a \u20ac13 Million MRI Machine Turns into a Pile of Scrap Metal\">\n\t\t\t\t\t\t\t<img decoding=\"async\" width=\"1920\" height=\"1280\" src=\"https:\/\/career-mainfranken.com\/wp-content\/uploads\/DSC02164-Begruessung-c-Anne-Speda.jpg\" class=\"attachment-full size-full lazyload wp-post-image\" alt=\"\" srcset=\"data:image\/svg+xml,%3Csvg%20xmlns%3D%27http%3A%2F%2Fwww.w3.org%2F2000%2Fsvg%27%20width%3D%271920%27%20height%3D%271280%27%20viewBox%3D%270%200%201920%201280%27%3E%3Crect%20width%3D%271920%27%20height%3D%271280%27%20fill-opacity%3D%220%22%2F%3E%3C%2Fsvg%3E\" data-orig-src=\"https:\/\/career-mainfranken.com\/wp-content\/uploads\/DSC02164-Begruessung-c-Anne-Speda.jpg\" data-srcset=\"https:\/\/career-mainfranken.com\/wp-content\/uploads\/DSC02164-Begruessung-c-Anne-Speda-200x133.jpg 200w, https:\/\/career-mainfranken.com\/wp-content\/uploads\/DSC02164-Begruessung-c-Anne-Speda-400x267.jpg 400w, https:\/\/career-mainfranken.com\/wp-content\/uploads\/DSC02164-Begruessung-c-Anne-Speda-600x400.jpg 600w, https:\/\/career-mainfranken.com\/wp-content\/uploads\/DSC02164-Begruessung-c-Anne-Speda-800x533.jpg 800w, https:\/\/career-mainfranken.com\/wp-content\/uploads\/DSC02164-Begruessung-c-Anne-Speda-1200x800.jpg 1200w, https:\/\/career-mainfranken.com\/wp-content\/uploads\/DSC02164-Begruessung-c-Anne-Speda.jpg 1920w\" data-sizes=\"auto\" \/>\t\t\t<\/a>\n\t\t\t\t\t\t\t<\/div>\n<\/div><div class=\"fusion-title title fusion-title-19 fusion-sep-none fusion-title-center fusion-title-text fusion-title-size-three\" style=\"--awb-margin-top:25px;--awb-margin-bottom:25px;--awb-margin-top-small:25px;--awb-margin-right-small:0px;--awb-margin-bottom-small:25px;--awb-margin-left-small:0px;--awb-margin-top-medium:25px;--awb-margin-bottom-medium:25px;\"><h3 class=\"fusion-title-heading title-heading-center fusion-responsive-typography-calculated\" style=\"margin:0;--fontSize:26;--minFontSize:26;line-height:1.15;\">How a \u20ac13 Million MRI Machine Turns into a Pile of Scrap Metal<\/h3><\/div><div class=\"fusion-content-tb fusion-content-tb-17 text_blog_post_card\" style=\"--awb-text-color:var(--awb-custom_color_2);--awb-margin-bottom:20px;--awb-content-alignment:center;--awb-text-transform:none;\"><p> Innovation Day Mainfranken 2025 focuses on cyber security under the motto [...]<\/p><\/div><div class=\"fusion-meta-tb fusion-meta-tb-17 floated\" style=\"--awb-border-bottom:0px;--awb-border-top:0px;--awb-border-left:0px;--awb-border-right:0px;--awb-height:40px;--awb-text-color:var(--awb-custom_color_2);--awb-alignment:center;--awb-alignment-medium:center;--awb-alignment-small:center;\"><span class=\"fusion-tb-published-date\">28.10.2025<\/span><span class=\"fusion-meta-tb-sep\"><\/span><\/div><div class=\"fusion-separator fusion-full-width-sep trenner_blog_post_card\" style=\"align-self: center;margin-left: auto;margin-right: auto;margin-top:18.5px;margin-bottom:27.5px;width:100%;max-width:100%;\"><div class=\"fusion-separator-border sep-single sep-solid\" style=\"--awb-height:20px;--awb-amount:20px;--awb-sep-color:#d9d9d9;border-color:#d9d9d9;border-top-width:1px;\"><\/div><\/div><div style=\"text-align:center;\"><a class=\"fusion-button button-flat fusion-button-default-size button-custom fusion-button-default button-17 fusion-button-default-span \" style=\"--awb-padding-top:0px;--awb-padding-right:0px;--awb-padding-bottom:0px;--awb-padding-left:0px;--button_accent_color:var(--awb-color5);--button_accent_hover_color:var(--awb-color5);--button_border_hover_color:var(--awb-color4);--button_border_width-top:0;--button_border_width-right:0;--button_border_width-bottom:0;--button_border_width-left:0;--button_gradient_top_color:rgba(255,255,255,0);--button_gradient_bottom_color:rgba(255,255,255,0);--button_gradient_top_color_hover:rgba(255,255,255,0);--button_gradient_bottom_color_hover:rgba(255,255,255,0);\" target=\"_self\" href=\"https:\/\/career-mainfranken.com\/en\/news-events\/how-a-e13-million-mri-machine-turns-into-a-pile-of-scrap-metal\/\"><i class=\"icon-icon-pfeil-rechts-kreis awb-button__icon awb-button__icon--default button-icon-left\" aria-hidden=\"true\"><\/i><span class=\"fusion-button-text awb-button__text awb-button__text--default\">Read More<\/span><\/a><\/div><\/div><\/li>\n<li class=\"fusion-layout-column fusion_builder_column fusion-builder-column-19 fusion-flex-column post-card fusion-grid-column fusion-post-cards-grid-column\" style=\"--awb-padding-right:25px;--awb-padding-bottom:25px;--awb-padding-left:25px;--awb-overflow:hidden;--awb-bg-color:var(--awb-color1);--awb-bg-color-hover:var(--awb-color1);--awb-bg-blend:overlay;--awb-bg-size:cover;--awb-border-radius:30px 30px 30px 30px;--awb-flex-grow:0;--awb-flex-shrink:0;--awb-flex-grow-medium:0;--awb-flex-shrink-medium:0;--awb-flex-grow-small:0;--awb-flex-shrink-small:0;\" data-scroll-devices=\"small-visibility,medium-visibility,large-visibility\"><div class=\"fusion-column-wrapper fusion-column-has-shadow fusion-flex-justify-content-space-between fusion-content-layout-column\"><div class=\"fusion-classic-product-image-wrapper fusion-woo-product-image fusion-post-card-image fusion-post-card-image-1 has-aspect-ratio\" data-layout=\"static\" style=\"--awb-margin-right:-25px;--awb-margin-left:-25px;--awb-aspect-ratio:3 \/ 2;\"><div  class=\"fusion-image-wrapper\" aria-haspopup=\"true\">\n\t\t\t\t\t\t\t<a href=\"https:\/\/career-mainfranken.com\/en\/news-events\/9th-mainfranken-skilled-professionals-conference\/\" aria-label=\"9th Mainfranken Skilled Professionals Conference\">\n\t\t\t\t\t\t\t<img decoding=\"async\" width=\"2560\" height=\"1920\" src=\"https:\/\/career-mainfranken.com\/wp-content\/uploads\/Bild1-scaled.png\" class=\"attachment-full size-full lazyload wp-post-image\" alt=\"\" srcset=\"data:image\/svg+xml,%3Csvg%20xmlns%3D%27http%3A%2F%2Fwww.w3.org%2F2000%2Fsvg%27%20width%3D%272560%27%20height%3D%271920%27%20viewBox%3D%270%200%202560%201920%27%3E%3Crect%20width%3D%272560%27%20height%3D%271920%27%20fill-opacity%3D%220%22%2F%3E%3C%2Fsvg%3E\" data-orig-src=\"https:\/\/career-mainfranken.com\/wp-content\/uploads\/Bild1-scaled.png\" data-srcset=\"https:\/\/career-mainfranken.com\/wp-content\/uploads\/Bild1-200x150.png 200w, https:\/\/career-mainfranken.com\/wp-content\/uploads\/Bild1-400x300.png 400w, https:\/\/career-mainfranken.com\/wp-content\/uploads\/Bild1-600x450.png 600w, https:\/\/career-mainfranken.com\/wp-content\/uploads\/Bild1-800x600.png 800w, https:\/\/career-mainfranken.com\/wp-content\/uploads\/Bild1-1200x900.png 1200w, https:\/\/career-mainfranken.com\/wp-content\/uploads\/Bild1-scaled.png 2560w\" data-sizes=\"auto\" \/>\t\t\t<\/a>\n\t\t\t\t\t\t\t<\/div>\n<\/div><div class=\"fusion-title title fusion-title-20 fusion-sep-none fusion-title-center fusion-title-text fusion-title-size-three\" style=\"--awb-margin-top:25px;--awb-margin-bottom:25px;--awb-margin-top-small:25px;--awb-margin-right-small:0px;--awb-margin-bottom-small:25px;--awb-margin-left-small:0px;--awb-margin-top-medium:25px;--awb-margin-bottom-medium:25px;\"><h3 class=\"fusion-title-heading title-heading-center fusion-responsive-typography-calculated\" style=\"margin:0;--fontSize:26;--minFontSize:26;line-height:1.15;\">9th Mainfranken Skilled Professionals Conference<\/h3><\/div><div class=\"fusion-content-tb fusion-content-tb-18 text_blog_post_card\" style=\"--awb-text-color:var(--awb-custom_color_2);--awb-margin-bottom:20px;--awb-content-alignment:center;--awb-text-transform:none;\"><p> Securing Skilled Professionals Needs New Approaches \u2013 and above all, New [...]<\/p><\/div><div class=\"fusion-meta-tb fusion-meta-tb-18 floated\" style=\"--awb-border-bottom:0px;--awb-border-top:0px;--awb-border-left:0px;--awb-border-right:0px;--awb-height:40px;--awb-text-color:var(--awb-custom_color_2);--awb-alignment:center;--awb-alignment-medium:center;--awb-alignment-small:center;\"><span class=\"fusion-tb-published-date\">16.10.2025<\/span><span class=\"fusion-meta-tb-sep\"><\/span><\/div><div class=\"fusion-separator fusion-full-width-sep trenner_blog_post_card\" style=\"align-self: center;margin-left: auto;margin-right: auto;margin-top:18.5px;margin-bottom:27.5px;width:100%;max-width:100%;\"><div class=\"fusion-separator-border sep-single sep-solid\" style=\"--awb-height:20px;--awb-amount:20px;--awb-sep-color:#d9d9d9;border-color:#d9d9d9;border-top-width:1px;\"><\/div><\/div><div style=\"text-align:center;\"><a class=\"fusion-button button-flat fusion-button-default-size button-custom fusion-button-default button-18 fusion-button-default-span \" style=\"--awb-padding-top:0px;--awb-padding-right:0px;--awb-padding-bottom:0px;--awb-padding-left:0px;--button_accent_color:var(--awb-color5);--button_accent_hover_color:var(--awb-color5);--button_border_hover_color:var(--awb-color4);--button_border_width-top:0;--button_border_width-right:0;--button_border_width-bottom:0;--button_border_width-left:0;--button_gradient_top_color:rgba(255,255,255,0);--button_gradient_bottom_color:rgba(255,255,255,0);--button_gradient_top_color_hover:rgba(255,255,255,0);--button_gradient_bottom_color_hover:rgba(255,255,255,0);\" target=\"_self\" href=\"https:\/\/career-mainfranken.com\/en\/news-events\/9th-mainfranken-skilled-professionals-conference\/\"><i class=\"icon-icon-pfeil-rechts-kreis awb-button__icon awb-button__icon--default button-icon-left\" aria-hidden=\"true\"><\/i><span class=\"fusion-button-text awb-button__text awb-button__text--default\">Read More<\/span><\/a><\/div><\/div><\/li>\n<li class=\"fusion-layout-column fusion_builder_column fusion-builder-column-20 fusion-flex-column post-card fusion-grid-column fusion-post-cards-grid-column\" style=\"--awb-padding-right:25px;--awb-padding-bottom:25px;--awb-padding-left:25px;--awb-overflow:hidden;--awb-bg-color:var(--awb-color1);--awb-bg-color-hover:var(--awb-color1);--awb-bg-blend:overlay;--awb-bg-size:cover;--awb-border-radius:30px 30px 30px 30px;--awb-flex-grow:0;--awb-flex-shrink:0;--awb-flex-grow-medium:0;--awb-flex-shrink-medium:0;--awb-flex-grow-small:0;--awb-flex-shrink-small:0;\" data-scroll-devices=\"small-visibility,medium-visibility,large-visibility\"><div class=\"fusion-column-wrapper fusion-column-has-shadow fusion-flex-justify-content-space-between fusion-content-layout-column\"><div class=\"fusion-classic-product-image-wrapper fusion-woo-product-image fusion-post-card-image fusion-post-card-image-1 has-aspect-ratio\" data-layout=\"static\" style=\"--awb-margin-right:-25px;--awb-margin-left:-25px;--awb-aspect-ratio:3 \/ 2;\"><div  class=\"fusion-image-wrapper\" aria-haspopup=\"true\">\n\t\t\t\t\t\t\t<a href=\"https:\/\/career-mainfranken.com\/en\/news-events\/hello-new-students-our-tips-for-your-perfect-start\/\" aria-label=\"Hello New Students! Our tips for your perfect start\">\n\t\t\t\t\t\t\t<img decoding=\"async\" width=\"2560\" height=\"1770\" src=\"https:\/\/career-mainfranken.com\/wp-content\/uploads\/campus-1-scaled.png\" class=\"attachment-full size-full lazyload wp-post-image\" alt=\"\" srcset=\"data:image\/svg+xml,%3Csvg%20xmlns%3D%27http%3A%2F%2Fwww.w3.org%2F2000%2Fsvg%27%20width%3D%272560%27%20height%3D%271770%27%20viewBox%3D%270%200%202560%201770%27%3E%3Crect%20width%3D%272560%27%20height%3D%271770%27%20fill-opacity%3D%220%22%2F%3E%3C%2Fsvg%3E\" data-orig-src=\"https:\/\/career-mainfranken.com\/wp-content\/uploads\/campus-1-scaled.png\" data-srcset=\"https:\/\/career-mainfranken.com\/wp-content\/uploads\/campus-1-200x138.png 200w, https:\/\/career-mainfranken.com\/wp-content\/uploads\/campus-1-400x277.png 400w, https:\/\/career-mainfranken.com\/wp-content\/uploads\/campus-1-600x415.png 600w, https:\/\/career-mainfranken.com\/wp-content\/uploads\/campus-1-800x553.png 800w, https:\/\/career-mainfranken.com\/wp-content\/uploads\/campus-1-1200x830.png 1200w, https:\/\/career-mainfranken.com\/wp-content\/uploads\/campus-1-scaled.png 2560w\" data-sizes=\"auto\" \/>\t\t\t<\/a>\n\t\t\t\t\t\t\t<\/div>\n<\/div><div class=\"fusion-title title fusion-title-21 fusion-sep-none fusion-title-center fusion-title-text fusion-title-size-three\" style=\"--awb-margin-top:25px;--awb-margin-bottom:25px;--awb-margin-top-small:25px;--awb-margin-right-small:0px;--awb-margin-bottom-small:25px;--awb-margin-left-small:0px;--awb-margin-top-medium:25px;--awb-margin-bottom-medium:25px;\"><h3 class=\"fusion-title-heading title-heading-center fusion-responsive-typography-calculated\" style=\"margin:0;--fontSize:26;--minFontSize:26;line-height:1.15;\">Hello New Students! Our tips for your perfect start<\/h3><\/div><div class=\"fusion-content-tb fusion-content-tb-19 text_blog_post_card\" style=\"--awb-text-color:var(--awb-custom_color_2);--awb-margin-bottom:20px;--awb-content-alignment:center;--awb-text-transform:none;\"><p> Your Start into Student Life! The first days at university are [...]<\/p><\/div><div class=\"fusion-meta-tb fusion-meta-tb-19 floated\" style=\"--awb-border-bottom:0px;--awb-border-top:0px;--awb-border-left:0px;--awb-border-right:0px;--awb-height:40px;--awb-text-color:var(--awb-custom_color_2);--awb-alignment:center;--awb-alignment-medium:center;--awb-alignment-small:center;\"><span class=\"fusion-tb-published-date\">07.10.2025<\/span><span class=\"fusion-meta-tb-sep\"><\/span><\/div><div class=\"fusion-separator fusion-full-width-sep trenner_blog_post_card\" style=\"align-self: center;margin-left: auto;margin-right: auto;margin-top:18.5px;margin-bottom:27.5px;width:100%;max-width:100%;\"><div class=\"fusion-separator-border sep-single sep-solid\" style=\"--awb-height:20px;--awb-amount:20px;--awb-sep-color:#d9d9d9;border-color:#d9d9d9;border-top-width:1px;\"><\/div><\/div><div style=\"text-align:center;\"><a class=\"fusion-button button-flat fusion-button-default-size button-custom fusion-button-default button-19 fusion-button-default-span \" style=\"--awb-padding-top:0px;--awb-padding-right:0px;--awb-padding-bottom:0px;--awb-padding-left:0px;--button_accent_color:var(--awb-color5);--button_accent_hover_color:var(--awb-color5);--button_border_hover_color:var(--awb-color4);--button_border_width-top:0;--button_border_width-right:0;--button_border_width-bottom:0;--button_border_width-left:0;--button_gradient_top_color:rgba(255,255,255,0);--button_gradient_bottom_color:rgba(255,255,255,0);--button_gradient_top_color_hover:rgba(255,255,255,0);--button_gradient_bottom_color_hover:rgba(255,255,255,0);\" target=\"_self\" href=\"https:\/\/career-mainfranken.com\/en\/news-events\/hello-new-students-our-tips-for-your-perfect-start\/\"><i class=\"icon-icon-pfeil-rechts-kreis awb-button__icon awb-button__icon--default button-icon-left\" aria-hidden=\"true\"><\/i><span class=\"fusion-button-text awb-button__text awb-button__text--default\">Read More<\/span><\/a><\/div><\/div><\/li>\n<li class=\"fusion-layout-column fusion_builder_column fusion-builder-column-21 fusion-flex-column post-card fusion-grid-column fusion-post-cards-grid-column\" style=\"--awb-padding-right:25px;--awb-padding-bottom:25px;--awb-padding-left:25px;--awb-overflow:hidden;--awb-bg-color:var(--awb-color1);--awb-bg-color-hover:var(--awb-color1);--awb-bg-blend:overlay;--awb-bg-size:cover;--awb-border-radius:30px 30px 30px 30px;--awb-flex-grow:0;--awb-flex-shrink:0;--awb-flex-grow-medium:0;--awb-flex-shrink-medium:0;--awb-flex-grow-small:0;--awb-flex-shrink-small:0;\" data-scroll-devices=\"small-visibility,medium-visibility,large-visibility\"><div class=\"fusion-column-wrapper fusion-column-has-shadow fusion-flex-justify-content-space-between fusion-content-layout-column\"><div class=\"fusion-classic-product-image-wrapper fusion-woo-product-image fusion-post-card-image fusion-post-card-image-1 has-aspect-ratio\" data-layout=\"static\" style=\"--awb-margin-right:-25px;--awb-margin-left:-25px;--awb-aspect-ratio:3 \/ 2;\"><div  class=\"fusion-image-wrapper\" aria-haspopup=\"true\">\n\t\t\t\t\t\t\t<a href=\"https:\/\/career-mainfranken.com\/en\/news-events\/opening-of-the-mainfranken-fair-2025\/\" aria-label=\"Opening of the Mainfranken Fair 2025\">\n\t\t\t\t\t\t\t<img decoding=\"async\" width=\"694\" height=\"620\" src=\"https:\/\/career-mainfranken.com\/wp-content\/uploads\/29.09.25_Mainfranken-Messe.jpg\" class=\"attachment-full size-full lazyload wp-post-image\" alt=\"Er\u00f6ffnung Mainfranken Messe mit Ministerpr\u00e4sident Dr. Markus S\u00f6der und Oberb\u00fcrgermeister Martin Heilig\" srcset=\"data:image\/svg+xml,%3Csvg%20xmlns%3D%27http%3A%2F%2Fwww.w3.org%2F2000%2Fsvg%27%20width%3D%27694%27%20height%3D%27620%27%20viewBox%3D%270%200%20694%20620%27%3E%3Crect%20width%3D%27694%27%20height%3D%27620%27%20fill-opacity%3D%220%22%2F%3E%3C%2Fsvg%3E\" data-orig-src=\"https:\/\/career-mainfranken.com\/wp-content\/uploads\/29.09.25_Mainfranken-Messe.jpg\" data-srcset=\"https:\/\/career-mainfranken.com\/wp-content\/uploads\/29.09.25_Mainfranken-Messe-200x179.jpg 200w, https:\/\/career-mainfranken.com\/wp-content\/uploads\/29.09.25_Mainfranken-Messe-400x357.jpg 400w, https:\/\/career-mainfranken.com\/wp-content\/uploads\/29.09.25_Mainfranken-Messe-600x536.jpg 600w, https:\/\/career-mainfranken.com\/wp-content\/uploads\/29.09.25_Mainfranken-Messe.jpg 694w\" data-sizes=\"auto\" \/>\t\t\t<\/a>\n\t\t\t\t\t\t\t<\/div>\n<\/div><div class=\"fusion-title title fusion-title-22 fusion-sep-none fusion-title-center fusion-title-text fusion-title-size-three\" style=\"--awb-margin-top:25px;--awb-margin-bottom:25px;--awb-margin-top-small:25px;--awb-margin-right-small:0px;--awb-margin-bottom-small:25px;--awb-margin-left-small:0px;--awb-margin-top-medium:25px;--awb-margin-bottom-medium:25px;\"><h3 class=\"fusion-title-heading title-heading-center fusion-responsive-typography-calculated\" style=\"margin:0;--fontSize:26;--minFontSize:26;line-height:1.15;\">Opening of the Mainfranken Fair 2025<\/h3><\/div><div class=\"fusion-content-tb fusion-content-tb-20 text_blog_post_card\" style=\"--awb-text-color:var(--awb-custom_color_2);--awb-margin-bottom:20px;--awb-content-alignment:center;--awb-text-transform:none;\"><p> Will W\u00fcrzburg Become a Top Location for Biomedicine? Minister President Dr. [...]<\/p><\/div><div class=\"fusion-meta-tb fusion-meta-tb-20 floated\" style=\"--awb-border-bottom:0px;--awb-border-top:0px;--awb-border-left:0px;--awb-border-right:0px;--awb-height:40px;--awb-text-color:var(--awb-custom_color_2);--awb-alignment:center;--awb-alignment-medium:center;--awb-alignment-small:center;\"><span class=\"fusion-tb-published-date\">01.10.2025<\/span><span class=\"fusion-meta-tb-sep\"><\/span><\/div><div class=\"fusion-separator fusion-full-width-sep trenner_blog_post_card\" style=\"align-self: center;margin-left: auto;margin-right: auto;margin-top:18.5px;margin-bottom:27.5px;width:100%;max-width:100%;\"><div class=\"fusion-separator-border sep-single sep-solid\" style=\"--awb-height:20px;--awb-amount:20px;--awb-sep-color:#d9d9d9;border-color:#d9d9d9;border-top-width:1px;\"><\/div><\/div><div style=\"text-align:center;\"><a class=\"fusion-button button-flat fusion-button-default-size button-custom fusion-button-default button-20 fusion-button-default-span \" style=\"--awb-padding-top:0px;--awb-padding-right:0px;--awb-padding-bottom:0px;--awb-padding-left:0px;--button_accent_color:var(--awb-color5);--button_accent_hover_color:var(--awb-color5);--button_border_hover_color:var(--awb-color4);--button_border_width-top:0;--button_border_width-right:0;--button_border_width-bottom:0;--button_border_width-left:0;--button_gradient_top_color:rgba(255,255,255,0);--button_gradient_bottom_color:rgba(255,255,255,0);--button_gradient_top_color_hover:rgba(255,255,255,0);--button_gradient_bottom_color_hover:rgba(255,255,255,0);\" target=\"_self\" href=\"https:\/\/career-mainfranken.com\/en\/news-events\/opening-of-the-mainfranken-fair-2025\/\"><i class=\"icon-icon-pfeil-rechts-kreis awb-button__icon awb-button__icon--default button-icon-left\" aria-hidden=\"true\"><\/i><span class=\"fusion-button-text awb-button__text awb-button__text--default\">Read More<\/span><\/a><\/div><\/div><\/li>\n<li class=\"fusion-layout-column fusion_builder_column fusion-builder-column-22 fusion-flex-column post-card fusion-grid-column fusion-post-cards-grid-column\" style=\"--awb-padding-right:25px;--awb-padding-bottom:25px;--awb-padding-left:25px;--awb-overflow:hidden;--awb-bg-color:var(--awb-color1);--awb-bg-color-hover:var(--awb-color1);--awb-bg-blend:overlay;--awb-bg-size:cover;--awb-border-radius:30px 30px 30px 30px;--awb-flex-grow:0;--awb-flex-shrink:0;--awb-flex-grow-medium:0;--awb-flex-shrink-medium:0;--awb-flex-grow-small:0;--awb-flex-shrink-small:0;\" data-scroll-devices=\"small-visibility,medium-visibility,large-visibility\"><div class=\"fusion-column-wrapper fusion-column-has-shadow fusion-flex-justify-content-space-between fusion-content-layout-column\"><div class=\"fusion-classic-product-image-wrapper fusion-woo-product-image fusion-post-card-image fusion-post-card-image-1 has-aspect-ratio\" data-layout=\"static\" style=\"--awb-margin-right:-25px;--awb-margin-left:-25px;--awb-aspect-ratio:3 \/ 2;\"><div  class=\"fusion-image-wrapper\" aria-haspopup=\"true\">\n\t\t\t\t\t\t\t<a href=\"https:\/\/career-mainfranken.com\/en\/news-events\/between-vineyards-and-forests-hiking-opportunities-in-and-around-mainfranken\/\" aria-label=\"Between Vineyards and Forests: Hiking Opportunities in and around Mainfranken\">\n\t\t\t\t\t\t\t<img decoding=\"async\" width=\"2560\" height=\"1675\" src=\"https:\/\/career-mainfranken.com\/wp-content\/uploads\/Kreuzberg-Aussicht-zugeschnitten-scaled.jpg\" class=\"attachment-full size-full lazyload wp-post-image\" alt=\"Die Aussicht vom Kreuzberg in Mainfranken\" srcset=\"data:image\/svg+xml,%3Csvg%20xmlns%3D%27http%3A%2F%2Fwww.w3.org%2F2000%2Fsvg%27%20width%3D%272560%27%20height%3D%271675%27%20viewBox%3D%270%200%202560%201675%27%3E%3Crect%20width%3D%272560%27%20height%3D%271675%27%20fill-opacity%3D%220%22%2F%3E%3C%2Fsvg%3E\" data-orig-src=\"https:\/\/career-mainfranken.com\/wp-content\/uploads\/Kreuzberg-Aussicht-zugeschnitten-scaled.jpg\" data-srcset=\"https:\/\/career-mainfranken.com\/wp-content\/uploads\/Kreuzberg-Aussicht-zugeschnitten-200x131.jpg 200w, https:\/\/career-mainfranken.com\/wp-content\/uploads\/Kreuzberg-Aussicht-zugeschnitten-400x262.jpg 400w, https:\/\/career-mainfranken.com\/wp-content\/uploads\/Kreuzberg-Aussicht-zugeschnitten-600x393.jpg 600w, https:\/\/career-mainfranken.com\/wp-content\/uploads\/Kreuzberg-Aussicht-zugeschnitten-800x524.jpg 800w, https:\/\/career-mainfranken.com\/wp-content\/uploads\/Kreuzberg-Aussicht-zugeschnitten-1200x785.jpg 1200w, https:\/\/career-mainfranken.com\/wp-content\/uploads\/Kreuzberg-Aussicht-zugeschnitten-scaled.jpg 2560w\" data-sizes=\"auto\" \/>\t\t\t<\/a>\n\t\t\t\t\t\t\t<\/div>\n<\/div><div class=\"fusion-title title fusion-title-23 fusion-sep-none fusion-title-center fusion-title-text fusion-title-size-three\" style=\"--awb-margin-top:25px;--awb-margin-bottom:25px;--awb-margin-top-small:25px;--awb-margin-right-small:0px;--awb-margin-bottom-small:25px;--awb-margin-left-small:0px;--awb-margin-top-medium:25px;--awb-margin-bottom-medium:25px;\"><h3 class=\"fusion-title-heading title-heading-center fusion-responsive-typography-calculated\" style=\"margin:0;--fontSize:26;--minFontSize:26;line-height:1.15;\">Between Vineyards and Forests: Hiking Opportunities in and around Mainfranken<\/h3><\/div><div class=\"fusion-content-tb fusion-content-tb-21 text_blog_post_card\" style=\"--awb-text-color:var(--awb-custom_color_2);--awb-margin-bottom:20px;--awb-content-alignment:center;--awb-text-transform:none;\"><p> The most Beautiful Hiking Opportunities in Mainfranken From gentle vineyards to [...]<\/p><\/div><div class=\"fusion-meta-tb fusion-meta-tb-21 floated\" style=\"--awb-border-bottom:0px;--awb-border-top:0px;--awb-border-left:0px;--awb-border-right:0px;--awb-height:40px;--awb-text-color:var(--awb-custom_color_2);--awb-alignment:center;--awb-alignment-medium:center;--awb-alignment-small:center;\"><span class=\"fusion-tb-published-date\">18.09.2025<\/span><span class=\"fusion-meta-tb-sep\"><\/span><\/div><div class=\"fusion-separator fusion-full-width-sep trenner_blog_post_card\" style=\"align-self: center;margin-left: auto;margin-right: auto;margin-top:18.5px;margin-bottom:27.5px;width:100%;max-width:100%;\"><div class=\"fusion-separator-border sep-single sep-solid\" style=\"--awb-height:20px;--awb-amount:20px;--awb-sep-color:#d9d9d9;border-color:#d9d9d9;border-top-width:1px;\"><\/div><\/div><div style=\"text-align:center;\"><a class=\"fusion-button button-flat fusion-button-default-size button-custom fusion-button-default button-21 fusion-button-default-span \" style=\"--awb-padding-top:0px;--awb-padding-right:0px;--awb-padding-bottom:0px;--awb-padding-left:0px;--button_accent_color:var(--awb-color5);--button_accent_hover_color:var(--awb-color5);--button_border_hover_color:var(--awb-color4);--button_border_width-top:0;--button_border_width-right:0;--button_border_width-bottom:0;--button_border_width-left:0;--button_gradient_top_color:rgba(255,255,255,0);--button_gradient_bottom_color:rgba(255,255,255,0);--button_gradient_top_color_hover:rgba(255,255,255,0);--button_gradient_bottom_color_hover:rgba(255,255,255,0);\" target=\"_self\" href=\"https:\/\/career-mainfranken.com\/en\/news-events\/between-vineyards-and-forests-hiking-opportunities-in-and-around-mainfranken\/\"><i class=\"icon-icon-pfeil-rechts-kreis awb-button__icon awb-button__icon--default button-icon-left\" aria-hidden=\"true\"><\/i><span class=\"fusion-button-text awb-button__text awb-button__text--default\">Read More<\/span><\/a><\/div><\/div><\/li>\n<li class=\"fusion-layout-column fusion_builder_column fusion-builder-column-23 fusion-flex-column post-card fusion-grid-column fusion-post-cards-grid-column\" style=\"--awb-padding-right:25px;--awb-padding-bottom:25px;--awb-padding-left:25px;--awb-overflow:hidden;--awb-bg-color:var(--awb-color1);--awb-bg-color-hover:var(--awb-color1);--awb-bg-blend:overlay;--awb-bg-size:cover;--awb-border-radius:30px 30px 30px 30px;--awb-flex-grow:0;--awb-flex-shrink:0;--awb-flex-grow-medium:0;--awb-flex-shrink-medium:0;--awb-flex-grow-small:0;--awb-flex-shrink-small:0;\" data-scroll-devices=\"small-visibility,medium-visibility,large-visibility\"><div class=\"fusion-column-wrapper fusion-column-has-shadow fusion-flex-justify-content-space-between fusion-content-layout-column\"><div class=\"fusion-classic-product-image-wrapper fusion-woo-product-image fusion-post-card-image fusion-post-card-image-1 has-aspect-ratio\" data-layout=\"static\" style=\"--awb-margin-right:-25px;--awb-margin-left:-25px;--awb-aspect-ratio:3 \/ 2;\"><div  class=\"fusion-image-wrapper\" aria-haspopup=\"true\">\n\t\t\t\t\t\t\t<a href=\"https:\/\/career-mainfranken.com\/en\/news-events\/support-staff-in-mainfranken-your-chance-to-get-started\/\" aria-label=\"Support Staff in Mainfranken: your Chance to get Started\">\n\t\t\t\t\t\t\t<img decoding=\"async\" width=\"591\" height=\"391\" src=\"https:\/\/career-mainfranken.com\/wp-content\/uploads\/Unbenannt.png\" class=\"attachment-full size-full lazyload wp-post-image\" alt=\"Infobild Hilfskr\u00e4fte\" srcset=\"data:image\/svg+xml,%3Csvg%20xmlns%3D%27http%3A%2F%2Fwww.w3.org%2F2000%2Fsvg%27%20width%3D%27591%27%20height%3D%27391%27%20viewBox%3D%270%200%20591%20391%27%3E%3Crect%20width%3D%27591%27%20height%3D%27391%27%20fill-opacity%3D%220%22%2F%3E%3C%2Fsvg%3E\" data-orig-src=\"https:\/\/career-mainfranken.com\/wp-content\/uploads\/Unbenannt.png\" data-srcset=\"https:\/\/career-mainfranken.com\/wp-content\/uploads\/Unbenannt-200x132.png 200w, https:\/\/career-mainfranken.com\/wp-content\/uploads\/Unbenannt-400x265.png 400w, https:\/\/career-mainfranken.com\/wp-content\/uploads\/Unbenannt.png 591w\" data-sizes=\"auto\" \/>\t\t\t<\/a>\n\t\t\t\t\t\t\t<\/div>\n<\/div><div class=\"fusion-title title fusion-title-24 fusion-sep-none fusion-title-center fusion-title-text fusion-title-size-three\" style=\"--awb-margin-top:25px;--awb-margin-bottom:25px;--awb-margin-top-small:25px;--awb-margin-right-small:0px;--awb-margin-bottom-small:25px;--awb-margin-left-small:0px;--awb-margin-top-medium:25px;--awb-margin-bottom-medium:25px;\"><h3 class=\"fusion-title-heading title-heading-center fusion-responsive-typography-calculated\" style=\"margin:0;--fontSize:26;--minFontSize:26;line-height:1.15;\">Support Staff in Mainfranken: your Chance to get Started<\/h3><\/div><div class=\"fusion-content-tb fusion-content-tb-22 text_blog_post_card\" style=\"--awb-text-color:var(--awb-custom_color_2);--awb-margin-bottom:20px;--awb-content-alignment:center;--awb-text-transform:none;\"><p> Useful Platforms and Resources for your Career Path As a support [...]<\/p><\/div><div class=\"fusion-meta-tb fusion-meta-tb-22 floated\" style=\"--awb-border-bottom:0px;--awb-border-top:0px;--awb-border-left:0px;--awb-border-right:0px;--awb-height:40px;--awb-text-color:var(--awb-custom_color_2);--awb-alignment:center;--awb-alignment-medium:center;--awb-alignment-small:center;\"><span class=\"fusion-tb-published-date\">15.09.2025<\/span><span class=\"fusion-meta-tb-sep\"><\/span><\/div><div class=\"fusion-separator fusion-full-width-sep trenner_blog_post_card\" style=\"align-self: center;margin-left: auto;margin-right: auto;margin-top:18.5px;margin-bottom:27.5px;width:100%;max-width:100%;\"><div class=\"fusion-separator-border sep-single sep-solid\" style=\"--awb-height:20px;--awb-amount:20px;--awb-sep-color:#d9d9d9;border-color:#d9d9d9;border-top-width:1px;\"><\/div><\/div><div style=\"text-align:center;\"><a class=\"fusion-button button-flat fusion-button-default-size button-custom fusion-button-default button-22 fusion-button-default-span \" style=\"--awb-padding-top:0px;--awb-padding-right:0px;--awb-padding-bottom:0px;--awb-padding-left:0px;--button_accent_color:var(--awb-color5);--button_accent_hover_color:var(--awb-color5);--button_border_hover_color:var(--awb-color4);--button_border_width-top:0;--button_border_width-right:0;--button_border_width-bottom:0;--button_border_width-left:0;--button_gradient_top_color:rgba(255,255,255,0);--button_gradient_bottom_color:rgba(255,255,255,0);--button_gradient_top_color_hover:rgba(255,255,255,0);--button_gradient_bottom_color_hover:rgba(255,255,255,0);\" target=\"_self\" href=\"https:\/\/career-mainfranken.com\/en\/news-events\/support-staff-in-mainfranken-your-chance-to-get-started\/\"><i class=\"icon-icon-pfeil-rechts-kreis awb-button__icon awb-button__icon--default button-icon-left\" aria-hidden=\"true\"><\/i><span class=\"fusion-button-text awb-button__text awb-button__text--default\">Read More<\/span><\/a><\/div><\/div><\/li>\n<li class=\"fusion-layout-column fusion_builder_column fusion-builder-column-24 fusion-flex-column post-card fusion-grid-column fusion-post-cards-grid-column\" style=\"--awb-padding-right:25px;--awb-padding-bottom:25px;--awb-padding-left:25px;--awb-overflow:hidden;--awb-bg-color:var(--awb-color1);--awb-bg-color-hover:var(--awb-color1);--awb-bg-blend:overlay;--awb-bg-size:cover;--awb-border-radius:30px 30px 30px 30px;--awb-flex-grow:0;--awb-flex-shrink:0;--awb-flex-grow-medium:0;--awb-flex-shrink-medium:0;--awb-flex-grow-small:0;--awb-flex-shrink-small:0;\" data-scroll-devices=\"small-visibility,medium-visibility,large-visibility\"><div class=\"fusion-column-wrapper fusion-column-has-shadow fusion-flex-justify-content-space-between fusion-content-layout-column\"><div class=\"fusion-classic-product-image-wrapper fusion-woo-product-image fusion-post-card-image fusion-post-card-image-1 has-aspect-ratio\" data-layout=\"static\" style=\"--awb-margin-right:-25px;--awb-margin-left:-25px;--awb-aspect-ratio:3 \/ 2;\"><div  class=\"fusion-image-wrapper\" aria-haspopup=\"true\">\n\t\t\t\t\t\t\t<a href=\"https:\/\/career-mainfranken.com\/en\/news-events\/swimming-opportunities-in-mainfranken\/\" aria-label=\"Swimming Opportunities in Mainfranken!\">\n\t\t\t\t\t\t\t<img decoding=\"async\" width=\"828\" height=\"686\" src=\"https:\/\/career-mainfranken.com\/wp-content\/uploads\/Main-Bademoeglichkeit-Kopie.jpg\" class=\"attachment-full size-full lazyload wp-post-image\" alt=\"Badestelle Main in W\u00fcrzburg\" srcset=\"data:image\/svg+xml,%3Csvg%20xmlns%3D%27http%3A%2F%2Fwww.w3.org%2F2000%2Fsvg%27%20width%3D%27828%27%20height%3D%27686%27%20viewBox%3D%270%200%20828%20686%27%3E%3Crect%20width%3D%27828%27%20height%3D%27686%27%20fill-opacity%3D%220%22%2F%3E%3C%2Fsvg%3E\" data-orig-src=\"https:\/\/career-mainfranken.com\/wp-content\/uploads\/Main-Bademoeglichkeit-Kopie.jpg\" data-srcset=\"https:\/\/career-mainfranken.com\/wp-content\/uploads\/Main-Bademoeglichkeit-Kopie-200x166.jpg 200w, https:\/\/career-mainfranken.com\/wp-content\/uploads\/Main-Bademoeglichkeit-Kopie-400x331.jpg 400w, https:\/\/career-mainfranken.com\/wp-content\/uploads\/Main-Bademoeglichkeit-Kopie-600x497.jpg 600w, https:\/\/career-mainfranken.com\/wp-content\/uploads\/Main-Bademoeglichkeit-Kopie-800x663.jpg 800w, https:\/\/career-mainfranken.com\/wp-content\/uploads\/Main-Bademoeglichkeit-Kopie.jpg 828w\" data-sizes=\"auto\" \/>\t\t\t<\/a>\n\t\t\t\t\t\t\t<\/div>\n<\/div><div class=\"fusion-title title fusion-title-25 fusion-sep-none fusion-title-center fusion-title-text fusion-title-size-three\" style=\"--awb-margin-top:25px;--awb-margin-bottom:25px;--awb-margin-top-small:25px;--awb-margin-right-small:0px;--awb-margin-bottom-small:25px;--awb-margin-left-small:0px;--awb-margin-top-medium:25px;--awb-margin-bottom-medium:25px;\"><h3 class=\"fusion-title-heading title-heading-center fusion-responsive-typography-calculated\" style=\"margin:0;--fontSize:26;--minFontSize:26;line-height:1.15;\">Swimming Opportunities in Mainfranken!<\/h3><\/div><div class=\"fusion-content-tb fusion-content-tb-23 text_blog_post_card\" style=\"--awb-text-color:var(--awb-custom_color_2);--awb-margin-bottom:20px;--awb-content-alignment:center;--awb-text-transform:none;\"><p> Into the Cool Water - Swimming Lakes and Outdoor Pools in [...]<\/p><\/div><div class=\"fusion-meta-tb fusion-meta-tb-23 floated\" style=\"--awb-border-bottom:0px;--awb-border-top:0px;--awb-border-left:0px;--awb-border-right:0px;--awb-height:40px;--awb-text-color:var(--awb-custom_color_2);--awb-alignment:center;--awb-alignment-medium:center;--awb-alignment-small:center;\"><span class=\"fusion-tb-published-date\">11.08.2025<\/span><span class=\"fusion-meta-tb-sep\"><\/span><\/div><div class=\"fusion-separator fusion-full-width-sep trenner_blog_post_card\" style=\"align-self: center;margin-left: auto;margin-right: auto;margin-top:18.5px;margin-bottom:27.5px;width:100%;max-width:100%;\"><div class=\"fusion-separator-border sep-single sep-solid\" style=\"--awb-height:20px;--awb-amount:20px;--awb-sep-color:#d9d9d9;border-color:#d9d9d9;border-top-width:1px;\"><\/div><\/div><div style=\"text-align:center;\"><a class=\"fusion-button button-flat fusion-button-default-size button-custom fusion-button-default button-23 fusion-button-default-span \" style=\"--awb-padding-top:0px;--awb-padding-right:0px;--awb-padding-bottom:0px;--awb-padding-left:0px;--button_accent_color:var(--awb-color5);--button_accent_hover_color:var(--awb-color5);--button_border_hover_color:var(--awb-color4);--button_border_width-top:0;--button_border_width-right:0;--button_border_width-bottom:0;--button_border_width-left:0;--button_gradient_top_color:rgba(255,255,255,0);--button_gradient_bottom_color:rgba(255,255,255,0);--button_gradient_top_color_hover:rgba(255,255,255,0);--button_gradient_bottom_color_hover:rgba(255,255,255,0);\" target=\"_self\" href=\"https:\/\/career-mainfranken.com\/en\/news-events\/swimming-opportunities-in-mainfranken\/\"><i class=\"icon-icon-pfeil-rechts-kreis awb-button__icon awb-button__icon--default button-icon-left\" aria-hidden=\"true\"><\/i><span class=\"fusion-button-text awb-button__text awb-button__text--default\">Read More<\/span><\/a><\/div><\/div><\/li>\n<li class=\"fusion-layout-column fusion_builder_column fusion-builder-column-25 fusion-flex-column post-card fusion-grid-column fusion-post-cards-grid-column\" style=\"--awb-padding-right:25px;--awb-padding-bottom:25px;--awb-padding-left:25px;--awb-overflow:hidden;--awb-bg-color:var(--awb-color1);--awb-bg-color-hover:var(--awb-color1);--awb-bg-blend:overlay;--awb-bg-size:cover;--awb-border-radius:30px 30px 30px 30px;--awb-flex-grow:0;--awb-flex-shrink:0;--awb-flex-grow-medium:0;--awb-flex-shrink-medium:0;--awb-flex-grow-small:0;--awb-flex-shrink-small:0;\" data-scroll-devices=\"small-visibility,medium-visibility,large-visibility\"><div class=\"fusion-column-wrapper fusion-column-has-shadow fusion-flex-justify-content-space-between fusion-content-layout-column\"><div class=\"fusion-classic-product-image-wrapper fusion-woo-product-image fusion-post-card-image fusion-post-card-image-1 has-aspect-ratio\" data-layout=\"static\" style=\"--awb-margin-right:-25px;--awb-margin-left:-25px;--awb-aspect-ratio:3 \/ 2;\"><div  class=\"fusion-image-wrapper\" aria-haspopup=\"true\">\n\t\t\t\t\t\t\t<a href=\"https:\/\/career-mainfranken.com\/en\/news-events\/hr-connector-over-120-participants-send-a-strong-signal-for-securing-skilled-workers-in-mainfranken-cloned\/\" aria-label=\"Welcome to Mainfranken! Don&#8217;t Miss these 10 Highlights\">\n\t\t\t\t\t\t\t<img decoding=\"async\" width=\"2048\" height=\"1536\" src=\"https:\/\/career-mainfranken.com\/wp-content\/uploads\/1-residenz.jpeg\" class=\"attachment-full size-full lazyload wp-post-image\" alt=\"\" srcset=\"data:image\/svg+xml,%3Csvg%20xmlns%3D%27http%3A%2F%2Fwww.w3.org%2F2000%2Fsvg%27%20width%3D%272048%27%20height%3D%271536%27%20viewBox%3D%270%200%202048%201536%27%3E%3Crect%20width%3D%272048%27%20height%3D%271536%27%20fill-opacity%3D%220%22%2F%3E%3C%2Fsvg%3E\" data-orig-src=\"https:\/\/career-mainfranken.com\/wp-content\/uploads\/1-residenz.jpeg\" data-srcset=\"https:\/\/career-mainfranken.com\/wp-content\/uploads\/1-residenz-200x150.jpeg 200w, https:\/\/career-mainfranken.com\/wp-content\/uploads\/1-residenz-400x300.jpeg 400w, https:\/\/career-mainfranken.com\/wp-content\/uploads\/1-residenz-600x450.jpeg 600w, https:\/\/career-mainfranken.com\/wp-content\/uploads\/1-residenz-800x600.jpeg 800w, https:\/\/career-mainfranken.com\/wp-content\/uploads\/1-residenz-1200x900.jpeg 1200w, https:\/\/career-mainfranken.com\/wp-content\/uploads\/1-residenz.jpeg 2048w\" data-sizes=\"auto\" \/>\t\t\t<\/a>\n\t\t\t\t\t\t\t<\/div>\n<\/div><div class=\"fusion-title title fusion-title-26 fusion-sep-none fusion-title-center fusion-title-text fusion-title-size-three\" style=\"--awb-margin-top:25px;--awb-margin-bottom:25px;--awb-margin-top-small:25px;--awb-margin-right-small:0px;--awb-margin-bottom-small:25px;--awb-margin-left-small:0px;--awb-margin-top-medium:25px;--awb-margin-bottom-medium:25px;\"><h3 class=\"fusion-title-heading title-heading-center fusion-responsive-typography-calculated\" style=\"margin:0;--fontSize:26;--minFontSize:26;line-height:1.15;\">Welcome to Mainfranken! Don&#8217;t Miss these 10 Highlights<\/h3><\/div><div class=\"fusion-content-tb fusion-content-tb-24 text_blog_post_card\" style=\"--awb-text-color:var(--awb-custom_color_2);--awb-margin-bottom:20px;--awb-content-alignment:center;--awb-text-transform:none;\"><p> For an Unforgettable Start to your Studies in Mainfranken Mainfranken warmly [...]<\/p><\/div><div class=\"fusion-meta-tb fusion-meta-tb-24 floated\" style=\"--awb-border-bottom:0px;--awb-border-top:0px;--awb-border-left:0px;--awb-border-right:0px;--awb-height:40px;--awb-text-color:var(--awb-custom_color_2);--awb-alignment:center;--awb-alignment-medium:center;--awb-alignment-small:center;\"><span class=\"fusion-tb-published-date\">31.07.2025<\/span><span class=\"fusion-meta-tb-sep\"><\/span><\/div><div class=\"fusion-separator fusion-full-width-sep trenner_blog_post_card\" style=\"align-self: center;margin-left: auto;margin-right: auto;margin-top:18.5px;margin-bottom:27.5px;width:100%;max-width:100%;\"><div class=\"fusion-separator-border sep-single sep-solid\" style=\"--awb-height:20px;--awb-amount:20px;--awb-sep-color:#d9d9d9;border-color:#d9d9d9;border-top-width:1px;\"><\/div><\/div><div style=\"text-align:center;\"><a class=\"fusion-button button-flat fusion-button-default-size button-custom fusion-button-default button-24 fusion-button-default-span \" style=\"--awb-padding-top:0px;--awb-padding-right:0px;--awb-padding-bottom:0px;--awb-padding-left:0px;--button_accent_color:var(--awb-color5);--button_accent_hover_color:var(--awb-color5);--button_border_hover_color:var(--awb-color4);--button_border_width-top:0;--button_border_width-right:0;--button_border_width-bottom:0;--button_border_width-left:0;--button_gradient_top_color:rgba(255,255,255,0);--button_gradient_bottom_color:rgba(255,255,255,0);--button_gradient_top_color_hover:rgba(255,255,255,0);--button_gradient_bottom_color_hover:rgba(255,255,255,0);\" target=\"_self\" href=\"https:\/\/career-mainfranken.com\/en\/news-events\/hr-connector-over-120-participants-send-a-strong-signal-for-securing-skilled-workers-in-mainfranken-cloned\/\"><i class=\"icon-icon-pfeil-rechts-kreis awb-button__icon awb-button__icon--default button-icon-left\" aria-hidden=\"true\"><\/i><span class=\"fusion-button-text awb-button__text awb-button__text--default\">Read More<\/span><\/a><\/div><\/div><\/li>\n<li class=\"fusion-layout-column fusion_builder_column fusion-builder-column-26 fusion-flex-column post-card fusion-grid-column fusion-post-cards-grid-column\" style=\"--awb-padding-right:25px;--awb-padding-bottom:25px;--awb-padding-left:25px;--awb-overflow:hidden;--awb-bg-color:var(--awb-color1);--awb-bg-color-hover:var(--awb-color1);--awb-bg-blend:overlay;--awb-bg-size:cover;--awb-border-radius:30px 30px 30px 30px;--awb-flex-grow:0;--awb-flex-shrink:0;--awb-flex-grow-medium:0;--awb-flex-shrink-medium:0;--awb-flex-grow-small:0;--awb-flex-shrink-small:0;\" data-scroll-devices=\"small-visibility,medium-visibility,large-visibility\"><div class=\"fusion-column-wrapper fusion-column-has-shadow fusion-flex-justify-content-space-between fusion-content-layout-column\"><div class=\"fusion-classic-product-image-wrapper fusion-woo-product-image fusion-post-card-image fusion-post-card-image-1 has-aspect-ratio\" data-layout=\"static\" style=\"--awb-margin-right:-25px;--awb-margin-left:-25px;--awb-aspect-ratio:3 \/ 2;\"><div  class=\"fusion-image-wrapper\" aria-haspopup=\"true\">\n\t\t\t\t\t\t\t<a href=\"https:\/\/career-mainfranken.com\/en\/news-events\/hr-connector-over-120-participants-send-a-strong-signal-for-securing-skilled-workers-in-mainfranken\/\" aria-label=\"HR Connector: over 120 Participants Send a Strong Signal for Securing Skilled Workers in Mainfranken\">\n\t\t\t\t\t\t\t<img decoding=\"async\" width=\"2500\" height=\"1667\" src=\"https:\/\/career-mainfranken.com\/wp-content\/uploads\/SB_3067.jpg\" class=\"attachment-full size-full lazyload wp-post-image\" alt=\"\" srcset=\"data:image\/svg+xml,%3Csvg%20xmlns%3D%27http%3A%2F%2Fwww.w3.org%2F2000%2Fsvg%27%20width%3D%272500%27%20height%3D%271667%27%20viewBox%3D%270%200%202500%201667%27%3E%3Crect%20width%3D%272500%27%20height%3D%271667%27%20fill-opacity%3D%220%22%2F%3E%3C%2Fsvg%3E\" data-orig-src=\"https:\/\/career-mainfranken.com\/wp-content\/uploads\/SB_3067.jpg\" data-srcset=\"https:\/\/career-mainfranken.com\/wp-content\/uploads\/SB_3067-200x133.jpg 200w, https:\/\/career-mainfranken.com\/wp-content\/uploads\/SB_3067-400x267.jpg 400w, https:\/\/career-mainfranken.com\/wp-content\/uploads\/SB_3067-600x400.jpg 600w, https:\/\/career-mainfranken.com\/wp-content\/uploads\/SB_3067-800x533.jpg 800w, https:\/\/career-mainfranken.com\/wp-content\/uploads\/SB_3067-1200x800.jpg 1200w, https:\/\/career-mainfranken.com\/wp-content\/uploads\/SB_3067.jpg 2500w\" data-sizes=\"auto\" \/>\t\t\t<\/a>\n\t\t\t\t\t\t\t<\/div>\n<\/div><div class=\"fusion-title title fusion-title-27 fusion-sep-none fusion-title-center fusion-title-text fusion-title-size-three\" style=\"--awb-margin-top:25px;--awb-margin-bottom:25px;--awb-margin-top-small:25px;--awb-margin-right-small:0px;--awb-margin-bottom-small:25px;--awb-margin-left-small:0px;--awb-margin-top-medium:25px;--awb-margin-bottom-medium:25px;\"><h3 class=\"fusion-title-heading title-heading-center fusion-responsive-typography-calculated\" style=\"margin:0;--fontSize:26;--minFontSize:26;line-height:1.15;\">HR Connector: over 120 Participants Send a Strong Signal for Securing Skilled Workers in Mainfranken<\/h3><\/div><div class=\"fusion-content-tb fusion-content-tb-25 text_blog_post_card\" style=\"--awb-text-color:var(--awb-custom_color_2);--awb-margin-bottom:20px;--awb-content-alignment:center;--awb-text-transform:none;\"><p> Regional Synergies for Joint Skilled Worker Retention in the Mainfranken Regiopolregion [...]<\/p><\/div><div class=\"fusion-meta-tb fusion-meta-tb-25 floated\" style=\"--awb-border-bottom:0px;--awb-border-top:0px;--awb-border-left:0px;--awb-border-right:0px;--awb-height:40px;--awb-text-color:var(--awb-custom_color_2);--awb-alignment:center;--awb-alignment-medium:center;--awb-alignment-small:center;\"><span class=\"fusion-tb-published-date\">07.07.2025<\/span><span class=\"fusion-meta-tb-sep\"><\/span><\/div><div class=\"fusion-separator fusion-full-width-sep trenner_blog_post_card\" style=\"align-self: center;margin-left: auto;margin-right: auto;margin-top:18.5px;margin-bottom:27.5px;width:100%;max-width:100%;\"><div class=\"fusion-separator-border sep-single sep-solid\" style=\"--awb-height:20px;--awb-amount:20px;--awb-sep-color:#d9d9d9;border-color:#d9d9d9;border-top-width:1px;\"><\/div><\/div><div style=\"text-align:center;\"><a class=\"fusion-button button-flat fusion-button-default-size button-custom fusion-button-default button-25 fusion-button-default-span \" style=\"--awb-padding-top:0px;--awb-padding-right:0px;--awb-padding-bottom:0px;--awb-padding-left:0px;--button_accent_color:var(--awb-color5);--button_accent_hover_color:var(--awb-color5);--button_border_hover_color:var(--awb-color4);--button_border_width-top:0;--button_border_width-right:0;--button_border_width-bottom:0;--button_border_width-left:0;--button_gradient_top_color:rgba(255,255,255,0);--button_gradient_bottom_color:rgba(255,255,255,0);--button_gradient_top_color_hover:rgba(255,255,255,0);--button_gradient_bottom_color_hover:rgba(255,255,255,0);\" target=\"_self\" href=\"https:\/\/career-mainfranken.com\/en\/news-events\/hr-connector-over-120-participants-send-a-strong-signal-for-securing-skilled-workers-in-mainfranken\/\"><i class=\"icon-icon-pfeil-rechts-kreis awb-button__icon awb-button__icon--default button-icon-left\" aria-hidden=\"true\"><\/i><span class=\"fusion-button-text awb-button__text awb-button__text--default\">Read More<\/span><\/a><\/div><\/div><\/li>\n<li class=\"fusion-layout-column fusion_builder_column fusion-builder-column-27 fusion-flex-column post-card fusion-grid-column fusion-post-cards-grid-column\" style=\"--awb-padding-right:25px;--awb-padding-bottom:25px;--awb-padding-left:25px;--awb-overflow:hidden;--awb-bg-color:var(--awb-color1);--awb-bg-color-hover:var(--awb-color1);--awb-bg-blend:overlay;--awb-bg-size:cover;--awb-border-radius:30px 30px 30px 30px;--awb-flex-grow:0;--awb-flex-shrink:0;--awb-flex-grow-medium:0;--awb-flex-shrink-medium:0;--awb-flex-grow-small:0;--awb-flex-shrink-small:0;\" data-scroll-devices=\"small-visibility,medium-visibility,large-visibility\"><div class=\"fusion-column-wrapper fusion-column-has-shadow fusion-flex-justify-content-space-between fusion-content-layout-column\"><div class=\"fusion-classic-product-image-wrapper fusion-woo-product-image fusion-post-card-image fusion-post-card-image-1 has-aspect-ratio\" data-layout=\"static\" style=\"--awb-margin-right:-25px;--awb-margin-left:-25px;--awb-aspect-ratio:3 \/ 2;\"><div  class=\"fusion-image-wrapper\" aria-haspopup=\"true\">\n\t\t\t\t\t\t\t<a href=\"https:\/\/career-mainfranken.com\/en\/news-events\/the-national-winners-of-the-2025-anniversary-final-of-jugend-forscht-have-been-announced\/\" aria-label=\"The National Winners of the 2025 Anniversary Final of &#8216;Jugend Forscht&#8217; Have been Announced\">\n\t\t\t\t\t\t\t<img decoding=\"async\" width=\"2560\" height=\"1706\" src=\"https:\/\/career-mainfranken.com\/wp-content\/uploads\/Jugend_forscht_Bad_Kissingen_2025_0194-scaled.jpg\" class=\"attachment-full size-full lazyload wp-post-image\" alt=\"\" srcset=\"data:image\/svg+xml,%3Csvg%20xmlns%3D%27http%3A%2F%2Fwww.w3.org%2F2000%2Fsvg%27%20width%3D%272560%27%20height%3D%271706%27%20viewBox%3D%270%200%202560%201706%27%3E%3Crect%20width%3D%272560%27%20height%3D%271706%27%20fill-opacity%3D%220%22%2F%3E%3C%2Fsvg%3E\" data-orig-src=\"https:\/\/career-mainfranken.com\/wp-content\/uploads\/Jugend_forscht_Bad_Kissingen_2025_0194-scaled.jpg\" data-srcset=\"https:\/\/career-mainfranken.com\/wp-content\/uploads\/Jugend_forscht_Bad_Kissingen_2025_0194-200x133.jpg 200w, https:\/\/career-mainfranken.com\/wp-content\/uploads\/Jugend_forscht_Bad_Kissingen_2025_0194-400x267.jpg 400w, https:\/\/career-mainfranken.com\/wp-content\/uploads\/Jugend_forscht_Bad_Kissingen_2025_0194-600x400.jpg 600w, https:\/\/career-mainfranken.com\/wp-content\/uploads\/Jugend_forscht_Bad_Kissingen_2025_0194-800x533.jpg 800w, https:\/\/career-mainfranken.com\/wp-content\/uploads\/Jugend_forscht_Bad_Kissingen_2025_0194-1200x800.jpg 1200w, https:\/\/career-mainfranken.com\/wp-content\/uploads\/Jugend_forscht_Bad_Kissingen_2025_0194-scaled.jpg 2560w\" data-sizes=\"auto\" \/>\t\t\t<\/a>\n\t\t\t\t\t\t\t<\/div>\n<\/div><div class=\"fusion-title title fusion-title-28 fusion-sep-none fusion-title-center fusion-title-text fusion-title-size-three\" style=\"--awb-margin-top:25px;--awb-margin-bottom:25px;--awb-margin-top-small:25px;--awb-margin-right-small:0px;--awb-margin-bottom-small:25px;--awb-margin-left-small:0px;--awb-margin-top-medium:25px;--awb-margin-bottom-medium:25px;\"><h3 class=\"fusion-title-heading title-heading-center fusion-responsive-typography-calculated\" style=\"margin:0;--fontSize:26;--minFontSize:26;line-height:1.15;\">The National Winners of the 2025 Anniversary Final of &#8216;Jugend Forscht&#8217; Have been Announced<\/h3><\/div><div class=\"fusion-content-tb fusion-content-tb-26 text_blog_post_card\" style=\"--awb-text-color:var(--awb-custom_color_2);--awb-margin-bottom:20px;--awb-content-alignment:center;--awb-text-transform:none;\"><p> Last weekend, the national final of the 60th 'Jugend forscht' competition [...]<\/p><\/div><div class=\"fusion-meta-tb fusion-meta-tb-26 floated\" style=\"--awb-border-bottom:0px;--awb-border-top:0px;--awb-border-left:0px;--awb-border-right:0px;--awb-height:40px;--awb-text-color:var(--awb-custom_color_2);--awb-alignment:center;--awb-alignment-medium:center;--awb-alignment-small:center;\"><span class=\"fusion-tb-published-date\">03.06.2025<\/span><span class=\"fusion-meta-tb-sep\"><\/span><\/div><div class=\"fusion-separator fusion-full-width-sep trenner_blog_post_card\" style=\"align-self: center;margin-left: auto;margin-right: auto;margin-top:18.5px;margin-bottom:27.5px;width:100%;max-width:100%;\"><div class=\"fusion-separator-border sep-single sep-solid\" style=\"--awb-height:20px;--awb-amount:20px;--awb-sep-color:#d9d9d9;border-color:#d9d9d9;border-top-width:1px;\"><\/div><\/div><div style=\"text-align:center;\"><a class=\"fusion-button button-flat fusion-button-default-size button-custom fusion-button-default button-26 fusion-button-default-span \" style=\"--awb-padding-top:0px;--awb-padding-right:0px;--awb-padding-bottom:0px;--awb-padding-left:0px;--button_accent_color:var(--awb-color5);--button_accent_hover_color:var(--awb-color5);--button_border_hover_color:var(--awb-color4);--button_border_width-top:0;--button_border_width-right:0;--button_border_width-bottom:0;--button_border_width-left:0;--button_gradient_top_color:rgba(255,255,255,0);--button_gradient_bottom_color:rgba(255,255,255,0);--button_gradient_top_color_hover:rgba(255,255,255,0);--button_gradient_bottom_color_hover:rgba(255,255,255,0);\" target=\"_self\" href=\"https:\/\/career-mainfranken.com\/en\/news-events\/the-national-winners-of-the-2025-anniversary-final-of-jugend-forscht-have-been-announced\/\"><i class=\"icon-icon-pfeil-rechts-kreis awb-button__icon awb-button__icon--default button-icon-left\" aria-hidden=\"true\"><\/i><span class=\"fusion-button-text awb-button__text awb-button__text--default\">Read More<\/span><\/a><\/div><\/div><\/li>\n<li class=\"fusion-layout-column fusion_builder_column fusion-builder-column-28 fusion-flex-column post-card fusion-grid-column fusion-post-cards-grid-column\" style=\"--awb-padding-right:25px;--awb-padding-bottom:25px;--awb-padding-left:25px;--awb-overflow:hidden;--awb-bg-color:var(--awb-color1);--awb-bg-color-hover:var(--awb-color1);--awb-bg-blend:overlay;--awb-bg-size:cover;--awb-border-radius:30px 30px 30px 30px;--awb-flex-grow:0;--awb-flex-shrink:0;--awb-flex-grow-medium:0;--awb-flex-shrink-medium:0;--awb-flex-grow-small:0;--awb-flex-shrink-small:0;\" data-scroll-devices=\"small-visibility,medium-visibility,large-visibility\"><div class=\"fusion-column-wrapper fusion-column-has-shadow fusion-flex-justify-content-space-between fusion-content-layout-column\"><div class=\"fusion-classic-product-image-wrapper fusion-woo-product-image fusion-post-card-image fusion-post-card-image-1 has-aspect-ratio\" data-layout=\"static\" style=\"--awb-margin-right:-25px;--awb-margin-left:-25px;--awb-aspect-ratio:3 \/ 2;\"><div  class=\"fusion-image-wrapper\" aria-haspopup=\"true\">\n\t\t\t\t\t\t\t<a href=\"https:\/\/career-mainfranken.com\/en\/news-events\/wvv-and-knauf-inspire-students-at-the-20th-career-tour-mainfranken\/\" aria-label=\"WVV and Knauf Inspire Students at the 20th Career.Tour Mainfranken\">\n\t\t\t\t\t\t\t<img decoding=\"async\" width=\"2560\" height=\"1920\" src=\"https:\/\/career-mainfranken.com\/wp-content\/uploads\/Bild1-scaled.jpg\" class=\"attachment-full size-full lazyload wp-post-image\" alt=\"\" srcset=\"data:image\/svg+xml,%3Csvg%20xmlns%3D%27http%3A%2F%2Fwww.w3.org%2F2000%2Fsvg%27%20width%3D%272560%27%20height%3D%271920%27%20viewBox%3D%270%200%202560%201920%27%3E%3Crect%20width%3D%272560%27%20height%3D%271920%27%20fill-opacity%3D%220%22%2F%3E%3C%2Fsvg%3E\" data-orig-src=\"https:\/\/career-mainfranken.com\/wp-content\/uploads\/Bild1-scaled.jpg\" data-srcset=\"https:\/\/career-mainfranken.com\/wp-content\/uploads\/Bild1-200x150.jpg 200w, https:\/\/career-mainfranken.com\/wp-content\/uploads\/Bild1-400x300.jpg 400w, https:\/\/career-mainfranken.com\/wp-content\/uploads\/Bild1-600x450.jpg 600w, https:\/\/career-mainfranken.com\/wp-content\/uploads\/Bild1-800x600.jpg 800w, https:\/\/career-mainfranken.com\/wp-content\/uploads\/Bild1-1200x900.jpg 1200w, https:\/\/career-mainfranken.com\/wp-content\/uploads\/Bild1-scaled.jpg 2560w\" data-sizes=\"auto\" \/>\t\t\t<\/a>\n\t\t\t\t\t\t\t<\/div>\n<\/div><div class=\"fusion-title title fusion-title-29 fusion-sep-none fusion-title-center fusion-title-text fusion-title-size-three\" style=\"--awb-margin-top:25px;--awb-margin-bottom:25px;--awb-margin-top-small:25px;--awb-margin-right-small:0px;--awb-margin-bottom-small:25px;--awb-margin-left-small:0px;--awb-margin-top-medium:25px;--awb-margin-bottom-medium:25px;\"><h3 class=\"fusion-title-heading title-heading-center fusion-responsive-typography-calculated\" style=\"margin:0;--fontSize:26;--minFontSize:26;line-height:1.15;\">WVV and Knauf Inspire Students at the 20th Career.Tour Mainfranken<\/h3><\/div><div class=\"fusion-content-tb fusion-content-tb-27 text_blog_post_card\" style=\"--awb-text-color:var(--awb-custom_color_2);--awb-margin-bottom:20px;--awb-content-alignment:center;--awb-text-transform:none;\"><p> For several years, Region Mainfranken GmbH has been organizing Career.Tours - [...]<\/p><\/div><div class=\"fusion-meta-tb fusion-meta-tb-27 floated\" style=\"--awb-border-bottom:0px;--awb-border-top:0px;--awb-border-left:0px;--awb-border-right:0px;--awb-height:40px;--awb-text-color:var(--awb-custom_color_2);--awb-alignment:center;--awb-alignment-medium:center;--awb-alignment-small:center;\"><span class=\"fusion-tb-published-date\">21.05.2025<\/span><span class=\"fusion-meta-tb-sep\"><\/span><\/div><div class=\"fusion-separator fusion-full-width-sep trenner_blog_post_card\" style=\"align-self: center;margin-left: auto;margin-right: auto;margin-top:18.5px;margin-bottom:27.5px;width:100%;max-width:100%;\"><div class=\"fusion-separator-border sep-single sep-solid\" style=\"--awb-height:20px;--awb-amount:20px;--awb-sep-color:#d9d9d9;border-color:#d9d9d9;border-top-width:1px;\"><\/div><\/div><div style=\"text-align:center;\"><a class=\"fusion-button button-flat fusion-button-default-size button-custom fusion-button-default button-27 fusion-button-default-span \" style=\"--awb-padding-top:0px;--awb-padding-right:0px;--awb-padding-bottom:0px;--awb-padding-left:0px;--button_accent_color:var(--awb-color5);--button_accent_hover_color:var(--awb-color5);--button_border_hover_color:var(--awb-color4);--button_border_width-top:0;--button_border_width-right:0;--button_border_width-bottom:0;--button_border_width-left:0;--button_gradient_top_color:rgba(255,255,255,0);--button_gradient_bottom_color:rgba(255,255,255,0);--button_gradient_top_color_hover:rgba(255,255,255,0);--button_gradient_bottom_color_hover:rgba(255,255,255,0);\" target=\"_self\" href=\"https:\/\/career-mainfranken.com\/en\/news-events\/wvv-and-knauf-inspire-students-at-the-20th-career-tour-mainfranken\/\"><i class=\"icon-icon-pfeil-rechts-kreis awb-button__icon awb-button__icon--default button-icon-left\" aria-hidden=\"true\"><\/i><span class=\"fusion-button-text awb-button__text awb-button__text--default\">Read More<\/span><\/a><\/div><\/div><\/li>\n<li class=\"fusion-layout-column fusion_builder_column fusion-builder-column-29 fusion-flex-column post-card fusion-grid-column fusion-post-cards-grid-column\" style=\"--awb-padding-right:25px;--awb-padding-bottom:25px;--awb-padding-left:25px;--awb-overflow:hidden;--awb-bg-color:var(--awb-color1);--awb-bg-color-hover:var(--awb-color1);--awb-bg-blend:overlay;--awb-bg-size:cover;--awb-border-radius:30px 30px 30px 30px;--awb-flex-grow:0;--awb-flex-shrink:0;--awb-flex-grow-medium:0;--awb-flex-shrink-medium:0;--awb-flex-grow-small:0;--awb-flex-shrink-small:0;\" data-scroll-devices=\"small-visibility,medium-visibility,large-visibility\"><div class=\"fusion-column-wrapper fusion-column-has-shadow fusion-flex-justify-content-space-between fusion-content-layout-column\"><div class=\"fusion-classic-product-image-wrapper fusion-woo-product-image fusion-post-card-image fusion-post-card-image-1 has-aspect-ratio\" data-layout=\"static\" style=\"--awb-margin-right:-25px;--awb-margin-left:-25px;--awb-aspect-ratio:3 \/ 2;\"><div  class=\"fusion-image-wrapper\" aria-haspopup=\"true\">\n\t\t\t\t\t\t\t<a href=\"https:\/\/career-mainfranken.com\/en\/news-events\/creative-minds-honored-jugend-forscht-award-ceremony-in-bad-kissingen\/\" aria-label=\"Creative Minds Honored: Jugend Forscht Award Ceremony in Bad Kissingen\">\n\t\t\t\t\t\t\t<img decoding=\"async\" width=\"2560\" height=\"1707\" src=\"https:\/\/career-mainfranken.com\/wp-content\/uploads\/PM_Jugend_forscht_Unterfranken_Preistraeger_innen-scaled.jpg\" class=\"attachment-full size-full lazyload wp-post-image\" alt=\"\" srcset=\"data:image\/svg+xml,%3Csvg%20xmlns%3D%27http%3A%2F%2Fwww.w3.org%2F2000%2Fsvg%27%20width%3D%272560%27%20height%3D%271707%27%20viewBox%3D%270%200%202560%201707%27%3E%3Crect%20width%3D%272560%27%20height%3D%271707%27%20fill-opacity%3D%220%22%2F%3E%3C%2Fsvg%3E\" data-orig-src=\"https:\/\/career-mainfranken.com\/wp-content\/uploads\/PM_Jugend_forscht_Unterfranken_Preistraeger_innen-scaled.jpg\" data-srcset=\"https:\/\/career-mainfranken.com\/wp-content\/uploads\/PM_Jugend_forscht_Unterfranken_Preistraeger_innen-200x133.jpg 200w, https:\/\/career-mainfranken.com\/wp-content\/uploads\/PM_Jugend_forscht_Unterfranken_Preistraeger_innen-400x267.jpg 400w, https:\/\/career-mainfranken.com\/wp-content\/uploads\/PM_Jugend_forscht_Unterfranken_Preistraeger_innen-600x400.jpg 600w, https:\/\/career-mainfranken.com\/wp-content\/uploads\/PM_Jugend_forscht_Unterfranken_Preistraeger_innen-800x533.jpg 800w, https:\/\/career-mainfranken.com\/wp-content\/uploads\/PM_Jugend_forscht_Unterfranken_Preistraeger_innen-1200x800.jpg 1200w, https:\/\/career-mainfranken.com\/wp-content\/uploads\/PM_Jugend_forscht_Unterfranken_Preistraeger_innen-scaled.jpg 2560w\" data-sizes=\"auto\" \/>\t\t\t<\/a>\n\t\t\t\t\t\t\t<\/div>\n<\/div><div class=\"fusion-title title fusion-title-30 fusion-sep-none fusion-title-center fusion-title-text fusion-title-size-three\" style=\"--awb-margin-top:25px;--awb-margin-bottom:25px;--awb-margin-top-small:25px;--awb-margin-right-small:0px;--awb-margin-bottom-small:25px;--awb-margin-left-small:0px;--awb-margin-top-medium:25px;--awb-margin-bottom-medium:25px;\"><h3 class=\"fusion-title-heading title-heading-center fusion-responsive-typography-calculated\" style=\"margin:0;--fontSize:26;--minFontSize:26;line-height:1.15;\">Creative Minds Honored: Jugend Forscht Award Ceremony in Bad Kissingen<\/h3><\/div><div class=\"fusion-content-tb fusion-content-tb-28 text_blog_post_card\" style=\"--awb-text-color:var(--awb-custom_color_2);--awb-margin-bottom:20px;--awb-content-alignment:center;--awb-text-transform:none;\"><p>Great excitement prevailed at the ceremonial award ceremony of the 41st regional [...]<\/p><\/div><div class=\"fusion-meta-tb fusion-meta-tb-28 floated\" style=\"--awb-border-bottom:0px;--awb-border-top:0px;--awb-border-left:0px;--awb-border-right:0px;--awb-height:40px;--awb-text-color:var(--awb-custom_color_2);--awb-alignment:center;--awb-alignment-medium:center;--awb-alignment-small:center;\"><span class=\"fusion-tb-published-date\">24.02.2025<\/span><span class=\"fusion-meta-tb-sep\"><\/span><\/div><div class=\"fusion-separator fusion-full-width-sep trenner_blog_post_card\" style=\"align-self: center;margin-left: auto;margin-right: auto;margin-top:18.5px;margin-bottom:27.5px;width:100%;max-width:100%;\"><div class=\"fusion-separator-border sep-single sep-solid\" style=\"--awb-height:20px;--awb-amount:20px;--awb-sep-color:#d9d9d9;border-color:#d9d9d9;border-top-width:1px;\"><\/div><\/div><div style=\"text-align:center;\"><a class=\"fusion-button button-flat fusion-button-default-size button-custom fusion-button-default button-28 fusion-button-default-span \" style=\"--awb-padding-top:0px;--awb-padding-right:0px;--awb-padding-bottom:0px;--awb-padding-left:0px;--button_accent_color:var(--awb-color5);--button_accent_hover_color:var(--awb-color5);--button_border_hover_color:var(--awb-color4);--button_border_width-top:0;--button_border_width-right:0;--button_border_width-bottom:0;--button_border_width-left:0;--button_gradient_top_color:rgba(255,255,255,0);--button_gradient_bottom_color:rgba(255,255,255,0);--button_gradient_top_color_hover:rgba(255,255,255,0);--button_gradient_bottom_color_hover:rgba(255,255,255,0);\" target=\"_self\" href=\"https:\/\/career-mainfranken.com\/en\/news-events\/creative-minds-honored-jugend-forscht-award-ceremony-in-bad-kissingen\/\"><i class=\"icon-icon-pfeil-rechts-kreis awb-button__icon awb-button__icon--default button-icon-left\" aria-hidden=\"true\"><\/i><span class=\"fusion-button-text awb-button__text awb-button__text--default\">Read More<\/span><\/a><\/div><\/div><\/li>\n<li class=\"fusion-layout-column fusion_builder_column fusion-builder-column-30 fusion-flex-column post-card fusion-grid-column fusion-post-cards-grid-column\" style=\"--awb-padding-right:25px;--awb-padding-bottom:25px;--awb-padding-left:25px;--awb-overflow:hidden;--awb-bg-color:var(--awb-color1);--awb-bg-color-hover:var(--awb-color1);--awb-bg-blend:overlay;--awb-bg-size:cover;--awb-border-radius:30px 30px 30px 30px;--awb-flex-grow:0;--awb-flex-shrink:0;--awb-flex-grow-medium:0;--awb-flex-shrink-medium:0;--awb-flex-grow-small:0;--awb-flex-shrink-small:0;\" data-scroll-devices=\"small-visibility,medium-visibility,large-visibility\"><div class=\"fusion-column-wrapper fusion-column-has-shadow fusion-flex-justify-content-space-between fusion-content-layout-column\"><div class=\"fusion-classic-product-image-wrapper fusion-woo-product-image fusion-post-card-image fusion-post-card-image-1 has-aspect-ratio\" data-layout=\"static\" style=\"--awb-margin-right:-25px;--awb-margin-left:-25px;--awb-aspect-ratio:3 \/ 2;\"><div  class=\"fusion-image-wrapper\" aria-haspopup=\"true\">\n\t\t\t\t\t\t\t<a href=\"https:\/\/career-mainfranken.com\/en\/news-events\/regional-management-funding-strengthens-the-region\/\" aria-label=\"Regional Management Funding Strengthens the Region\">\n\t\t\t\t\t\t\t<img decoding=\"async\" width=\"2560\" height=\"1920\" src=\"https:\/\/career-mainfranken.com\/wp-content\/uploads\/PM_Foerderbescheiduebergabe_Regionalamangement-scaled.jpg\" class=\"attachment-full size-full lazyload wp-post-image\" alt=\"\" srcset=\"data:image\/svg+xml,%3Csvg%20xmlns%3D%27http%3A%2F%2Fwww.w3.org%2F2000%2Fsvg%27%20width%3D%272560%27%20height%3D%271920%27%20viewBox%3D%270%200%202560%201920%27%3E%3Crect%20width%3D%272560%27%20height%3D%271920%27%20fill-opacity%3D%220%22%2F%3E%3C%2Fsvg%3E\" data-orig-src=\"https:\/\/career-mainfranken.com\/wp-content\/uploads\/PM_Foerderbescheiduebergabe_Regionalamangement-scaled.jpg\" data-srcset=\"https:\/\/career-mainfranken.com\/wp-content\/uploads\/PM_Foerderbescheiduebergabe_Regionalamangement-200x150.jpg 200w, https:\/\/career-mainfranken.com\/wp-content\/uploads\/PM_Foerderbescheiduebergabe_Regionalamangement-400x300.jpg 400w, https:\/\/career-mainfranken.com\/wp-content\/uploads\/PM_Foerderbescheiduebergabe_Regionalamangement-600x450.jpg 600w, https:\/\/career-mainfranken.com\/wp-content\/uploads\/PM_Foerderbescheiduebergabe_Regionalamangement-800x600.jpg 800w, https:\/\/career-mainfranken.com\/wp-content\/uploads\/PM_Foerderbescheiduebergabe_Regionalamangement-1200x900.jpg 1200w, https:\/\/career-mainfranken.com\/wp-content\/uploads\/PM_Foerderbescheiduebergabe_Regionalamangement-scaled.jpg 2560w\" data-sizes=\"auto\" \/>\t\t\t<\/a>\n\t\t\t\t\t\t\t<\/div>\n<\/div><div class=\"fusion-title title fusion-title-31 fusion-sep-none fusion-title-center fusion-title-text fusion-title-size-three\" style=\"--awb-margin-top:25px;--awb-margin-bottom:25px;--awb-margin-top-small:25px;--awb-margin-right-small:0px;--awb-margin-bottom-small:25px;--awb-margin-left-small:0px;--awb-margin-top-medium:25px;--awb-margin-bottom-medium:25px;\"><h3 class=\"fusion-title-heading title-heading-center fusion-responsive-typography-calculated\" style=\"margin:0;--fontSize:26;--minFontSize:26;line-height:1.15;\">Regional Management Funding Strengthens the Region<\/h3><\/div><div class=\"fusion-content-tb fusion-content-tb-29 text_blog_post_card\" style=\"--awb-text-color:var(--awb-custom_color_2);--awb-margin-bottom:20px;--awb-content-alignment:center;--awb-text-transform:none;\"><p> Handover of Two Funding Notices at the Kitzingen District Office  [...]<\/p><\/div><div class=\"fusion-meta-tb fusion-meta-tb-29 floated\" style=\"--awb-border-bottom:0px;--awb-border-top:0px;--awb-border-left:0px;--awb-border-right:0px;--awb-height:40px;--awb-text-color:var(--awb-custom_color_2);--awb-alignment:center;--awb-alignment-medium:center;--awb-alignment-small:center;\"><span class=\"fusion-tb-published-date\">18.12.2024<\/span><span class=\"fusion-meta-tb-sep\"><\/span><\/div><div class=\"fusion-separator fusion-full-width-sep trenner_blog_post_card\" style=\"align-self: center;margin-left: auto;margin-right: auto;margin-top:18.5px;margin-bottom:27.5px;width:100%;max-width:100%;\"><div class=\"fusion-separator-border sep-single sep-solid\" style=\"--awb-height:20px;--awb-amount:20px;--awb-sep-color:#d9d9d9;border-color:#d9d9d9;border-top-width:1px;\"><\/div><\/div><div style=\"text-align:center;\"><a class=\"fusion-button button-flat fusion-button-default-size button-custom fusion-button-default button-29 fusion-button-default-span \" style=\"--awb-padding-top:0px;--awb-padding-right:0px;--awb-padding-bottom:0px;--awb-padding-left:0px;--button_accent_color:var(--awb-color5);--button_accent_hover_color:var(--awb-color5);--button_border_hover_color:var(--awb-color4);--button_border_width-top:0;--button_border_width-right:0;--button_border_width-bottom:0;--button_border_width-left:0;--button_gradient_top_color:rgba(255,255,255,0);--button_gradient_bottom_color:rgba(255,255,255,0);--button_gradient_top_color_hover:rgba(255,255,255,0);--button_gradient_bottom_color_hover:rgba(255,255,255,0);\" target=\"_self\" href=\"https:\/\/career-mainfranken.com\/en\/news-events\/regional-management-funding-strengthens-the-region\/\"><i class=\"icon-icon-pfeil-rechts-kreis awb-button__icon awb-button__icon--default button-icon-left\" aria-hidden=\"true\"><\/i><span class=\"fusion-button-text awb-button__text awb-button__text--default\">Read More<\/span><\/a><\/div><\/div><\/li>\n<li class=\"fusion-layout-column fusion_builder_column fusion-builder-column-31 fusion-flex-column post-card fusion-grid-column fusion-post-cards-grid-column\" style=\"--awb-padding-right:25px;--awb-padding-bottom:25px;--awb-padding-left:25px;--awb-overflow:hidden;--awb-bg-color:var(--awb-color1);--awb-bg-color-hover:var(--awb-color1);--awb-bg-blend:overlay;--awb-bg-size:cover;--awb-border-radius:30px 30px 30px 30px;--awb-flex-grow:0;--awb-flex-shrink:0;--awb-flex-grow-medium:0;--awb-flex-shrink-medium:0;--awb-flex-grow-small:0;--awb-flex-shrink-small:0;\" data-scroll-devices=\"small-visibility,medium-visibility,large-visibility\"><div class=\"fusion-column-wrapper fusion-column-has-shadow fusion-flex-justify-content-space-between fusion-content-layout-column\"><div class=\"fusion-classic-product-image-wrapper fusion-woo-product-image fusion-post-card-image fusion-post-card-image-1 has-aspect-ratio\" data-layout=\"static\" style=\"--awb-margin-right:-25px;--awb-margin-left:-25px;--awb-aspect-ratio:3 \/ 2;\"><div  class=\"fusion-image-wrapper\" aria-haspopup=\"true\">\n\t\t\t\t\t\t\t<a href=\"https:\/\/career-mainfranken.com\/en\/news-events\/career-meetup-mainfranken-thws-and-region-mainfranken-gmbh-connect-talents-and-business\/\" aria-label=\"Career Meetup Mainfranken: THWS and Region Mainfranken GmbH Connect Talents and Business\">\n\t\t\t\t\t\t\t<img decoding=\"async\" width=\"2560\" height=\"1352\" src=\"https:\/\/career-mainfranken.com\/wp-content\/uploads\/PM_CAREERMEETUP_1-scaled.jpg\" class=\"attachment-full size-full lazyload wp-post-image\" alt=\"\" srcset=\"data:image\/svg+xml,%3Csvg%20xmlns%3D%27http%3A%2F%2Fwww.w3.org%2F2000%2Fsvg%27%20width%3D%272560%27%20height%3D%271352%27%20viewBox%3D%270%200%202560%201352%27%3E%3Crect%20width%3D%272560%27%20height%3D%271352%27%20fill-opacity%3D%220%22%2F%3E%3C%2Fsvg%3E\" data-orig-src=\"https:\/\/career-mainfranken.com\/wp-content\/uploads\/PM_CAREERMEETUP_1-scaled.jpg\" data-srcset=\"https:\/\/career-mainfranken.com\/wp-content\/uploads\/PM_CAREERMEETUP_1-200x106.jpg 200w, https:\/\/career-mainfranken.com\/wp-content\/uploads\/PM_CAREERMEETUP_1-400x211.jpg 400w, https:\/\/career-mainfranken.com\/wp-content\/uploads\/PM_CAREERMEETUP_1-600x317.jpg 600w, https:\/\/career-mainfranken.com\/wp-content\/uploads\/PM_CAREERMEETUP_1-800x423.jpg 800w, https:\/\/career-mainfranken.com\/wp-content\/uploads\/PM_CAREERMEETUP_1-1200x634.jpg 1200w, https:\/\/career-mainfranken.com\/wp-content\/uploads\/PM_CAREERMEETUP_1-scaled.jpg 2560w\" data-sizes=\"auto\" \/>\t\t\t<\/a>\n\t\t\t\t\t\t\t<\/div>\n<\/div><div class=\"fusion-title title fusion-title-32 fusion-sep-none fusion-title-center fusion-title-text fusion-title-size-three\" style=\"--awb-margin-top:25px;--awb-margin-bottom:25px;--awb-margin-top-small:25px;--awb-margin-right-small:0px;--awb-margin-bottom-small:25px;--awb-margin-left-small:0px;--awb-margin-top-medium:25px;--awb-margin-bottom-medium:25px;\"><h3 class=\"fusion-title-heading title-heading-center fusion-responsive-typography-calculated\" style=\"margin:0;--fontSize:26;--minFontSize:26;line-height:1.15;\">Career Meetup Mainfranken: THWS and Region Mainfranken GmbH Connect Talents and Business<\/h3><\/div><div class=\"fusion-content-tb fusion-content-tb-30 text_blog_post_card\" style=\"--awb-text-color:var(--awb-custom_color_2);--awb-margin-bottom:20px;--awb-content-alignment:center;--awb-text-transform:none;\"><p> On Wednesday, October 16, 2024, the Career Meetup Mainfranken took place [...]<\/p><\/div><div class=\"fusion-meta-tb fusion-meta-tb-30 floated\" style=\"--awb-border-bottom:0px;--awb-border-top:0px;--awb-border-left:0px;--awb-border-right:0px;--awb-height:40px;--awb-text-color:var(--awb-custom_color_2);--awb-alignment:center;--awb-alignment-medium:center;--awb-alignment-small:center;\"><span class=\"fusion-tb-published-date\">17.10.2024<\/span><span class=\"fusion-meta-tb-sep\"><\/span><\/div><div class=\"fusion-separator fusion-full-width-sep trenner_blog_post_card\" style=\"align-self: center;margin-left: auto;margin-right: auto;margin-top:18.5px;margin-bottom:27.5px;width:100%;max-width:100%;\"><div class=\"fusion-separator-border sep-single sep-solid\" style=\"--awb-height:20px;--awb-amount:20px;--awb-sep-color:#d9d9d9;border-color:#d9d9d9;border-top-width:1px;\"><\/div><\/div><div style=\"text-align:center;\"><a class=\"fusion-button button-flat fusion-button-default-size button-custom fusion-button-default button-30 fusion-button-default-span \" style=\"--awb-padding-top:0px;--awb-padding-right:0px;--awb-padding-bottom:0px;--awb-padding-left:0px;--button_accent_color:var(--awb-color5);--button_accent_hover_color:var(--awb-color5);--button_border_hover_color:var(--awb-color4);--button_border_width-top:0;--button_border_width-right:0;--button_border_width-bottom:0;--button_border_width-left:0;--button_gradient_top_color:rgba(255,255,255,0);--button_gradient_bottom_color:rgba(255,255,255,0);--button_gradient_top_color_hover:rgba(255,255,255,0);--button_gradient_bottom_color_hover:rgba(255,255,255,0);\" target=\"_self\" href=\"https:\/\/career-mainfranken.com\/en\/news-events\/career-meetup-mainfranken-thws-and-region-mainfranken-gmbh-connect-talents-and-business\/\"><i class=\"icon-icon-pfeil-rechts-kreis awb-button__icon awb-button__icon--default button-icon-left\" aria-hidden=\"true\"><\/i><span class=\"fusion-button-text awb-button__text awb-button__text--default\">Read More<\/span><\/a><\/div><\/div><\/li>\n<li class=\"fusion-layout-column fusion_builder_column fusion-builder-column-32 fusion-flex-column post-card fusion-grid-column fusion-post-cards-grid-column\" style=\"--awb-padding-right:25px;--awb-padding-bottom:25px;--awb-padding-left:25px;--awb-overflow:hidden;--awb-bg-color:var(--awb-color1);--awb-bg-color-hover:var(--awb-color1);--awb-bg-blend:overlay;--awb-bg-size:cover;--awb-border-radius:30px 30px 30px 30px;--awb-flex-grow:0;--awb-flex-shrink:0;--awb-flex-grow-medium:0;--awb-flex-shrink-medium:0;--awb-flex-grow-small:0;--awb-flex-shrink-small:0;\" data-scroll-devices=\"small-visibility,medium-visibility,large-visibility\"><div class=\"fusion-column-wrapper fusion-column-has-shadow fusion-flex-justify-content-space-between fusion-content-layout-column\"><div class=\"fusion-classic-product-image-wrapper fusion-woo-product-image fusion-post-card-image fusion-post-card-image-1 has-aspect-ratio\" data-layout=\"static\" style=\"--awb-margin-right:-25px;--awb-margin-left:-25px;--awb-aspect-ratio:3 \/ 2;\"><div  class=\"fusion-image-wrapper\" aria-haspopup=\"true\">\n\t\t\t\t\t\t\t<a href=\"https:\/\/career-mainfranken.com\/en\/news-events\/one-tour-two-companies\/\" aria-label=\"One Tour &#8211; Two Companies\">\n\t\t\t\t\t\t\t<img decoding=\"async\" width=\"2560\" height=\"1707\" src=\"https:\/\/career-mainfranken.com\/wp-content\/uploads\/PM_18te_CareerTour_Mainfranken-scaled.jpg\" class=\"attachment-full size-full lazyload wp-post-image\" alt=\"\" srcset=\"data:image\/svg+xml,%3Csvg%20xmlns%3D%27http%3A%2F%2Fwww.w3.org%2F2000%2Fsvg%27%20width%3D%272560%27%20height%3D%271707%27%20viewBox%3D%270%200%202560%201707%27%3E%3Crect%20width%3D%272560%27%20height%3D%271707%27%20fill-opacity%3D%220%22%2F%3E%3C%2Fsvg%3E\" data-orig-src=\"https:\/\/career-mainfranken.com\/wp-content\/uploads\/PM_18te_CareerTour_Mainfranken-scaled.jpg\" data-srcset=\"https:\/\/career-mainfranken.com\/wp-content\/uploads\/PM_18te_CareerTour_Mainfranken-200x133.jpg 200w, https:\/\/career-mainfranken.com\/wp-content\/uploads\/PM_18te_CareerTour_Mainfranken-400x267.jpg 400w, https:\/\/career-mainfranken.com\/wp-content\/uploads\/PM_18te_CareerTour_Mainfranken-600x400.jpg 600w, https:\/\/career-mainfranken.com\/wp-content\/uploads\/PM_18te_CareerTour_Mainfranken-800x533.jpg 800w, https:\/\/career-mainfranken.com\/wp-content\/uploads\/PM_18te_CareerTour_Mainfranken-1200x800.jpg 1200w, https:\/\/career-mainfranken.com\/wp-content\/uploads\/PM_18te_CareerTour_Mainfranken-scaled.jpg 2560w\" data-sizes=\"auto\" \/>\t\t\t<\/a>\n\t\t\t\t\t\t\t<\/div>\n<\/div><div class=\"fusion-title title fusion-title-33 fusion-sep-none fusion-title-center fusion-title-text fusion-title-size-three\" style=\"--awb-margin-top:25px;--awb-margin-bottom:25px;--awb-margin-top-small:25px;--awb-margin-right-small:0px;--awb-margin-bottom-small:25px;--awb-margin-left-small:0px;--awb-margin-top-medium:25px;--awb-margin-bottom-medium:25px;\"><h3 class=\"fusion-title-heading title-heading-center fusion-responsive-typography-calculated\" style=\"margin:0;--fontSize:26;--minFontSize:26;line-height:1.15;\">One Tour &#8211; Two Companies<\/h3><\/div><div class=\"fusion-content-tb fusion-content-tb-31 text_blog_post_card\" style=\"--awb-text-color:var(--awb-custom_color_2);--awb-margin-bottom:20px;--awb-content-alignment:center;--awb-text-transform:none;\"><p>Employers from the City and District of W\u00fcrzburg impressed at the 18th [...]<\/p><\/div><div class=\"fusion-meta-tb fusion-meta-tb-31 floated\" style=\"--awb-border-bottom:0px;--awb-border-top:0px;--awb-border-left:0px;--awb-border-right:0px;--awb-height:40px;--awb-text-color:var(--awb-custom_color_2);--awb-alignment:center;--awb-alignment-medium:center;--awb-alignment-small:center;\"><span class=\"fusion-tb-published-date\">25.04.2024<\/span><span class=\"fusion-meta-tb-sep\"><\/span><\/div><div class=\"fusion-separator fusion-full-width-sep trenner_blog_post_card\" style=\"align-self: center;margin-left: auto;margin-right: auto;margin-top:18.5px;margin-bottom:27.5px;width:100%;max-width:100%;\"><div class=\"fusion-separator-border sep-single sep-solid\" style=\"--awb-height:20px;--awb-amount:20px;--awb-sep-color:#d9d9d9;border-color:#d9d9d9;border-top-width:1px;\"><\/div><\/div><div style=\"text-align:center;\"><a class=\"fusion-button button-flat fusion-button-default-size button-custom fusion-button-default button-31 fusion-button-default-span \" style=\"--awb-padding-top:0px;--awb-padding-right:0px;--awb-padding-bottom:0px;--awb-padding-left:0px;--button_accent_color:var(--awb-color5);--button_accent_hover_color:var(--awb-color5);--button_border_hover_color:var(--awb-color4);--button_border_width-top:0;--button_border_width-right:0;--button_border_width-bottom:0;--button_border_width-left:0;--button_gradient_top_color:rgba(255,255,255,0);--button_gradient_bottom_color:rgba(255,255,255,0);--button_gradient_top_color_hover:rgba(255,255,255,0);--button_gradient_bottom_color_hover:rgba(255,255,255,0);\" target=\"_self\" href=\"https:\/\/career-mainfranken.com\/en\/news-events\/one-tour-two-companies\/\"><i class=\"icon-icon-pfeil-rechts-kreis awb-button__icon awb-button__icon--default button-icon-left\" aria-hidden=\"true\"><\/i><span class=\"fusion-button-text awb-button__text awb-button__text--default\">Read More<\/span><\/a><\/div><\/div><\/li>\n<li class=\"fusion-layout-column fusion_builder_column fusion-builder-column-33 fusion-flex-column post-card fusion-grid-column fusion-post-cards-grid-column\" style=\"--awb-padding-right:25px;--awb-padding-bottom:25px;--awb-padding-left:25px;--awb-overflow:hidden;--awb-bg-color:var(--awb-color1);--awb-bg-color-hover:var(--awb-color1);--awb-bg-blend:overlay;--awb-bg-size:cover;--awb-border-radius:30px 30px 30px 30px;--awb-flex-grow:0;--awb-flex-shrink:0;--awb-flex-grow-medium:0;--awb-flex-shrink-medium:0;--awb-flex-grow-small:0;--awb-flex-shrink-small:0;\" data-scroll-devices=\"small-visibility,medium-visibility,large-visibility\"><div class=\"fusion-column-wrapper fusion-column-has-shadow fusion-flex-justify-content-space-between fusion-content-layout-column\"><div class=\"fusion-classic-product-image-wrapper fusion-woo-product-image fusion-post-card-image fusion-post-card-image-1 has-aspect-ratio\" data-layout=\"static\" style=\"--awb-margin-right:-25px;--awb-margin-left:-25px;--awb-aspect-ratio:3 \/ 2;\"><div  class=\"fusion-image-wrapper\" aria-haspopup=\"true\">\n\t\t\t\t\t\t\t<a href=\"https:\/\/career-mainfranken.com\/en\/news-events\/about-automation-solutions-and-sap-consulting\/\" aria-label=\"About Automation Solutions and SAP Consulting\">\n\t\t\t\t\t\t\t<img decoding=\"async\" width=\"1920\" height=\"2560\" src=\"https:\/\/career-mainfranken.com\/wp-content\/uploads\/PM_16te_CareerTour_Firmenbesichtigung_Trips-scaled.jpg\" class=\"attachment-full size-full lazyload wp-post-image\" alt=\"\" srcset=\"data:image\/svg+xml,%3Csvg%20xmlns%3D%27http%3A%2F%2Fwww.w3.org%2F2000%2Fsvg%27%20width%3D%271920%27%20height%3D%272560%27%20viewBox%3D%270%200%201920%202560%27%3E%3Crect%20width%3D%271920%27%20height%3D%272560%27%20fill-opacity%3D%220%22%2F%3E%3C%2Fsvg%3E\" data-orig-src=\"https:\/\/career-mainfranken.com\/wp-content\/uploads\/PM_16te_CareerTour_Firmenbesichtigung_Trips-scaled.jpg\" data-srcset=\"https:\/\/career-mainfranken.com\/wp-content\/uploads\/PM_16te_CareerTour_Firmenbesichtigung_Trips-200x267.jpg 200w, https:\/\/career-mainfranken.com\/wp-content\/uploads\/PM_16te_CareerTour_Firmenbesichtigung_Trips-400x533.jpg 400w, https:\/\/career-mainfranken.com\/wp-content\/uploads\/PM_16te_CareerTour_Firmenbesichtigung_Trips-600x800.jpg 600w, https:\/\/career-mainfranken.com\/wp-content\/uploads\/PM_16te_CareerTour_Firmenbesichtigung_Trips-800x1067.jpg 800w, https:\/\/career-mainfranken.com\/wp-content\/uploads\/PM_16te_CareerTour_Firmenbesichtigung_Trips-1200x1600.jpg 1200w, https:\/\/career-mainfranken.com\/wp-content\/uploads\/PM_16te_CareerTour_Firmenbesichtigung_Trips-scaled.jpg 1920w\" data-sizes=\"auto\" \/>\t\t\t<\/a>\n\t\t\t\t\t\t\t<\/div>\n<\/div><div class=\"fusion-title title fusion-title-34 fusion-sep-none fusion-title-center fusion-title-text fusion-title-size-three\" style=\"--awb-margin-top:25px;--awb-margin-bottom:25px;--awb-margin-top-small:25px;--awb-margin-right-small:0px;--awb-margin-bottom-small:25px;--awb-margin-left-small:0px;--awb-margin-top-medium:25px;--awb-margin-bottom-medium:25px;\"><h3 class=\"fusion-title-heading title-heading-center fusion-responsive-typography-calculated\" style=\"margin:0;--fontSize:26;--minFontSize:26;line-height:1.15;\">About Automation Solutions and SAP Consulting<\/h3><\/div><div class=\"fusion-content-tb fusion-content-tb-32 text_blog_post_card\" style=\"--awb-text-color:var(--awb-custom_color_2);--awb-margin-bottom:20px;--awb-content-alignment:center;--awb-text-transform:none;\"><p> Employers from the Schweinfurt District Impress Job Candidates at the 16th [...]<\/p><\/div><div class=\"fusion-meta-tb fusion-meta-tb-32 floated\" style=\"--awb-border-bottom:0px;--awb-border-top:0px;--awb-border-left:0px;--awb-border-right:0px;--awb-height:40px;--awb-text-color:var(--awb-custom_color_2);--awb-alignment:center;--awb-alignment-medium:center;--awb-alignment-small:center;\"><span class=\"fusion-tb-published-date\">07.06.2023<\/span><span class=\"fusion-meta-tb-sep\"><\/span><\/div><div class=\"fusion-separator fusion-full-width-sep trenner_blog_post_card\" style=\"align-self: center;margin-left: auto;margin-right: auto;margin-top:18.5px;margin-bottom:27.5px;width:100%;max-width:100%;\"><div class=\"fusion-separator-border sep-single sep-solid\" style=\"--awb-height:20px;--awb-amount:20px;--awb-sep-color:#d9d9d9;border-color:#d9d9d9;border-top-width:1px;\"><\/div><\/div><div style=\"text-align:center;\"><a class=\"fusion-button button-flat fusion-button-default-size button-custom fusion-button-default button-32 fusion-button-default-span \" style=\"--awb-padding-top:0px;--awb-padding-right:0px;--awb-padding-bottom:0px;--awb-padding-left:0px;--button_accent_color:var(--awb-color5);--button_accent_hover_color:var(--awb-color5);--button_border_hover_color:var(--awb-color4);--button_border_width-top:0;--button_border_width-right:0;--button_border_width-bottom:0;--button_border_width-left:0;--button_gradient_top_color:rgba(255,255,255,0);--button_gradient_bottom_color:rgba(255,255,255,0);--button_gradient_top_color_hover:rgba(255,255,255,0);--button_gradient_bottom_color_hover:rgba(255,255,255,0);\" target=\"_self\" href=\"https:\/\/career-mainfranken.com\/en\/news-events\/about-automation-solutions-and-sap-consulting\/\"><i class=\"icon-icon-pfeil-rechts-kreis awb-button__icon awb-button__icon--default button-icon-left\" aria-hidden=\"true\"><\/i><span class=\"fusion-button-text awb-button__text awb-button__text--default\">Read More<\/span><\/a><\/div><\/div><\/li>\n<\/ul><div class=\"fusion-infinite-scroll-trigger\"><\/div><div class=\"pagination infinite-scroll clearfix\" style=\"display:none;\"><\/div><div class=\"fusion-clearfix\"><\/div><\/div><\/div><\/div><\/div><\/div><\/p>\n","protected":false},"excerpt":{"rendered":"","protected":false},"author":2,"featured_media":0,"parent":0,"menu_order":0,"comment_status":"closed","ping_status":"closed","template":"100-width.php","meta":{"footnotes":"","_links_to":"","_links_to_target":""},"class_list":["post-3552","page","type-page","status-publish","hentry"],"yoast_head":"<!-- This site is optimized with the Yoast SEO plugin v27.5 - https:\/\/yoast.com\/product\/yoast-seo-wordpress\/ -->\n<title>News (Events) - Region Mainfranken<\/title>\n<meta name=\"robots\" content=\"index, follow, max-snippet:-1, max-image-preview:large, max-video-preview:-1\" \/>\n<link rel=\"canonical\" href=\"https:\/\/career-mainfranken.com\/en\/news-events\/\" \/>\n<meta property=\"og:locale\" content=\"en_US\" \/>\n<meta property=\"og:type\" content=\"article\" \/>\n<meta property=\"og:title\" content=\"News (Events) - Region Mainfranken\" \/>\n<meta property=\"og:url\" content=\"https:\/\/career-mainfranken.com\/en\/news-events\/\" \/>\n<meta property=\"og:site_name\" content=\"Region Mainfranken\" \/>\n<meta property=\"article:modified_time\" content=\"2025-05-16T16:36:16+00:00\" \/>\n<meta name=\"twitter:card\" content=\"summary_large_image\" \/>\n<meta name=\"twitter:label1\" content=\"Est. reading time\" \/>\n\t<meta name=\"twitter:data1\" content=\"16 minutes\" \/>\n<script type=\"application\/ld+json\" class=\"yoast-schema-graph\">{\"@context\":\"https:\\\/\\\/schema.org\",\"@graph\":[{\"@type\":\"WebPage\",\"@id\":\"https:\\\/\\\/career-mainfranken.com\\\/en\\\/news-events\\\/\",\"url\":\"https:\\\/\\\/career-mainfranken.com\\\/en\\\/news-events\\\/\",\"name\":\"News (Events) - Region Mainfranken\",\"isPartOf\":{\"@id\":\"https:\\\/\\\/career-mainfranken.com\\\/en\\\/#website\"},\"datePublished\":\"2025-04-25T08:11:16+00:00\",\"dateModified\":\"2025-05-16T16:36:16+00:00\",\"breadcrumb\":{\"@id\":\"https:\\\/\\\/career-mainfranken.com\\\/en\\\/news-events\\\/#breadcrumb\"},\"inLanguage\":\"en-US\",\"potentialAction\":[{\"@type\":\"ReadAction\",\"target\":[\"https:\\\/\\\/career-mainfranken.com\\\/en\\\/news-events\\\/\"]}]},{\"@type\":\"BreadcrumbList\",\"@id\":\"https:\\\/\\\/career-mainfranken.com\\\/en\\\/news-events\\\/#breadcrumb\",\"itemListElement\":[{\"@type\":\"ListItem\",\"position\":1,\"name\":\"Startseite\",\"item\":\"https:\\\/\\\/career-mainfranken.com\\\/en\\\/\"},{\"@type\":\"ListItem\",\"position\":2,\"name\":\"News (Events)\"}]},{\"@type\":\"WebSite\",\"@id\":\"https:\\\/\\\/career-mainfranken.com\\\/en\\\/#website\",\"url\":\"https:\\\/\\\/career-mainfranken.com\\\/en\\\/\",\"name\":\"Region Mainfranken\",\"description\":\"\",\"potentialAction\":[{\"@type\":\"SearchAction\",\"target\":{\"@type\":\"EntryPoint\",\"urlTemplate\":\"https:\\\/\\\/career-mainfranken.com\\\/en\\\/?s={search_term_string}\"},\"query-input\":{\"@type\":\"PropertyValueSpecification\",\"valueRequired\":true,\"valueName\":\"search_term_string\"}}],\"inLanguage\":\"en-US\"}]}<\/script>\n<!-- \/ Yoast SEO plugin. -->","yoast_head_json":{"title":"News (Events) - Region Mainfranken","robots":{"index":"index","follow":"follow","max-snippet":"max-snippet:-1","max-image-preview":"max-image-preview:large","max-video-preview":"max-video-preview:-1"},"canonical":"https:\/\/career-mainfranken.com\/en\/news-events\/","og_locale":"en_US","og_type":"article","og_title":"News (Events) - Region Mainfranken","og_url":"https:\/\/career-mainfranken.com\/en\/news-events\/","og_site_name":"Region Mainfranken","article_modified_time":"2025-05-16T16:36:16+00:00","twitter_card":"summary_large_image","twitter_misc":{"Est. reading time":"16 minutes"},"schema":{"@context":"https:\/\/schema.org","@graph":[{"@type":"WebPage","@id":"https:\/\/career-mainfranken.com\/en\/news-events\/","url":"https:\/\/career-mainfranken.com\/en\/news-events\/","name":"News (Events) - Region Mainfranken","isPartOf":{"@id":"https:\/\/career-mainfranken.com\/en\/#website"},"datePublished":"2025-04-25T08:11:16+00:00","dateModified":"2025-05-16T16:36:16+00:00","breadcrumb":{"@id":"https:\/\/career-mainfranken.com\/en\/news-events\/#breadcrumb"},"inLanguage":"en-US","potentialAction":[{"@type":"ReadAction","target":["https:\/\/career-mainfranken.com\/en\/news-events\/"]}]},{"@type":"BreadcrumbList","@id":"https:\/\/career-mainfranken.com\/en\/news-events\/#breadcrumb","itemListElement":[{"@type":"ListItem","position":1,"name":"Startseite","item":"https:\/\/career-mainfranken.com\/en\/"},{"@type":"ListItem","position":2,"name":"News (Events)"}]},{"@type":"WebSite","@id":"https:\/\/career-mainfranken.com\/en\/#website","url":"https:\/\/career-mainfranken.com\/en\/","name":"Region Mainfranken","description":"","potentialAction":[{"@type":"SearchAction","target":{"@type":"EntryPoint","urlTemplate":"https:\/\/career-mainfranken.com\/en\/?s={search_term_string}"},"query-input":{"@type":"PropertyValueSpecification","valueRequired":true,"valueName":"search_term_string"}}],"inLanguage":"en-US"}]}},"_links":{"self":[{"href":"https:\/\/career-mainfranken.com\/en\/wp-json\/wp\/v2\/pages\/3552","targetHints":{"allow":["GET"]}}],"collection":[{"href":"https:\/\/career-mainfranken.com\/en\/wp-json\/wp\/v2\/pages"}],"about":[{"href":"https:\/\/career-mainfranken.com\/en\/wp-json\/wp\/v2\/types\/page"}],"author":[{"embeddable":true,"href":"https:\/\/career-mainfranken.com\/en\/wp-json\/wp\/v2\/users\/2"}],"replies":[{"embeddable":true,"href":"https:\/\/career-mainfranken.com\/en\/wp-json\/wp\/v2\/comments?post=3552"}],"version-history":[{"count":0,"href":"https:\/\/career-mainfranken.com\/en\/wp-json\/wp\/v2\/pages\/3552\/revisions"}],"wp:attachment":[{"href":"https:\/\/career-mainfranken.com\/en\/wp-json\/wp\/v2\/media?parent=3552"}],"curies":[{"name":"wp","href":"https:\/\/api.w.org\/{rel}","templated":true}]}}